{"id":544,"date":"2023-10-09T16:48:29","date_gmt":"2023-10-09T14:48:29","guid":{"rendered":"https:\/\/agora.xtec.cat\/ceiplarouredasabadell\/?page_id=544"},"modified":"2026-04-29T15:41:18","modified_gmt":"2026-04-29T13:41:18","slug":"preinscripcio-i-matricula","status":"publish","type":"page","link":"https:\/\/agora.xtec.cat\/ceiplarouredasabadell\/cursactual\/preinscripcio-i-matricula\/","title":{"rendered":"Preinscripci\u00f3 i matr\u00edcula"},"content":{"rendered":"<section id=\"h.38ddc9741955a9e7_4670\" class=\"yaqOZd LB7kq gk8rDe\">\n<div class=\"mYVXT\">\n<div class=\"LS81yb VICjCf j5pSsc db35Fc\" tabindex=\"-1\">\n<div class=\"hJDwNd-AhqUyc-OiUrBf Ft7HRd-AhqUyc-OiUrBf purZT-AhqUyc-II5mzb ZcASvf-AhqUyc-II5mzb pSzOP-AhqUyc-qWD73c Ktthjf-AhqUyc-qWD73c JNdkSc SQVYQc\">\n<div class=\"JNdkSc-SmKAyb LkDMRd\">\n<div class=\"\">\n<div class=\"oKdM2c ZZyype Kzv0Me\">\n<div id=\"h.38ddc9741955a9e7_4673\" class=\"hJDwNd-AhqUyc-OiUrBf Ft7HRd-AhqUyc-OiUrBf jXK9ad D2fZ2 zu5uec OjCsFc dmUFtb wHaque g5GTcb\">\n<div class=\"jXK9ad-SmKAyb\">\n<div class=\"tyJCtd mGzaTb Depvyb baZpAe lkHyyc\">\n<h1 id=\"h.jj7jr4cytsm5\" class=\"zfr3Q duRjpb CDt4Ke \" dir=\"ltr\" style=\"text-align: center;\"><span class=\"C9DxTc \">Preinscripci\u00f3 i matr\u00edcula<\/span><\/h1>\n<\/div>\n<p>&nbsp;<\/p>\n<p><strong><span style=\"text-decoration: underline;\"><a href=\"https:\/\/web.sabadell.cat\/cercador-educacio-infantil-i-primaria\/index.php?option=com_content&amp;view=article&amp;layout=edit&amp;id=56276\">Cercador de centres amb puntuaci\u00f3 per proximitat al domicili<\/a><\/span><\/strong><\/p>\n<p><span style=\"text-decoration: underline;\"><strong><a href=\"https:\/\/preinscripcio.gencat.cat\/ca\/inici\/index.html\">P\u00e0gina oficial del Departament d&#8217;Educaci\u00f3\u00a0<\/a><\/strong><\/span><\/p>\n<p><span style=\"text-decoration: underline;\"><strong>Calendari del proc\u00e9s de preinscripci\u00f3 i matr\u00edcula curs 26 &#8211; 27<\/strong><\/span><\/p>\n<table style=\"border-collapse: collapse; width: 99.8552%; height: 384px;\">\n<tbody>\n<tr style=\"height: 32px;\">\n<td style=\"width: 79.1411%; height: 32px;\">Presentaci\u00f3 i\/o modificaci\u00f3 de sol\u00b7licituds<\/td>\n<td style=\"width: 46.1386%; height: 32px;\">Del 4 al 18 de mar\u00e7 de 2026<\/td>\n<\/tr>\n<tr style=\"height: 32px;\">\n<td style=\"width: 79.1411%; height: 32px;\">Presentaci\u00f3 de documentaci\u00f3<\/td>\n<td style=\"width: 46.1386%; height: 32px;\">Fins al 19 de mar\u00e7 de 2026<\/td>\n<\/tr>\n<tr style=\"height: 32px;\">\n<td style=\"width: 79.1411%; height: 32px;\">Publicaci\u00f3 de la llista de sol\u00b7licituds amb la puntuaci\u00f3 provisional<\/td>\n<td style=\"width: 46.1386%; height: 32px;\">15 d&#8217;abril de 2026<\/td>\n<\/tr>\n<tr style=\"height: 32px;\">\n<td style=\"width: 79.1411%; height: 32px;\">Presentaci\u00f3 de reclamacions a la llista amb la puntuaci\u00f3 provisional<\/td>\n<td style=\"width: 46.1386%; height: 32px;\">Del 15 al 20 d&#8217;abril de 2026<\/td>\n<\/tr>\n<tr style=\"height: 32px;\">\n<td style=\"width: 79.1411%; height: 32px;\">Publicaci\u00f3 de la llista amb la puntuaci\u00f3, resoltes les reclamacions<\/td>\n<td style=\"width: 46.1386%; height: 32px;\">23 d&#8217;abril de 2026<\/td>\n<\/tr>\n<tr style=\"height: 32px;\">\n<td style=\"width: 79.1411%; height: 32px;\">Sorteig<\/td>\n<td style=\"width: 46.1386%; height: 32px;\">28 d&#8217;abril de 2026 a les 11 hores<\/td>\n<\/tr>\n<tr style=\"height: 32px;\">\n<td style=\"width: 79.1411%; height: 32px;\">Publicaci\u00f3 de la llista ordenada<\/td>\n<td style=\"width: 46.1386%; height: 32px;\">29 d&#8217;abril de 2026<\/td>\n<\/tr>\n<tr style=\"height: 32px;\">\n<td style=\"width: 79.1411%; height: 32px;\">Ampliaci\u00f3 de peticions de preinscripci\u00f3 per a alumnes sense pla\u00e7a assignada a cap centre<\/td>\n<td style=\"width: 46.1386%; height: 32px;\">De l&#8217;1 al 3 de juny de 2026<\/td>\n<\/tr>\n<tr style=\"height: 32px;\">\n<td style=\"width: 79.1411%; height: 32px;\">Publicaci\u00f3 de l&#8217;oferta final<\/td>\n<td style=\"width: 46.1386%; height: 32px;\">10 de juny de 2026<\/td>\n<\/tr>\n<tr style=\"height: 32px;\">\n<td style=\"width: 79.1411%; height: 32px;\">Publicaci\u00f3 de la llista d&#8217;admesos i llista d&#8217;espera<\/td>\n<td style=\"width: 46.1386%; height: 32px;\">10 de juny de 2026<\/td>\n<\/tr>\n<tr style=\"height: 32px;\">\n<td style=\"width: 79.1411%; height: 32px;\">Per\u00edode de matriculaci\u00f3<\/td>\n<td style=\"width: 46.1386%; height: 32px;\">Del 22 al 30 de juny de 2026<\/td>\n<\/tr>\n<\/tbody>\n<\/table>\n<\/div>\n<\/div>\n<\/div>\n<\/div>\n<\/div>\n<\/div>\n<div class=\"hJDwNd-AhqUyc-ibL1re Ft7HRd-AhqUyc-ibL1re JNdkSc SQVYQc L6cTce-purZT L6cTce-pSzOP\">\n<div class=\"JNdkSc-SmKAyb LkDMRd\">\n<div class=\"\"><\/div>\n<\/div>\n<\/div>\n<\/div>\n<\/div>\n<\/section>\n<section id=\"h.6afbadde01928bf5_3\" class=\"yaqOZd\">\n<div class=\"IFuOkc\"><\/div>\n<div class=\"mYVXT\">\n<div class=\"LS81yb VICjCf j5pSsc db35Fc\" tabindex=\"-1\">\n<div class=\"hJDwNd-AhqUyc-uQSCkd Ft7HRd-AhqUyc-uQSCkd purZT-AhqUyc-II5mzb ZcASvf-AhqUyc-II5mzb pSzOP-AhqUyc-qWD73c Ktthjf-AhqUyc-qWD73c JNdkSc SQVYQc\">\n<div class=\"JNdkSc-SmKAyb LkDMRd\">\n<div class=\"\">\n<div class=\"oKdM2c ZZyype Kzv0Me\">\n<div id=\"h.6afbadde01928bf5_0\" class=\"hJDwNd-AhqUyc-uQSCkd Ft7HRd-AhqUyc-uQSCkd jXK9ad D2fZ2 zu5uec OjCsFc dmUFtb wHaque g5GTcb\">\n<div class=\"jXK9ad-SmKAyb\">\n<div class=\"tyJCtd mGzaTb Depvyb baZpAe\">\n<p class=\"zfr3Q CDt4Ke \" dir=\"ltr\"><span style=\"color: #0000ff;\"><strong><a style=\"color: #0000ff;\" href=\"https:\/\/drive.google.com\/file\/d\/16wCU8s-3cxFllH3TBz4_R29UJoXPLoAv\/view?usp=sharing\"><span style=\"text-decoration: underline;\"><span class=\"C9DxTc aw5Odc \"><span style=\"color: #0000ff; text-decoration: underline;\">Publicaci\u00f3 oferta inicial de places<\/span><\/span><\/span><\/a><\/strong><\/span><\/p>\n<\/div>\n<\/div>\n<\/div>\n<\/div>\n<\/div>\n<\/div>\n<\/div>\n<\/div>\n<\/div>\n<\/section>\n<section id=\"h.523dec39243c0b9c_4\" class=\"yaqOZd\">\n<div class=\"IFuOkc\"><\/div>\n<div class=\"mYVXT\">\n<div class=\"LS81yb VICjCf j5pSsc db35Fc\" tabindex=\"-1\">\n<div class=\"hJDwNd-AhqUyc-uQSCkd Ft7HRd-AhqUyc-uQSCkd purZT-AhqUyc-II5mzb ZcASvf-AhqUyc-II5mzb pSzOP-AhqUyc-qWD73c Ktthjf-AhqUyc-qWD73c JNdkSc SQVYQc\">\n<div class=\"JNdkSc-SmKAyb LkDMRd\">\n<div class=\"\">\n<div class=\"oKdM2c ZZyype Kzv0Me\">\n<div id=\"h.523dec39243c0b9c_7\" class=\"hJDwNd-AhqUyc-uQSCkd Ft7HRd-AhqUyc-uQSCkd jXK9ad D2fZ2 zu5uec OjCsFc dmUFtb wHaque g5GTcb\">\n<div class=\"jXK9ad-SmKAyb\">\n<div class=\"tyJCtd mGzaTb Depvyb baZpAe\">\n<p class=\"zfr3Q CDt4Ke \" dir=\"ltr\"><span style=\"color: #0000ff;\"><strong><a style=\"color: #0000ff;\" href=\"https:\/\/drive.google.com\/file\/d\/1rEQZRoSYdZIzhT1xpxsqowSQVxC9kXFv\/view?usp=drive_link\"><span style=\"text-decoration: underline;\"><span class=\"C9DxTc aw5Odc \">Publicaci\u00f3 de la llista de sol\u00b7licituds que han demanat el centre i l&#8217;ensenyament en primera petici\u00f3 amb la puntuaci\u00f3 provisi<\/span><span class=\"C9DxTc aw5Odc \">onal a 15\/04\/2026<\/span><\/span><\/a><\/strong><\/span><\/p>\n<\/div>\n<\/div>\n<\/div>\n<\/div>\n<\/div>\n<\/div>\n<\/div>\n<\/div>\n<\/div>\n<\/section>\n<section id=\"h.523dec39243c0b9c_0\" class=\"yaqOZd\">\n<div class=\"IFuOkc\"><\/div>\n<div class=\"mYVXT\">\n<div class=\"LS81yb VICjCf j5pSsc db35Fc\" tabindex=\"-1\">\n<div class=\"hJDwNd-AhqUyc-uQSCkd Ft7HRd-AhqUyc-uQSCkd purZT-AhqUyc-II5mzb ZcASvf-AhqUyc-II5mzb pSzOP-AhqUyc-qWD73c Ktthjf-AhqUyc-qWD73c JNdkSc SQVYQc\">\n<div class=\"JNdkSc-SmKAyb LkDMRd\">\n<div class=\"\">\n<div class=\"oKdM2c ZZyype Kzv0Me\">\n<div id=\"h.523dec39243c0b9c_3\" class=\"hJDwNd-AhqUyc-uQSCkd Ft7HRd-AhqUyc-uQSCkd jXK9ad D2fZ2 zu5uec OjCsFc dmUFtb wHaque g5GTcb\">\n<div class=\"jXK9ad-SmKAyb\">\n<div class=\"tyJCtd mGzaTb Depvyb baZpAe\">\n<p class=\"zfr3Q CDt4Ke \" dir=\"ltr\"><strong><a href=\"https:\/\/drive.google.com\/file\/d\/1dG1VcQmAMPNc04V12j9lAU0vzRRw4bCl\/view?usp=drive_link\"><span style=\"color: #0000ff;\"><span style=\"text-decoration: underline;\"><span class=\"C9DxTc aw5Odc \">Publicaci\u00f3 de la llista de sol\u00b7licituds que han demanat el centre i l&#8217;ensenyament en primera petici\u00f3 amb la puntuaci\u00f3 resoltes les reclamacions a 23\/04\/2026<\/span><\/span><\/span><\/a><\/strong><\/p>\n<\/div>\n<\/div>\n<\/div>\n<\/div>\n<\/div>\n<\/div>\n<\/div>\n<\/div>\n<\/div>\n<\/section>\n<section id=\"h.2bf451eb42f7dda1_0\" class=\"yaqOZd\">\n<div class=\"IFuOkc\"><\/div>\n<div class=\"mYVXT\">\n<div class=\"LS81yb VICjCf j5pSsc db35Fc\" tabindex=\"-1\">\n<div class=\"hJDwNd-AhqUyc-uQSCkd Ft7HRd-AhqUyc-uQSCkd purZT-AhqUyc-II5mzb ZcASvf-AhqUyc-II5mzb pSzOP-AhqUyc-qWD73c Ktthjf-AhqUyc-qWD73c JNdkSc SQVYQc\">\n<div class=\"JNdkSc-SmKAyb LkDMRd\">\n<div class=\"\">\n<div class=\"oKdM2c ZZyype Kzv0Me\">\n<div id=\"h.2bf451eb42f7dda1_3\" class=\"hJDwNd-AhqUyc-uQSCkd Ft7HRd-AhqUyc-uQSCkd jXK9ad D2fZ2 zu5uec OjCsFc dmUFtb wHaque g5GTcb\">\n<div class=\"jXK9ad-SmKAyb\">\n<div class=\"tyJCtd mGzaTb Depvyb baZpAe\">\n<p class=\"zfr3Q CDt4Ke \" dir=\"ltr\"><span style=\"text-decoration: underline; color: #0000ff;\"><strong><span class=\"C9DxTc \">N\u00famero de desempat preinscripci\u00f3 26 &#8211; 27:\u00a0 <\/span>42129<\/strong><\/span><\/p>\n<\/div>\n<\/div>\n<\/div>\n<\/div>\n<\/div>\n<\/div>\n<\/div>\n<\/div>\n<\/div>\n<\/section>\n<section id=\"h.218da4c50f41352b_7\" class=\"yaqOZd\">\n<div class=\"IFuOkc\"><\/div>\n<div class=\"mYVXT\">\n<div class=\"LS81yb VICjCf j5pSsc db35Fc\" tabindex=\"-1\">\n<div class=\"hJDwNd-AhqUyc-uQSCkd Ft7HRd-AhqUyc-uQSCkd purZT-AhqUyc-II5mzb ZcASvf-AhqUyc-II5mzb pSzOP-AhqUyc-qWD73c Ktthjf-AhqUyc-qWD73c JNdkSc SQVYQc\">\n<div class=\"JNdkSc-SmKAyb LkDMRd\">\n<div class=\"\">\n<div class=\"oKdM2c ZZyype Kzv0Me\">\n<div id=\"h.218da4c50f41352b_4\" class=\"hJDwNd-AhqUyc-uQSCkd Ft7HRd-AhqUyc-uQSCkd jXK9ad D2fZ2 zu5uec OjCsFc dmUFtb wHaque g5GTcb\">\n<div class=\"jXK9ad-SmKAyb\">\n<div class=\"tyJCtd mGzaTb Depvyb baZpAe\">\n<p class=\"zfr3Q CDt4Ke \" dir=\"ltr\"><a href=\"https:\/\/drive.google.com\/file\/d\/1gm9swlnHPUtnn-pQsLceRrjhZWp_o-Dk\/view?usp=drive_link\"><span style=\"color: #0000ff;\"><strong><span style=\"text-decoration: underline;\">Publicaci\u00f3 de la llista de sol\u00b7licituds que han demanat el centre i l&#8217;ensenyament en primera petici\u00f3 ordenada a 29\/04\/2026<\/span><\/strong><\/span><\/a><\/p>\n<\/div>\n<\/div>\n<\/div>\n<\/div>\n<\/div>\n<\/div>\n<\/div>\n<\/div>\n<\/div>\n<\/section>\n<section id=\"h.1bcb1eaa09c81d93_0\" class=\"yaqOZd\">\n<div class=\"IFuOkc\"><\/div>\n<div class=\"mYVXT\">\n<div class=\"LS81yb VICjCf j5pSsc db35Fc\" tabindex=\"-1\">\n<div class=\"hJDwNd-AhqUyc-uQSCkd Ft7HRd-AhqUyc-uQSCkd purZT-AhqUyc-II5mzb ZcASvf-AhqUyc-II5mzb pSzOP-AhqUyc-qWD73c Ktthjf-AhqUyc-qWD73c JNdkSc SQVYQc\">\n<div class=\"JNdkSc-SmKAyb LkDMRd\">\n<div class=\"\">\n<div class=\"oKdM2c ZZyype Kzv0Me\">\n<div id=\"h.1bcb1eaa09c81d93_3\" class=\"hJDwNd-AhqUyc-uQSCkd Ft7HRd-AhqUyc-uQSCkd jXK9ad D2fZ2 zu5uec OjCsFc dmUFtb wHaque g5GTcb\">\n<div class=\"jXK9ad-SmKAyb\">\n<div class=\"tyJCtd mGzaTb Depvyb baZpAe\">\n<p class=\"zfr3Q CDt4Ke \" dir=\"ltr\"><span style=\"color: #000000;\"><span style=\"text-decoration: underline;\"><span class=\"C9DxTc aw5Odc \">Publicaci\u00f3 de l&#8217;oferta definitiva de places<\/span><\/span><\/span><\/p>\n<\/div>\n<\/div>\n<\/div>\n<\/div>\n<\/div>\n<\/div>\n<\/div>\n<\/div>\n<\/div>\n<\/section>\n<section id=\"h.66762d43115b848b_8\" class=\"yaqOZd\">\n<div class=\"IFuOkc\"><\/div>\n<div class=\"mYVXT\">\n<div class=\"LS81yb VICjCf j5pSsc db35Fc\" tabindex=\"-1\">\n<div class=\"hJDwNd-AhqUyc-uQSCkd Ft7HRd-AhqUyc-uQSCkd purZT-AhqUyc-II5mzb ZcASvf-AhqUyc-II5mzb pSzOP-AhqUyc-qWD73c Ktthjf-AhqUyc-qWD73c JNdkSc SQVYQc\">\n<div class=\"JNdkSc-SmKAyb LkDMRd\">\n<div class=\"\">\n<div class=\"oKdM2c ZZyype Kzv0Me\">\n<div id=\"h.66762d43115b848b_11\" class=\"hJDwNd-AhqUyc-uQSCkd Ft7HRd-AhqUyc-uQSCkd jXK9ad D2fZ2 zu5uec OjCsFc dmUFtb wHaque g5GTcb\">\n<div class=\"jXK9ad-SmKAyb\">\n<div class=\"tyJCtd mGzaTb Depvyb baZpAe\">\n<p class=\"zfr3Q CDt4Ke \" dir=\"ltr\"><span style=\"color: #000000;\"><span style=\"text-decoration: underline;\"><span class=\"C9DxTc aw5Odc \">Alu<\/span><span class=\"C9DxTc aw5Odc \">mnes assignats al centre am<\/span><span class=\"C9DxTc aw5Odc \">b indicaci\u00f3 de la primera petici\u00f3 a\u00a0<\/span><\/span><\/span><\/p>\n<\/div>\n<\/div>\n<\/div>\n<\/div>\n<\/div>\n<\/div>\n<\/div>\n<\/div>\n<\/div>\n<\/section>\n<section id=\"h.66762d43115b848b_12\" class=\"yaqOZd\">\n<div class=\"IFuOkc\"><\/div>\n<div class=\"mYVXT\">\n<div class=\"LS81yb VICjCf j5pSsc db35Fc\" tabindex=\"-1\">\n<div class=\"hJDwNd-AhqUyc-uQSCkd Ft7HRd-AhqUyc-uQSCkd purZT-AhqUyc-II5mzb ZcASvf-AhqUyc-II5mzb pSzOP-AhqUyc-qWD73c Ktthjf-AhqUyc-qWD73c JNdkSc SQVYQc\">\n<div class=\"JNdkSc-SmKAyb LkDMRd\">\n<div class=\"\">\n<div class=\"oKdM2c ZZyype Kzv0Me\">\n<div id=\"h.66762d43115b848b_15\" class=\"hJDwNd-AhqUyc-uQSCkd Ft7HRd-AhqUyc-uQSCkd jXK9ad D2fZ2 zu5uec OjCsFc dmUFtb wHaque g5GTcb\">\n<div class=\"jXK9ad-SmKAyb\">\n<div class=\"tyJCtd mGzaTb Depvyb baZpAe\">\n<p class=\"zfr3Q CDt4Ke \" dir=\"ltr\"><span style=\"text-decoration: underline; color: #000000;\"><span class=\"C9DxTc aw5Odc \">Alumnes preinscrits al centre a\u00a0<\/span><\/span><\/p>\n<\/div>\n<\/div>\n<\/div>\n<\/div>\n<\/div>\n<\/div>\n<\/div>\n<\/div>\n<\/div>\n<\/section>\n<section id=\"h.66762d43115b848b_16\" class=\"yaqOZd\">\n<div class=\"IFuOkc\"><\/div>\n<div class=\"mYVXT\">\n<div class=\"LS81yb VICjCf j5pSsc db35Fc\" tabindex=\"-1\">\n<div class=\"hJDwNd-AhqUyc-uQSCkd Ft7HRd-AhqUyc-uQSCkd purZT-AhqUyc-II5mzb ZcASvf-AhqUyc-II5mzb pSzOP-AhqUyc-qWD73c Ktthjf-AhqUyc-qWD73c JNdkSc SQVYQc\">\n<div class=\"JNdkSc-SmKAyb LkDMRd\">\n<div class=\"\">\n<div class=\"oKdM2c ZZyype Kzv0Me\">\n<div id=\"h.66762d43115b848b_19\" class=\"hJDwNd-AhqUyc-uQSCkd Ft7HRd-AhqUyc-uQSCkd jXK9ad D2fZ2 zu5uec OjCsFc dmUFtb wHaque g5GTcb\">\n<div class=\"jXK9ad-SmKAyb\">\n<div class=\"tyJCtd mGzaTb Depvyb baZpAe\">\n<p class=\"zfr3Q CDt4Ke \" dir=\"ltr\"><span style=\"color: #000000;\"><span style=\"text-decoration: underline;\"><span class=\"C9DxTc aw5Odc \">Publicaci\u00f3 de la llista d&#8217;espera del centre a<\/span><\/span><\/span><\/p>\n<\/div>\n<p dir=\"ltr\"><span style=\"text-decoration: underline; color: #000000;\">Reclamacions preinscripci\u00f3 26 &#8211; 27<\/span><a href=\"https:\/\/agora.xtec.cat\/ceiplarouredasabadell\/cursactual\/\"><img loading=\"lazy\" decoding=\"async\" class=\"aligncenter wp-image-614 size-full\" src=\"https:\/\/agora.xtec.cat\/ceiplarouredasabadell\/wp-content\/uploads\/usu2401\/2023\/10\/flecha-imagen-animada-0358.gif\" alt=\"\" width=\"50\" height=\"32\" \/><\/a><\/p>\n<\/div>\n<\/div>\n<\/div>\n<\/div>\n<\/div>\n<\/div>\n<\/div>\n<\/div>\n<\/section>\n","protected":false},"excerpt":{"rendered":"<p>Preinscripci\u00f3 i matr\u00edcula<\/p>\n<p>&nbsp;<br \/>\n<a href=\"https:\/\/web.sabadell.cat\/cercador-educacio-infantil-i-primaria\/index.php?option=com_content&amp;view=article&amp;layout=edit&amp;id=56276\">Cercador de centres amb puntuaci\u00f3 per proximitat al domicili<\/a><br \/>\n<a href=\"https:\/\/preinscripcio.gencat.cat\/ca\/inici\/index.html\">P\u00e0gina oficial del Departament d&#8217;Educaci\u00f3\u00a0<\/a><br \/>\nCalendari del proc\u00e9s de preinscripci\u00f3 i matr\u00edcula curs 26 &#8211; 27<\/p>\n<p>Presentaci\u00f3 i\/o modificaci\u00f3 de sol\u00b7licituds<br \/>\nDel 4 al 18 de mar\u00e7 de 2026<\/p>\n<p>Presentaci\u00f3 de documentaci\u00f3<br \/>\nFins al 19 de mar\u00e7 de&hellip;  <a href=\"https:\/\/agora.xtec.cat\/ceiplarouredasabadell\/cursactual\/preinscripcio-i-matricula\/\" title=\"Read Preinscripci\u00f3 i matr\u00edcula\">Llegeix m\u00e9s\u00bb<\/a><\/p>\n","protected":false},"author":1,"featured_media":0,"parent":87,"menu_order":0,"comment_status":"closed","ping_status":"closed","template":"page-templates\/side-menu.php","meta":{"_bbp_topic_count":0,"_bbp_reply_count":0,"_bbp_total_topic_count":0,"_bbp_total_reply_count":0,"_bbp_voice_count":0,"_bbp_anonymous_reply_count":0,"_bbp_topic_count_hidden":0,"_bbp_reply_count_hidden":0,"_bbp_forum_subforum_count":0,"footnotes":""},"class_list":["post-544","page","type-page","status-publish","hentry"],"post_mailing_queue_ids":[],"_links":{"self":[{"href":"https:\/\/agora.xtec.cat\/ceiplarouredasabadell\/wp-json\/wp\/v2\/pages\/544","targetHints":{"allow":["GET"]}}],"collection":[{"href":"https:\/\/agora.xtec.cat\/ceiplarouredasabadell\/wp-json\/wp\/v2\/pages"}],"about":[{"href":"https:\/\/agora.xtec.cat\/ceiplarouredasabadell\/wp-json\/wp\/v2\/types\/page"}],"author":[{"embeddable":true,"href":"https:\/\/agora.xtec.cat\/ceiplarouredasabadell\/wp-json\/wp\/v2\/users\/1"}],"replies":[{"embeddable":true,"href":"https:\/\/agora.xtec.cat\/ceiplarouredasabadell\/wp-json\/wp\/v2\/comments?post=544"}],"version-history":[{"count":6,"href":"https:\/\/agora.xtec.cat\/ceiplarouredasabadell\/wp-json\/wp\/v2\/pages\/544\/revisions"}],"predecessor-version":[{"id":2581,"href":"https:\/\/agora.xtec.cat\/ceiplarouredasabadell\/wp-json\/wp\/v2\/pages\/544\/revisions\/2581"}],"up":[{"embeddable":true,"href":"https:\/\/agora.xtec.cat\/ceiplarouredasabadell\/wp-json\/wp\/v2\/pages\/87"}],"wp:attachment":[{"href":"https:\/\/agora.xtec.cat\/ceiplarouredasabadell\/wp-json\/wp\/v2\/media?parent=544"}],"curies":[{"name":"wp","href":"https:\/\/api.w.org\/{rel}","templated":true}]}}