{"id":692,"date":"2025-09-01T20:20:30","date_gmt":"2025-09-01T18:20:30","guid":{"rendered":"http:\/\/agora.xtec.cat\/ceiplaromanica\/?page_id=692"},"modified":"2026-03-06T17:03:49","modified_gmt":"2026-03-06T16:03:49","slug":"personal-del-centre","status":"publish","type":"page","link":"https:\/\/agora.xtec.cat\/ceiplaromanica\/lescola\/personal-del-centre\/","title":{"rendered":"Qui som"},"content":{"rendered":"<p>&nbsp;<\/p>\n<table style=\"height: 1486px; width: 100%; border-collapse: collapse;\">\n<tbody>\n<tr style=\"height: 32px;\">\n<td style=\"width: 32.2523%; height: 92px;\" rowspan=\"3\"><span style=\"color: #008000;\"><strong style=\"font-family: inherit; font-size: 1em;\">EQUIP DIRECTIU 25-26<\/strong><\/span><\/td>\n<td style=\"width: 32.6575%; height: 32px;\"><strong>Directora<\/strong><\/td>\n<td style=\"width: 35.0901%; height: 32px;\"><strong>Marta Sim\u00f3<\/strong><\/td>\n<\/tr>\n<tr style=\"height: 28px;\">\n<td style=\"width: 32.6575%; height: 28px;\"><strong>Cap d\u2019estudis\u00a0<\/strong><\/td>\n<td style=\"width: 35.0901%; height: 28px;\"><strong>Sylvia Meli\u00e0<\/strong><\/td>\n<\/tr>\n<tr style=\"height: 32px;\">\n<td style=\"width: 32.6575%; height: 32px;\"><strong>Secret\u00e0ria<\/strong><\/td>\n<td style=\"width: 35.0901%; height: 32px;\"><strong>Lola Guti\u00e9rrez<\/strong><\/td>\n<\/tr>\n<tr style=\"height: 32px;\">\n<td style=\"width: 99.9999%; height: 32px;\" colspan=\"3\"><span style=\"color: #008000;\"><strong>MESTRES TUTORS\u00a0<\/strong><\/span><\/td>\n<\/tr>\n<tr style=\"height: 38px;\">\n<td style=\"width: 32.2523%; height: 38px;\"><strong>I3 A\/B<\/strong><\/td>\n<td style=\"width: 32.6575%; height: 38px;\"><strong>Marta Casta\u00f1o<\/strong><\/td>\n<td style=\"width: 35.0901%; height: 38px;\"><strong>Marisa Arias<\/strong><\/td>\n<\/tr>\n<tr style=\"height: 36px;\">\n<td style=\"width: 32.2523%; height: 36px;\"><strong>I4 A\/B<\/strong><\/td>\n<td style=\"width: 32.6575%; height: 36px;\"><strong>Almudena Fidalgo<\/strong><\/td>\n<td style=\"width: 35.0901%; height: 36px;\"><strong>M.\u00c1ngeles Pacheco<\/strong><\/td>\n<\/tr>\n<tr style=\"height: 40px;\">\n<td style=\"width: 32.2523%; height: 40px;\"><strong>I5 A\/B<\/strong><\/td>\n<td style=\"width: 32.6575%; height: 40px;\"><strong>\u00cdngrid Rivero i Yasmina L\u00f3pez<\/strong><\/td>\n<td style=\"width: 35.0901%; height: 40px;\"><strong>Anna Benito<\/strong><\/td>\n<\/tr>\n<tr style=\"height: 29px;\">\n<td style=\"width: 32.2523%; height: 29px;\"><strong>1r A\/B<\/strong><\/td>\n<td style=\"width: 32.6575%; height: 29px;\"><strong>Anna Balagu\u00e9<\/strong><\/td>\n<td style=\"width: 35.0901%; height: 29px;\"><strong>Paco Herrera<\/strong><\/td>\n<\/tr>\n<tr style=\"height: 37px;\">\n<td style=\"width: 32.2523%; height: 37px;\"><strong>2n A\/B<\/strong><\/td>\n<td style=\"width: 32.6575%; height: 37px;\"><strong>Asun Lanau<\/strong><\/td>\n<td style=\"width: 35.0901%; height: 37px;\"><strong>Laura C\u00e1mara<\/strong><\/td>\n<\/tr>\n<tr style=\"height: 34px;\">\n<td style=\"width: 32.2523%; height: 34px;\"><strong>3r A\/B<\/strong><\/td>\n<td style=\"width: 32.6575%; height: 34px;\"><strong>Marta Oya i Gabriel Barguilla<\/strong><\/td>\n<td style=\"width: 35.0901%; height: 34px;\"><strong>Zaira P\u00e9rez<\/strong><\/td>\n<\/tr>\n<tr style=\"height: 33px;\">\n<td style=\"width: 32.2523%; height: 33px;\"><strong>4t A\/B<\/strong><\/td>\n<td style=\"width: 32.6575%; height: 33px;\"><strong>Jose Pinto<\/strong><\/td>\n<td style=\"width: 35.0901%; height: 33px;\"><strong>Leo Gil<\/strong><\/td>\n<\/tr>\n<tr style=\"height: 31px;\">\n<td style=\"width: 32.2523%; height: 31px;\"><strong>5\u00e8 A\/B<\/strong><\/td>\n<td style=\"width: 32.6575%; height: 31px;\"><strong>Paqui Garcia<\/strong><\/td>\n<td style=\"width: 35.0901%; height: 31px;\"><strong>Carla Soler<\/strong><\/td>\n<\/tr>\n<tr style=\"height: 32px;\">\n<td style=\"width: 32.2523%; height: 32px;\"><strong>6\u00e8 A\/B<\/strong><\/td>\n<td style=\"width: 32.6575%; height: 32px;\"><strong>Judith Facundo<\/strong><\/td>\n<td style=\"width: 35.0901%; height: 32px;\"><strong>Jaume Massana<\/strong><\/td>\n<\/tr>\n<tr style=\"height: 47px;\">\n<td style=\"width: 99.9999%; height: 47px;\" colspan=\"3\"><strong><span style=\"color: #008000;\">ESPECIALISTES I MESTRES DE SUPORT\u00a0<\/span><\/strong><strong><br \/>\n<\/strong><\/td>\n<\/tr>\n<tr style=\"height: 33px;\">\n<td style=\"width: 32.2523%; height: 33px;\"><strong>Mestres de suport<\/strong><\/td>\n<td style=\"width: 67.7476%; height: 33px;\" colspan=\"2\"><strong>Pepi Barroso, Sylvia Meli\u00e0, Lola Guti\u00e9rrez, Marta Sim\u00f3.<\/strong><\/td>\n<\/tr>\n<tr style=\"height: 32px;\">\n<td style=\"width: 32.2523%; height: 32px;\"><strong>Mestres d&#8217;atenci\u00f3 a la diversitat<\/strong><\/td>\n<td style=\"height: 32px; width: 67.7476%;\" colspan=\"2\"><strong>M\u00edriam Ucendo (EI), Olga Robles (CI), Cristina Berrio (CM), Ainhoa Prats (CM), Eva Bretones (CS)<\/strong><strong><br \/>\n<\/strong><\/td>\n<\/tr>\n<tr style=\"height: 32px;\">\n<td style=\"width: 32.2523%; height: 32px;\"><strong>M\u00fasica\u00a0<\/strong><\/td>\n<td style=\"height: 32px; width: 67.7476%;\" colspan=\"2\"><strong>Idolina Fayos<\/strong><\/td>\n<\/tr>\n<tr style=\"height: 47px;\">\n<td style=\"width: 32.2523%; height: 47px;\"><strong>Psicomotricitat EI<\/strong><\/td>\n<td style=\"height: 47px; width: 67.7476%;\" colspan=\"2\"><strong>Laura Rangel\u00a0\u00a0<\/strong><\/td>\n<\/tr>\n<tr style=\"height: 32px;\">\n<td style=\"width: 32.2523%; height: 32px;\"><strong>Educaci\u00f3 F\u00edsica<\/strong><\/td>\n<td style=\"height: 32px; width: 67.7476%;\" colspan=\"2\"><strong>Laura Rangel (CI) i Ra\u00fal Romero (CM i CS)<\/strong><\/td>\n<\/tr>\n<tr style=\"height: 32px;\">\n<td style=\"width: 32.2523%; height: 32px;\"><strong>Angl\u00e8s<\/strong><\/td>\n<td style=\"width: 67.7476%; height: 32px;\" colspan=\"2\"><strong>Laura Prieto (I5, CI, CM) i Ana Mestre (CS)<\/strong><\/td>\n<\/tr>\n<tr style=\"height: 47px;\">\n<td style=\"width: 32.2523%; height: 47px;\"><strong>SIEI (Suport Intensiu a l\u2019Escola Inclusiva)<\/strong><\/td>\n<td style=\"width: 67.7476%; height: 47px;\" colspan=\"2\"><strong>Manu Mart\u00edn<\/strong><\/td>\n<\/tr>\n<tr style=\"height: 32px;\">\n<td style=\"width: 32.2523%; height: 32px;\"><strong>Tutora de l&#8217;Aula d\u2019Acollida<\/strong><\/td>\n<td style=\"width: 67.7476%; height: 32px;\" colspan=\"2\"><strong>Aurora Garcia i Eva Gim\u00e9nez<\/strong><\/td>\n<\/tr>\n<tr style=\"height: 32px;\">\n<td style=\"width: 99.9999%; height: 32px;\" colspan=\"3\"><strong><span style=\"color: #008000;\">\u00a0SERVEIS EDUCATIUS<\/span><\/strong><strong><br \/>\n<\/strong><\/td>\n<\/tr>\n<tr style=\"height: 136px;\">\n<td style=\"width: 32.2523%; height: 136px;\"><strong>Referents del Servei Educatiu del Vall\u00e8s Occidental I:<\/strong><\/td>\n<td style=\"width: 32.6575%; height: 136px;\"><strong>Psicopedagoga de l\u2019EAP<\/strong><\/p>\n<p><strong>Assessora LIC<\/strong><\/p>\n<p><strong>CRP<\/strong><\/td>\n<td style=\"width: 35.0901%; height: 136px;\"><strong>Mario F\u00e0bregas<\/strong><\/p>\n<p><strong>L\u00eddia Andr\u00e9s<\/strong><\/p>\n<p><strong>Carme Roma<\/strong><\/td>\n<\/tr>\n<tr style=\"height: 32px;\">\n<td style=\"width: 32.2523%; height: 32px;\"><\/td>\n<td style=\"width: 32.6575%; height: 32px;\"><strong>Logopeda CREDA<\/strong><\/td>\n<td style=\"width: 35.0901%; height: 32px;\"><strong>Pendent<\/strong><\/td>\n<\/tr>\n<tr style=\"height: 32px;\">\n<td style=\"width: 32.2523%; height: 32px;\"><\/td>\n<td style=\"width: 32.6575%; height: 32px;\"><strong>Fisioterapeuta<\/strong><\/td>\n<td style=\"width: 35.0901%; height: 32px;\"><strong>Mireia Brillas<\/strong><\/td>\n<\/tr>\n<tr style=\"height: 32px;\">\n<td style=\"width: 32.2523%; height: 32px;\"><\/td>\n<td style=\"width: 32.6575%; height: 32px;\"><strong>Educadora de la SIEI<\/strong><\/td>\n<td style=\"width: 35.0901%; height: 32px;\"><strong>Gl\u00f2ria Sarri\u00f3n<\/strong><\/td>\n<\/tr>\n<tr style=\"height: 32px;\">\n<td style=\"width: 32.2523%; height: 32px;\"><\/td>\n<td style=\"width: 32.6575%; height: 32px;\"><strong>T\u00e8cnica d&#8217;Educaci\u00f3 Infantil (I3)<\/strong><\/td>\n<td style=\"width: 35.0901%; height: 32px;\"><strong>Maria Jos\u00e9 S\u00e1nchez \/ Esther Salinas<\/strong><\/td>\n<\/tr>\n<tr style=\"height: 32px;\">\n<td style=\"width: 32.2523%; height: 32px;\"><\/td>\n<td style=\"width: 32.6575%; height: 32px;\"><strong>Vetlladora<\/strong><\/td>\n<td style=\"width: 35.0901%; height: 32px;\"><strong>N\u00faria Garcia, Nerea Gonz\u00e1lez<\/strong><\/td>\n<\/tr>\n<tr style=\"height: 32px;\">\n<td style=\"width: 32.2523%; height: 32px;\"><\/td>\n<td style=\"width: 32.6575%; height: 32px;\"><strong>TIS<\/strong><\/td>\n<td style=\"width: 35.0901%; height: 32px;\"><b>J\u00e8ssica Casanova<\/b><\/td>\n<\/tr>\n<tr style=\"height: 32px;\">\n<td style=\"width: 99.9999%; height: 32px;\" colspan=\"3\"><strong><span style=\"color: #008000;\">\u00a0AMPA<\/span><\/strong><strong><br \/>\n<\/strong><\/td>\n<\/tr>\n<tr style=\"height: 32px;\">\n<td style=\"width: 99.9999%; height: 32px;\" colspan=\"3\"><strong><span style=\"color: #000000;\">Bea, Oresta, Bel\u00e9n, Mireia, Zana, Zina i Nadia (presidenta).<\/span><\/strong><strong><br \/>\n<\/strong><\/td>\n<\/tr>\n<tr style=\"height: 32px;\">\n<td style=\"width: 32.2523%; height: 32px;\"><strong><span style=\"color: #000000;\"><span style=\"color: #008000;\">ADMINISTRACI\u00d3 I SERVEIS\u00a0<\/span><\/span><\/strong><\/td>\n<td style=\"width: 32.6575%; height: 32px;\"><strong>\u00a0<\/strong><\/td>\n<td style=\"width: 35.0901%; height: 32px;\"><strong>\u00a0<\/strong><\/td>\n<\/tr>\n<tr style=\"height: 32px;\">\n<td style=\"width: 32.2523%; height: 32px;\"><strong><span style=\"color: #000000;\"><span style=\"color: #008000;\">\u00a0<\/span><\/span><\/strong><\/td>\n<td style=\"width: 32.6575%; height: 32px;\"><strong>Conserge<\/strong><\/td>\n<td style=\"width: 35.0901%; height: 32px;\"><strong>Francisco De La Rubia<\/strong><\/td>\n<\/tr>\n<tr style=\"height: 32px;\">\n<td style=\"width: 32.2523%; height: 32px;\"><strong><span style=\"color: #000000;\"><span style=\"color: #008000;\">\u00a0<\/span><\/span><\/strong><\/td>\n<td style=\"width: 32.6575%; height: 32px;\"><strong>Auxiliar administrativa<\/strong><\/td>\n<td style=\"width: 35.0901%; height: 32px;\"><strong>Esther Posadas<\/strong><\/td>\n<\/tr>\n<tr style=\"height: 32px;\">\n<td style=\"width: 99.9999%; height: 32px;\" colspan=\"3\"><strong><span style=\"color: #000000;\"><span style=\"color: #008000;\">PERSONAL DEL SERVEI DE MENJADOR\u00a0<\/span><\/span><\/strong><strong><br \/>\n<\/strong><\/td>\n<\/tr>\n<tr style=\"height: 63px;\">\n<td style=\"width: 99.9999%; height: 63px;\" colspan=\"3\"><strong>Mari Rodr\u00edguez\u00a0 (coordinadora), Marisol R\u00edo, Maria del Mar Garcia, Marta Vaca, Sandra Aldama, Yolanda Soriano, Luisa Ruiz, Juana S\u00e1nchez, Jose Pliego, Manoli Lorente, Elena Pe\u00f1alver, Jordi Jurado, Alba Segura, Mar\u00eda Jos\u00e9.<br \/>\n<\/strong><\/td>\n<\/tr>\n<tr style=\"height: 32px;\">\n<td style=\"width: 99.9999%; height: 32px;\" colspan=\"3\"><strong><span style=\"color: #000000;\"><span style=\"color: #008000;\">PERSONAL DEL SERVEI DE NETEJA\u00a0<\/span><\/span><\/strong><strong><br \/>\n<\/strong><\/td>\n<\/tr>\n<tr style=\"height: 39px;\">\n<td style=\"width: 99.9999%; height: 39px;\" colspan=\"3\"><strong>Asun, Mari Carmen, Bel\u00e9n i Maribel<\/strong><strong><br \/>\n<\/strong><\/td>\n<\/tr>\n<\/tbody>\n<\/table>\n<p>&nbsp;<\/p>\n","protected":false},"excerpt":{"rendered":"<p>&nbsp;<\/p>\n<p>EQUIP DIRECTIU 25-26<br \/>\nDirectora<br \/>\nMarta Sim\u00f3<\/p>\n<p>Cap d\u2019estudis\u00a0<br \/>\nSylvia Meli\u00e0<\/p>\n<p>Secret\u00e0ria<br \/>\nLola Guti\u00e9rrez<\/p>\n<p>MESTRES TUTORS\u00a0<\/p>\n<p>I3 A\/B<br \/>\nMarta Casta\u00f1o<br \/>\nMarisa Arias<\/p>\n<p>I4 A\/B<br \/>\nAlmudena Fidalgo<br \/>\nM.\u00c1ngeles Pacheco<\/p>\n<p>I5 A\/B<br \/>\n\u00cdngrid Rivero i Yasmina L\u00f3pez<br \/>\nAnna Benito<\/p>\n<p>1r A\/B<br \/>\nAnna Balagu\u00e9<br \/>\nPaco Herrera<\/p>\n<p>2n A\/B<br \/>\nAsun Lanau<br \/>\nLaura C\u00e1mara<\/p>\n<p>3r A\/B<br \/>\nMarta Oya i Gabriel Barguilla<br \/>\nZaira P\u00e9rez<\/p>\n<p>4t A\/B<br \/>\nJose Pinto<br \/>\nLeo Gil<\/p>\n<p>5\u00e8 A\/B<br \/>\nPaqui Garcia<br \/>\nCarla Soler<\/p>\n<p>6\u00e8 A\/B<br \/>\nJudith Facundo<br \/>\nJaume Massana<\/p>\n<p>ESPECIALISTES I MESTRES DE SUPORT\u00a0<\/p>\n<p>Mestres&hellip;  <a href=\"https:\/\/agora.xtec.cat\/ceiplaromanica\/lescola\/personal-del-centre\/\" title=\"Read Qui som\">Llegeix m\u00e9s\u00bb<\/a><\/p>\n","protected":false},"author":1,"featured_media":0,"parent":22,"menu_order":2,"comment_status":"closed","ping_status":"closed","template":"page-templates\/side-menu.php","meta":{"_bbp_topic_count":0,"_bbp_reply_count":0,"_bbp_total_topic_count":0,"_bbp_total_reply_count":0,"_bbp_voice_count":0,"_bbp_anonymous_reply_count":0,"_bbp_topic_count_hidden":0,"_bbp_reply_count_hidden":0,"_bbp_forum_subforum_count":0,"footnotes":""},"class_list":["post-692","page","type-page","status-publish","hentry"],"post_mailing_queue_ids":[],"_links":{"self":[{"href":"https:\/\/agora.xtec.cat\/ceiplaromanica\/wp-json\/wp\/v2\/pages\/692","targetHints":{"allow":["GET"]}}],"collection":[{"href":"https:\/\/agora.xtec.cat\/ceiplaromanica\/wp-json\/wp\/v2\/pages"}],"about":[{"href":"https:\/\/agora.xtec.cat\/ceiplaromanica\/wp-json\/wp\/v2\/types\/page"}],"author":[{"embeddable":true,"href":"https:\/\/agora.xtec.cat\/ceiplaromanica\/wp-json\/wp\/v2\/users\/1"}],"replies":[{"embeddable":true,"href":"https:\/\/agora.xtec.cat\/ceiplaromanica\/wp-json\/wp\/v2\/comments?post=692"}],"version-history":[{"count":7,"href":"https:\/\/agora.xtec.cat\/ceiplaromanica\/wp-json\/wp\/v2\/pages\/692\/revisions"}],"predecessor-version":[{"id":7152,"href":"https:\/\/agora.xtec.cat\/ceiplaromanica\/wp-json\/wp\/v2\/pages\/692\/revisions\/7152"}],"up":[{"embeddable":true,"href":"https:\/\/agora.xtec.cat\/ceiplaromanica\/wp-json\/wp\/v2\/pages\/22"}],"wp:attachment":[{"href":"https:\/\/agora.xtec.cat\/ceiplaromanica\/wp-json\/wp\/v2\/media?parent=692"}],"curies":[{"name":"wp","href":"https:\/\/api.w.org\/{rel}","templated":true}]}}