{"id":5978,"date":"2025-01-29T17:51:05","date_gmt":"2025-01-29T16:51:05","guid":{"rendered":"https:\/\/agora.xtec.cat\/ceiplaromanica\/?page_id=5978"},"modified":"2025-08-18T10:58:04","modified_gmt":"2025-08-18T08:58:04","slug":"festes-i-celebracions","status":"publish","type":"page","link":"https:\/\/agora.xtec.cat\/ceiplaromanica\/festes-i-celebracions\/","title":{"rendered":"Festes i celebracions"},"content":{"rendered":"<p>A l&#8217;Escola portem a terme v\u00e0ries festes i celebracions.<\/p>\n<table style=\"width: 46.0822%; height: 1168px;\">\n<tbody>\n<tr style=\"height: 57px;\">\n<td style=\"height: 57px; width: 23.7037%;\"><\/td>\n<td style=\"height: 57px; width: 131.358%;\"><span style=\"font-weight: 400;\">Festa \/ celebraci\u00f3<\/span><\/td>\n<\/tr>\n<tr style=\"height: 57px;\">\n<td style=\"height: 313px; width: 23.7037%;\" rowspan=\"4\"><span style=\"font-weight: 400;\">1r trimestre<\/span><\/td>\n<td style=\"height: 57px; width: 131.358%;\"><span style=\"font-weight: 400;\">Acte d\u2019inici de curs<\/span><\/td>\n<\/tr>\n<tr style=\"height: 57px;\">\n<td style=\"height: 57px; width: 131.358%;\"><span style=\"font-weight: 400;\">Castanyada<\/span><\/td>\n<\/tr>\n<tr style=\"height: 57px;\">\n<td style=\"height: 57px; width: 131.358%;\"><span style=\"font-weight: 400;\">Santa Cec\u00edlia\/ Dia de la M\u00fasica\u00a0<\/span><\/td>\n<\/tr>\n<tr style=\"height: 142px;\">\n<td style=\"height: 142px; width: 131.358%;\"><span style=\"font-weight: 400;\">Hivern:<\/span><\/p>\n<ul>\n<li style=\"font-weight: 400;\" aria-level=\"1\"><span style=\"font-weight: 400;\">Ti\u00f3<\/span><\/li>\n<li style=\"font-weight: 400;\" aria-level=\"1\"><span style=\"font-weight: 400;\">Ambaixador<\/span><\/li>\n<li style=\"font-weight: 400;\" aria-level=\"1\"><span style=\"font-weight: 400;\">Concert d\u2019Hivern (amb fam\u00edlies)<\/span><\/li>\n<\/ul>\n<\/td>\n<\/tr>\n<tr style=\"height: 57px;\">\n<td style=\"height: 513px; width: 23.7037%;\" rowspan=\"9\"><span style=\"font-weight: 400;\">2n trimestre<\/span><\/td>\n<td style=\"height: 57px; width: 131.358%;\"><span style=\"font-weight: 400;\">DENIP\u00a0<\/span><\/td>\n<\/tr>\n<tr style=\"height: 57px;\">\n<td style=\"height: 57px; width: 131.358%;\"><span style=\"font-weight: 400;\">DILM<\/span><\/td>\n<\/tr>\n<tr style=\"height: 57px;\">\n<td style=\"height: 57px; width: 131.358%;\"><span style=\"font-weight: 400;\">Carnestoltes (amb fam\u00edlies)<\/span><\/td>\n<\/tr>\n<tr style=\"height: 57px;\">\n<td style=\"height: 57px; width: 131.358%;\"><span style=\"font-weight: 400;\">Dia Internacional de la Dona\u00a0<\/span><\/td>\n<\/tr>\n<tr style=\"height: 57px;\">\n<td style=\"height: 57px; width: 131.358%;\"><span style=\"font-weight: 400;\">Setmana del Projecte d&#8217;Escola<\/span><\/td>\n<\/tr>\n<tr style=\"height: 57px;\">\n<td style=\"height: 57px; width: 131.358%;\"><span style=\"font-weight: 400;\">Mostra de Projectes (amb fam\u00edlies)<\/span><\/td>\n<\/tr>\n<tr style=\"height: 57px;\">\n<td style=\"height: 57px; width: 131.358%;\"><span style=\"font-weight: 400;\">Danses de la primavera (amb fam\u00edlies)<\/span><\/td>\n<\/tr>\n<tr style=\"height: 57px;\">\n<td style=\"height: 57px; width: 131.358%;\"><span style=\"font-weight: 400;\">Revista d\u2019Escola<\/span><\/td>\n<\/tr>\n<tr style=\"height: 57px;\">\n<td style=\"height: 57px; width: 131.358%;\"><span style=\"font-weight: 400;\">Sant Jordi\u00a0<\/span><\/td>\n<\/tr>\n<tr style=\"height: 57px;\">\n<td style=\"height: 285px; width: 23.7037%;\" rowspan=\"5\"><span style=\"font-weight: 400;\">3r trimestre<\/span><\/td>\n<td style=\"height: 57px; width: 131.358%;\"><span style=\"font-weight: 400;\">Cursa de la primavera (amb fam\u00edlies)<\/span><\/td>\n<\/tr>\n<tr style=\"height: 57px;\">\n<td style=\"height: 57px; width: 131.358%;\"><span style=\"font-weight: 400;\">Concert d\u2019estiu\u00a0<\/span><\/td>\n<\/tr>\n<tr style=\"height: 57px;\">\n<td style=\"height: 57px; width: 131.358%;\"><span style=\"font-weight: 400;\">Comiat 6\u00e8 intern\u00a0<\/span><\/td>\n<\/tr>\n<tr style=\"height: 57px;\">\n<td style=\"height: 57px; width: 131.358%;\"><span style=\"font-weight: 400;\">Festa de graduaci\u00f3 6\u00e8 (amb fam\u00edlies)\u00a0<\/span><\/td>\n<\/tr>\n<tr style=\"height: 57px;\">\n<td style=\"height: 57px; width: 131.358%;\"><span style=\"font-weight: 400;\">Festa de final de curs\u00a0<\/span><\/td>\n<\/tr>\n<\/tbody>\n<\/table>\n<p>&nbsp;<\/p>\n","protected":false},"excerpt":{"rendered":"<p>A l&#8217;Escola portem a terme v\u00e0ries festes i celebracions.<\/p>\n<p>Festa \/ celebraci\u00f3<\/p>\n<p>1r trimestre<br \/>\nActe d\u2019inici de curs<\/p>\n<p>Castanyada<\/p>\n<p>Santa Cec\u00edlia\/ Dia de la M\u00fasica\u00a0<\/p>\n<p>Hivern:<\/p>\n<ul>\n<li style=\"font-weight: 400;\" aria-level=\"1\">Ti\u00f3<\/li>\n<li style=\"font-weight: 400;\" aria-level=\"1\">Ambaixador<\/li>\n<li style=\"font-weight: 400;\" aria-level=\"1\">Concert d\u2019Hivern (amb fam\u00edlies)<\/li>\n<\/ul>\n<p>2n trimestre<br \/>\nDENIP\u00a0<\/p>\n<p>DILM<\/p>\n<p>Carnestoltes (amb fam\u00edlies)<\/p>\n<p>Dia Internacional de la Dona\u00a0<\/p>\n<p>Setmana del Projecte d&#8217;Escola<\/p>\n<p>Mostra de Projectes (amb&hellip;  <a href=\"https:\/\/agora.xtec.cat\/ceiplaromanica\/festes-i-celebracions\/\" title=\"Read Festes i celebracions\">Llegeix m\u00e9s\u00bb<\/a><\/p>\n","protected":false},"author":1,"featured_media":0,"parent":0,"menu_order":0,"comment_status":"closed","ping_status":"closed","template":"","meta":{"_bbp_topic_count":0,"_bbp_reply_count":0,"_bbp_total_topic_count":0,"_bbp_total_reply_count":0,"_bbp_voice_count":0,"_bbp_anonymous_reply_count":0,"_bbp_topic_count_hidden":0,"_bbp_reply_count_hidden":0,"_bbp_forum_subforum_count":0,"footnotes":""},"class_list":["post-5978","page","type-page","status-publish","hentry"],"post_mailing_queue_ids":[],"_links":{"self":[{"href":"https:\/\/agora.xtec.cat\/ceiplaromanica\/wp-json\/wp\/v2\/pages\/5978","targetHints":{"allow":["GET"]}}],"collection":[{"href":"https:\/\/agora.xtec.cat\/ceiplaromanica\/wp-json\/wp\/v2\/pages"}],"about":[{"href":"https:\/\/agora.xtec.cat\/ceiplaromanica\/wp-json\/wp\/v2\/types\/page"}],"author":[{"embeddable":true,"href":"https:\/\/agora.xtec.cat\/ceiplaromanica\/wp-json\/wp\/v2\/users\/1"}],"replies":[{"embeddable":true,"href":"https:\/\/agora.xtec.cat\/ceiplaromanica\/wp-json\/wp\/v2\/comments?post=5978"}],"version-history":[{"count":7,"href":"https:\/\/agora.xtec.cat\/ceiplaromanica\/wp-json\/wp\/v2\/pages\/5978\/revisions"}],"predecessor-version":[{"id":6751,"href":"https:\/\/agora.xtec.cat\/ceiplaromanica\/wp-json\/wp\/v2\/pages\/5978\/revisions\/6751"}],"wp:attachment":[{"href":"https:\/\/agora.xtec.cat\/ceiplaromanica\/wp-json\/wp\/v2\/media?parent=5978"}],"curies":[{"name":"wp","href":"https:\/\/api.w.org\/{rel}","templated":true}]}}