{"id":576,"date":"2018-09-25T18:52:38","date_gmt":"2018-09-25T16:52:38","guid":{"rendered":"http:\/\/agora.xtec.cat\/ceiplaromanica\/?page_id=576"},"modified":"2024-10-22T08:20:02","modified_gmt":"2024-10-22T06:20:02","slug":"els-primers-a-laigua","status":"publish","type":"page","link":"https:\/\/agora.xtec.cat\/ceiplaromanica\/projectes-descola\/els-primers-a-laigua\/","title":{"rendered":"Programa &#8220;Els primers a l\u2019aigua&#8221;"},"content":{"rendered":"<p>L\u2019Ajuntament de Sabadell proposa a les escoles de Sabadell que tot l\u2019alumnat de 1r participi de l\u2019activitat \u201cEls primers a l\u2019aigua\u201d on l\u2019alumnat va cada dimecres al mat\u00ed a les piscines Joan Serra per aprendre a nedar i gaudir del medi aqu\u00e0tic.<\/p>\n<p>L&#8217;activitat de piscina es realitza en horari lectiu i forma part del curr\u00edculum d&#8217;educaci\u00f3 f\u00edsica.<\/p>\n<p>Els despla\u00e7aments es fan amb autocar des de l&#8217;Escola. Cal que els nens i nenes vinguin esmorzats des de casa.<\/p>\n<p><strong><u>QU\u00c8 CAL PORTAR A LA PISCINA?<\/u><\/strong><\/p>\n<p><strong>Banyador <\/strong>(portar-lo ja posat a sota de la roba d\u2019escola)<\/p>\n<p>Portar una<strong> <u>motxilla<\/u> <\/strong>amb<strong>:<\/strong><\/p>\n<ul>\n<li><strong>Una tovallola gran<\/strong><\/li>\n<li><strong style=\"font-family: inherit; font-size: 1em;\">Xancletes de bany<\/strong><\/li>\n<li><strong style=\"font-family: inherit; font-size: 1em;\">Roba interior<\/strong><\/li>\n<li><strong style=\"font-family: inherit; font-size: 1em;\">Una bossa pl\u00e0stic per les xancletes i el banyador mullats<\/strong><\/li>\n<\/ul>\n<p>Cal tenir en compte les seg\u00fcents recomanacions:<\/p>\n<ol>\n<li>Portar<strong> roba c\u00f2mode i f\u00e0cil de treure\/posar.<\/strong><\/li>\n<\/ol>\n<p>2. Portar la<strong> roba marcada\/etiquetada <\/strong>amb el <strong>nom del nen\/a<\/strong> (roba interior, mitjons, etc.)\u00a0 i la<strong> jaqueta <\/strong>amb una<strong> beta <\/strong>per <strong>poder-la penjar.<\/strong><\/p>\n<p>3. Els casquets de bany els dona l\u2019Ajuntament i es quedaran a l\u2019Escola. Se\u2019ls posar\u00e0 el nom del nen\/a a la part frontal. A l\u2019Escola cada setmana es posar\u00e0 als casquets de bany talc perqu\u00e8 no s\u2019enganxin.<\/p>\n<p>4. Les nens i nenes amb el cabell llarg cal que el\u00a0 portin recollit per posar millor el casquet de bany.<\/p>\n<p>5. La piscina t\u00e9 un clor especial apte per a pells at\u00f2piques.<\/p>\n<p>6. A l\u2019hivern els nens i nenes amb cabell llarg \u00e9s bo que portin un gorro de llana .<\/p>\n<p>El primer dia els monitors dividiran als nens\/es per nivells.<\/p>\n<p>S\u2019encarreguen de fer l\u2019activitat i fer-los passar per la dutxa d\u2019entrada i sortida (no sab\u00f3).<\/p>\n<p>Cal repassar des de casa que cada dimecres portin tot el material necessari per poder anar a la piscina.<\/p>\n<p>Fer descarregar l&#8217;autoritzaci\u00f3 fes clic <a href=\"https:\/\/agora.xtec.cat\/ceiplaromanica\/wp-content\/uploads\/usu1851\/2019\/11\/Autoritzaci\u00f3-piscina-1r.doc\">Aqu\u00ed<\/a><\/p>\n<p>&nbsp;<\/p>\n<p><img loading=\"lazy\" decoding=\"async\" class=\"alignleft size-full wp-image-3081\" src=\"https:\/\/agora.xtec.cat\/ceiplaromanica\/wp-content\/uploads\/usu1851\/2022\/11\/Primeranemalapiscina-1.jpg\" alt=\"\" width=\"1600\" height=\"975\" srcset=\"https:\/\/agora.xtec.cat\/ceiplaromanica\/wp-content\/uploads\/usu1851\/2022\/11\/Primeranemalapiscina-1.jpg 1600w, https:\/\/agora.xtec.cat\/ceiplaromanica\/wp-content\/uploads\/usu1851\/2022\/11\/Primeranemalapiscina-1-300x183.jpg 300w, https:\/\/agora.xtec.cat\/ceiplaromanica\/wp-content\/uploads\/usu1851\/2022\/11\/Primeranemalapiscina-1-1024x624.jpg 1024w, https:\/\/agora.xtec.cat\/ceiplaromanica\/wp-content\/uploads\/usu1851\/2022\/11\/Primeranemalapiscina-1-768x468.jpg 768w, https:\/\/agora.xtec.cat\/ceiplaromanica\/wp-content\/uploads\/usu1851\/2022\/11\/Primeranemalapiscina-1-1536x936.jpg 1536w\" sizes=\"auto, (max-width: 1600px) 100vw, 1600px\" \/><\/p>\n","protected":false},"excerpt":{"rendered":"<p>L\u2019Ajuntament de Sabadell proposa a les escoles de Sabadell que tot l\u2019alumnat de 1r participi de l\u2019activitat \u201cEls primers a l\u2019aigua\u201d on l\u2019alumnat va cada dimecres al mat\u00ed a les piscines Joan Serra per aprendre a nedar i gaudir del medi aqu\u00e0tic.<br \/>\nL&#8217;activitat de piscina es&hellip;  <a href=\"https:\/\/agora.xtec.cat\/ceiplaromanica\/projectes-descola\/els-primers-a-laigua\/\" title=\"Read Programa &#8220;Els primers a l\u2019aigua&#8221;\">Llegeix m\u00e9s\u00bb<\/a><\/p>\n","protected":false},"author":1,"featured_media":0,"parent":64,"menu_order":2,"comment_status":"closed","ping_status":"closed","template":"page-templates\/side-menu.php","meta":{"_bbp_topic_count":0,"_bbp_reply_count":0,"_bbp_total_topic_count":0,"_bbp_total_reply_count":0,"_bbp_voice_count":0,"_bbp_anonymous_reply_count":0,"_bbp_topic_count_hidden":0,"_bbp_reply_count_hidden":0,"_bbp_forum_subforum_count":0,"footnotes":""},"class_list":["post-576","page","type-page","status-publish","hentry"],"post_mailing_queue_ids":[],"_links":{"self":[{"href":"https:\/\/agora.xtec.cat\/ceiplaromanica\/wp-json\/wp\/v2\/pages\/576","targetHints":{"allow":["GET"]}}],"collection":[{"href":"https:\/\/agora.xtec.cat\/ceiplaromanica\/wp-json\/wp\/v2\/pages"}],"about":[{"href":"https:\/\/agora.xtec.cat\/ceiplaromanica\/wp-json\/wp\/v2\/types\/page"}],"author":[{"embeddable":true,"href":"https:\/\/agora.xtec.cat\/ceiplaromanica\/wp-json\/wp\/v2\/users\/1"}],"replies":[{"embeddable":true,"href":"https:\/\/agora.xtec.cat\/ceiplaromanica\/wp-json\/wp\/v2\/comments?post=576"}],"version-history":[{"count":5,"href":"https:\/\/agora.xtec.cat\/ceiplaromanica\/wp-json\/wp\/v2\/pages\/576\/revisions"}],"predecessor-version":[{"id":5432,"href":"https:\/\/agora.xtec.cat\/ceiplaromanica\/wp-json\/wp\/v2\/pages\/576\/revisions\/5432"}],"up":[{"embeddable":true,"href":"https:\/\/agora.xtec.cat\/ceiplaromanica\/wp-json\/wp\/v2\/pages\/64"}],"wp:attachment":[{"href":"https:\/\/agora.xtec.cat\/ceiplaromanica\/wp-json\/wp\/v2\/media?parent=576"}],"curies":[{"name":"wp","href":"https:\/\/api.w.org\/{rel}","templated":true}]}}