{"id":5560,"date":"2024-10-20T10:08:51","date_gmt":"2024-10-20T08:08:51","guid":{"rendered":"https:\/\/agora.xtec.cat\/ceiplaromanica\/?page_id=5560"},"modified":"2025-01-29T09:15:09","modified_gmt":"2025-01-29T08:15:09","slug":"petits-cientifics","status":"publish","type":"page","link":"https:\/\/agora.xtec.cat\/ceiplaromanica\/projectes-descola\/petits-cientifics\/","title":{"rendered":"Petits Cient\u00edfics"},"content":{"rendered":"<p style=\"text-align: justify;\">Amb l&#8217;objectiu final de conscienciar i tenir cura del medi ambient, durant el curs 24-25 hem iniciat el Projecte Petits Cient\u00edfics amb els alumnes de 6\u00e8.<\/p>\n<p style=\"text-align: justify;\">Aquest Projecte compta amb la nova estaci\u00f3 meteorol\u00f2gica<span style=\"font-family: inherit; font-size: 1em;\">\u00a0i ens permet treballar a partir del m\u00e8tode cient\u00edfic diferents \u00e0mbits de coneixement: l&#8217;\u00e0mbit matem\u00e0tic, l&#8217;\u00e0mbit ling\u00fc\u00edstic i l&#8217;\u00e0rea de coneixement del medi social i natural, entre d&#8217;altres.<\/span><\/p>\n<p><img loading=\"lazy\" decoding=\"async\" class=\"alignleft size-full wp-image-5927\" src=\"https:\/\/agora.xtec.cat\/ceiplaromanica\/wp-content\/uploads\/usu1851\/2025\/01\/estacio-2.jpg\" alt=\"\" width=\"2000\" height=\"1250\" srcset=\"https:\/\/agora.xtec.cat\/ceiplaromanica\/wp-content\/uploads\/usu1851\/2025\/01\/estacio-2.jpg 2000w, https:\/\/agora.xtec.cat\/ceiplaromanica\/wp-content\/uploads\/usu1851\/2025\/01\/estacio-2-300x188.jpg 300w, https:\/\/agora.xtec.cat\/ceiplaromanica\/wp-content\/uploads\/usu1851\/2025\/01\/estacio-2-1024x640.jpg 1024w, https:\/\/agora.xtec.cat\/ceiplaromanica\/wp-content\/uploads\/usu1851\/2025\/01\/estacio-2-768x480.jpg 768w, https:\/\/agora.xtec.cat\/ceiplaromanica\/wp-content\/uploads\/usu1851\/2025\/01\/estacio-2-1536x960.jpg 1536w\" sizes=\"auto, (max-width: 2000px) 100vw, 2000px\" \/><\/p>\n<p><img loading=\"lazy\" decoding=\"async\" class=\"alignleft size-full wp-image-5924\" src=\"https:\/\/agora.xtec.cat\/ceiplaromanica\/wp-content\/uploads\/usu1851\/2025\/01\/estacio.jpg\" alt=\"\" width=\"2000\" height=\"1058\" srcset=\"https:\/\/agora.xtec.cat\/ceiplaromanica\/wp-content\/uploads\/usu1851\/2025\/01\/estacio.jpg 2000w, https:\/\/agora.xtec.cat\/ceiplaromanica\/wp-content\/uploads\/usu1851\/2025\/01\/estacio-300x159.jpg 300w, https:\/\/agora.xtec.cat\/ceiplaromanica\/wp-content\/uploads\/usu1851\/2025\/01\/estacio-1024x542.jpg 1024w, https:\/\/agora.xtec.cat\/ceiplaromanica\/wp-content\/uploads\/usu1851\/2025\/01\/estacio-768x406.jpg 768w, https:\/\/agora.xtec.cat\/ceiplaromanica\/wp-content\/uploads\/usu1851\/2025\/01\/estacio-1536x813.jpg 1536w\" sizes=\"auto, (max-width: 2000px) 100vw, 2000px\" \/><\/p>\n","protected":false},"excerpt":{"rendered":"<p>Amb l&#8217;objectiu final de conscienciar i tenir cura del medi ambient, durant el curs 24-25 hem iniciat el Projecte Petits Cient\u00edfics amb els alumnes de 6\u00e8.<br \/>\nAquest Projecte compta amb la nova estaci\u00f3 meteorol\u00f2gica\u00a0i ens permet treballar a partir del m\u00e8tode cient\u00edfic diferents \u00e0mbits de coneixement:&hellip;  <a href=\"https:\/\/agora.xtec.cat\/ceiplaromanica\/projectes-descola\/petits-cientifics\/\" title=\"Read Petits Cient\u00edfics\">Llegeix m\u00e9s\u00bb<\/a><\/p>\n","protected":false},"author":1,"featured_media":0,"parent":64,"menu_order":25,"comment_status":"closed","ping_status":"closed","template":"page-templates\/side-menu.php","meta":{"_bbp_topic_count":0,"_bbp_reply_count":0,"_bbp_total_topic_count":0,"_bbp_total_reply_count":0,"_bbp_voice_count":0,"_bbp_anonymous_reply_count":0,"_bbp_topic_count_hidden":0,"_bbp_reply_count_hidden":0,"_bbp_forum_subforum_count":0,"footnotes":""},"class_list":["post-5560","page","type-page","status-publish","hentry"],"post_mailing_queue_ids":[],"_links":{"self":[{"href":"https:\/\/agora.xtec.cat\/ceiplaromanica\/wp-json\/wp\/v2\/pages\/5560","targetHints":{"allow":["GET"]}}],"collection":[{"href":"https:\/\/agora.xtec.cat\/ceiplaromanica\/wp-json\/wp\/v2\/pages"}],"about":[{"href":"https:\/\/agora.xtec.cat\/ceiplaromanica\/wp-json\/wp\/v2\/types\/page"}],"author":[{"embeddable":true,"href":"https:\/\/agora.xtec.cat\/ceiplaromanica\/wp-json\/wp\/v2\/users\/1"}],"replies":[{"embeddable":true,"href":"https:\/\/agora.xtec.cat\/ceiplaromanica\/wp-json\/wp\/v2\/comments?post=5560"}],"version-history":[{"count":3,"href":"https:\/\/agora.xtec.cat\/ceiplaromanica\/wp-json\/wp\/v2\/pages\/5560\/revisions"}],"predecessor-version":[{"id":5928,"href":"https:\/\/agora.xtec.cat\/ceiplaromanica\/wp-json\/wp\/v2\/pages\/5560\/revisions\/5928"}],"up":[{"embeddable":true,"href":"https:\/\/agora.xtec.cat\/ceiplaromanica\/wp-json\/wp\/v2\/pages\/64"}],"wp:attachment":[{"href":"https:\/\/agora.xtec.cat\/ceiplaromanica\/wp-json\/wp\/v2\/media?parent=5560"}],"curies":[{"name":"wp","href":"https:\/\/api.w.org\/{rel}","templated":true}]}}