{"id":806,"date":"2022-10-30T09:00:53","date_gmt":"2022-10-30T08:00:53","guid":{"rendered":"https:\/\/agora.xtec.cat\/ceiplajota\/?page_id=806"},"modified":"2024-12-19T21:53:46","modified_gmt":"2024-12-19T20:53:46","slug":"la-castanyada","status":"publish","type":"page","link":"https:\/\/agora.xtec.cat\/ceiplajota\/festes-a-lescola\/la-castanyada\/","title":{"rendered":"La Castanyada"},"content":{"rendered":"<p><a href=\"https:\/\/agora.xtec.cat\/ceiplajota\/wp-content\/uploads\/usu1571\/2020\/11\/Dibuix-castanyada.png\"><img loading=\"lazy\" decoding=\"async\" class=\"aligncenter wp-image-3150\" src=\"https:\/\/agora.xtec.cat\/ceiplajota\/wp-content\/uploads\/usu1571\/2020\/11\/Dibuix-castanyada.png\" alt=\"\" width=\"288\" height=\"175\" srcset=\"https:\/\/agora.xtec.cat\/ceiplajota\/wp-content\/uploads\/usu1571\/2020\/11\/Dibuix-castanyada.png 749w, https:\/\/agora.xtec.cat\/ceiplajota\/wp-content\/uploads\/usu1571\/2020\/11\/Dibuix-castanyada-300x182.png 300w\" sizes=\"auto, (max-width: 288px) 100vw, 288px\" \/><\/a><\/p>\n<p>A l&#8217;Institut Escola La Jota celebren La Castanyada i el Halloween amb els alumnes i les seves fam\u00edlies.<\/p>\n<p>Els infants d&#8217;educaci\u00f3 infantil (i3, i4 i i5) fan castanyes, bolets, mussols, imans i altres manualitats que\u00a0 porten cap a casa. Per la tarda poden venir disfressats de castanyera o de castanyer. Quina colla! El mateix dia, van a veure com es torren les castanyes al pati de cicle inicial i mitj\u00e0 i all\u00e0 es troben a la Castanyera. Amb ella canten, ballen i s&#8217;hi fan fotografies.<\/p>\n<p>A cicle inicial i mitj\u00e0 fan manualitats. Pinten amb colors, retoladors, plastilina &#8230; punxen amb punxons, retallen, enganxen papers de diferents colors i textures &#8230; Van al pati a veure a la Castanyera i als seus ajudants i entre castanya i castanya &#8230; canten alguna can\u00e7\u00f3. Per la tarda moltes nenes i nens es disfressen i, a la classe, veuen alguna pel\u00b7l\u00edcula de por. Quina por!<\/p>\n<p>Cicle superior i la ESO entra al T\u00fanel del Terror que l&#8217;AFA organitza. Tamb\u00e9 van\u00a0 a veure com es torren les castanyes i amb la Castanyera es fan fotografies. A la tarda veuen tamb\u00e9 pel\u00b7l\u00edcules de por i es disfressen segons Halloween.<\/p>\n<p>Quines castanyes m\u00e9s bones!!! Gr\u00e0cies AFA.<\/p>\n<p>Quina por el T\u00fanel del Terror!!! Quins crits!!! Gr\u00e0cies tamb\u00e9 AFA.<\/p>\n<p><strong>Mira aqu\u00ed la mostra 2022-23:<a href=\"https:\/\/photos.app.goo.gl\/ViBQ4guQbVAzQrGT7\" target=\"_blank\" rel=\"noopener\">https:\/\/photos.app.goo.gl\/ViBQ4guQbVAzQrGT7<\/a><\/strong><\/p>\n<p><strong>Mira aqu\u00ed la mostra 2021-22:\u00a0<a href=\"https:\/\/photos.app.goo.gl\/5ybdrUFmFoCHNMJ57\" target=\"_blank\" rel=\"noopener\">https:\/\/photos.app.goo.gl\/5ybdrUFmFoCHNMJ57<\/a><\/strong><\/p>\n<p><strong>Mira aqu\u00ed la mostra 2020-21<\/strong>:\u00a0 <a href=\"https:\/\/drive.google.com\/file\/d\/1Y1JUC94aw4anMoXnPMNM2mHee97it3bf\/view\" target=\"_blank\" rel=\"noopener noreferrer\">https:\/\/drive.google.com\/file\/d\/1Y1JUC94aw4anMoXnPMNM2mHee97it3bf\/view<\/a><\/p>\n<p>Hem trobat un article molt interessant sobre l&#8217;origen d&#8217;aquesta festa. <a href=\"https:\/\/www.ccma.cat\/324\/castanyada-i-halloween-dues-festes-amb-un-mateix-origen-el-samhain-celta\/noticia\/3258468\/\" target=\"_blank\" rel=\"noopener\">El compartim.<\/a><strong><a href=\"https:\/\/agora.xtec.cat\/ceiplajota\/wp-content\/uploads\/usu1571\/2020\/11\/Castanyada-dibuix.png\"><img loading=\"lazy\" decoding=\"async\" class=\"aligncenter size-full wp-image-3152\" src=\"https:\/\/agora.xtec.cat\/ceiplajota\/wp-content\/uploads\/usu1571\/2020\/11\/Castanyada-dibuix.png\" alt=\"\" width=\"892\" height=\"529\" srcset=\"https:\/\/agora.xtec.cat\/ceiplajota\/wp-content\/uploads\/usu1571\/2020\/11\/Castanyada-dibuix.png 892w, https:\/\/agora.xtec.cat\/ceiplajota\/wp-content\/uploads\/usu1571\/2020\/11\/Castanyada-dibuix-300x178.png 300w, https:\/\/agora.xtec.cat\/ceiplajota\/wp-content\/uploads\/usu1571\/2020\/11\/Castanyada-dibuix-768x455.png 768w\" sizes=\"auto, (max-width: 892px) 100vw, 892px\" \/><\/a><\/strong><\/p>\n<p>&nbsp;<\/p>\n<p>&nbsp;<\/p>\n","protected":false},"excerpt":{"rendered":"<p><a href=\"https:\/\/agora.xtec.cat\/ceiplajota\/wp-content\/uploads\/usu1571\/2020\/11\/Dibuix-castanyada.png\"><\/a><br \/>\nA l&#8217;Institut Escola La Jota celebren La Castanyada i el Halloween amb els alumnes i les seves fam\u00edlies.<br \/>\nEls infants d&#8217;educaci\u00f3 infantil (i3, i4 i i5) fan castanyes, bolets, mussols, imans i altres manualitats que\u00a0 porten cap a casa. Per la tarda poden venir disfressats&hellip;  <a href=\"https:\/\/agora.xtec.cat\/ceiplajota\/festes-a-lescola\/la-castanyada\/\" title=\"Read La Castanyada\">Llegeix m\u00e9s\u00bb<\/a><\/p>\n","protected":false},"author":1,"featured_media":0,"parent":721,"menu_order":0,"comment_status":"closed","ping_status":"closed","template":"page-templates\/side-menu.php","meta":{"_bbp_topic_count":0,"_bbp_reply_count":0,"_bbp_total_topic_count":0,"_bbp_total_reply_count":0,"_bbp_voice_count":0,"_bbp_anonymous_reply_count":0,"_bbp_topic_count_hidden":0,"_bbp_reply_count_hidden":0,"_bbp_forum_subforum_count":0,"footnotes":""},"class_list":["post-806","page","type-page","status-publish","hentry"],"post_mailing_queue_ids":[],"_links":{"self":[{"href":"https:\/\/agora.xtec.cat\/ceiplajota\/wp-json\/wp\/v2\/pages\/806","targetHints":{"allow":["GET"]}}],"collection":[{"href":"https:\/\/agora.xtec.cat\/ceiplajota\/wp-json\/wp\/v2\/pages"}],"about":[{"href":"https:\/\/agora.xtec.cat\/ceiplajota\/wp-json\/wp\/v2\/types\/page"}],"author":[{"embeddable":true,"href":"https:\/\/agora.xtec.cat\/ceiplajota\/wp-json\/wp\/v2\/users\/1"}],"replies":[{"embeddable":true,"href":"https:\/\/agora.xtec.cat\/ceiplajota\/wp-json\/wp\/v2\/comments?post=806"}],"version-history":[{"count":7,"href":"https:\/\/agora.xtec.cat\/ceiplajota\/wp-json\/wp\/v2\/pages\/806\/revisions"}],"predecessor-version":[{"id":6539,"href":"https:\/\/agora.xtec.cat\/ceiplajota\/wp-json\/wp\/v2\/pages\/806\/revisions\/6539"}],"up":[{"embeddable":true,"href":"https:\/\/agora.xtec.cat\/ceiplajota\/wp-json\/wp\/v2\/pages\/721"}],"wp:attachment":[{"href":"https:\/\/agora.xtec.cat\/ceiplajota\/wp-json\/wp\/v2\/media?parent=806"}],"curies":[{"name":"wp","href":"https:\/\/api.w.org\/{rel}","templated":true}]}}