{"id":784,"date":"2024-09-09T09:00:18","date_gmt":"2024-09-09T07:00:18","guid":{"rendered":"https:\/\/agora.xtec.cat\/ceiplajota\/?page_id=784"},"modified":"2025-02-09T00:15:13","modified_gmt":"2025-02-08T23:15:13","slug":"informatica","status":"publish","type":"page","link":"https:\/\/agora.xtec.cat\/ceiplajota\/projecte-educatiu\/projectes-de-lescola\/informatica\/","title":{"rendered":"Inform\u00e0tica"},"content":{"rendered":"<p><span style=\"color: #808080;\"><i><span style=\"font-weight: 400;\">\u201cEls nostres estudiants han canviat radicalment. Els estudiants d\u2019avui en dia ja no s\u00f3n aquells per als que va ser dissenyat el nostre sistema educatiu\u201d.<\/span><\/i><\/span><\/p>\n<p><span style=\"color: #808080;\"><i><span style=\"font-weight: 400;\">Marc Prensky<\/span><\/i><\/span><\/p>\n<p><span style=\"font-weight: 400;\">L\u2019educaci\u00f3 t\u00e9 diversos objectius, un \u00e9s que les noves generacions comprenguin el m\u00f3n que els envolta i que estiguin ben preparades per a la seva futura vida d\u2019adults.<\/span><\/p>\n<p><span style=\"font-weight: 400;\">La inform\u00e0tica presenta aspectes d\u2019estudi que ajuden a l\u2019alumnat a adquirir habilitats en la resoluci\u00f3 de problemes, processos d\u2019abstracci\u00f3 i representaci\u00f3 de dades que puguin ajudar-li a tenir \u00e8xit a la vida.<\/span><\/p>\n<p><span style=\"font-weight: 400;\">Des del nostre centre, comencem amb un treball de familiaritzaci\u00f3 amb l\u2019ordinador i la tauleta\u00a0 i tot el que comporta a Educaci\u00f3 Infantil, mitjan\u00e7ant jocs i activitats l\u00fadiques, que fan que els infants gaudeixin i coneguin el m\u00f3n digital.<\/span><\/p>\n<p><span style=\"font-weight: 400;\">\u00c9s important recalcar que les activitats i els treballs proposats no sols apunten a que l\u2019infant es familiaritzi i pugui anar coneixent la tecnologia, sin\u00f3 tamb\u00e9 estimulen la capacitat visomotora i psicomotora dels petits, per a afavorir el desenvolupament de la lectoescriptura, la iniciaci\u00f3 al coneixement l\u00f2gic-matem\u00e0tic i la creativitat.<\/span><\/p>\n<p><span style=\"font-weight: 400;\">A Prim\u00e0ria es comencen a utilitzar diferents programes augmentant el seu grau de complexitat i\/o adequant-lo a les necessitats dels infants.<\/span><\/p>\n<p>A Secund\u00e0ria l&#8217;alumnat disposa de la inform\u00e0tica com a recurs educatiu per fer treballs en grup, presentacions, &#8230;<\/p>\n<p><span style=\"font-weight: 400;\">La nostra visi\u00f3 \u00e9s de futur, volem educar infants i adolescents competents en l\u2019\u00e0mbit digital. Per aix\u00f2, l&#8217;aprenentatge digital va sempre lligat a l&#8217;aprenentatge global que l&#8217;alumnat fa, en relaci\u00f3 amb la resta de capacitats i compet\u00e8ncies que es treballen a cada curs.<\/span><\/p>\n<p>Disposem del document Estrat\u00e8gia Digital de Centre\u00a0de centre\u00a0 i de la seq\u00fcenciaci\u00f3 de la metodologia, activitats i continguts a treballar al llarg de tota l&#8217;escolaritat.<\/p>\n<p><span style=\"font-weight: 400;\">Les sessions es realitzen en la meitat del grup-classe un cop per setmana, de manera que es pot atendre millor a les necessitats de cada alumne\/a.<\/span><\/p>\n<p><span style=\"font-weight: 400;\">S&#8217;utilitzen diferents editors (audio, v\u00eddeo, textos,&#8230;) per a que els\/ les alumnes tinguin diverses eines digitals\u00a0 per a poder assolir els objectius en els futurs estudis que realitzin.<\/span><\/p>\n<p><span style=\"font-weight: 400;\">El centre disposa d\u2019un domini, el qual fa que els alumnes tinguin a la seva disposici\u00f3 un mail de gsuite i google for education, en el que poden fer servir totes aquestes eines (drive, docs, mail,&#8230;). Aquest mail est\u00e0 gestionat per l\u2019escola, i \u00e9s d\u2019\u00fas corporatiu.<\/span><\/p>\n<p><span style=\"font-weight: 400;\">Utilitzem la plataforma digital \u201cclassroom\u201d\u00a0 on podem donar suport telem\u00e0tic als infants i joves amb tasques educatives. En aquesta mateixa plataforma \u00e9s on es porta a terme la formaci\u00f3 digital per fam\u00edlies que el centre organitza amb el suport de la Fundaci\u00f3 C\u00edvica Oreneta del Vall\u00e8s, entitat de la nostra poblaci\u00f3.<\/span><\/p>\n<p><span style=\"font-weight: 400;\">Totes les aules de la nostra escola estan dotades de pantalla digital, per a tenir m\u00e9s recursos a l\u2019aula, en els que poder ajudar als\/a les nostres alumnes a ser competents. A m\u00e9s a m\u00e9s, tenim port\u00e0tils i tauletes que complementen el treball d&#8217;inform\u00e0tica a l&#8217;aula ordin\u00e0ria.\u00a0<\/span><\/p>\n<p>El centre\u00a0 disposa d&#8217;un sistema de pr\u00e9stec de port\u00e0tils i tauletes per si des de casa no es disposa de cap dispositiu que faciliti la continu\u00eftat de la tasca\u00a0 educativa.<\/p>\n<p><span style=\"font-weight: 400;\">Tamb\u00e9 fem un treball profund, en la import\u00e0ncia de l\u2019actitud cr\u00edtica i l\u2019\u00fas responsable de les tecnologies i les conseq\u00fc\u00e8ncies que poden derivar dels seus actes.<\/span><\/p>\n<p><em><span style=\"color: #808080;\">&#8220;A la societat d\u2019Internet, el m\u00e9s <\/span><\/em><em><span style=\"color: #808080;\">complicat no \u00e9s navegar, <\/span><\/em><em><span style=\"color: #808080;\">sin\u00f3 saber on anar, on buscar <\/span><\/em><em><span style=\"color: #808080;\">el que es vol trobar i qu\u00e8 fer <\/span><\/em><em><span style=\"color: #808080;\">amb el que es troba. I aix\u00f2 <\/span><\/em><em><span style=\"color: #808080;\">requereix educaci\u00f3.&#8221; <\/span><\/em><span style=\"color: #808080;\">Manuel Castells<\/span><\/p>\n<p><a href=\"https:\/\/agora.xtec.cat\/ceiplajota\/wp-content\/uploads\/usu1571\/2021\/02\/Inform\u00e0tica-4t.jpg\"><img loading=\"lazy\" decoding=\"async\" class=\"aligncenter size-thumbnail wp-image-3535\" src=\"https:\/\/agora.xtec.cat\/ceiplajota\/wp-content\/uploads\/usu1571\/2021\/02\/Inform\u00e0tica-4t-150x150.jpg\" alt=\"\" width=\"150\" height=\"150\" \/><\/a><\/p>\n<p>&nbsp;<\/p>\n","protected":false},"excerpt":{"rendered":"<p>\u201cEls nostres estudiants han canviat radicalment. Els estudiants d\u2019avui en dia ja no s\u00f3n aquells per als que va ser dissenyat el nostre sistema educatiu\u201d.<br \/>\nMarc Prensky<br \/>\nL\u2019educaci\u00f3 t\u00e9 diversos objectius, un \u00e9s que les noves generacions comprenguin el m\u00f3n que els envolta i que estiguin ben&hellip;  <a href=\"https:\/\/agora.xtec.cat\/ceiplajota\/projecte-educatiu\/projectes-de-lescola\/informatica\/\" title=\"Read Inform\u00e0tica\">Llegeix m\u00e9s\u00bb<\/a><\/p>\n","protected":false},"author":1,"featured_media":0,"parent":617,"menu_order":0,"comment_status":"closed","ping_status":"closed","template":"page-templates\/side-menu.php","meta":{"_bbp_topic_count":0,"_bbp_reply_count":0,"_bbp_total_topic_count":0,"_bbp_total_reply_count":0,"_bbp_voice_count":0,"_bbp_anonymous_reply_count":0,"_bbp_topic_count_hidden":0,"_bbp_reply_count_hidden":0,"_bbp_forum_subforum_count":0,"footnotes":""},"class_list":["post-784","page","type-page","status-publish","hentry"],"post_mailing_queue_ids":[],"_links":{"self":[{"href":"https:\/\/agora.xtec.cat\/ceiplajota\/wp-json\/wp\/v2\/pages\/784","targetHints":{"allow":["GET"]}}],"collection":[{"href":"https:\/\/agora.xtec.cat\/ceiplajota\/wp-json\/wp\/v2\/pages"}],"about":[{"href":"https:\/\/agora.xtec.cat\/ceiplajota\/wp-json\/wp\/v2\/types\/page"}],"author":[{"embeddable":true,"href":"https:\/\/agora.xtec.cat\/ceiplajota\/wp-json\/wp\/v2\/users\/1"}],"replies":[{"embeddable":true,"href":"https:\/\/agora.xtec.cat\/ceiplajota\/wp-json\/wp\/v2\/comments?post=784"}],"version-history":[{"count":5,"href":"https:\/\/agora.xtec.cat\/ceiplajota\/wp-json\/wp\/v2\/pages\/784\/revisions"}],"predecessor-version":[{"id":6663,"href":"https:\/\/agora.xtec.cat\/ceiplajota\/wp-json\/wp\/v2\/pages\/784\/revisions\/6663"}],"up":[{"embeddable":true,"href":"https:\/\/agora.xtec.cat\/ceiplajota\/wp-json\/wp\/v2\/pages\/617"}],"wp:attachment":[{"href":"https:\/\/agora.xtec.cat\/ceiplajota\/wp-json\/wp\/v2\/media?parent=784"}],"curies":[{"name":"wp","href":"https:\/\/api.w.org\/{rel}","templated":true}]}}