{"id":764,"date":"2020-02-24T11:57:33","date_gmt":"2020-02-24T10:57:33","guid":{"rendered":"https:\/\/agora.xtec.cat\/ceiplajota\/?page_id=764"},"modified":"2025-02-08T23:59:38","modified_gmt":"2025-02-08T22:59:38","slug":"escacs","status":"publish","type":"page","link":"https:\/\/agora.xtec.cat\/ceiplajota\/projecte-educatiu\/projectes-de-lescola\/escacs\/","title":{"rendered":"Escacs a l&#8217;Institut Escola La Jota"},"content":{"rendered":"<blockquote><p><strong><u>ESCACS A L\u2019ESCOLA<\/u><\/strong><\/p>\n<p style=\"text-align: left;\">Des del curs 2017-18, l\u2019Institut Escola La Jota t\u00e9 un projecte de col\u00b7laboraci\u00f3 amb la <a href=\"http:\/\/oreneta.org\/es\" target=\"_blank\" rel=\"noopener noreferrer\">Fundaci\u00f3 C\u00edvica Oreneta del Vall\u00e8s<\/a>\u00a0 i Club d\u2019Escacs de Badia del Vall\u00e8s.<\/p>\n<p style=\"text-align: left;\"><span style=\"color: #000000;\">Escacs a l\u2019escola<\/span> \u00e9s un projecte que realitza l\u2019alumnat d&#8217;i5 i 1r. Consisteix en rebre classes d\u2019escacs un cop per setmana dins l\u2019horari lectiu amb els\/ les mestres i amb monitors\/es experimentats\/des de la Fundaci\u00f3 Oreneta del Vall\u00e8s. A i4 es realitzen sessions d\u2019introducci\u00f3 a partir del segon trimestre.<\/p>\n<p style=\"text-align: left;\">Tanmateix, l\u2019escola ofereix a tot l\u2019alumnat de prim\u00e0ria, dues estones de pati a la setmana per poder jugar a escacs. \u00c9s una activitat volunt\u00e0ria, dinamitzada per un mestre\/a de l\u2019escola i per monitors\/es de la fundaci\u00f3. Aquesta estona de joc facilita la pr\u00e0ctica dels escacs i s\u2019aprofita per poder resoldre diferents preguntes que puguin anar sorgint per part dels infants respecte a estrat\u00e8gies, jugades,&#8230;<\/p>\n<p>Des del centre, remarquem la import\u00e0ncia de la pr\u00e0ctica dels escacs ja que aporta molts beneficis al\u00a0 nostre alumnat. Facilita la concentraci\u00f3, millora la creativitat, ajuda a resoldre problemes, potencia la mem\u00f2ria, etc.<\/p>\n<p>A les tardes, com a extraescolar,\u00a0 la Fundaci\u00f3 C\u00edvica Oreneta del Vall\u00e8s i el centre ofereix sessions d&#8217;escacs gratu\u00eftes cada tarda.<\/p>\n<p>Compartim amb tots vosaltres un manual per aprendre de forma r\u00e0pida i f\u00e0cil el joc d&#8217;escacs.<\/p>\n<p><a href=\"https:\/\/drive.google.com\/file\/d\/1KOerZaPM6jgy5l8zxGETTLMJhU_mjV_-\/view?usp=sharing\" target=\"_blank\" rel=\"noopener noreferrer\">https:\/\/drive.google.com\/file\/d\/1KOerZaPM6jgy5l8zxGETTLMJhU_mjV_-\/view?usp=sharing<\/a><\/p>\n<p>A veure si us animeu!!!<\/p>\n<p><a href=\"https:\/\/agora.xtec.cat\/ceiplajota\/wp-content\/uploads\/usu1571\/2020\/05\/20200115_101923.jpg\"><img loading=\"lazy\" decoding=\"async\" class=\"aligncenter size-thumbnail wp-image-2658\" src=\"https:\/\/agora.xtec.cat\/ceiplajota\/wp-content\/uploads\/usu1571\/2020\/05\/20200115_101923-150x150.jpg\" alt=\"\" width=\"150\" height=\"150\" \/><\/a><\/p><\/blockquote>\n","protected":false},"excerpt":{"rendered":"<p>ESCACS A L\u2019ESCOLA<br \/>\nDes del curs 2017-18, l\u2019Institut Escola La Jota t\u00e9 un projecte de col\u00b7laboraci\u00f3 amb la <a href=\"http:\/\/oreneta.org\/es\" target=\"_blank\" rel=\"noopener noreferrer\">Fundaci\u00f3 C\u00edvica Oreneta del Vall\u00e8s<\/a>\u00a0 i Club d\u2019Escacs de Badia del Vall\u00e8s.<br \/>\nEscacs a l\u2019escola \u00e9s un projecte que realitza l\u2019alumnat d&#8217;i5 i 1r. Consisteix&hellip;  <a href=\"https:\/\/agora.xtec.cat\/ceiplajota\/projecte-educatiu\/projectes-de-lescola\/escacs\/\" title=\"Read Escacs a l&#8217;Institut Escola La Jota\">Llegeix m\u00e9s\u00bb<\/a><\/p>\n","protected":false},"author":1,"featured_media":0,"parent":617,"menu_order":0,"comment_status":"closed","ping_status":"closed","template":"page-templates\/side-menu.php","meta":{"_bbp_topic_count":0,"_bbp_reply_count":0,"_bbp_total_topic_count":0,"_bbp_total_reply_count":0,"_bbp_voice_count":0,"_bbp_anonymous_reply_count":0,"_bbp_topic_count_hidden":0,"_bbp_reply_count_hidden":0,"_bbp_forum_subforum_count":0,"footnotes":""},"class_list":["post-764","page","type-page","status-publish","hentry"],"post_mailing_queue_ids":[],"_links":{"self":[{"href":"https:\/\/agora.xtec.cat\/ceiplajota\/wp-json\/wp\/v2\/pages\/764","targetHints":{"allow":["GET"]}}],"collection":[{"href":"https:\/\/agora.xtec.cat\/ceiplajota\/wp-json\/wp\/v2\/pages"}],"about":[{"href":"https:\/\/agora.xtec.cat\/ceiplajota\/wp-json\/wp\/v2\/types\/page"}],"author":[{"embeddable":true,"href":"https:\/\/agora.xtec.cat\/ceiplajota\/wp-json\/wp\/v2\/users\/1"}],"replies":[{"embeddable":true,"href":"https:\/\/agora.xtec.cat\/ceiplajota\/wp-json\/wp\/v2\/comments?post=764"}],"version-history":[{"count":5,"href":"https:\/\/agora.xtec.cat\/ceiplajota\/wp-json\/wp\/v2\/pages\/764\/revisions"}],"predecessor-version":[{"id":6659,"href":"https:\/\/agora.xtec.cat\/ceiplajota\/wp-json\/wp\/v2\/pages\/764\/revisions\/6659"}],"up":[{"embeddable":true,"href":"https:\/\/agora.xtec.cat\/ceiplajota\/wp-json\/wp\/v2\/pages\/617"}],"wp:attachment":[{"href":"https:\/\/agora.xtec.cat\/ceiplajota\/wp-json\/wp\/v2\/media?parent=764"}],"curies":[{"name":"wp","href":"https:\/\/api.w.org\/{rel}","templated":true}]}}