{"id":73,"date":"2025-09-05T10:00:51","date_gmt":"2025-09-05T08:00:51","guid":{"rendered":"http:\/\/agora.xtec.cat\/ceiplajota\/?page_id=73"},"modified":"2025-10-07T16:54:06","modified_gmt":"2025-10-07T14:54:06","slug":"menjador-escolar","status":"publish","type":"page","link":"https:\/\/agora.xtec.cat\/ceiplajota\/serveis\/menjador-escolar\/","title":{"rendered":"Menjador escolar"},"content":{"rendered":"<div title=\"Page 1\">\n<p><strong>SERVEI DE MENJADOR ESCOLAR. CURS 25-26.<\/strong><\/p>\n<p><span style=\"font-weight: 400;\">Seguint instruccions del Departament d&#8217;Educaci\u00f3 i Formaci\u00f3 Professional, el servei del menjador del centre va iniciar un proc\u00e9s de licitaci\u00f3 durant el tercer trimestre del curs 24-25. L&#8217;empresa triada va ser <a href=\"https:\/\/www.rocagonzalez.com\/\" target=\"_blank\" rel=\"noopener\">Roca Gonzalez SL.<\/a><\/span><\/p>\n<p><span style=\"font-weight: 400;\">Per fer \u00fas del servei\u00a0 de Menjador Escolar cal utilitzar l\u2019<\/span><a href=\"https:\/\/www.rocagonzalez.com\/es\/app-comedores-escolares\/\"><span style=\"font-weight: 400;\">App Roca Gonz\u00e1lez<\/span><\/a><span style=\"font-weight: 400;\">.\u00a0 A trav\u00e9s d\u2019aquesta podreu fer totes les gestions que necessiteu: demanar el dinar de cada dia, fer els pagaments, veure el men\u00fa, \u2026\u00a0 Cal que us descarregueu l\u2019App al vostre m\u00f2bil i podreu fer totes les gestions des d\u2019ell. Aqu\u00ed en trobareu un tutorial:\u00a0<\/span><\/p>\n<p><a href=\"https:\/\/drive.google.com\/file\/d\/1jYBVrV8h2mSpbONi3UwUPIstjnuA3BP_\/view?usp=drive_link\" target=\"_blank\" rel=\"noopener\">App Roca Gonzalez SL<\/a><\/p>\n<p><span style=\"font-weight: 400;\">Si teniu dubtes: Mail Suport dubtes funcionament App :<a href=\"mailto:inforocagonzalez@gmail.com\"> inforocagonzalez@gmail.com<\/a><\/span><\/p>\n<p><span style=\"font-weight: 400;\">La\u00a0 coordinadora del menjador (Montse) far\u00e0 el servei d\u2019acollida matinal (de 8 a 9h) i coordinar\u00e0 a l\u2019equip de monitoratge del menjador.\u00a0<\/span><\/p>\n<p><span style=\"font-weight: 400;\">El serveis \u00e9s de menjar calent sense cuina al centre. Ofereix varies dietes com halal, sense sal, cel\u00edaca, triturat, sense ou, sense lactosa, \u2026<\/span><\/p>\n<p><span style=\"font-weight: 400;\">Per les sortides s\u2019ofereix el servei de p\u00edcnic; tot alumne\/a becat t\u00e9 aquest servei si la fam\u00edlia no diu el contrari.\u00a0<\/span><\/p>\n<p><a href=\"https:\/\/agora.xtec.cat\/ceiplajota\/wp-content\/uploads\/usu1571\/2025\/05\/Picnics.png\"><img loading=\"lazy\" decoding=\"async\" class=\"aligncenter size-medium wp-image-6881\" src=\"https:\/\/agora.xtec.cat\/ceiplajota\/wp-content\/uploads\/usu1571\/2025\/05\/Picnics-211x300.png\" alt=\"\" width=\"211\" height=\"300\" srcset=\"https:\/\/agora.xtec.cat\/ceiplajota\/wp-content\/uploads\/usu1571\/2025\/05\/Picnics-211x300.png 211w, https:\/\/agora.xtec.cat\/ceiplajota\/wp-content\/uploads\/usu1571\/2025\/05\/Picnics.png 433w\" sizes=\"auto, (max-width: 211px) 100vw, 211px\" \/><\/a><\/p>\n<p><span style=\"font-weight: 400;\">L\u2019equip de monitoratge del serveis de menjador est\u00e0 format per:<\/span><\/p>\n<table style=\"width: 43.794%;\">\n<tbody>\n<tr>\n<td style=\"width: 45.8824%;\"><span style=\"font-weight: 400;\">i3<\/span><\/td>\n<td style=\"width: 70.5278%;\"><span style=\"font-weight: 400;\">Roser i Paqui<\/span><\/td>\n<\/tr>\n<tr>\n<td style=\"width: 45.8824%;\"><span style=\"font-weight: 400;\">i4<\/span><\/td>\n<td style=\"width: 70.5278%;\"><span style=\"font-weight: 400;\">Mari i Isa<\/span><\/td>\n<\/tr>\n<tr>\n<td style=\"width: 45.8824%;\"><span style=\"font-weight: 400;\">i5<\/span><\/td>\n<td style=\"width: 70.5278%;\"><span style=\"font-weight: 400;\">Lourdes i Irene<\/span><\/td>\n<\/tr>\n<tr>\n<td style=\"width: 45.8824%;\"><span style=\"font-weight: 400;\">1r Prim\u00e0ria<\/span><\/td>\n<td style=\"width: 70.5278%;\"><span style=\"font-weight: 400;\">Yolanda i Jordi\u00a0<\/span><\/td>\n<\/tr>\n<tr>\n<td style=\"width: 45.8824%;\"><span style=\"font-weight: 400;\">2n Prim\u00e0ria<\/span><\/td>\n<td style=\"width: 70.5278%;\"><span style=\"font-weight: 400;\">Alison<\/span><\/td>\n<\/tr>\n<tr>\n<td style=\"width: 45.8824%;\"><span style=\"font-weight: 400;\">3r Prim\u00e0ria<\/span><\/td>\n<td style=\"width: 70.5278%;\"><span style=\"font-weight: 400;\">Lluna<\/span><\/td>\n<\/tr>\n<tr>\n<td style=\"width: 45.8824%;\"><span style=\"font-weight: 400;\">4t Prim\u00e0ria<\/span><\/td>\n<td style=\"width: 70.5278%;\"><span style=\"font-weight: 400;\">Judith<\/span><\/td>\n<\/tr>\n<tr>\n<td style=\"width: 45.8824%;\"><span style=\"font-weight: 400;\">5\u00e8 Prim\u00e0ria<\/span><\/td>\n<td style=\"width: 70.5278%;\"><span style=\"font-weight: 400;\">Judith M. i Laura<\/span><\/td>\n<\/tr>\n<tr>\n<td style=\"width: 45.8824%;\">6\u00e8 Prim\u00e0ria<\/td>\n<td style=\"width: 70.5278%;\"><span style=\"font-weight: 400;\">Adri\u00e0 i Laura A.\u00a0<\/span><\/td>\n<\/tr>\n<tr>\n<td style=\"width: 45.8824%;\"><span style=\"font-weight: 400;\">ESO<\/span><\/td>\n<td style=\"width: 70.5278%;\"><span style=\"font-weight: 400;\">Saray<\/span><\/td>\n<\/tr>\n<tr>\n<td style=\"width: 45.8824%;\"><span style=\"font-weight: 400;\">Office<\/span><\/td>\n<td style=\"width: 70.5278%;\"><span style=\"font-weight: 400;\">Loli\u00a0\u00a0<\/span><\/td>\n<\/tr>\n<tr>\n<td style=\"width: 45.8824%;\"><span style=\"font-weight: 400;\">Neteja<\/span><\/td>\n<td style=\"width: 70.5278%;\"><span style=\"font-weight: 400;\">Yolanda<\/span><\/td>\n<\/tr>\n<\/tbody>\n<\/table>\n<p><span style=\"font-weight: 400;\">L\u2019horari del menjador \u00e9s:<\/span><\/p>\n<table style=\"width: 101.793%;\">\n<tbody>\n<tr>\n<td style=\"width: 20.8435%;\"><span style=\"font-weight: 400;\">EI (i3, i4, i5)<\/span><\/td>\n<td style=\"width: 10.904%;\"><span style=\"font-weight: 400;\">1r torn<\/span><\/td>\n<td style=\"width: 68.9051%;\"><span style=\"font-weight: 400;\">12:30 a 15h<\/span><\/p>\n<p><span style=\"font-weight: 400;\">Dinar de 12:30 a 13:30h. Un cop dinats, i3 fa migdiada i i4 i i5 tenen estona de lleure<\/span><\/td>\n<\/tr>\n<tr>\n<td style=\"width: 20.8435%;\"><span style=\"font-weight: 400;\">CI (1r i 2n PRIM)<\/span><\/td>\n<td style=\"width: 10.904%;\"><span style=\"font-weight: 400;\">1r torn<\/span><\/td>\n<td style=\"width: 68.9051%;\"><span style=\"font-weight: 400;\">12:30 a 15h<\/span><\/p>\n<p><span style=\"font-weight: 400;\">Dinar de 12:30 a 13:30h. Un cop dinats tenen estona de lleure<\/span><\/td>\n<\/tr>\n<tr>\n<td style=\"width: 20.8435%;\"><span style=\"font-weight: 400;\">CM (3r PRIM)<\/span><\/td>\n<td style=\"width: 10.904%;\"><span style=\"font-weight: 400;\">1r torn<\/span><\/td>\n<td style=\"width: 68.9051%;\"><span style=\"font-weight: 400;\">12:30 a 15h<\/span><\/p>\n<p><span style=\"font-weight: 400;\">Dinar de 12:30 a 13:30h. Abans i despr\u00e9s del dinar tenen estona de lleure.\u00a0<\/span><\/td>\n<\/tr>\n<tr>\n<td style=\"width: 20.8435%;\"><span style=\"font-weight: 400;\">CM (4t PRIM)<\/span><\/td>\n<td style=\"width: 10.904%;\"><span style=\"font-weight: 400;\">2n torn<\/span><\/td>\n<td style=\"width: 68.9051%;\"><span style=\"font-weight: 400;\">12:30 a 15h<\/span><\/p>\n<p><span style=\"font-weight: 400;\">Dinar de 13:30 a 14:15h. Abans i despr\u00e9s del dinar tenen estona de lleure.\u00a0<\/span><\/td>\n<\/tr>\n<tr>\n<td style=\"width: 20.8435%;\"><span style=\"font-weight: 400;\">CS (5\u00e8 i 6\u00e8 PRIM)<\/span><\/td>\n<td style=\"width: 10.904%;\"><span style=\"font-weight: 400;\">2n torn<\/span><\/td>\n<td style=\"width: 68.9051%;\"><span style=\"font-weight: 400;\">12:30 a 15h<\/span><\/p>\n<p><span style=\"font-weight: 400;\">Dinar de 13:30 a 14:15h. Abans i despr\u00e9s del dinar tenen estona de lleure.\u00a0<\/span><\/td>\n<\/tr>\n<tr>\n<td style=\"width: 20.8435%;\"><span style=\"font-weight: 400;\">ESO (1r, 2n i 3r )<\/span><\/td>\n<td style=\"width: 10.904%;\"><span style=\"font-weight: 400;\">3r torn<\/span><\/td>\n<td style=\"width: 68.9051%;\"><span style=\"font-weight: 400;\">Dll, Dm, Dx: 13 a 15h. Dinar de 14:15 a 15h. Abans del dinar tenen estona de lleure.<\/span><\/p>\n<p><span style=\"font-weight: 400;\">Dj i DV: 14:30 a 15h. Dinar en aquesta estona.<\/span><\/td>\n<\/tr>\n<\/tbody>\n<\/table>\n<p><span style=\"font-weight: 400;\">El preu de l\u2019acollida del mat\u00ed aquest curs \u00e9s de 2,70 \u20ac\/dia.<\/span><\/p>\n<p><span style=\"font-weight: 400;\">El preu del men\u00fa\/dia per l\u2019alumnat\u00a0 d\u2019infantil i prim\u00e0ria \u00e9s de 7,47\u20ac (IVA incl\u00f2s); si es fa \u00fas del servei del menjador de forma espor\u00e0dica el preu \u00e9s de 8,20\u20ac (IVA incl\u00f2s).<\/span><\/p>\n<p><span style=\"font-weight: 400;\">El preu del men\u00fa\/dia per l\u2019alumnat de secund\u00e0ria \u00e9s de 7,06\u20ac (IVA incl\u00f2s); per l&#8217;alumnat que fa \u00fas del menjador de forma espor\u00e0dica, el preu \u00e9s de 7,76\u20ac (IVA incl\u00f2s).<\/span><\/p>\n<p><span style=\"font-weight: 400;\">El preu de la prestaci\u00f3 del servei escolar del\u00a0 menjador compr\u00e8n, a m\u00e9s de l\u2019\u00e0pat, l\u2019atenci\u00f3 directa per part de l&#8217;equip de monitoratge a l&#8217;alumnat durant el temps del migdia, des que acaben les classes del mat\u00ed fins que comencen les de la tarda.\u00a0<\/span><\/p>\n<p><span style=\"font-weight: 400;\">Per <strong>contactar<\/strong> amb la persona coordinadora del Menjador Escolar podeu utilitzar:<\/span><\/p>\n<p><a href=\"https:\/\/agora.xtec.cat\/ceiplajota\/wp-content\/uploads\/usu1571\/2024\/10\/Contacte-RG.png\"><img loading=\"lazy\" decoding=\"async\" class=\"aligncenter size-full wp-image-6423\" src=\"https:\/\/agora.xtec.cat\/ceiplajota\/wp-content\/uploads\/usu1571\/2024\/10\/Contacte-RG.png\" alt=\"\" width=\"987\" height=\"517\" srcset=\"https:\/\/agora.xtec.cat\/ceiplajota\/wp-content\/uploads\/usu1571\/2024\/10\/Contacte-RG.png 987w, https:\/\/agora.xtec.cat\/ceiplajota\/wp-content\/uploads\/usu1571\/2024\/10\/Contacte-RG-300x157.png 300w, https:\/\/agora.xtec.cat\/ceiplajota\/wp-content\/uploads\/usu1571\/2024\/10\/Contacte-RG-768x402.png 768w\" sizes=\"auto, (max-width: 987px) 100vw, 987px\" \/><\/a><\/p>\n<ul>\n<li><span style=\"font-weight: 400;\">649 77 39 45 (Trucada o WhatsApp), de 9 a 10h i de 12:00 a 15:00h. La Coordinadora es diu Montse.<\/span><\/li>\n<li style=\"font-weight: 400;\" aria-level=\"1\"><span style=\"font-weight: 400;\">Mail Coordinaci\u00f3 Servei Migdia : <\/span><a href=\"mailto:espaimigdiaiesbadia@gmail.com\"><span style=\"font-weight: 400;\">espaimigdiaiesbadia@gmail.com<\/span><\/a><\/li>\n<\/ul>\n<p><strong>QUINS S\u00d3N ELS MEN\u00daS?<\/strong><\/p>\n<p>Els men\u00fas que ofereix l&#8217;empresa estan revisats per professionals dietistes-nutricionistes i s&#8217;ajusten a les recomanacions de la Generalitat de Catalunya per a <a href=\"https:\/\/salutpublica.gencat.cat\/ca\/ambits\/promocio_salut\/alimentacio_saludable\/Publicacions\/publicacions-alimentacio-infants-i-joves\/\" target=\"_blank\" rel=\"noopener noreferrer\">una alimentaci\u00f3 saludable a l&#8217;etapa escolar.<\/a><\/p>\n<\/div>\n<p>&#8211; TOTA la pasta aliment\u00e0ria (espaguetis, macarrons, &#8230;) \u00e9s d&#8217;agricultura ecol\u00f2gica, fabricada a Catalunya.<\/p>\n<p><a href=\"http:\/\/www.ccpae.org\/\" target=\"_blank\" rel=\"noopener noreferrer\"><img loading=\"lazy\" decoding=\"async\" class=\"wp-image-585 alignright\" src=\"https:\/\/agora.xtec.cat\/ceiplajota\/wp-content\/uploads\/usu1571\/2020\/02\/CCPAE.png\" alt=\"\" width=\"90\" height=\"109\" srcset=\"https:\/\/agora.xtec.cat\/ceiplajota\/wp-content\/uploads\/usu1571\/2020\/02\/CCPAE.png 337w, https:\/\/agora.xtec.cat\/ceiplajota\/wp-content\/uploads\/usu1571\/2020\/02\/CCPAE-248x300.png 248w\" sizes=\"auto, (max-width: 90px) 100vw, 90px\" \/><\/a>&#8211; TOTS els llegums (els cigrons, llenties i mongetes) s\u00f3n de conreu del pa\u00eds i amb certificaci\u00f3 de la CCPAE.<\/p>\n<p>&#8211; TOTS els plats estan cuinats amb olis procedents de l&#8217;oliva.<a href=\"https:\/\/drive.google.com\/file\/d\/1JTp7adKNcPWQF3cSvct6Ym-oUuze2U0r\/view?usp=sharing\" target=\"_blank\" rel=\"noopener\"><img loading=\"lazy\" decoding=\"async\" class=\"aligncenter wp-image-4487 size-full\" src=\"https:\/\/agora.xtec.cat\/ceiplajota\/wp-content\/uploads\/usu1571\/2022\/02\/llegums.png\" alt=\"\" width=\"158\" height=\"97\" \/><\/a><\/p>\n<p>L&#8217;empresa de c\u00e0tering que ens proporciona el servei de menjador ofereix la possibilitat de demanar diferents men\u00fas segons necessitats de l&#8217;alumnat i sempre que la fam\u00edlia ho demani*: cel\u00edac, halal, sense lactosa, sense porc, triturat, dieta astringent,&#8230;<\/p>\n<p>*Es necessita informe m\u00e8dic.<\/p>\n<p>Aqu\u00ed trobar\u00e0s molta m\u00e9s informaci\u00f3 relacionada amb els <a href=\"http:\/\/xtec.gencat.cat\/ca\/comunitat\/salutescola\/menjador\/\" target=\"_blank\" rel=\"noopener\">Menjadors escolars.\u00a0<\/a><\/p>\n<p>En el Consell Escolar del dia 13 de desembre de 2024 es va aprovar per unanimitat una <strong>normativa pel servei del<\/strong> <strong>menjador<\/strong> on les conductes contr\u00e0ries a la bona conviv\u00e8ncia s\u2019han tipificat en lleus, greus i molt greus i s\u2019ha desglossat<br \/>\nqu\u00e8 fer davant d\u2019aquestes conductes i quines mesures correctores es portaran a terme.<\/p>\n<p>La imposici\u00f3 a l\u2019alumnat de les mesures correctores i de les sancions que preveu aquest reglament ha de tenir en compte el nivell escolar en qu\u00e8 es troba, i les seves circumst\u00e0ncies personals, familiars i socials, ha de ser proporcionada a la seva conducta i ha de contribuir al manteniment i la millora del seu proc\u00e9s educatiu, d\u2019acord amb l\u2019article 24 del decret 102\/2010 d\u2019Autonomia dels Centres Educatius i els articles 34 a 37 de la llei 12\/2009 d\u2019Educaci\u00f3 (LEC).<\/p>\n<p>Quan parlem de mesura correctora, en tot moment, es planteja des d\u2019una mirada restaurativa per ajudar a l\u2019alumnat a garantir la reparaci\u00f3 del dany i la restauraci\u00f3 de les relacions. Son mesures que ofereixen eines que permetin prevenir, detectar, gestionar i resoldre les situacions de conflicte o problemes en l\u2019\u00e0mbits del menjador i del lleure per tal de millorar la conviv\u00e8ncia i refor\u00e7ar els vincles afectius entre les persones afectades per aquestes situacions.<\/p>\n<p>Aquesta normativa tamb\u00e9 es va presentar a la Comissi\u00f3 de Menjador del 7 de novembre i queda recollida a l&#8217;acta 2.<\/p>\n<p>Trobareu aqu\u00ed el <a href=\"https:\/\/drive.google.com\/file\/d\/1KnvhvYqU2mlA7SwqVD1u_RSLX6QoH5uQ\/view?usp=drive_link\" target=\"_blank\" rel=\"noopener\">document<\/a>.<\/p>\n<p><a href=\"https:\/\/agora.xtec.cat\/ceiplajota\/wp-content\/uploads\/usu1571\/2022\/09\/La-familia-a-lescola.png\"><img loading=\"lazy\" decoding=\"async\" class=\"wp-image-5009 alignleft\" src=\"https:\/\/agora.xtec.cat\/ceiplajota\/wp-content\/uploads\/usu1571\/2022\/09\/La-familia-a-lescola-1024x148.png\" alt=\"\" width=\"713\" height=\"103\" srcset=\"https:\/\/agora.xtec.cat\/ceiplajota\/wp-content\/uploads\/usu1571\/2022\/09\/La-familia-a-lescola-1024x148.png 1024w, https:\/\/agora.xtec.cat\/ceiplajota\/wp-content\/uploads\/usu1571\/2022\/09\/La-familia-a-lescola-300x43.png 300w, https:\/\/agora.xtec.cat\/ceiplajota\/wp-content\/uploads\/usu1571\/2022\/09\/La-familia-a-lescola-768x111.png 768w, https:\/\/agora.xtec.cat\/ceiplajota\/wp-content\/uploads\/usu1571\/2022\/09\/La-familia-a-lescola.png 1335w\" sizes=\"auto, (max-width: 713px) 100vw, 713px\" \/><\/a><\/p>\n<p>&nbsp;<\/p>\n<p>&nbsp;<\/p>\n<p>El\u00a0 3 d&#8217;octubre de 2022 vam fer una reuni\u00f3 de menjador amb les fam\u00edlies de l&#8217;escola. Va iniciar-se la Comissi\u00f3 de Menjador del centre. Aqu\u00ed trobareu <a href=\"https:\/\/drive.google.com\/file\/d\/1KmhKZfTeYKHjcG0BIKVCL9HC_J9MH8kf\/view?usp=share_link\" target=\"_blank\" rel=\"noopener\">l&#8217;acta de la reuni\u00f3.<\/a><\/p>\n<p>Reunions de la Comissi\u00f3 de menjador del <a href=\"https:\/\/drive.google.com\/drive\/folders\/10pk5GBZY1_RumfzJGR54gIKt7AvXrYE9?usp=drive_link\" target=\"_blank\" rel=\"noopener\">curs 2022-23<\/a>.<\/p>\n<p>Reunions de la Comissi\u00f3 de menjador del <a href=\"https:\/\/drive.google.com\/drive\/folders\/1ueeytK7xeINGGHrvcFYTc_tPw8_8vLuN?usp=drive_link\" target=\"_blank\" rel=\"noopener\">curs 2023-24<\/a>.<\/p>\n<p>Reunions de la Comissi\u00f3 de menjador del <a href=\"https:\/\/drive.google.com\/drive\/folders\/1XFPmQNXu5s733X4ftOgANClp0bIZCuhX?usp=drive_link\" target=\"_blank\" rel=\"noopener\">curs 2024-25.<\/a><\/p>\n<p>Reunions de la Comissi\u00f3 de menjador del <a href=\"https:\/\/drive.google.com\/drive\/folders\/18Ql8H0tR_B3bjjs4b05YvyFw-1VNr1qb?usp=drive_link\" target=\"_blank\" rel=\"noopener\">curs 2025-26.<\/a><\/p>\n","protected":false},"excerpt":{"rendered":"<p>SERVEI DE MENJADOR ESCOLAR. CURS 25-26.<br \/>\nSeguint instruccions del Departament d&#8217;Educaci\u00f3 i Formaci\u00f3 Professional, el servei del menjador del centre va iniciar un proc\u00e9s de licitaci\u00f3 durant el tercer trimestre del curs 24-25. L&#8217;empresa triada va ser <a href=\"https:\/\/www.rocagonzalez.com\/\" target=\"_blank\" rel=\"noopener\">Roca Gonzalez SL.<\/a><br \/>\nPer fer \u00fas del&hellip;  <a href=\"https:\/\/agora.xtec.cat\/ceiplajota\/serveis\/menjador-escolar\/\" title=\"Read Menjador escolar\">Llegeix m\u00e9s\u00bb<\/a><\/p>\n","protected":false},"author":1,"featured_media":0,"parent":66,"menu_order":30,"comment_status":"closed","ping_status":"closed","template":"page-templates\/side-menu.php","meta":{"_bbp_topic_count":0,"_bbp_reply_count":0,"_bbp_total_topic_count":0,"_bbp_total_reply_count":0,"_bbp_voice_count":0,"_bbp_anonymous_reply_count":0,"_bbp_topic_count_hidden":0,"_bbp_reply_count_hidden":0,"_bbp_forum_subforum_count":0,"footnotes":""},"class_list":["post-73","page","type-page","status-publish","hentry"],"post_mailing_queue_ids":[],"_links":{"self":[{"href":"https:\/\/agora.xtec.cat\/ceiplajota\/wp-json\/wp\/v2\/pages\/73","targetHints":{"allow":["GET"]}}],"collection":[{"href":"https:\/\/agora.xtec.cat\/ceiplajota\/wp-json\/wp\/v2\/pages"}],"about":[{"href":"https:\/\/agora.xtec.cat\/ceiplajota\/wp-json\/wp\/v2\/types\/page"}],"author":[{"embeddable":true,"href":"https:\/\/agora.xtec.cat\/ceiplajota\/wp-json\/wp\/v2\/users\/1"}],"replies":[{"embeddable":true,"href":"https:\/\/agora.xtec.cat\/ceiplajota\/wp-json\/wp\/v2\/comments?post=73"}],"version-history":[{"count":6,"href":"https:\/\/agora.xtec.cat\/ceiplajota\/wp-json\/wp\/v2\/pages\/73\/revisions"}],"predecessor-version":[{"id":7043,"href":"https:\/\/agora.xtec.cat\/ceiplajota\/wp-json\/wp\/v2\/pages\/73\/revisions\/7043"}],"up":[{"embeddable":true,"href":"https:\/\/agora.xtec.cat\/ceiplajota\/wp-json\/wp\/v2\/pages\/66"}],"wp:attachment":[{"href":"https:\/\/agora.xtec.cat\/ceiplajota\/wp-json\/wp\/v2\/media?parent=73"}],"curies":[{"name":"wp","href":"https:\/\/api.w.org\/{rel}","templated":true}]}}