{"id":716,"date":"2024-09-15T15:00:31","date_gmt":"2024-09-15T13:00:31","guid":{"rendered":"https:\/\/agora.xtec.cat\/ceiplajota\/?page_id=716"},"modified":"2026-02-01T20:17:03","modified_gmt":"2026-02-01T19:17:03","slug":"qui-som","status":"publish","type":"page","link":"https:\/\/agora.xtec.cat\/ceiplajota\/lescola\/qui-som\/","title":{"rendered":"Qui som"},"content":{"rendered":"<p><a href=\"https:\/\/agora.xtec.cat\/ceiplajota\/wp-content\/uploads\/usu1571\/2024\/12\/Curs-24-25.png\"><img loading=\"lazy\" decoding=\"async\" class=\"aligncenter wp-image-6528\" src=\"https:\/\/agora.xtec.cat\/ceiplajota\/wp-content\/uploads\/usu1571\/2024\/12\/Curs-24-25.png\" alt=\"\" width=\"775\" height=\"252\" srcset=\"https:\/\/agora.xtec.cat\/ceiplajota\/wp-content\/uploads\/usu1571\/2024\/12\/Curs-24-25.png 991w, https:\/\/agora.xtec.cat\/ceiplajota\/wp-content\/uploads\/usu1571\/2024\/12\/Curs-24-25-300x97.png 300w, https:\/\/agora.xtec.cat\/ceiplajota\/wp-content\/uploads\/usu1571\/2024\/12\/Curs-24-25-768x250.png 768w\" sizes=\"auto, (max-width: 775px) 100vw, 775px\" \/><\/a><\/p>\n<table style=\"border-collapse: collapse; width: 100%; height: 3327px;\">\n<tbody>\n<tr style=\"height: 3327px;\">\n<td style=\"width: 100%; height: 3327px;\">\n<p style=\"text-align: center;\"><strong>EQUIP INSTITUT ESCOLA LA JOTA 2025 &#8211; 2026<\/strong><\/p>\n<p><strong>EQUIP DIRECTIU<\/strong><\/p>\n<p>Directora: <a href=\"https:\/\/drive.google.com\/file\/d\/1h4gegfDE2qbIATQFrv1jnzt4QIqDZJi9\/view?usp=share_link\" target=\"_blank\" rel=\"noopener\">N\u00faria V.<\/a><\/p>\n<p>Cap d&#8217;estudis: Merc\u00e8 V.<\/p>\n<p>Cap d&#8217;estudis de secund\u00e0ria: Mireia C.<\/p>\n<p>Coordinador pedag\u00f2gic de secund\u00e0ria: Joan C.<\/p>\n<p>Secretari: Pau F.<\/p>\n<p><span style=\"color: #0000ff;\">Contacte del centre : a8078294@xtec.cat<\/span><\/p>\n<p><strong><span style=\"color: #000000;\">EDUCACI\u00d3 INFANTIL<\/span><\/strong><\/p>\n<p>Coordinadora d&#8217;educaci\u00f3 infantil: Carme V.<\/p>\n<p>i3A: Carme V.\u00a0 <span style=\"color: #0000ff;\">vicocarme@lajota.net<\/span><\/p>\n<p>i3B: Sof\u00eda A.\u00a0 <span style=\"color: #0000ff;\">avilasofia@lajota.net<\/span><\/p>\n<p>T\u00e8cnica educaci\u00f3 infantil (T.E.I.): Angi C.<\/p>\n<p>i4A: Sandra M.\u00a0 <span style=\"color: #0000ff;\">moyasandra@lajota.net<\/span><\/p>\n<p>i4B: Inma G.\u00a0 \u00a0<span style=\"color: #0000ff;\">gonzalezinma@lajota.net<\/span><\/p>\n<p>i5A: Laura P. \u00a0 <span style=\"color: #0000ff;\">payalaura@lajota.net<\/span><\/p>\n<p>i5B: Gema O.\u00a0 \u00a0<span style=\"color: #0000ff;\">ortizgemma@lajota.net<\/span><\/p>\n<p>Mestra d&#8217;angl\u00e8s: Laia O.<\/p>\n<p>Mestra pedagogia terap\u00e8utica, audici\u00f3 i llenguatge: Anna R.<\/p>\n<p>Psicomotricitat i At. diversitat: Ariadna C.<\/p>\n<p>At. diversitat i l&#8217;Hora del conte: Sandra C.<\/p>\n<p><strong>PRIM\u00c0RIA CICLE INCIAL<\/strong><\/p>\n<p>Coordinadora de cicle inicial: Rosa Maria C.<\/p>\n<p>1rA: Rosa M. C.\u00a0 <span style=\"color: #0000ff;\">chicorosamaria@lajota.net<\/span><\/p>\n<p>1rB: Rosario P.\u00a0 <span style=\"color: #0000ff;\">prietorosario@lajota.net<\/span><\/p>\n<p>1rC: Asun L.\u00a0 <span style=\"color: #0000ff;\">lorenteasun@lajota.net<\/span><\/p>\n<p>2nA: Bet F.\u00a0 \u00a0<span style=\"color: #0000ff;\">ferretebet@lajota.net\u00a0\u00a0<\/span><\/p>\n<p>2nB: Adri\u00e1n F. <span style=\"color: #0000ff;\">felisadrian@lajota.net<\/span><\/p>\n<p>Mestres d&#8217;angl\u00e8s: Laia O.<\/p>\n<p>Mestra pedagogia terap\u00e8utica, audici\u00f3 i llenguatge: Anna R.<\/p>\n<p>Mestre educaci\u00f3. f\u00edsica: Maria C.<\/p>\n<p>At. diversitat i con. del medi:\u00a0 Merc\u00e8 V.<\/p>\n<p><strong>PRIM\u00c0RIA CICLE MITJ\u00c0<\/strong><\/p>\n<p>Coordinadora de cicle mitj\u00e0: Paula F.<\/p>\n<p>3rA: Hugo A. <span style=\"color: #0000ff;\">arterohugo@lajota.net<\/span><\/p>\n<p>3rB: Paula F.\u00a0 <span style=\"color: #0000ff;\">fuentespaula@lajota.net\u00a0\u00a0<\/span><\/p>\n<p>4tA:\u00a0 Maria T.\/ Llu\u00eds C. <span style=\"color: #0000ff;\">torresmaria@lajota.net \/ closeslluis@lajota.net\u00a0<\/span><\/p>\n<p>4tB: Sergio E.\u00a0 <span style=\"color: #0000ff;\">escribanosergio@lajota.net<\/span><\/p>\n<p>Mestra d&#8217;angl\u00e8s: Laura B.<\/p>\n<p>Mestra pedagogia terap\u00e8utica: Ver\u00f3nica M\/Meri S.<\/p>\n<p>Mestre d\u2019educaci\u00f3 f\u00edsica: Maria C.<\/p>\n<p>At. diversitat: Valent\u00ed S. i N\u00faria V.<\/p>\n<p><strong>PRIM\u00c0RIA CICL<\/strong><strong>E SUPERIOR<\/strong><\/p>\n<p>Coordinador de cicle superior: Judit V.<\/p>\n<p>5\u00e8A: Juanjo E.\u00a0 <span style=\"color: #0000ff;\">escandelljuanjo@lajota.net<\/span><\/p>\n<p>5\u00e8B: Cristina V.\u00a0 <span style=\"color: #0000ff;\">vegascristina@lajota.net<\/span><\/p>\n<p>6\u00e8A: Alba\u00a0 <span style=\"color: #0000ff;\">castellvialba@lajota.net\u00a0<\/span><\/p>\n<p>6\u00e8B: Judit V.\u00a0 <span style=\"color: #0000ff;\">velezjudit@lajota.net\u00a0\u00a0<\/span><\/p>\n<p>Mestra d&#8217;angl\u00e8s: Laura B.<\/p>\n<p>Mestre pedagogia terap\u00e8utica: Ver\u00f3nica M.\/Meri S\u00e1nchez<\/p>\n<p>Mestre d\u2019educaci\u00f3 f\u00edsica: Maria C.<\/p>\n<p>At. diversitat: Maite de O. i Pau F.<\/p>\n<p>Mestre de m\u00fasica de prim\u00e0ria: Arnau O.<\/p>\n<p>Mestra de religi\u00f3 de prim\u00e0ria: Maite de O.<\/p>\n<p>SIEI infantil i prim\u00e0ria:\u00a0 Miquel H. i\u00a0 Alba M.<\/p>\n<p><strong>SECUND\u00c0RIA PRIMER CICLE<\/strong><\/p>\n<p>Cap d&#8217;estudis: Mireia C\u00f3rdoba<\/p>\n<p>Coordinadora de 1r\/2n d&#8217;ESO, primer cicle de secund\u00e0ria: Mireia C.\u00a0 <span style=\"color: #0000ff;\">carbonellmireia@lajota.net<\/span><\/p>\n<p>Coordinador de 3r d&#8217;ESO, segon cicle de secund\u00e0ria: Jordi G. <span style=\"color: #0000ff;\">gonzalezjordi@lajota.net<\/span><\/p>\n<p>1r ESO A: Vanessa S.\u00a0 <span style=\"color: #0000ff;\">suarezvanessa@lajota.net.<\/span><\/p>\n<p>Cristina G.\u00a0 \u00a0\u00a0<span style=\"color: #0000ff;\">garciacristina@lajota.net<\/span><\/p>\n<p>2n ESO A: Bernat C.\u00a0 <span style=\"color: #0000ff;\">carbobernat@ajota.net<\/span><\/p>\n<p><span style=\"font-family: inherit; font-size: 1em;\">2n ESO B: <\/span><span style=\"font-family: inherit; font-size: 1em;\">Naila C.\u00a0 \u00a0<\/span><span style=\"color: #0000ff;\">calderonnaila@lajota.net\u00a0 \u00a0<\/span><\/p>\n<p>3r ESO A: Luisfer G. <a href=\"mailto:garcialuisfer@lajota.net\" target=\"_blank\" rel=\"noopener\">garcialuisfer@lajota.net<\/a><\/p>\n<p>3r ESO B: \u00c0nnia G.\u00a0 <span style=\"color: #0000ff;\">gilannia@lajota.ne<\/span><\/p>\n<p>Angl\u00e8s: Joan C. i Cristina G.<\/p>\n<p>Ll. castellana : Naila C. i Natalia L.<\/p>\n<p>Educaci\u00f3 f\u00edsica: Sara B.<\/p>\n<p>Ll. catalana: Vanessa S. i \u00c0nnia G.<\/p>\n<p>Tecnologia i digitalitzaci\u00f3: LLu\u00eds F.<\/p>\n<p>Ed. visual i pl\u00e0stica: Joan E. i Natalia L.<\/p>\n<p>Socials: Luisfer G.<\/p>\n<p>Matem\u00e0tiques: Laura R.<\/p>\n<p>Biologia i geologia: Mireia C.<\/p>\n<p>Alemany: Cristina G.<\/p>\n<p>F\u00edsica i qu\u00edmica: Jordi G.<\/p>\n<p>M\u00fasica: Joan E.<\/p>\n<p>SIEI secund\u00e0ria:\u00a0 Carmen J. i Juan A. P.<\/p>\n<p>Aula d&#8217;acollida prim\u00e0ria i secund\u00e0ria: Valent\u00ed S.<\/p>\n<p><strong>C\u00c0RRECS NO DIRECTIUS:<\/strong><\/p>\n<p>Coordinador PRL: Sergio E.<\/p>\n<p>Coordinador digital: Sergio C.<\/p>\n<p>Coordinadora CLIC: Sandra C.<\/p>\n<p>Coordinadora FLORENCE: Laura R.<\/p>\n<p>COCOBE: Iris B.<\/p>\n<p>Coordinadora equip inclusi\u00f3: Anna R.<\/p>\n<p><strong>EQUIP SOCIAL: <\/strong>Educador social: Janira M.<\/p>\n<p><strong>DOCENTS COL\u00b7LABORADORS: <\/strong>Desi de P. i M.Cruz M.<\/p>\n<p><strong>ADMINISTRATIVA: <\/strong>Rosa B.<\/p>\n<p><strong>CONSERGERIA<\/strong>: Francisco F. i Enrique<\/p>\n<p><b>VETLLADORES:\u00a0 <\/b>Roser C., Paula F. i Laura A.<\/p>\n<p><strong>EQUIP D&#8217;ASSESSORAMENT PSICOPEDAG\u00d2GIC (EAP):<\/strong><\/p>\n<p>Psicopedagoga: Iris B.<\/p>\n<p>Treballador Social: Kike N.<\/p>\n<p>Promotora escolar: Dami S.<\/p>\n<p>Fisioterapeuta: Mireia B.<\/p>\n<p><strong>CREDA (logopedes): <\/strong>Anna C. i Jesica B.<\/p>\n<p>&nbsp;<\/td>\n<\/tr>\n<tr>\n<td style=\"width: 100%;\">\n<p style=\"text-align: center;\"><strong>\u00a0<\/strong><\/p>\n<\/td>\n<\/tr>\n<tr>\n<td style=\"width: 100%;\">\n<p style=\"text-align: center;\"><strong>\u00a0<\/strong><\/p>\n<\/td>\n<\/tr>\n<\/tbody>\n<\/table>\n<p>&nbsp;<\/p>\n","protected":false},"excerpt":{"rendered":"<p><a href=\"https:\/\/agora.xtec.cat\/ceiplajota\/wp-content\/uploads\/usu1571\/2024\/12\/Curs-24-25.png\"><\/a><\/p>\n<p>EQUIP INSTITUT ESCOLA LA JOTA 2025 &#8211; 2026<br \/>\nEQUIP DIRECTIU<br \/>\nDirectora: <a href=\"https:\/\/drive.google.com\/file\/d\/1h4gegfDE2qbIATQFrv1jnzt4QIqDZJi9\/view?usp=share_link\" target=\"_blank\" rel=\"noopener\">N\u00faria V.<\/a><br \/>\nCap d&#8217;estudis: Merc\u00e8 V.<br \/>\nCap d&#8217;estudis de secund\u00e0ria: Mireia C.<br \/>\nCoordinador pedag\u00f2gic de secund\u00e0ria: Joan C.<br \/>\nSecretari: Pau F.<br \/>\nContacte del centre : a8078294@xtec.cat<br \/>\nEDUCACI\u00d3 INFANTIL<br \/>\nCoordinadora d&#8217;educaci\u00f3 infantil: Carme V.<br \/>\ni3A: Carme V.\u00a0 vicocarme@lajota.net<br \/>\ni3B: Sof\u00eda A.\u00a0 avilasofia@lajota.net<br \/>\nT\u00e8cnica&hellip;  <a href=\"https:\/\/agora.xtec.cat\/ceiplajota\/lescola\/qui-som\/\" title=\"Read Qui som\">Llegeix m\u00e9s\u00bb<\/a><\/p>\n","protected":false},"author":1,"featured_media":0,"parent":22,"menu_order":15,"comment_status":"closed","ping_status":"closed","template":"page-templates\/side-menu.php","meta":{"_bbp_topic_count":0,"_bbp_reply_count":0,"_bbp_total_topic_count":0,"_bbp_total_reply_count":0,"_bbp_voice_count":0,"_bbp_anonymous_reply_count":0,"_bbp_topic_count_hidden":0,"_bbp_reply_count_hidden":0,"_bbp_forum_subforum_count":0,"footnotes":""},"class_list":["post-716","page","type-page","status-publish","hentry"],"post_mailing_queue_ids":[],"_links":{"self":[{"href":"https:\/\/agora.xtec.cat\/ceiplajota\/wp-json\/wp\/v2\/pages\/716","targetHints":{"allow":["GET"]}}],"collection":[{"href":"https:\/\/agora.xtec.cat\/ceiplajota\/wp-json\/wp\/v2\/pages"}],"about":[{"href":"https:\/\/agora.xtec.cat\/ceiplajota\/wp-json\/wp\/v2\/types\/page"}],"author":[{"embeddable":true,"href":"https:\/\/agora.xtec.cat\/ceiplajota\/wp-json\/wp\/v2\/users\/1"}],"replies":[{"embeddable":true,"href":"https:\/\/agora.xtec.cat\/ceiplajota\/wp-json\/wp\/v2\/comments?post=716"}],"version-history":[{"count":6,"href":"https:\/\/agora.xtec.cat\/ceiplajota\/wp-json\/wp\/v2\/pages\/716\/revisions"}],"predecessor-version":[{"id":7138,"href":"https:\/\/agora.xtec.cat\/ceiplajota\/wp-json\/wp\/v2\/pages\/716\/revisions\/7138"}],"up":[{"embeddable":true,"href":"https:\/\/agora.xtec.cat\/ceiplajota\/wp-json\/wp\/v2\/pages\/22"}],"wp:attachment":[{"href":"https:\/\/agora.xtec.cat\/ceiplajota\/wp-json\/wp\/v2\/media?parent=716"}],"curies":[{"name":"wp","href":"https:\/\/api.w.org\/{rel}","templated":true}]}}