{"id":6619,"date":"2025-02-08T20:41:44","date_gmt":"2025-02-08T19:41:44","guid":{"rendered":"https:\/\/agora.xtec.cat\/ceiplajota\/?page_id=6619"},"modified":"2025-02-08T22:41:35","modified_gmt":"2025-02-08T21:41:35","slug":"educacio-primaria","status":"publish","type":"page","link":"https:\/\/agora.xtec.cat\/ceiplajota\/educacio-primaria\/","title":{"rendered":"Educaci\u00f3 Prim\u00e0ria"},"content":{"rendered":"<p>L&#8217;<strong>Educaci\u00f3 Prim\u00e0ria<\/strong>\u00a0\u00e9s la primera etapa\u00a0<strong>obligat\u00f2ria i gratu\u00efta<\/strong>\u00a0del\u00a0sistema educatiu. S&#8217;organitza\u00a0<strong>en tres cicles<\/strong> i s&#8217;est\u00e9n al llarg de sis cursos acad\u00e8mics, normalment <strong>entre els 6 i els 12\u00a0anys<\/strong>\u00a0d&#8217;edat. El\u00a0<strong>primer cicle<\/strong>\u00a0est\u00e0 format pels<strong>\u00a0cursos 1r i 2n<\/strong>; el\u00a0<strong>segon cicle<\/strong>\u00a0per\u00a0<strong>3r i 4t<\/strong>; i el<strong>\u00a0tercer cicle<\/strong>\u00a0per\u00a0<strong>5\u00e8 i 6\u00e8<\/strong>.<\/p>\n<p>Donat el seu car\u00e0cter obligatori, han d&#8217;incorporar-se a aquesta etapa totes les nenes i els nens l&#8217;any natural que compleixin els\u00a06\u00a0anys, independentment de si han realitzat o no l&#8217;Educaci\u00f3 Infantil.<\/p>\n<p>La\u00a0<strong>finalitat<\/strong>\u00a0de l&#8217;<a href=\"https:\/\/xtec.gencat.cat\/ca\/curriculum\/primaria\/\" target=\"_blank\" rel=\"noopener\">Educaci\u00f3 Prim\u00e0ria<\/a> \u00e9s facilitar l&#8217;aprenentatge de l&#8217;<strong>expressi\u00f3 i comprensi\u00f3 oral i escrita<\/strong>, de la\u00a0<strong>lectura<\/strong>\u00a0i del\u00a0<strong>c\u00e0lcul<\/strong>; l&#8217;adquisici\u00f3 d&#8217;<strong>habilitats logicomatem\u00e0tiques<\/strong>\u00a0i de nocions b\u00e0siques de la\u00a0<strong>cultura<\/strong>; fomentar\u00a0<strong>h\u00e0bits de conviv\u00e8ncia<\/strong>, i\u00a0<strong>h\u00e0bits d&#8217;estudi i de treball<\/strong>, i promoure l&#8217;<strong>afectivitat<\/strong>, la\u00a0<strong>creativitat<\/strong>\u00a0i el sentit art\u00edstic.<\/p>\n<p>Aquests ensenyaments tracten de garantir a l&#8217;alumnat una<strong>\u00a0formaci\u00f3 integral<\/strong>\u00a0que repercuteixi positivament en el\u00a0<strong>desenvolupament de la seva personalitat<\/strong>\u00a0i li permeti\u00a0<strong>afrontar amb \u00e8xit<\/strong>\u00a0l&#8217;Educaci\u00f3 Secund\u00e0ria Obligat\u00f2ria (ESO).<\/p>\n<p>Els continguts de les \u00e0rees es mobilitzen des d&#8217;una\u00a0<strong>perspectiva globalitzadora<\/strong>\u00a0i els docents adapten la seva pr\u00e0ctica al ritme d&#8217;aprenentatge i treball dels nens i les nenes. Per a garantir aquesta\u00a0<strong>personalitzaci\u00f3 de l&#8217;aprenentatge<\/strong>, el professorat integra en les seves programacions d&#8217;aula els principis del\u00a0Disseny Universal per a l&#8217;Aprenentatge o\u00a0DUA.<\/p>\n<p>Entre els\u00a0<strong>objectius<\/strong>\u00a0d&#8217;etapa, l&#8217;Educaci\u00f3 Prim\u00e0ria contribueix al\u00a0<strong>foment de les normes de conviv\u00e8ncia<\/strong>, a l&#8217;adquisici\u00f3 d&#8217;habilitats per a la\u00a0<strong>resoluci\u00f3 pac\u00edfica de conflictes<\/strong>, la\u00a0<strong>comprensi\u00f3 i acceptaci\u00f3 de les diferents cultures<\/strong>, a desenvolupar les<strong>\u00a0compet\u00e8ncies tecnol\u00f2giques<\/strong>, a desenvolupar les\u00a0<strong>capacitats afectives<\/strong>, i en general, a desenvolupar les\u00a0<strong>compet\u00e8ncies matem\u00e0tiques<\/strong>\u00a0i a con\u00e8ixer les q\u00fcestions fonamentals de les \u00e0rees d&#8217;estudi.<\/p>\n<p>Com a\u00a0<strong>principis pedag\u00f2gics<\/strong>\u00a0es busquen garantir l&#8217;<strong>educaci\u00f3 inclusiva<\/strong>, l&#8217;<strong>atenci\u00f3 personalitzada<\/strong>\u00a0i la\u00a0<strong>prevenci\u00f3 de dificultats d&#8217;aprenentatge<\/strong>;\u00a0i l&#8217;expressi\u00f3 i la comprensi\u00f3 oral i escrita, la comunicaci\u00f3 audiovisual, les\u00a0<strong>compet\u00e8ncies digitals<\/strong>, la creativitat, l<strong>&#8216;emprenedoria<\/strong>\u00a0o l&#8217;<strong>esperit cient\u00edfic<\/strong>\u00a0<strong>es treballen de manera transversal en totes les \u00e0rees<\/strong>.<\/p>\n<p>Aix\u00ed mateix, es promouen des de totes les \u00e0rees la<strong>\u00a0igualtat entre homes i dones<\/strong>, l&#8217;<strong>educaci\u00f3 per al consum responsable<\/strong>\u00a0i el desenvolupament\u00a0sostenible, l&#8217;<strong>educaci\u00f3 per a la salut<\/strong>\u00a0i l&#8217;<strong>educaci\u00f3 per a la pau<\/strong>. Es potencien l&#8217;<strong>autonomia<\/strong>, la\u00a0<strong>reflexi\u00f3<\/strong>, l&#8217;<strong>h\u00e0bit i domini de la lectura<\/strong>, i l&#8217;aprenentatge de les\u00a0<strong>lleng\u00fces estrangeres<\/strong>\u00a0i de la\u00a0<strong>llengua catalana<\/strong>, i es para\u00a0especial atenci\u00f3 a l&#8217;<strong>acci\u00f3 tutorial<\/strong>, a l&#8217;<strong>educaci\u00f3 emocional i en valors<\/strong>\u00a0i a l&#8217;<strong>orientaci\u00f3 educativa<\/strong>.<\/p>\n<p>Per tal que el curr\u00edculum d&#8217;aquesta etapa promogui el desenvolupament del projecte vital i professional de l&#8217;alumnat en una societat justa i equitativa, m\u00e9s cohesionada, democr\u00e0tica, inclusiva i sostenible&#8230;, els docents\u00a0fan \u00e8mfasi amb la seva tasca, en aquests\u00a0<strong>sis vectors claus\u00a0<\/strong>o\u00a0<strong>elements transversals<\/strong>\u00a0que guien la reflexi\u00f3 i la toma de decisions a l&#8217;hora de dissenyar\u00a0les seves programacions did\u00e0ctiques:<\/p>\n<div><strong>1)<\/strong>\u00a0Aprenentatges competencials<br \/>\n<strong>2)<\/strong>\u00a0Perspectiva de g\u00e8nere<br \/>\n<strong>3)<\/strong>\u00a0Universalitat del curr\u00edculum<br \/>\n<strong>4)<\/strong>\u00a0Qualitat de l&#8217;educaci\u00f3 de les lleng\u00fces<br \/>\n<strong>5)<\/strong>\u00a0Ciutadania democr\u00e0tica i consci\u00e8ncia global<br \/>\n<strong>6)\u00a0<\/strong>Benestar emocional<\/div>\n<div><\/div>\n<p>Finalment, tota la intervenci\u00f3 educativa es dirigeix a promoure en l&#8217;alumnat l&#8217;adquisici\u00f3 dels\u00a0<strong>objectius<\/strong>\u00a0d&#8217;etapa i de les\u00a0<strong>compet\u00e8ncies clau<\/strong>\u00a0en les quals es fonamenta l&#8217;<strong>aprenentatge<\/strong>\u00a0<strong>competencial<\/strong>: imprescindible per a la resoluci\u00f3 de problemes reals en un m\u00f3n canviant i cada vegada m\u00e9s competitiu. Aprenentatges<strong>\u00a0\u00fatils\u00a0<\/strong>per a la vida que ajuden a l&#8217;alumnat al seu ple desenvolupament individual, social i professional.<\/p>\n<p>Les\u00a0<strong>compet\u00e8ncies clau<\/strong>\u00a0s\u00f3n:<\/p>\n<ul>\n<li>Compet\u00e8ncia en comunicaci\u00f3 ling\u00fc\u00edstica<\/li>\n<li>Compet\u00e8ncia pluriling\u00fce<\/li>\n<li>Compet\u00e8ncia matem\u00e0tica i en ci\u00e8ncia, tecnologia i enginyeria<\/li>\n<li>Compet\u00e8ncia digital<\/li>\n<li>Compet\u00e8ncia personal, social i d&#8217;aprendre a aprendre<\/li>\n<li>Compet\u00e8ncia ciutadana<\/li>\n<li>Compet\u00e8ncia emprenedora<\/li>\n<li>Compet\u00e8ncia en consci\u00e8ncia i expressi\u00f3 culturals<\/li>\n<\/ul>\n<p>Aquestes compet\u00e8ncies, que comencen a treballar-se des de l&#8217;Educaci\u00f3 Infantil i continuen potenciant-se en l&#8217;Educaci\u00f3 Prim\u00e0ria, ESO i Batxillerat segons les directrius de la Uni\u00f3 Europea,\u00a0es concreten en les\u00a0<strong>compet\u00e8ncies espec\u00edfiques<\/strong> i en els <strong>sabers<\/strong><strong>\u00a0b\u00e0sics<\/strong>\u00a0(continguts) per \u00e0rea i cicle que serveixen al professorat per a dissenyar\u00a0<strong>situacions<\/strong><strong>\u00a0d&#8217;aprenentatge<\/strong>\u00a0motivadores, atractives, basades en experi\u00e8ncies pr\u00f2ximes als estudiants i adaptades al seu ritme i nivell evolutiu.<\/p>\n<p>En tots els cursos s&#8217;estudien:<\/p>\n<ul>\n<li>Llengua Catalana i Literatura<\/li>\n<li>Llengua Castellana i Literatura<\/li>\n<li>Llengua Estrangera: Angl\u00e8s<\/li>\n<li>Matem\u00e0tiques<\/li>\n<li>Coneixement del Medi Natural Social i Cultural<\/li>\n<li>Educaci\u00f3 Art\u00edstica: Educaci\u00f3 Pl\u00e0stica, Audiovisual i Visual<\/li>\n<li>Educaci\u00f3 Art\u00edstica: M\u00fasica i Arts Esc\u00e8niques i Performatives<\/li>\n<li>Educaci\u00f3 F\u00edsica<\/li>\n<li>Religi\u00f3 (de manera volunt\u00e0ria)<\/li>\n<li>En el tercer cicle (5\u00e8 o 6\u00e8 curs) es cursa l&#8217;\u00e0rea Educaci\u00f3 en Valors C\u00edvics i \u00c8tics.<\/li>\n<\/ul>\n<p><a title=\"DECRET 175\/2022\" href=\"https:\/\/portaldogc.gencat.cat\/utilsEADOP\/PDF\/8762\/1928585.pdf\" target=\"_blank\" rel=\"noopener\"><strong>Decret 175\/2022<\/strong><\/a>, de 27 de setembre de\u00a02022, d&#8217;ordenaci\u00f3 dels ensenyaments de l&#8217;educaci\u00f3 b\u00e0sica.<\/p>\n<p>&nbsp;<\/p>\n","protected":false},"excerpt":{"rendered":"<p>L&#8217;Educaci\u00f3 Prim\u00e0ria\u00a0\u00e9s la primera etapa\u00a0obligat\u00f2ria i gratu\u00efta\u00a0del\u00a0sistema educatiu. S&#8217;organitza\u00a0en tres cicles i s&#8217;est\u00e9n al llarg de sis cursos acad\u00e8mics, normalment entre els 6 i els 12\u00a0anys\u00a0d&#8217;edat. El\u00a0primer cicle\u00a0est\u00e0 format pels\u00a0cursos 1r i 2n; el\u00a0segon cicle\u00a0per\u00a03r i 4t; i el\u00a0tercer cicle\u00a0per\u00a05\u00e8 i 6\u00e8.<br \/>\nDonat el seu car\u00e0cter&hellip;  <a href=\"https:\/\/agora.xtec.cat\/ceiplajota\/educacio-primaria\/\" title=\"Read Educaci\u00f3 Prim\u00e0ria\">Llegeix m\u00e9s\u00bb<\/a><\/p>\n","protected":false},"author":1,"featured_media":0,"parent":0,"menu_order":0,"comment_status":"closed","ping_status":"closed","template":"","meta":{"_bbp_topic_count":0,"_bbp_reply_count":0,"_bbp_total_topic_count":0,"_bbp_total_reply_count":0,"_bbp_voice_count":0,"_bbp_anonymous_reply_count":0,"_bbp_topic_count_hidden":0,"_bbp_reply_count_hidden":0,"_bbp_forum_subforum_count":0,"footnotes":""},"class_list":["post-6619","page","type-page","status-publish","hentry"],"post_mailing_queue_ids":[],"_links":{"self":[{"href":"https:\/\/agora.xtec.cat\/ceiplajota\/wp-json\/wp\/v2\/pages\/6619","targetHints":{"allow":["GET"]}}],"collection":[{"href":"https:\/\/agora.xtec.cat\/ceiplajota\/wp-json\/wp\/v2\/pages"}],"about":[{"href":"https:\/\/agora.xtec.cat\/ceiplajota\/wp-json\/wp\/v2\/types\/page"}],"author":[{"embeddable":true,"href":"https:\/\/agora.xtec.cat\/ceiplajota\/wp-json\/wp\/v2\/users\/1"}],"replies":[{"embeddable":true,"href":"https:\/\/agora.xtec.cat\/ceiplajota\/wp-json\/wp\/v2\/comments?post=6619"}],"version-history":[{"count":4,"href":"https:\/\/agora.xtec.cat\/ceiplajota\/wp-json\/wp\/v2\/pages\/6619\/revisions"}],"predecessor-version":[{"id":6642,"href":"https:\/\/agora.xtec.cat\/ceiplajota\/wp-json\/wp\/v2\/pages\/6619\/revisions\/6642"}],"wp:attachment":[{"href":"https:\/\/agora.xtec.cat\/ceiplajota\/wp-json\/wp\/v2\/media?parent=6619"}],"curies":[{"name":"wp","href":"https:\/\/api.w.org\/{rel}","templated":true}]}}