{"id":4541,"date":"2024-09-09T17:38:04","date_gmt":"2024-09-09T15:38:04","guid":{"rendered":"https:\/\/agora.xtec.cat\/ceiplajota\/?page_id=4541"},"modified":"2024-12-19T21:42:53","modified_gmt":"2024-12-19T20:42:53","slug":"institut-escola","status":"publish","type":"page","link":"https:\/\/agora.xtec.cat\/ceiplajota\/institut-escola\/","title":{"rendered":"Institut escola"},"content":{"rendered":"<p><a href=\"https:\/\/drive.google.com\/file\/d\/1QSvL7g0S5WOOANcyBqbPPkzlXwO1BNCn\/view?usp=sharing\" target=\"_blank\" rel=\"noopener\">Comunicat de Premsa sobre Planificaci\u00f3 Educativa a Badia del Vall\u00e8s.<\/a> Ajuntament de Badia del Vall\u00e8s<\/p>\n<p><a href=\"https:\/\/agora.xtec.cat\/ceiplajota\/wp-content\/uploads\/usu1571\/2023\/02\/Nou-curriculum.png\"><img loading=\"lazy\" decoding=\"async\" class=\"aligncenter size-full wp-image-5302\" src=\"https:\/\/agora.xtec.cat\/ceiplajota\/wp-content\/uploads\/usu1571\/2023\/02\/Nou-curriculum.png\" alt=\"\" width=\"496\" height=\"115\" srcset=\"https:\/\/agora.xtec.cat\/ceiplajota\/wp-content\/uploads\/usu1571\/2023\/02\/Nou-curriculum.png 496w, https:\/\/agora.xtec.cat\/ceiplajota\/wp-content\/uploads\/usu1571\/2023\/02\/Nou-curriculum-300x70.png 300w\" sizes=\"auto, (max-width: 496px) 100vw, 496px\" \/><\/a><\/p>\n<p>&nbsp;<\/p>\n<p>L&#8217;<strong>Educaci\u00f3 Infantil,<\/strong> l&#8217;inici a l&#8217;Institut Escola.<\/p>\n<p>Entenem l&#8217;Educaci\u00f3 Infantil de P3 (i3) com una continuaci\u00f3, un seguir el cord\u00f3 umbilical de les llars. Per aquest motiu la tasca important de coordinaci\u00f3 i treball plegat amb elles, <a href=\"https:\/\/www.instagram.com\/llar_mainada\/\" target=\"_blank\" rel=\"noopener\">La Mainada<\/a> i <a href=\"https:\/\/lallavorbadiadelvalles.cat\/#\/home\" target=\"_blank\" rel=\"noopener\">La Llavor<\/a>.<\/p>\n<p><a href=\"https:\/\/agora.xtec.cat\/ceiplajota\/wp-content\/uploads\/usu1571\/2023\/02\/Ed.-Infantil.png\"><img loading=\"lazy\" decoding=\"async\" class=\"aligncenter size-full wp-image-5304\" src=\"https:\/\/agora.xtec.cat\/ceiplajota\/wp-content\/uploads\/usu1571\/2023\/02\/Ed.-Infantil.png\" alt=\"\" width=\"814\" height=\"466\" srcset=\"https:\/\/agora.xtec.cat\/ceiplajota\/wp-content\/uploads\/usu1571\/2023\/02\/Ed.-Infantil.png 814w, https:\/\/agora.xtec.cat\/ceiplajota\/wp-content\/uploads\/usu1571\/2023\/02\/Ed.-Infantil-300x172.png 300w, https:\/\/agora.xtec.cat\/ceiplajota\/wp-content\/uploads\/usu1571\/2023\/02\/Ed.-Infantil-768x440.png 768w\" sizes=\"auto, (max-width: 814px) 100vw, 814px\" \/><\/a><\/p>\n<p>&nbsp;<\/p>\n<p><strong>L&#8217;INSTITUT ESCOLA, UN MODEL DE CONTINU\u00cdTAT I COHER\u00c8NCIA PEDAG\u00d2GICA.\u00a0<\/strong><\/p>\n<p>Un <strong>INSTITUT ESCOLA<\/strong> acull alumnat des de l&#8217;Educaci\u00f3 Infantil ( de 3 a 5 anys) fins a l&#8217;ESO. El nostre <strong>INSTITUT ESCOLA LA JOTA <\/strong>anir\u00e0 creixent cada curs; el primer curs (23-24) tindr\u00e0 1r d&#8217;ESO, el segon curs (24-25) 1r i 2n d&#8217;ESO, el tercer curs (25-26) 1r, 2n i 3r d&#8217;ESO i a partir del curs 26-27 ja tindr\u00e0 1r, 2n, 3r i 4t d&#8217;ESO.<\/p>\n<p>Els instituts escola apleguen, en un mateix centre, l&#8217;oferta d&#8217;educaci\u00f3 infantil, prim\u00e0ria i secund\u00e0ria i presenten, des d&#8217;aquest punt de vista, una estructuraci\u00f3 de l&#8217;ensenyament obligatori equivalent a la dels centres educatius dels pa\u00efsos n\u00f2rdics i denominat model de sistemes integrats.<\/p>\n<p>La integraci\u00f3 de l&#8217;educaci\u00f3 prim\u00e0ria i la secund\u00e0ria en un mateix centre atorga a<a href=\"https:\/\/educacio.gencat.cat\/ca\/arees-actuacio\/centres-serveis-educatius\/centres\/tipus-centres\/institut-escola\/index.html\" target=\"_blank\" rel=\"noopener\"> l&#8217;institut escola<\/a> autonomia pedag\u00f2gica per impulsar els seus projectes educatius i capacitat organitzativa i de gesti\u00f3 dels seus recursos. Amb la finalitat de donar resposta a les necessitats dels alumnes i les seves fam\u00edlies, el Departament d&#8217;Educaci\u00f3 recull la vocaci\u00f3 innovadora dels centres per explorar noves estructures organitzatives que permetin assolir l&#8217;\u00e8xit escolar.<\/p>\n<p><a href=\"https:\/\/agora.xtec.cat\/ceiplajota\/wp-content\/uploads\/usu1571\/2023\/02\/Educacio-basica.png\"><img loading=\"lazy\" decoding=\"async\" class=\"aligncenter size-full wp-image-5307\" src=\"https:\/\/agora.xtec.cat\/ceiplajota\/wp-content\/uploads\/usu1571\/2023\/02\/Educacio-basica.png\" alt=\"\" width=\"767\" height=\"384\" srcset=\"https:\/\/agora.xtec.cat\/ceiplajota\/wp-content\/uploads\/usu1571\/2023\/02\/Educacio-basica.png 767w, https:\/\/agora.xtec.cat\/ceiplajota\/wp-content\/uploads\/usu1571\/2023\/02\/Educacio-basica-300x150.png 300w\" sizes=\"auto, (max-width: 767px) 100vw, 767px\" \/><\/a><\/p>\n<p>El treball coordinat i amb xarxa amb els altres centres educatius de la poblaci\u00f3, l&#8217;Escola L&#8217;Oreneta, l&#8217;Institut Federica Montseny i l&#8217;Institut Badia del Vall\u00e8s, continuar\u00e0 sent per nosaltres un pilar important per continuar donant la qualitat educativa que el nostre alumnat i les seves fam\u00edlies mereixen.<\/p>\n","protected":false},"excerpt":{"rendered":"<p><a href=\"https:\/\/drive.google.com\/file\/d\/1QSvL7g0S5WOOANcyBqbPPkzlXwO1BNCn\/view?usp=sharing\" target=\"_blank\" rel=\"noopener\">Comunicat de Premsa sobre Planificaci\u00f3 Educativa a Badia del Vall\u00e8s.<\/a> Ajuntament de Badia del Vall\u00e8s<br \/>\n<a href=\"https:\/\/agora.xtec.cat\/ceiplajota\/wp-content\/uploads\/usu1571\/2023\/02\/Nou-curriculum.png\"><\/a><br \/>\n&nbsp;<br \/>\nL&#8217;Educaci\u00f3 Infantil, l&#8217;inici a l&#8217;Institut Escola.<br \/>\nEntenem l&#8217;Educaci\u00f3 Infantil de P3 (i3) com una continuaci\u00f3, un seguir el cord\u00f3 umbilical de les llars. Per aquest motiu la tasca&hellip;  <a href=\"https:\/\/agora.xtec.cat\/ceiplajota\/institut-escola\/\" title=\"Read Institut escola\">Llegeix m\u00e9s\u00bb<\/a><\/p>\n","protected":false},"author":1,"featured_media":0,"parent":0,"menu_order":0,"comment_status":"closed","ping_status":"closed","template":"","meta":{"_bbp_topic_count":0,"_bbp_reply_count":0,"_bbp_total_topic_count":0,"_bbp_total_reply_count":0,"_bbp_voice_count":0,"_bbp_anonymous_reply_count":0,"_bbp_topic_count_hidden":0,"_bbp_reply_count_hidden":0,"_bbp_forum_subforum_count":0,"footnotes":""},"class_list":["post-4541","page","type-page","status-publish","hentry"],"post_mailing_queue_ids":[],"_links":{"self":[{"href":"https:\/\/agora.xtec.cat\/ceiplajota\/wp-json\/wp\/v2\/pages\/4541","targetHints":{"allow":["GET"]}}],"collection":[{"href":"https:\/\/agora.xtec.cat\/ceiplajota\/wp-json\/wp\/v2\/pages"}],"about":[{"href":"https:\/\/agora.xtec.cat\/ceiplajota\/wp-json\/wp\/v2\/types\/page"}],"author":[{"embeddable":true,"href":"https:\/\/agora.xtec.cat\/ceiplajota\/wp-json\/wp\/v2\/users\/1"}],"replies":[{"embeddable":true,"href":"https:\/\/agora.xtec.cat\/ceiplajota\/wp-json\/wp\/v2\/comments?post=4541"}],"version-history":[{"count":5,"href":"https:\/\/agora.xtec.cat\/ceiplajota\/wp-json\/wp\/v2\/pages\/4541\/revisions"}],"predecessor-version":[{"id":6536,"href":"https:\/\/agora.xtec.cat\/ceiplajota\/wp-json\/wp\/v2\/pages\/4541\/revisions\/6536"}],"wp:attachment":[{"href":"https:\/\/agora.xtec.cat\/ceiplajota\/wp-json\/wp\/v2\/media?parent=4541"}],"curies":[{"name":"wp","href":"https:\/\/api.w.org\/{rel}","templated":true}]}}