{"id":3156,"date":"2020-11-29T09:00:43","date_gmt":"2020-11-29T08:00:43","guid":{"rendered":"https:\/\/agora.xtec.cat\/ceiplajota\/?page_id=3156"},"modified":"2025-02-08T23:25:38","modified_gmt":"2025-02-08T22:25:38","slug":"cuidem-la-terra","status":"publish","type":"page","link":"https:\/\/agora.xtec.cat\/ceiplajota\/projecte-educatiu\/projectes-de-lescola\/cuidem-la-terra\/","title":{"rendered":"Cuidem la Terra"},"content":{"rendered":"<p>Des de P3 fins a 2n d&#8217;ESO es realitzen diferents activitats per anar treballant aspectes de<span style=\"font-family: inherit; font-size: 1em;\">l projecte <strong>Cuidem la Terra<\/strong> (sortides, tallers,\u00a0 buscar , recollir i gestionar informaci\u00f3, creacions pl\u00e0stiques, etc.).\u00a0<\/span><\/p>\n<p>Una de les activitats que realitzem \u00e9s la participaci\u00f3 a la <strong>Setmana Europea de la Prevenci\u00f3 de Residus<\/strong>.<\/p>\n<p>La Setmana Europea de la Prevenci\u00f3 de Residus neix d&#8217;un projecte de 3 anys que rep el suport del programa LIFE+ de la Comissi\u00f3 Europea. L&#8217;objectiu \u00e9s organitzar durant una mateixa setmana i arreu d&#8217;Europa, accions de sensibilitzaci\u00f3 sobre la prevenci\u00f3 de residus.<\/p>\n<p>\u00c9s una Setmana Europea per:<\/p>\n<ul>\n<li>Donar a con\u00e8ixer estrat\u00e8gies de reducci\u00f3 de residus i la pol\u00edtica de la Uni\u00f3 Europea i dels seus Estats membres en aquesta mat\u00e8ria.<\/li>\n<li>Fomentar accions sostenibles per reduir els residus arreu d&#8217;Europa.<\/li>\n<li>Fer p\u00fablic les tasques dutes a terme pels diversos actors mitjan\u00e7ant exemples concrets de reducci\u00f3 de residus.<\/li>\n<li>Fer canviar el comportament quotidi\u00e0 dels europeus (consum, producci\u00f3).<\/li>\n<\/ul>\n<p><a href=\"https:\/\/docs.google.com\/presentation\/d\/100u2bFbjzfPUI6sJ1xn8tt5Zj92Max3R\/edit#slide=id.p1\" target=\"_blank\" rel=\"noopener noreferrer\">https:\/\/docs.google.com\/presentation\/d\/100u2bFbjzfPUI6sJ1xn8tt5Zj92Max3R\/edit#slide=id.p1<\/a><\/p>\n<p>En els articles d&#8217;aquesta p\u00e0gina web trobar\u00e0s com hi hem participat cada curs. Aquests s\u00f3n els primers cursos que hi vam participar.<\/p>\n<p><strong>CURS 2021-22:\u00a0<\/strong><span style=\"font-weight: 400;\">al llarg de la setmana del <\/span><b>20 al 28 de novembre del 2021<\/b><span style=\"font-weight: 400;\">.<\/span><\/p>\n<p><span style=\"font-weight: 400;\">Ja fa temps que a al centre apostem per l&#8217;\u00fas d&#8217;embolcalls que no generin residus i oferim alternatives a l&#8217;alumnat i a les seves fam\u00edlies. De tota manera, hem observat que encara hi for\u00e7a pres\u00e8ncia de papers d&#8217;alumini i de pl\u00e0stic en els embolcalls dels esmorzars. Aquest curs ens agradaria fer un seguiment a les aules sobre els embolcalls, fer un treball de conscienciaci\u00f3 amb l&#8217;alumnat i les fam\u00edlies i, posteriorment acabar amb l&#8217;\u00fas dels embolcalls no sostenibles. Els alumnes, guiats pels mestres de la comissi\u00f3 responsable, seran els grans protagonistes: els encarregats d&#8217;aula faran l&#8217;observaci\u00f3 i el seguiment del tipus d&#8217;embolcalls que porten a l&#8217;escola, faran un recull de dades el m\u00e9s acurat possible i el presentaran als companys i companyes per tal de reflexionar sobre el tema i buscar alternatives. L&#8217;objectiu \u00e9s que tots els membres de l&#8217;escola (alumnat, mestres, monitors, personal no docent,&#8230;) utilitzin embolcalls sostenibles. Per dur a terme l&#8217;acci\u00f3, que tindr\u00e0 una durada de dos cursos escolars, elaborarem registres per a cada aula, farem l&#8217;estudi d&#8217;aquests i n&#8217;elaborarem les conclusions. Un cop fet aix\u00f2 es proposaran les alternatives a trav\u00e9s de xerrades a les aules, cartells i informaci\u00f3 a la p\u00e0gina web de l&#8217;escola.<\/span><\/p>\n<p><a href=\"https:\/\/drive.google.com\/file\/d\/1WjWj1-hfA5j0cYgCm2Ey78AgGgYuoQGG\/view?usp=sharing\" target=\"_blank\" rel=\"noopener\">https:\/\/drive.google.com\/file\/d\/1WjWj1-hfA5j0cYgCm2Ey78AgGgYuoQGG\/view?usp=sharing<\/a><\/p>\n<p><a href=\"https:\/\/drive.google.com\/file\/d\/1nLywVQwignIz8LIYWEG6lYyQtkleNMbu\/view?usp=sharing\" target=\"_blank\" rel=\"noopener\">Diploma participaci\u00f3<\/a><\/p>\n<p><strong>CURS 2020-21: <\/strong>Aquesta edici\u00f3 s&#8217;ha celebrat del <strong>21 al 29 de novembre de 2020<\/strong>.<\/p>\n<p>L&#8217;Escola\u00a0 La Jota hi ha participat. Aquest curs volem crear un espai per al reciclatge a l\u2019escola . Aquest espai pret\u00e9n ser un lloc per a reciclar i un punt d\u2019informaci\u00f3 accessible a tots els qui formem part de l\u2019escola.\u00a0Est\u00e0 previst fer un tancament parcial de la zona on hi haur\u00e0 els grans contenidors de paper, altres contenidors m\u00e9s petits per al pl\u00e0stic i el contenidor de les piles usades.<\/p>\n<p>A m\u00e9s a m\u00e9s, els nens i les nenes de cada classe han treballat algun dels aspectes sobre el reciclatge, aquest curs sobre els residus invisibles.<\/p>\n<p><a href=\"https:\/\/drive.google.com\/drive\/folders\/1xPro2TRGaJRCUS6ZTdPYbe021tbIEM12?usp=sharing\" target=\"_blank\" rel=\"noopener noreferrer\"><img loading=\"lazy\" decoding=\"async\" class=\"wp-image-3321 alignleft\" src=\"https:\/\/agora.xtec.cat\/ceiplajota\/wp-content\/uploads\/usu1571\/2020\/12\/AnyConv.com__Logo-CM-150x150.jpg\" alt=\"\" width=\"102\" height=\"102\" \/> \u00a0<\/a><\/p>\n<p>Clica, hem fet un petit recull de les activitats realitzades.<\/p>\n<p><a href=\"https:\/\/drive.google.com\/file\/d\/1SEGLX1QZo2n6Vn71fjt5NLSX14nXWgWa\/view?usp=sharing\" target=\"_blank\" rel=\"noopener\">https:\/\/drive.google.com\/file\/d\/1SEGLX1QZo2n6Vn71fjt5NLSX14nXWgWa\/view?usp=sharing<\/a><\/p>\n<p><a href=\"https:\/\/drive.google.com\/file\/d\/1SEGLX1QZo2n6Vn71fjt5NLSX14nXWgWa\/view?usp=sharing\" target=\"_blank\" rel=\"noopener\">Diploma participaci\u00f3<\/a><\/p>\n<p><strong>CURS 2019-20:<\/strong> Aquesta edici\u00f3 es va celebrar del <strong>16 al 24 de novembre de 2019<\/strong>.<\/p>\n<p>L&#8217;Escola La Jota ha rebut un Diploma d&#8217;agra\u00efment per la participaci\u00f3 en aquesta Setmana Europea\u00a0 de la Prevenci\u00f3 de Residus.<\/p>\n<p>La nostra tasca, d&#8217;alumnes i mestres, no s&#8217;acaba aqu\u00ed. Al llarg del curs anem realitzant altres activitats per ajudar al nostre planeta Terra. Us anirem informant!<\/p>\n<p><img loading=\"lazy\" decoding=\"async\" class=\"alignnone\" src=\"https:\/\/agora.xtec.cat\/ceiplajota\/wp-content\/uploads\/usu1571\/2020\/02\/Diploma.jpg\" alt=\"\" width=\"1230\" height=\"870\" \/><\/p>\n","protected":false},"excerpt":{"rendered":"<p>Des de P3 fins a 2n d&#8217;ESO es realitzen diferents activitats per anar treballant aspectes del projecte Cuidem la Terra (sortides, tallers,\u00a0 buscar , recollir i gestionar informaci\u00f3, creacions pl\u00e0stiques, etc.).\u00a0<br \/>\nUna de les activitats que realitzem \u00e9s la participaci\u00f3 a la Setmana Europea de la&hellip;  <a href=\"https:\/\/agora.xtec.cat\/ceiplajota\/projecte-educatiu\/projectes-de-lescola\/cuidem-la-terra\/\" title=\"Read Cuidem la Terra\">Llegeix m\u00e9s\u00bb<\/a><\/p>\n","protected":false},"author":1,"featured_media":0,"parent":617,"menu_order":0,"comment_status":"closed","ping_status":"closed","template":"page-templates\/side-menu.php","meta":{"_bbp_topic_count":0,"_bbp_reply_count":0,"_bbp_total_topic_count":0,"_bbp_total_reply_count":0,"_bbp_voice_count":0,"_bbp_anonymous_reply_count":0,"_bbp_topic_count_hidden":0,"_bbp_reply_count_hidden":0,"_bbp_forum_subforum_count":0,"footnotes":""},"class_list":["post-3156","page","type-page","status-publish","hentry"],"post_mailing_queue_ids":[],"_links":{"self":[{"href":"https:\/\/agora.xtec.cat\/ceiplajota\/wp-json\/wp\/v2\/pages\/3156","targetHints":{"allow":["GET"]}}],"collection":[{"href":"https:\/\/agora.xtec.cat\/ceiplajota\/wp-json\/wp\/v2\/pages"}],"about":[{"href":"https:\/\/agora.xtec.cat\/ceiplajota\/wp-json\/wp\/v2\/types\/page"}],"author":[{"embeddable":true,"href":"https:\/\/agora.xtec.cat\/ceiplajota\/wp-json\/wp\/v2\/users\/1"}],"replies":[{"embeddable":true,"href":"https:\/\/agora.xtec.cat\/ceiplajota\/wp-json\/wp\/v2\/comments?post=3156"}],"version-history":[{"count":5,"href":"https:\/\/agora.xtec.cat\/ceiplajota\/wp-json\/wp\/v2\/pages\/3156\/revisions"}],"predecessor-version":[{"id":6652,"href":"https:\/\/agora.xtec.cat\/ceiplajota\/wp-json\/wp\/v2\/pages\/3156\/revisions\/6652"}],"up":[{"embeddable":true,"href":"https:\/\/agora.xtec.cat\/ceiplajota\/wp-json\/wp\/v2\/pages\/617"}],"wp:attachment":[{"href":"https:\/\/agora.xtec.cat\/ceiplajota\/wp-json\/wp\/v2\/media?parent=3156"}],"curies":[{"name":"wp","href":"https:\/\/api.w.org\/{rel}","templated":true}]}}