{"id":28,"date":"2025-12-07T18:00:35","date_gmt":"2025-12-07T17:00:35","guid":{"rendered":"http:\/\/agora.xtec.cat\/ceiplajota\/?page_id=28"},"modified":"2025-12-08T12:35:59","modified_gmt":"2025-12-08T11:35:59","slug":"consell-escolar","status":"publish","type":"page","link":"https:\/\/agora.xtec.cat\/ceiplajota\/lescola\/consell-escolar\/","title":{"rendered":"Consell escolar"},"content":{"rendered":"<p>El Consell Escolar del centre \u00e9s l&#8217;<strong>\u00f2rgan col\u00b7legiat de participaci\u00f3<\/strong> de la comunitat escolar en el govern del centre. En el Consell Escolar hi ha representats tots els col\u00b7lectius que intervenen en la comunitat educativa.<a href=\"https:\/\/agora.xtec.cat\/ceiplajota\/wp-content\/uploads\/usu1571\/2023\/12\/Organigrama-Consell-Escolar.png\"><img loading=\"lazy\" decoding=\"async\" class=\"aligncenter wp-image-5922\" src=\"https:\/\/agora.xtec.cat\/ceiplajota\/wp-content\/uploads\/usu1571\/2023\/12\/Organigrama-Consell-Escolar.png\" alt=\"\" width=\"549\" height=\"410\" srcset=\"https:\/\/agora.xtec.cat\/ceiplajota\/wp-content\/uploads\/usu1571\/2023\/12\/Organigrama-Consell-Escolar.png 840w, https:\/\/agora.xtec.cat\/ceiplajota\/wp-content\/uploads\/usu1571\/2023\/12\/Organigrama-Consell-Escolar-300x224.png 300w, https:\/\/agora.xtec.cat\/ceiplajota\/wp-content\/uploads\/usu1571\/2023\/12\/Organigrama-Consell-Escolar-768x573.png 768w, https:\/\/agora.xtec.cat\/ceiplajota\/wp-content\/uploads\/usu1571\/2023\/12\/Organigrama-Consell-Escolar-200x150.png 200w\" sizes=\"auto, (max-width: 549px) 100vw, 549px\" \/><\/a><\/p>\n<p>Els membres del Consell Escolar s\u00f3n elegits per un per\u00edode de quatre anys i es renoven per meitats cada dos anys.<\/p>\n<p>En els centres p\u00fablics, la funci\u00f3 principal del Consell Escolar \u00e9s participar en la presa de decisions en relaci\u00f3 amb aquells temes importants per al funcionament i l&#8217;organitzaci\u00f3 del centre: el projecte educatiu, la programaci\u00f3 general, la gesti\u00f3 econ\u00f2mica, etc.<\/p>\n<div>\n<p>Les eleccions per a la constituci\u00f3 o renovaci\u00f3 de membres del Consell Escolar, les convoca la direcci\u00f3 del centre p\u00fablic dintre del per\u00edode que fixa el Departament d&#8217;Educaci\u00f3.<\/p>\n<p>Les vacants del Consell Escolar s&#8217;han d&#8217;ocupar pel procediment establert a les normes d&#8217;organitzaci\u00f3 i funcionament del centre (NOFC). Si aquestes no ho preveuen, les ha d&#8217;ocupar la seg\u00fcent candidatura m\u00e9s votada en les darreres eleccions.<\/p>\n<p>La condici\u00f3 de membre del Consell Escolar es perd quan es deixa el c\u00e0rrec que comporta ser-ne membre, quan es deixa de complir algun dels requisits per ser elegible o quan l&#8217;\u00f2rgan que l&#8217;ha designat en revoca la designaci\u00f3.<\/p>\n<\/div>\n<ul>\n<li><strong>Directora:<\/strong> N\u00faria Vila<\/li>\n<li style=\"text-align: left;\"><strong>Cap d&#8217;estudis d&#8217;Infantil i Prim\u00e0ria:<\/strong> Merc\u00e8 Vilardell<\/li>\n<li><strong>Cap d&#8217;estudis de Secund\u00e0ria:\u00a0<\/strong>Mireia C\u00f3rdoba<\/li>\n<li style=\"text-align: left;\"><strong>Secretari:<\/strong> Pablo Fabregat<\/li>\n<li><strong>Representant de l&#8217;ajuntament<\/strong>: Iv\u00e1n Sanz<\/li>\n<li style=\"text-align: left;\"><strong>Representants del sector professorat:<\/strong> Maite De Osso,\u00a0 \u00a0Joan Escriv\u00e0, Elisabet Ferrete, Miguel A. Hern\u00e1ndez,\u00a0 Ver\u00f3nica Miguel, Laura Ruiz i Judit V\u00e9lez<\/li>\n<li style=\"text-align: left;\"><strong>Representants del sector fam\u00edlies:<\/strong>\u00a0 Ver\u00f3nica Arrebola, Cristina Mena i Cristina Nicol\u00e1s<\/li>\n<li style=\"text-align: left;\"><strong>Representants del sector alumnes de secund\u00e0ria:<\/strong> Azael Arribas, Aar\u00f3n Mart\u00edn i Pol Moreno<\/li>\n<li style=\"text-align: left;\"><strong>Representant del sector PAS<\/strong>: Francisco Florido<\/li>\n<li style=\"text-align: left;\"><strong>Representant del sector PAE:<\/strong> Juan A. Jim\u00e9nez<\/li>\n<li style=\"text-align: left;\"><strong>Representant de l&#8217;AFA:<\/strong> Luis Fern\u00e1ndez<\/li>\n<\/ul>\n<p>COMISSIONS DEL CONSELL ESCOLAR:<\/p>\n<ul>\n<li>Permanent<\/li>\n<li>Econ\u00f2mica<\/li>\n<li>Conviv\u00e8ncia<\/li>\n<li>PMOE\/PROA+<\/li>\n<li>Coeducaci\u00f3<\/li>\n<li>Menjador<\/li>\n<\/ul>\n<p><a href=\"https:\/\/drive.google.com\/file\/d\/1fYnxWDxvdQ1w5WaQ9mbu9w71yRWOg8iY\/view?usp=drive_link\" target=\"_blank\" rel=\"noopener\">NORMATIVA DEL CONSELL ESCOLAR<\/a><\/p>\n<div><a href=\"https:\/\/drive.google.com\/drive\/folders\/1sIgRweG2568mvC8miu3bcD7pB_zVAPaB?usp=drive_link\" target=\"_blank\" rel=\"noopener\"><strong>Acords de les reunions del CE curs 23-24.<\/strong><\/a><\/div>\n<div><\/div>\n<div><a href=\"https:\/\/drive.google.com\/drive\/folders\/1z6sL2EaWAzTPEAaGjHd8iTEOZbwA9RBW?usp=drive_link\" target=\"_blank\" rel=\"noopener\"><strong>Acords de les reunions del CE curs 24-25.<\/strong>\u00a0<\/a><\/div>\n<div><\/div>\n<div><a href=\"https:\/\/drive.google.com\/drive\/folders\/1rFBWV9bWQ-XHLah11p7quCK-psd_1rOl?usp=drive_link\" target=\"_blank\" rel=\"noopener\">Acords de les reunions del CE curs 25-26.<\/a><\/div>\n<div><\/div>\n","protected":false},"excerpt":{"rendered":"<p>El Consell Escolar del centre \u00e9s l&#8217;\u00f2rgan col\u00b7legiat de participaci\u00f3 de la comunitat escolar en el govern del centre. En el Consell Escolar hi ha representats tots els col\u00b7lectius que intervenen en la comunitat educativa.<a href=\"https:\/\/agora.xtec.cat\/ceiplajota\/wp-content\/uploads\/usu1571\/2023\/12\/Organigrama-Consell-Escolar.png\"><\/a><br \/>\nEls membres del Consell Escolar s\u00f3n elegits per un per\u00edode&hellip;  <a href=\"https:\/\/agora.xtec.cat\/ceiplajota\/lescola\/consell-escolar\/\" title=\"Read Consell escolar\">Llegeix m\u00e9s\u00bb<\/a><\/p>\n","protected":false},"author":1,"featured_media":0,"parent":22,"menu_order":30,"comment_status":"closed","ping_status":"closed","template":"page-templates\/side-menu.php","meta":{"_bbp_topic_count":0,"_bbp_reply_count":0,"_bbp_total_topic_count":0,"_bbp_total_reply_count":0,"_bbp_voice_count":0,"_bbp_anonymous_reply_count":0,"_bbp_topic_count_hidden":0,"_bbp_reply_count_hidden":0,"_bbp_forum_subforum_count":0,"footnotes":""},"class_list":["post-28","page","type-page","status-publish","hentry"],"post_mailing_queue_ids":[],"_links":{"self":[{"href":"https:\/\/agora.xtec.cat\/ceiplajota\/wp-json\/wp\/v2\/pages\/28","targetHints":{"allow":["GET"]}}],"collection":[{"href":"https:\/\/agora.xtec.cat\/ceiplajota\/wp-json\/wp\/v2\/pages"}],"about":[{"href":"https:\/\/agora.xtec.cat\/ceiplajota\/wp-json\/wp\/v2\/types\/page"}],"author":[{"embeddable":true,"href":"https:\/\/agora.xtec.cat\/ceiplajota\/wp-json\/wp\/v2\/users\/1"}],"replies":[{"embeddable":true,"href":"https:\/\/agora.xtec.cat\/ceiplajota\/wp-json\/wp\/v2\/comments?post=28"}],"version-history":[{"count":6,"href":"https:\/\/agora.xtec.cat\/ceiplajota\/wp-json\/wp\/v2\/pages\/28\/revisions"}],"predecessor-version":[{"id":7098,"href":"https:\/\/agora.xtec.cat\/ceiplajota\/wp-json\/wp\/v2\/pages\/28\/revisions\/7098"}],"up":[{"embeddable":true,"href":"https:\/\/agora.xtec.cat\/ceiplajota\/wp-json\/wp\/v2\/pages\/22"}],"wp:attachment":[{"href":"https:\/\/agora.xtec.cat\/ceiplajota\/wp-json\/wp\/v2\/media?parent=28"}],"curies":[{"name":"wp","href":"https:\/\/api.w.org\/{rel}","templated":true}]}}