{"id":30,"date":"2014-09-18T12:30:23","date_gmt":"2014-09-18T11:30:23","guid":{"rendered":"http:\/\/agora.xtec.cat\/ceiplacreutorrefarrera\/?page_id=30"},"modified":"2021-09-12T08:05:13","modified_gmt":"2021-09-12T06:05:13","slug":"instal%c2%b7lacions","status":"publish","type":"page","link":"https:\/\/agora.xtec.cat\/ceiplacreutorrefarrera\/lescola\/instal%c2%b7lacions\/","title":{"rendered":"Instal\u00b7lacions"},"content":{"rendered":"<p><strong>Les nostres instal\u00b7lacions<\/strong><\/p>\n<p class=\"western\"><span style=\"color: #000000;\"><span style=\"font-family: Arial, serif;\"><span style=\"font-size: small;\">L\u2019escola consta d\u2019un edifici de dues plantes, d\u2019un pavell\u00f3 (gimn\u00e0s) i d\u2019un m\u00f2dul. A la planta baixa s\u2019hi ubiquen les aules d\u2019Educaci\u00f3 Infantil (6), l\u2019aula de psicomotricitat, una aula de desdoblaments, la tutoria d\u2019Infantil, les aules de Cicle Inicial (4), l\u2019aula d\u2019Educaci\u00f3 Especial, l\u2019aula del SIEI, el menjador, la cuina, la biblioteca, els despatxos de direcci\u00f3 i cap d\u2019estudis, secretaria, consergeria, lavabos d\u2019alumnes (nens i nenes), de mestres i un quartet de neteja.<\/span><\/span><\/span><\/p>\n<p class=\"western\"><span style=\"color: #000000;\"><span style=\"font-family: Arial, serif;\"><span style=\"font-size: small;\">Al primer pis es troben les aules de Cicle Mitj\u00e0 (5) i les de Cicle Superior (7), l\u2019aula d\u2019inform\u00e0tica, 3 petites tutories, dos aules de desdoblament, l\u2019aula d\u2019ALL, lavabos per a nens, nenes i mestres i un quartet de neteja.<\/span><\/span><\/span><\/p>\n<p class=\"western\"><span style=\"color: #000000;\"><span style=\"font-family: Arial, serif;\"><span style=\"font-size: small;\">Al pavell\u00f3 situat al baixar les escales d\u2019emerg\u00e8ncia s\u2019hi troba el gimn\u00e0s. En ell tamb\u00e9 s\u2019hi troben dos petits quartets per a guardar-hi el material.<\/span><\/span><\/span><\/p>\n<p class=\"western\"><span style=\"color: #000000;\"><span style=\"font-family: Arial, serif;\"><span style=\"font-size: small;\">Pel que fa al m\u00f2dul que es situa al costat del pavell\u00f3, s\u2019hi troben 4 aules de treball (o aules d\u2019especialitats), dos lavabos i un quartet de material.<\/span><\/span><\/span><\/p>\n<p class=\"western\"><span style=\"color: #000000;\"><span style=\"font-family: Arial, serif;\"><span style=\"font-size: small;\">El pati t\u00e9 tres zones ben diferenciades, la zona d\u2019Educaci\u00f3 Infantil (situada davant de les aules d\u2019aquest cicle), la zona del cicle inicial (zona que envolta el m\u00f2dul, el pavell\u00f3 i la zona exterior que es troba entre les dues ales de la planta baixa) i la zona del cicle mitj\u00e0 i superior que cont\u00e9 el passad\u00eds de l\u2019altre costat de gimn\u00e0s i les 3 pistes de baix.<\/span><\/span><\/span><\/p>\n<p>&nbsp;<\/p>\n<p><a href=\"http:\/\/agora.xtec.cat\/ceiplacreutorrefarrera\/wp-content\/uploads\/usu389\/2014\/09\/menjador.jpg\"><img loading=\"lazy\" decoding=\"async\" class=\"alignnone size-full wp-image-278\" src=\"http:\/\/agora.xtec.cat\/ceiplacreutorrefarrera\/wp-content\/uploads\/usu389\/2014\/09\/menjador.jpg\" alt=\"menjador\" width=\"400\" height=\"300\" srcset=\"https:\/\/agora.xtec.cat\/ceiplacreutorrefarrera\/wp-content\/uploads\/usu389\/2014\/09\/menjador.jpg 400w, https:\/\/agora.xtec.cat\/ceiplacreutorrefarrera\/wp-content\/uploads\/usu389\/2014\/09\/menjador-300x225.jpg 300w, https:\/\/agora.xtec.cat\/ceiplacreutorrefarrera\/wp-content\/uploads\/usu389\/2014\/09\/menjador-200x150.jpg 200w\" sizes=\"auto, (max-width: 400px) 100vw, 400px\" \/><\/a> <a href=\"http:\/\/agora.xtec.cat\/ceiplacreutorrefarrera\/wp-content\/uploads\/usu389\/2014\/09\/biblio.jpg\"><img loading=\"lazy\" decoding=\"async\" class=\"alignnone size-large wp-image-279\" src=\"http:\/\/agora.xtec.cat\/ceiplacreutorrefarrera\/wp-content\/uploads\/usu389\/2014\/09\/biblio.jpg\" alt=\"biblio\" width=\"400\" height=\"300\" srcset=\"https:\/\/agora.xtec.cat\/ceiplacreutorrefarrera\/wp-content\/uploads\/usu389\/2014\/09\/biblio.jpg 400w, https:\/\/agora.xtec.cat\/ceiplacreutorrefarrera\/wp-content\/uploads\/usu389\/2014\/09\/biblio-300x225.jpg 300w, https:\/\/agora.xtec.cat\/ceiplacreutorrefarrera\/wp-content\/uploads\/usu389\/2014\/09\/biblio-200x150.jpg 200w\" sizes=\"auto, (max-width: 400px) 100vw, 400px\" \/><\/a>\u00a0<a href=\"http:\/\/agora.xtec.cat\/ceiplacreutorrefarrera\/wp-content\/uploads\/usu389\/2016\/07\/informatica.jpg\"><img loading=\"lazy\" decoding=\"async\" class=\"alignnone wp-image-269\" src=\"http:\/\/agora.xtec.cat\/ceiplacreutorrefarrera\/wp-content\/uploads\/usu389\/2016\/07\/informatica.jpg\" alt=\"informatica\" width=\"384\" height=\"224\" srcset=\"https:\/\/agora.xtec.cat\/ceiplacreutorrefarrera\/wp-content\/uploads\/usu389\/2016\/07\/informatica.jpg 500w, https:\/\/agora.xtec.cat\/ceiplacreutorrefarrera\/wp-content\/uploads\/usu389\/2016\/07\/informatica-300x175.jpg 300w\" sizes=\"auto, (max-width: 384px) 100vw, 384px\" \/><\/a>\u00a0<a href=\"http:\/\/agora.xtec.cat\/ceiplacreutorrefarrera\/wp-content\/uploads\/usu389\/2014\/09\/escoltam.jpg\"><img loading=\"lazy\" decoding=\"async\" class=\"alignnone size-full wp-image-281\" src=\"http:\/\/agora.xtec.cat\/ceiplacreutorrefarrera\/wp-content\/uploads\/usu389\/2014\/09\/escoltam.jpg\" alt=\"escolta'm\" width=\"400\" height=\"300\" srcset=\"https:\/\/agora.xtec.cat\/ceiplacreutorrefarrera\/wp-content\/uploads\/usu389\/2014\/09\/escoltam.jpg 400w, https:\/\/agora.xtec.cat\/ceiplacreutorrefarrera\/wp-content\/uploads\/usu389\/2014\/09\/escoltam-300x225.jpg 300w, https:\/\/agora.xtec.cat\/ceiplacreutorrefarrera\/wp-content\/uploads\/usu389\/2014\/09\/escoltam-200x150.jpg 200w\" sizes=\"auto, (max-width: 400px) 100vw, 400px\" \/><\/a><\/p>\n","protected":false},"excerpt":{"rendered":"<p>Les nostres instal\u00b7lacions L\u2019escola consta d\u2019un edifici de dues plantes, d\u2019un pavell\u00f3 (gimn\u00e0s) i d\u2019un m\u00f2dul. A la planta baixa s\u2019hi ubiquen les aules d\u2019Educaci\u00f3 Infantil (6), l\u2019aula de psicomotricitat, una aula de desdoblaments, la tutoria d\u2019Infantil, les aules de Cicle Inicial (4), l\u2019aula d\u2019Educaci\u00f3 Especial, l\u2019aula del SIEI, el menjador, la cuina, la biblioteca, [&hellip;]<\/p>\n","protected":false},"author":1,"featured_media":0,"parent":22,"menu_order":40,"comment_status":"closed","ping_status":"closed","template":"page-templates\/side-menu.php","meta":{"_bbp_topic_count":0,"_bbp_reply_count":0,"_bbp_total_topic_count":0,"_bbp_total_reply_count":0,"_bbp_voice_count":0,"_bbp_anonymous_reply_count":0,"_bbp_topic_count_hidden":0,"_bbp_reply_count_hidden":0,"_bbp_forum_subforum_count":0,"site-sidebar-layout":"default","site-content-layout":"","ast-site-content-layout":"","site-content-style":"default","site-sidebar-style":"default","ast-global-header-display":"","ast-banner-title-visibility":"","ast-main-header-display":"","ast-hfb-above-header-display":"","ast-hfb-below-header-display":"","ast-hfb-mobile-header-display":"","site-post-title":"","ast-breadcrumbs-content":"","ast-featured-img":"","footer-sml-layout":"","theme-transparent-header-meta":"","adv-header-id-meta":"","stick-header-meta":"","header-above-stick-meta":"","header-main-stick-meta":"","header-below-stick-meta":"","astra-migrate-meta-layouts":"default","ast-page-background-enabled":"default","ast-page-background-meta":{"desktop":{"background-color":"var(--ast-global-color-4)","background-image":"","background-repeat":"repeat","background-position":"center center","background-size":"auto","background-attachment":"scroll","background-type":"","background-media":"","overlay-type":"","overlay-color":"","overlay-opacity":"","overlay-gradient":""},"tablet":{"background-color":"","background-image":"","background-repeat":"repeat","background-position":"center center","background-size":"auto","background-attachment":"scroll","background-type":"","background-media":"","overlay-type":"","overlay-color":"","overlay-opacity":"","overlay-gradient":""},"mobile":{"background-color":"","background-image":"","background-repeat":"repeat","background-position":"center center","background-size":"auto","background-attachment":"scroll","background-type":"","background-media":"","overlay-type":"","overlay-color":"","overlay-opacity":"","overlay-gradient":""}},"ast-content-background-meta":{"desktop":{"background-color":"var(--ast-global-color-5)","background-image":"","background-repeat":"repeat","background-position":"center center","background-size":"auto","background-attachment":"scroll","background-type":"","background-media":"","overlay-type":"","overlay-color":"","overlay-opacity":"","overlay-gradient":""},"tablet":{"background-color":"var(--ast-global-color-5)","background-image":"","background-repeat":"repeat","background-position":"center center","background-size":"auto","background-attachment":"scroll","background-type":"","background-media":"","overlay-type":"","overlay-color":"","overlay-opacity":"","overlay-gradient":""},"mobile":{"background-color":"var(--ast-global-color-5)","background-image":"","background-repeat":"repeat","background-position":"center center","background-size":"auto","background-attachment":"scroll","background-type":"","background-media":"","overlay-type":"","overlay-color":"","overlay-opacity":"","overlay-gradient":""}},"footnotes":""},"class_list":["post-30","page","type-page","status-publish","hentry"],"post_mailing_queue_ids":[],"_links":{"self":[{"href":"https:\/\/agora.xtec.cat\/ceiplacreutorrefarrera\/wp-json\/wp\/v2\/pages\/30","targetHints":{"allow":["GET"]}}],"collection":[{"href":"https:\/\/agora.xtec.cat\/ceiplacreutorrefarrera\/wp-json\/wp\/v2\/pages"}],"about":[{"href":"https:\/\/agora.xtec.cat\/ceiplacreutorrefarrera\/wp-json\/wp\/v2\/types\/page"}],"author":[{"embeddable":true,"href":"https:\/\/agora.xtec.cat\/ceiplacreutorrefarrera\/wp-json\/wp\/v2\/users\/1"}],"replies":[{"embeddable":true,"href":"https:\/\/agora.xtec.cat\/ceiplacreutorrefarrera\/wp-json\/wp\/v2\/comments?post=30"}],"version-history":[{"count":4,"href":"https:\/\/agora.xtec.cat\/ceiplacreutorrefarrera\/wp-json\/wp\/v2\/pages\/30\/revisions"}],"predecessor-version":[{"id":3700,"href":"https:\/\/agora.xtec.cat\/ceiplacreutorrefarrera\/wp-json\/wp\/v2\/pages\/30\/revisions\/3700"}],"up":[{"embeddable":true,"href":"https:\/\/agora.xtec.cat\/ceiplacreutorrefarrera\/wp-json\/wp\/v2\/pages\/22"}],"wp:attachment":[{"href":"https:\/\/agora.xtec.cat\/ceiplacreutorrefarrera\/wp-json\/wp\/v2\/media?parent=30"}],"curies":[{"name":"wp","href":"https:\/\/api.w.org\/{rel}","templated":true}]}}