{"id":28,"date":"2014-09-18T12:29:35","date_gmt":"2014-09-18T11:29:35","guid":{"rendered":"http:\/\/agora.xtec.cat\/ceiplacreutorrefarrera\/?page_id=28"},"modified":"2026-03-04T11:29:54","modified_gmt":"2026-03-04T10:29:54","slug":"consell-escolar","status":"publish","type":"page","link":"https:\/\/agora.xtec.cat\/ceiplacreutorrefarrera\/lescola\/consell-escolar\/","title":{"rendered":"Consell escolar"},"content":{"rendered":"<h3>Consell Escolar 2025.<\/h3>\n<p><b>COMPOSICI\u00d3 DEL CONSELL ESCOLAR<\/b><\/p>\n<table style=\"width: 57.3689%;\">\n<tbody>\n<tr>\n<td style=\"width: 88.9474%;\" colspan=\"2\">\u00a0<\/td>\n<td style=\"width: 9.64912%;\"><b>INICI<\/b><\/td>\n<\/tr>\n<tr>\n<td style=\"width: 42.1053%;\">\n<ul>\n<li aria-level=\"1\"><b>Directora<\/b><\/li>\n<\/ul>\n<\/td>\n<td style=\"width: 46.8421%;\"><span style=\"font-weight: 400;\">Maribel Panad\u00e9s i Cervera<\/span><\/td>\n<td style=\"width: 9.64912%;\"><span style=\"font-weight: 400;\">ED<\/span><\/td>\n<\/tr>\n<tr>\n<td style=\"width: 42.1053%;\">\n<ul>\n<li aria-level=\"1\"><b>Cap d\u2019estudis<\/b><\/li>\n<\/ul>\n<\/td>\n<td style=\"width: 46.8421%;\"><span style=\"font-weight: 400;\">Cristina Mir\u00f3 Almendral<\/span><\/td>\n<td style=\"width: 9.64912%;\"><span style=\"font-weight: 400;\">ED<\/span><\/td>\n<\/tr>\n<tr>\n<td style=\"width: 42.1053%;\">\n<ul>\n<li aria-level=\"1\"><b>Secret\u00e0ria<\/b><\/li>\n<\/ul>\n<\/td>\n<td style=\"width: 46.8421%;\">Vanesa Yeguas Vera<\/td>\n<td style=\"width: 9.64912%;\"><span style=\"font-weight: 400;\">ED<\/span><\/td>\n<\/tr>\n<tr>\n<td style=\"width: 42.1053%;\">\n<ul>\n<li aria-level=\"1\"><b>Representant de l\u2019Ajuntament<\/b><\/li>\n<\/ul>\n<\/td>\n<td style=\"width: 46.8421%;\"><span style=\"font-weight: 400;\">Raquel Serrano<\/span><\/td>\n<td style=\"width: 9.64912%;\"><span style=\"font-weight: 400;\">RAj<\/span><\/td>\n<\/tr>\n<tr>\n<td style=\"width: 42.1053%;\">\n<ul>\n<li aria-level=\"1\"><b>Representant de l\u2019AFA<\/b><\/li>\n<\/ul>\n<\/td>\n<td style=\"width: 46.8421%;\">Marta Pros<\/td>\n<td style=\"width: 9.64912%;\"><span style=\"font-weight: 400;\">RAFA<\/span><\/td>\n<\/tr>\n<tr>\n<td style=\"width: 42.1053%;\">\n<ul>\n<li aria-level=\"1\"><b>Representant de pares i mares<\/b><\/li>\n<\/ul>\n<\/td>\n<td style=\"width: 46.8421%;\"><span style=\"font-weight: 400;\">Patricia Mimbrera <\/span><\/td>\n<td style=\"width: 9.64912%;\"><span style=\"font-weight: 400;\">2025<\/span><\/td>\n<\/tr>\n<tr>\n<td style=\"width: 42.1053%;\">\n<ul>\n<li aria-level=\"1\"><b>Representant de pares i mares<\/b><\/li>\n<\/ul>\n<\/td>\n<td style=\"width: 46.8421%;\">Griselda Sol\u00e9<\/td>\n<td style=\"width: 9.64912%;\"><span style=\"font-weight: 400;\">2025\u00a0<\/span><\/td>\n<\/tr>\n<tr>\n<td style=\"width: 42.1053%;\">\n<ul>\n<li aria-level=\"1\"><b>Representant de pares i mares<\/b><\/li>\n<\/ul>\n<\/td>\n<td style=\"width: 46.8421%;\"><span style=\"font-weight: 400;\">Alba Culler\u00e9s Mazarico<\/span><\/td>\n<td style=\"width: 9.64912%;\"><span style=\"font-weight: 400;\">2023<\/span><\/td>\n<\/tr>\n<tr>\n<td style=\"width: 42.1053%;\">\n<ul>\n<li aria-level=\"1\"><b>Representant de pares i mares<\/b><\/li>\n<\/ul>\n<\/td>\n<td style=\"width: 46.8421%;\"><span style=\"font-weight: 400;\">Jordi Tena Mar\u00edn<\/span><\/td>\n<td style=\"width: 9.64912%;\"><span style=\"font-weight: 400;\">2023<\/span><\/td>\n<\/tr>\n<tr>\n<td style=\"width: 42.1053%;\">\n<ul>\n<li aria-level=\"1\"><b>Representant de pares i mares<\/b><\/li>\n<\/ul>\n<\/td>\n<td style=\"width: 46.8421%;\"><span style=\"font-weight: 400;\">Oriol Val\u00e8ncia Bozal<\/span><\/td>\n<td style=\"width: 9.64912%;\"><span style=\"font-weight: 400;\">2023<\/span><\/td>\n<\/tr>\n<tr>\n<td style=\"width: 42.1053%;\">\n<ul>\n<li aria-level=\"1\"><b>Representant del PAE<\/b><\/li>\n<\/ul>\n<\/td>\n<td style=\"width: 46.8421%;\">Cristina Dom\u00e9nec<\/td>\n<td style=\"width: 9.64912%;\">2025<\/td>\n<\/tr>\n<tr>\n<td style=\"width: 42.1053%;\">\n<ul>\n<li aria-level=\"1\"><b>Representant del PAS<\/b><\/li>\n<\/ul>\n<\/td>\n<td style=\"width: 46.8421%;\">Sergi Sanmart\u00edn<\/td>\n<td style=\"width: 9.64912%;\">2025<\/td>\n<\/tr>\n<tr>\n<td style=\"width: 42.1053%;\">\n<ul>\n<li aria-level=\"1\"><b>Representant del professorat<\/b><\/li>\n<\/ul>\n<\/td>\n<td style=\"width: 46.8421%;\"><span style=\"font-weight: 400;\">Bego\u00f1a Viladomiu<\/span><\/td>\n<td style=\"width: 9.64912%;\"><span style=\"font-weight: 400;\">2025<\/span><\/td>\n<\/tr>\n<tr>\n<td style=\"width: 42.1053%;\">\n<ul>\n<li aria-level=\"1\"><b>Representant del professorat<\/b><\/li>\n<\/ul>\n<\/td>\n<td style=\"width: 46.8421%;\"><span style=\"font-weight: 400;\">Marta Biel <\/span><\/td>\n<td style=\"width: 9.64912%;\"><span style=\"font-weight: 400;\">2025<\/span><\/td>\n<\/tr>\n<tr>\n<td style=\"width: 42.1053%;\">\n<ul>\n<li aria-level=\"1\"><b>Representant del professorat<\/b><\/li>\n<\/ul>\n<\/td>\n<td style=\"width: 46.8421%;\"><span style=\"font-weight: 400;\">Ricard Ribes Novau<\/span><\/td>\n<td style=\"width: 9.64912%;\"><span style=\"font-weight: 400;\">2025<\/span><\/td>\n<\/tr>\n<tr>\n<td style=\"width: 42.1053%;\">\n<ul>\n<li aria-level=\"1\"><b>Representant del professorat<\/b><\/li>\n<\/ul>\n<\/td>\n<td style=\"width: 46.8421%;\"><span style=\"font-weight: 400;\">Josep Marimon Sans<\/span><\/td>\n<td style=\"width: 9.64912%;\"><span style=\"font-weight: 400;\">2023<\/span><\/td>\n<\/tr>\n<tr>\n<td style=\"width: 42.1053%;\">\n<ul>\n<li aria-level=\"1\"><b>Representant del professorat<\/b><\/li>\n<\/ul>\n<\/td>\n<td style=\"width: 46.8421%;\">No\u00e8lia Fusalba\u00a0<\/td>\n<td style=\"width: 9.64912%;\">2025<\/td>\n<\/tr>\n<tr>\n<td style=\"width: 42.1053%;\">\n<ul>\n<li aria-level=\"1\"><b>Representant del professorat<\/b><\/li>\n<\/ul>\n<\/td>\n<td style=\"width: 46.8421%;\"><span style=\"font-weight: 400;\">Merche Gom\u00e0 Gim\u00e9nez<\/span><\/td>\n<td style=\"width: 9.64912%;\"><span style=\"font-weight: 400;\">2023<\/span><\/td>\n<\/tr>\n<\/tbody>\n<\/table>\n<p><b>FUNCIONS DEL CONSELL ESCOLAR<\/b><\/p>\n<p><span style=\"font-weight: 400;\">Corresponen al consell escolar les funcions seg\u00fcents:<\/span><\/p>\n<ol>\n<li style=\"font-weight: 400;\" aria-level=\"1\"><span style=\"font-weight: 400;\">Aprovar el projecte educatiu i les modificacions corresponents per una majoria de tres cinquenes parts dels membres.<\/span><\/li>\n<li style=\"font-weight: 400;\" aria-level=\"1\"><span style=\"font-weight: 400;\">Aprovar la programaci\u00f3 general anual del centre i avaluar-ne el desenvolupament i els resultats.<\/span><\/li>\n<li style=\"font-weight: 400;\" aria-level=\"1\"><span style=\"font-weight: 400;\">Aprovar les propostes d&#8217;acords de coresponsabilitat, convenis i altres acords de col\u00b7laboraci\u00f3 del centre amb entitats o institucions.<\/span><\/li>\n<li style=\"font-weight: 400;\" aria-level=\"1\"><span style=\"font-weight: 400;\">Aprovar les normes d&#8217;organitzaci\u00f3 i funcionament i les modificacions corresponents.<\/span><\/li>\n<li style=\"font-weight: 400;\" aria-level=\"1\"><span style=\"font-weight: 400;\">Aprovar la carta de comprom\u00eds educatiu.<\/span><\/li>\n<li style=\"font-weight: 400;\" aria-level=\"1\"><span style=\"font-weight: 400;\">Aprovar el pressupost del centre i el rendiment de comptes.<\/span><\/li>\n<li style=\"font-weight: 400;\" aria-level=\"1\"><span style=\"font-weight: 400;\">Intervenir en el procediment d&#8217;admissi\u00f3 d&#8217;alumnes.<\/span><\/li>\n<li style=\"font-weight: 400;\" aria-level=\"1\"><span style=\"font-weight: 400;\">Participar en el procediment de selecci\u00f3 i en la proposta de cessament de la directora.<\/span><\/li>\n<li style=\"font-weight: 400;\" aria-level=\"1\"><span style=\"font-weight: 400;\">Intervenir en la resoluci\u00f3 dels conflictes i, si escau, revisar les sancions als alumnes.<\/span><\/li>\n<li style=\"font-weight: 400;\" aria-level=\"1\"><span style=\"font-weight: 400;\">Aprovar les directrius per a la programaci\u00f3 d&#8217;activitats escolars complement\u00e0ries i d&#8217;activitats extraescolars, i avaluar-ne el desenvolupament.<\/span><\/li>\n<li style=\"font-weight: 400;\" aria-level=\"1\"><span style=\"font-weight: 400;\">Participar en les an\u00e0lisis i les avaluacions del funcionament general del centre i con\u00e8ixer l&#8217;evoluci\u00f3 del rendiment escolar.<\/span><\/li>\n<li style=\"font-weight: 400;\" aria-level=\"1\"><span style=\"font-weight: 400;\">Aprovar els criteris de col\u00b7laboraci\u00f3 amb altres centres i amb l&#8217;entorn.<\/span><\/li>\n<li style=\"font-weight: 400;\" aria-level=\"1\"><span style=\"font-weight: 400;\">Qualsevol altra que li sigui atribu\u00efda per les normes legals o reglament\u00e0ries.<\/span><\/li>\n<\/ol>\n<p><b>FUNCIONS DEL CONSELL ESCOLAR<\/b><\/p>\n<p><b>Art. 47.3. Decret 102\/2010, de 3 d\u2019agost, d\u2019autonomia dels centres educatius.<\/b><\/p>\n<p><i><span style=\"font-weight: 400;\">\u201cEntre les comissions que es constitueixin en el si del consell escolar hi ha d\u2019haver preceptivament una comissi\u00f3 econ\u00f2mica, integrada, com a m\u00ednim, per la directora, que la presideix, la secret\u00e0ria i, en el seu cas, l\u2019administrador o administradora, un professor\/a, un o una representant dels pares i mares. La comissi\u00f3 econ\u00f2mica supervisa la gesti\u00f3 econ\u00f2mica del centre i formula, d\u2019ofici o a requeriment del consell, les propostes que siguin escaients en aquesta mat\u00e8ria\u201d.<\/span><\/i><\/p>\n<hr \/>\n<h5><strong style=\"font-size: 1.125em;\"><br \/>Acords de CONSELL ESCOLAR:<\/strong><\/h5>\n<p>D\u2019acord amb la Llei 19\/2014, del 29 de desembre, de transpar\u00e8ncia, acc\u00e9s a la informaci\u00f3 p\u00fablica i bon govern, els centres educatius han de publicar al seu web, entre d\u2019altra documentaci\u00f3, els acords presos en les reunions del consell escolar.<\/p>\n<h5>Actes del CONSELL ESCOLAR del curs 2025\/2026:<\/h5>\n<p><a href=\"https:\/\/drive.google.com\/file\/d\/1P_B-jXgVO5LEceYd6To_MnR7vJUPGKkZ\/view?usp=drive_link\">1.-Acta de la reuni\u00f3 de Consell Escolar n\u00famero 1, celebrada en data 10 d&#8217;octubre de 2025.<\/a><\/p>\n<p><strong>ORDRE DEL DIA:<\/strong><\/p>\n<p>1.Aprovaci\u00f3 de la Mem\u00f2ria Anual del curs 2024\/2025.<\/p>\n<p>2.Aprovaci\u00f3 de la Programaci\u00f3 General Anual del curs 2025\/2026.<\/p>\n<p>3.Precs i Preguntes.<\/p>\n<p><a href=\"https:\/\/drive.google.com\/file\/d\/1xOGCM1YwYYjuCDDPuVKihWaF79EXpq3o\/view?usp=drive_link\">2.-Acta de la reuni\u00f3 de Consell Escolar n\u00famero 2, celebrada en data 15 de desembre de 2025.<\/a><\/p>\n<p><strong>ORDRE DEL DIA:<\/strong><\/p>\n<p><b>\u00a0<\/b><b>Punt \u00danic.-<\/b><span style=\"font-weight: 400;\">Constituci\u00f3 del <\/span><b>Nou Consell Escolar del Centre<\/b><span style=\"font-weight: 400;\">, com a resultat del proc\u00e9s electoral iniciat el passat dia 27 d\u2019octubre de 2025 i d\u2019acord amb la convocat\u00f2ria de renovaci\u00f3 d\u2019aquest \u00f2rgan col\u00b7legiat establerta en aplicaci\u00f3 de la <\/span><b>Resoluci\u00f3 EDF\/2520\/2025, de 30 de juny<\/b><span style=\"font-weight: 400;\">, per la qual s\u2019estableix el calendari i el r\u00e8gim del proc\u00e9s electoral per renovar els membres dels consells escolars dels centres p\u00fablics i privats sostinguts amb fons p\u00fablics.<\/span><\/p>\n\n\n<p><a href=\"https:\/\/drive.google.com\/file\/d\/1fuuCiEIZu0ztrt98LTSCNICbmKXhyF78\/view?usp=sharing\">   3.-Acta de la reuni\u00f3 de Consell Escolar n\u00famero 3, celebrada en data 26 de gener de 2026<\/a><\/p>\n\n\n\n<p>                   <strong>ORDRE DEL DIA<\/strong><\/p>\n\n\n\n<p class=\"has-text-align-left\">1.Lectura i aprovaci\u00f3 de l\u2019acta anterior.<\/p>\n\n\n\n<p>                   2.Aprovaci\u00f3 de la liquidaci\u00f3 del pressupost de l\u2019exercici 2025.<\/p>\n\n\n\n<p>                   3.Aprovaci\u00f3 del <a href=\"https:\/\/drive.google.com\/file\/d\/1-Ir6YrUNpO0uTkX6mzqIl3j9I9TRytiZ\/view?usp=drive_link\">pressupost de l\u2019exercici 2026.<\/a><\/p>\n\n\n\n<p>                   4. Precs i preguntes<\/p>\n\n\n\n<p><a href=\"https:\/\/drive.google.com\/file\/d\/1eMrDd5oCQlJSrYG66ZOAko9W1GdfL0OZ\/view?usp=sharing\">4. Acta de la reuni\u00f3 de Consell Escolar n\u00famero 4, celebrada en data 2 de mar\u00e7<\/a><\/p>\n\n\n\n<p><strong>ORDRE DEL DIA<\/strong><\/p>\n\n\n\n<ol class=\"wp-block-list\">\n<li>Lectura i aprovaci\u00f3 de l\u2019acta anterior.<\/li>\n\n\n\n<li>Acords sortides i col\u00f2nies 26\/27<\/li>\n\n\n\n<li>Precs i preguntes.<\/li>\n<\/ol>\n\n\n\n<p><\/p>\n","protected":false},"excerpt":{"rendered":"<p>Consell Escolar 2025. COMPOSICI\u00d3 DEL CONSELL ESCOLAR \u00a0 INICI Directora Maribel Panad\u00e9s i Cervera ED Cap d\u2019estudis Cristina Mir\u00f3 Almendral ED Secret\u00e0ria Vanesa Yeguas Vera ED Representant de l\u2019Ajuntament Raquel Serrano RAj Representant de l\u2019AFA Marta Pros RAFA Representant de pares i mares Patricia Mimbrera 2025 Representant de pares i mares Griselda Sol\u00e9 2025\u00a0 Representant [&hellip;]<\/p>\n","protected":false},"author":1,"featured_media":0,"parent":22,"menu_order":30,"comment_status":"closed","ping_status":"closed","template":"","meta":{"_bbp_topic_count":0,"_bbp_reply_count":0,"_bbp_total_topic_count":0,"_bbp_total_reply_count":0,"_bbp_voice_count":0,"_bbp_anonymous_reply_count":0,"_bbp_topic_count_hidden":0,"_bbp_reply_count_hidden":0,"_bbp_forum_subforum_count":0,"site-sidebar-layout":"default","site-content-layout":"","ast-site-content-layout":"default","site-content-style":"default","site-sidebar-style":"default","ast-global-header-display":"","ast-banner-title-visibility":"","ast-main-header-display":"","ast-hfb-above-header-display":"","ast-hfb-below-header-display":"","ast-hfb-mobile-header-display":"","site-post-title":"","ast-breadcrumbs-content":"","ast-featured-img":"","footer-sml-layout":"","theme-transparent-header-meta":"","adv-header-id-meta":"","stick-header-meta":"","header-above-stick-meta":"","header-main-stick-meta":"","header-below-stick-meta":"","astra-migrate-meta-layouts":"set","ast-page-background-enabled":"default","ast-page-background-meta":{"desktop":{"background-color":"var(--ast-global-color-4)","background-image":"","background-repeat":"repeat","background-position":"center center","background-size":"auto","background-attachment":"scroll","background-type":"","background-media":"","overlay-type":"","overlay-color":"","overlay-opacity":"","overlay-gradient":""},"tablet":{"background-color":"","background-image":"","background-repeat":"repeat","background-position":"center center","background-size":"auto","background-attachment":"scroll","background-type":"","background-media":"","overlay-type":"","overlay-color":"","overlay-opacity":"","overlay-gradient":""},"mobile":{"background-color":"","background-image":"","background-repeat":"repeat","background-position":"center center","background-size":"auto","background-attachment":"scroll","background-type":"","background-media":"","overlay-type":"","overlay-color":"","overlay-opacity":"","overlay-gradient":""}},"ast-content-background-meta":{"desktop":{"background-color":"var(--ast-global-color-5)","background-image":"","background-repeat":"repeat","background-position":"center center","background-size":"auto","background-attachment":"scroll","background-type":"","background-media":"","overlay-type":"","overlay-color":"","overlay-opacity":"","overlay-gradient":""},"tablet":{"background-color":"var(--ast-global-color-5)","background-image":"","background-repeat":"repeat","background-position":"center center","background-size":"auto","background-attachment":"scroll","background-type":"","background-media":"","overlay-type":"","overlay-color":"","overlay-opacity":"","overlay-gradient":""},"mobile":{"background-color":"var(--ast-global-color-5)","background-image":"","background-repeat":"repeat","background-position":"center center","background-size":"auto","background-attachment":"scroll","background-type":"","background-media":"","overlay-type":"","overlay-color":"","overlay-opacity":"","overlay-gradient":""}},"footnotes":""},"class_list":["post-28","page","type-page","status-publish","hentry"],"post_mailing_queue_ids":[],"_links":{"self":[{"href":"https:\/\/agora.xtec.cat\/ceiplacreutorrefarrera\/wp-json\/wp\/v2\/pages\/28","targetHints":{"allow":["GET"]}}],"collection":[{"href":"https:\/\/agora.xtec.cat\/ceiplacreutorrefarrera\/wp-json\/wp\/v2\/pages"}],"about":[{"href":"https:\/\/agora.xtec.cat\/ceiplacreutorrefarrera\/wp-json\/wp\/v2\/types\/page"}],"author":[{"embeddable":true,"href":"https:\/\/agora.xtec.cat\/ceiplacreutorrefarrera\/wp-json\/wp\/v2\/users\/1"}],"replies":[{"embeddable":true,"href":"https:\/\/agora.xtec.cat\/ceiplacreutorrefarrera\/wp-json\/wp\/v2\/comments?post=28"}],"version-history":[{"count":6,"href":"https:\/\/agora.xtec.cat\/ceiplacreutorrefarrera\/wp-json\/wp\/v2\/pages\/28\/revisions"}],"predecessor-version":[{"id":6592,"href":"https:\/\/agora.xtec.cat\/ceiplacreutorrefarrera\/wp-json\/wp\/v2\/pages\/28\/revisions\/6592"}],"up":[{"embeddable":true,"href":"https:\/\/agora.xtec.cat\/ceiplacreutorrefarrera\/wp-json\/wp\/v2\/pages\/22"}],"wp:attachment":[{"href":"https:\/\/agora.xtec.cat\/ceiplacreutorrefarrera\/wp-json\/wp\/v2\/media?parent=28"}],"curies":[{"name":"wp","href":"https:\/\/api.w.org\/{rel}","templated":true}]}}