{"id":1257,"date":"2021-07-02T09:51:11","date_gmt":"2021-07-02T07:51:11","guid":{"rendered":"https:\/\/agora.xtec.cat\/ceiplacaixa\/?page_id=1257"},"modified":"2026-04-28T11:10:59","modified_gmt":"2026-04-28T09:10:59","slug":"revista-tarari","status":"publish","type":"page","link":"https:\/\/agora.xtec.cat\/ceiplacaixa\/projecte-educatiu\/festes-i-celebracions-escolars\/revista-tarari\/","title":{"rendered":"Revista Tarar\u00ed"},"content":{"rendered":"\n<div class=\"wp-block-columns alignwide has-background is-layout-flex wp-container-core-columns-is-layout-1 wp-block-columns-is-layout-flex\" style=\"background:linear-gradient(135deg,rgb(254,205,165) 0%,rgb(254,45,45) 91%,rgb(107,0,62) 100%);margin-bottom:0\">\n<div class=\"wp-block-column has-white-background-color has-text-color has-background has-link-color wp-elements-35036cc4e524ec5ae5808b6a70044b81 is-layout-flow wp-block-column-is-layout-flow\" style=\"color:#000000;padding-top:2em;padding-right:2em;padding-bottom:2em;padding-left:2em\">\n<h2 class=\"wp-block-heading\" id=\"single\" style=\"font-size:40px\"><strong>2025-2026<\/strong><\/h2>\n\n\n\n<hr class=\"wp-block-separator has-text-color has-css-opacity has-background is-style-wide\" style=\"background-color:#000000;color:#000000\"\/>\n\n\n\n<figure class=\"wp-block-image size-full\"><a href=\"https:\/\/agora.xtec.cat\/ceiplacaixa\/wp-content\/uploads\/usu1455\/2026\/04\/Portada-1r-premi.jpg\"><img loading=\"lazy\" decoding=\"async\" width=\"615\" height=\"885\" src=\"https:\/\/agora.xtec.cat\/ceiplacaixa\/wp-content\/uploads\/usu1455\/2026\/04\/Portada-1r-premi.jpg\" alt=\"\" class=\"wp-image-4719\" srcset=\"https:\/\/agora.xtec.cat\/ceiplacaixa\/wp-content\/uploads\/usu1455\/2026\/04\/Portada-1r-premi.jpg 615w, https:\/\/agora.xtec.cat\/ceiplacaixa\/wp-content\/uploads\/usu1455\/2026\/04\/Portada-1r-premi-208x300.jpg 208w\" sizes=\"auto, (max-width: 615px) 100vw, 615px\" \/><\/a><\/figure>\n\n\n\n<div class=\"wp-block-buttons alignfull is-horizontal is-content-justification-center is-layout-flex wp-container-core-buttons-is-layout-1 wp-block-buttons-is-layout-flex\">\n<div class=\"wp-block-button has-custom-width wp-block-button__width-100\"><a class=\"wp-block-button__link has-white-color has-vivid-red-background-color has-text-color has-background no-border-radius wp-element-button\">PR\u00d2XIMAMENT!!<\/a><\/div>\n<\/div>\n<\/div>\n\n\n\n<div class=\"wp-block-column has-white-background-color has-text-color has-background has-link-color wp-elements-1b43b8f439a52c39c1a002b04868cfe2 is-layout-flow wp-block-column-is-layout-flow\" style=\"color:#000000;padding-top:2em;padding-right:2em;padding-bottom:2em;padding-left:2em\">\n<h2 class=\"wp-block-heading\" id=\"family\" style=\"font-size:40px\"><strong>Conte audiovisual<\/strong><\/h2>\n\n\n\n<hr class=\"wp-block-separator has-css-opacity is-style-wide\"\/>\n\n\n\n<p>Disfruteu del conte audiovisual d&#8217;aquest curs 2025-2026 que han realitzat l&#8217;alumnat de 6\u00e8.<\/p>\n\n\n\n<p>Ha estat un treball intens des de les diferents \u00e0rees de llengua catalana, llengua castellana per a treballar l&#8217;expressi\u00f3 escrita ampliant vocabulari, refor\u00e7ant l&#8217;\u00fas de recursos literaris i els di\u00e0legs&#8230; I des de l&#8217;\u00e0rea visual i pl\u00e0stica ja que han creat tots els escenaris i realitzat les fotografies.  <\/p>\n\n\n\n<figure class=\"wp-block-embed is-type-video is-provider-youtube wp-block-embed-youtube wp-embed-aspect-4-3 wp-has-aspect-ratio\"><div class=\"wp-block-embed__wrapper\">\n<div class=\"ast-oembed-container \" style=\"height: 100%;\"><iframe loading=\"lazy\" title=\"Un carnaval a l&#039;hotel\" width=\"500\" height=\"375\" src=\"https:\/\/www.youtube.com\/embed\/ZzLVCa-fUaI?feature=oembed\" frameborder=\"0\" allow=\"accelerometer; autoplay; clipboard-write; encrypted-media; gyroscope; picture-in-picture; web-share\" referrerpolicy=\"strict-origin-when-cross-origin\" allowfullscreen><\/iframe><\/div>\n<\/div><\/figure>\n<\/div>\n<\/div>\n\n\n<table style=\"width: 100%;\">\n<tbody>\n<tr>\n<td style=\"width: 27.1954%; text-align: center;\">\n<h4><strong>\u00a0Curs 2024-2025<\/strong><\/h4>\n<\/td>\n<td style=\"width: 25.307%;\">\n<h4 style=\"text-align: center;\"><strong>\u00a0Curs 2023-2024<\/strong><\/h4>\n<\/td>\n<td style=\"width: 23.5127%;\">\n<h4 style=\"text-align: center;\"><strong>Curs 2022-2023\u00a0<\/strong><\/h4>\n<\/td>\n<td style=\"width: 22.8517%;\">\n<h4 style=\"text-align: center;\"><strong>CURS 2021-2022<\/strong><\/h4>\n<\/td>\n<\/tr>\n<tr>\n<td style=\"width: 27.1954%; text-align: center;\">\n<h4><strong> <a href=\"https:\/\/drive.google.com\/file\/d\/1RtgKpL3TnakDn1Sl9ztYEFce5qIA9xHI\/view?usp=drive_link\" target=\"_blank\" rel=\"noopener\"><img loading=\"lazy\" decoding=\"async\" class=\"aligncenter wp-image-3941\" src=\"https:\/\/agora.xtec.cat\/ceiplacaixa\/wp-content\/uploads\/usu1455\/2025\/05\/Portada-Tarari-24-25.png\" alt=\"\" width=\"240\" height=\"339\" srcset=\"https:\/\/agora.xtec.cat\/ceiplacaixa\/wp-content\/uploads\/usu1455\/2025\/05\/Portada-Tarari-24-25.png 413w, https:\/\/agora.xtec.cat\/ceiplacaixa\/wp-content\/uploads\/usu1455\/2025\/05\/Portada-Tarari-24-25-212x300.png 212w\" sizes=\"auto, (max-width: 240px) 100vw, 240px\" \/><\/a><\/strong><\/h4>\n<\/td>\n<td style=\"width: 25.307%;\">\n<h4 style=\"text-align: center;\"><strong><a href=\"https:\/\/drive.google.com\/file\/d\/1MmJMDVNatSBUTPy9uAMAS7p9Z9o58M1n\/view?usp=drive_link\" target=\"_blank\" rel=\"noopener\"><img loading=\"lazy\" decoding=\"async\" class=\"alignnone wp-image-3505 size-large\" src=\"https:\/\/agora.xtec.cat\/ceiplacaixa\/wp-content\/uploads\/usu1455\/2024\/05\/Portada-Revista-Tarari-23-24_page-0001-724x1024.jpg\" alt=\"\" width=\"724\" height=\"1024\" srcset=\"https:\/\/agora.xtec.cat\/ceiplacaixa\/wp-content\/uploads\/usu1455\/2024\/05\/Portada-Revista-Tarari-23-24_page-0001-724x1024.jpg 724w, https:\/\/agora.xtec.cat\/ceiplacaixa\/wp-content\/uploads\/usu1455\/2024\/05\/Portada-Revista-Tarari-23-24_page-0001-212x300.jpg 212w, https:\/\/agora.xtec.cat\/ceiplacaixa\/wp-content\/uploads\/usu1455\/2024\/05\/Portada-Revista-Tarari-23-24_page-0001-768x1087.jpg 768w, https:\/\/agora.xtec.cat\/ceiplacaixa\/wp-content\/uploads\/usu1455\/2024\/05\/Portada-Revista-Tarari-23-24_page-0001-1085x1536.jpg 1085w, https:\/\/agora.xtec.cat\/ceiplacaixa\/wp-content\/uploads\/usu1455\/2024\/05\/Portada-Revista-Tarari-23-24_page-0001.jpg 1240w\" sizes=\"auto, (max-width: 724px) 100vw, 724px\" \/><\/a>\u00a0<\/strong><\/h4>\n<\/td>\n<td style=\"width: 23.5127%;\">\n<h4 style=\"text-align: center;\"><strong><a href=\"https:\/\/drive.google.com\/file\/d\/1MmJMDVNatSBUTPy9uAMAS7p9Z9o58M1n\/view?usp=drive_link\" target=\"_blank\" rel=\"noopener\"><img loading=\"lazy\" decoding=\"async\" class=\"alignnone wp-image-4001 size-large\" src=\"https:\/\/agora.xtec.cat\/ceiplacaixa\/wp-content\/uploads\/usu1455\/2025\/05\/Revista-Tarari-22-23-1-1-791x1024.png\" alt=\"\" width=\"791\" height=\"1024\" srcset=\"https:\/\/agora.xtec.cat\/ceiplacaixa\/wp-content\/uploads\/usu1455\/2025\/05\/Revista-Tarari-22-23-1-1-791x1024.png 791w, https:\/\/agora.xtec.cat\/ceiplacaixa\/wp-content\/uploads\/usu1455\/2025\/05\/Revista-Tarari-22-23-1-1-232x300.png 232w, https:\/\/agora.xtec.cat\/ceiplacaixa\/wp-content\/uploads\/usu1455\/2025\/05\/Revista-Tarari-22-23-1-1-768x994.png 768w, https:\/\/agora.xtec.cat\/ceiplacaixa\/wp-content\/uploads\/usu1455\/2025\/05\/Revista-Tarari-22-23-1-1-1187x1536.png 1187w, https:\/\/agora.xtec.cat\/ceiplacaixa\/wp-content\/uploads\/usu1455\/2025\/05\/Revista-Tarari-22-23-1-1.png 1545w\" sizes=\"auto, (max-width: 791px) 100vw, 791px\" \/><\/a>\u00a0<\/strong><\/h4>\n<\/td>\n<td style=\"width: 22.8517%;\">\n<h4 style=\"text-align: center;\"><a href=\"https:\/\/drive.google.com\/file\/d\/1AyWwRAyxHiz0jDVDUGFGOkqJQEtcOOMT\/view?usp=sharing\"><strong><img loading=\"lazy\" decoding=\"async\" class=\"aligncenter size-full wp-image-2645\" src=\"https:\/\/agora.xtec.cat\/ceiplacaixa\/wp-content\/uploads\/usu1455\/2023\/04\/tarari2022.png\" alt=\"\" width=\"615\" height=\"798\" srcset=\"https:\/\/agora.xtec.cat\/ceiplacaixa\/wp-content\/uploads\/usu1455\/2023\/04\/tarari2022.png 615w, https:\/\/agora.xtec.cat\/ceiplacaixa\/wp-content\/uploads\/usu1455\/2023\/04\/tarari2022-231x300.png 231w\" sizes=\"auto, (max-width: 615px) 100vw, 615px\" \/><\/strong><\/a><\/h4>\n<\/td>\n<\/tr>\n<tr>\n<td style=\"width: 27.1954%; text-align: center;\">\n<h4><strong>CURS 2020-2021<\/strong><\/h4>\n<\/td>\n<td style=\"width: 25.307%;\">\n<h4 style=\"text-align: center;\"><strong>CURS 2019-2020<\/strong><\/h4>\n<\/td>\n<td style=\"width: 23.5127%;\">\n<h4 style=\"text-align: center;\"><strong>CURS 2018-2019<\/strong><\/h4>\n<\/td>\n<td style=\"width: 22.8517%;\">\n<h4 style=\"text-align: center;\"><strong>CURS 2017- 2018<\/strong><\/h4>\n<\/td>\n<\/tr>\n<tr>\n<td style=\"width: 27.1954%;\"><a href=\"https:\/\/drive.google.com\/file\/d\/1wMeIr_0zi6auJQVFXE3g7d-pcWHNgOWy\/view?usp=sharing\"><img loading=\"lazy\" decoding=\"async\" class=\"aligncenter wp-image-1258\" src=\"https:\/\/agora.xtec.cat\/ceiplacaixa\/wp-content\/uploads\/usu1455\/2021\/07\/portada-tarar\u00ed.png\" alt=\"\" width=\"197\" height=\"277\" srcset=\"https:\/\/agora.xtec.cat\/ceiplacaixa\/wp-content\/uploads\/usu1455\/2021\/07\/portada-tarar\u00ed.png 452w, https:\/\/agora.xtec.cat\/ceiplacaixa\/wp-content\/uploads\/usu1455\/2021\/07\/portada-tarar\u00ed-214x300.png 214w\" sizes=\"auto, (max-width: 197px) 100vw, 197px\" \/><\/a><\/td>\n<td style=\"width: 25.307%;\"><a href=\"https:\/\/agora.xtec.cat\/ceiplacaixa\/wp-content\/uploads\/usu1455\/2021\/07\/Screenshot_1.jpg\" target=\"_blank\" rel=\"noopener noreferrer\"><img loading=\"lazy\" decoding=\"async\" class=\"alignleft wp-image-1265\" src=\"https:\/\/agora.xtec.cat\/ceiplacaixa\/wp-content\/uploads\/usu1455\/2021\/07\/Screenshot_1-209x300.jpg\" alt=\"\" width=\"197\" height=\"283\" srcset=\"https:\/\/agora.xtec.cat\/ceiplacaixa\/wp-content\/uploads\/usu1455\/2021\/07\/Screenshot_1-209x300.jpg 209w, https:\/\/agora.xtec.cat\/ceiplacaixa\/wp-content\/uploads\/usu1455\/2021\/07\/Screenshot_1.jpg 395w\" sizes=\"auto, (max-width: 197px) 100vw, 197px\" \/><\/a><\/td>\n<td style=\"width: 23.5127%;\"><a href=\"https:\/\/agora.xtec.cat\/ceiplacaixa\/wp-content\/uploads\/usu1455\/2021\/07\/Screenshot_2.jpg\"><img loading=\"lazy\" decoding=\"async\" class=\"alignnone wp-image-1267\" src=\"https:\/\/agora.xtec.cat\/ceiplacaixa\/wp-content\/uploads\/usu1455\/2021\/07\/Screenshot_2-210x300.jpg\" alt=\"\" width=\"197\" height=\"281\" srcset=\"https:\/\/agora.xtec.cat\/ceiplacaixa\/wp-content\/uploads\/usu1455\/2021\/07\/Screenshot_2-210x300.jpg 210w, https:\/\/agora.xtec.cat\/ceiplacaixa\/wp-content\/uploads\/usu1455\/2021\/07\/Screenshot_2.jpg 395w\" sizes=\"auto, (max-width: 197px) 100vw, 197px\" \/><\/a><\/td>\n<td style=\"width: 22.8517%;\"><a href=\"https:\/\/agora.xtec.cat\/ceiplacaixa\/wp-content\/uploads\/usu1455\/2021\/07\/Screenshot_3.jpg\"><img loading=\"lazy\" decoding=\"async\" class=\"alignnone wp-image-1268\" src=\"https:\/\/agora.xtec.cat\/ceiplacaixa\/wp-content\/uploads\/usu1455\/2021\/07\/Screenshot_3-212x300.jpg\" alt=\"\" width=\"197\" height=\"279\" srcset=\"https:\/\/agora.xtec.cat\/ceiplacaixa\/wp-content\/uploads\/usu1455\/2021\/07\/Screenshot_3-212x300.jpg 212w, https:\/\/agora.xtec.cat\/ceiplacaixa\/wp-content\/uploads\/usu1455\/2021\/07\/Screenshot_3.jpg 397w\" sizes=\"auto, (max-width: 197px) 100vw, 197px\" \/><\/a><\/td>\n<\/tr>\n<\/tbody>\n<\/table>\n<table style=\"border-collapse: collapse; width: 100%; height: 64px;\">\n<tbody>\n<tr style=\"height: 32px;\">\n<td style=\"width: 100%; height: 32px; text-align: center;\" colspan=\"2\"><strong>CONTE AUDIOVISUAL &#8211; Sant Jordi 2025<\/strong><strong><br \/><\/strong><\/td>\n<\/tr>\n<tr style=\"height: 32px;\">\n<td style=\"width: 49.865%; height: 32px;\">\n<p style=\"text-align: justify;\">Aquest curs, amb l&#8217;alumnat de 6\u00e8 hem fet un treball molt bonic i intens per crear aquest conte audiovisual.<br \/>Des de l&#8217;\u00e0rea de catal\u00e0 i castell\u00e0 hem treballat com fer un bon redactar treient repeticions, introduint recursos literaris i ampliant vocabulari. Des de l&#8217;\u00e0rea art\u00edstica hem treballat la fotografia i la creaci\u00f3 dels personatges i escenes. A m\u00e9s a m\u00e9s,\u00a0 hem millorar la compet\u00e8ncia digital.<\/p>\n<p style=\"text-align: justify;\">Esperem que gaudiu d&#8217;aquest conte!<\/p>\n<\/td>\n<td style=\"width: 50.135%;\"><iframe loading=\"lazy\" src=\"https:\/\/drive.google.com\/file\/d\/1wJuUGJoHGmiHpBrvjuF4dzbPq5V0x0SK\/preview\" width=\"320\" height=\"240\"><\/iframe><\/td>\n<\/tr>\n<\/tbody>\n<\/table>","protected":false},"excerpt":{"rendered":"<p>2025-2026 Conte audiovisual Disfruteu del conte audiovisual d&#8217;aquest curs 2025-2026 que han realitzat l&#8217;alumnat de 6\u00e8. Ha estat un treball intens des de les diferents \u00e0rees de llengua catalana, llengua castellana per a treballar l&#8217;expressi\u00f3 escrita ampliant vocabulari, refor\u00e7ant l&#8217;\u00fas de recursos literaris i els di\u00e0legs&#8230; I des de l&#8217;\u00e0rea visual i pl\u00e0stica ja que [&hellip;]<\/p>\n","protected":false},"author":3,"featured_media":0,"parent":1488,"menu_order":0,"comment_status":"closed","ping_status":"closed","template":"","meta":{"_bbp_topic_count":0,"_bbp_reply_count":0,"_bbp_total_topic_count":0,"_bbp_total_reply_count":0,"_bbp_voice_count":0,"_bbp_anonymous_reply_count":0,"_bbp_topic_count_hidden":0,"_bbp_reply_count_hidden":0,"_bbp_forum_subforum_count":0,"site-sidebar-layout":"default","site-content-layout":"","ast-site-content-layout":"default","site-content-style":"default","site-sidebar-style":"default","ast-global-header-display":"","ast-banner-title-visibility":"","ast-main-header-display":"","ast-hfb-above-header-display":"","ast-hfb-below-header-display":"","ast-hfb-mobile-header-display":"","site-post-title":"","ast-breadcrumbs-content":"","ast-featured-img":"","footer-sml-layout":"","theme-transparent-header-meta":"","adv-header-id-meta":"","stick-header-meta":"","header-above-stick-meta":"","header-main-stick-meta":"","header-below-stick-meta":"","astra-migrate-meta-layouts":"set","ast-page-background-enabled":"default","ast-page-background-meta":{"desktop":{"background-color":"var(--ast-global-color-4)","background-image":"","background-repeat":"repeat","background-position":"center center","background-size":"auto","background-attachment":"scroll","background-type":"","background-media":"","overlay-type":"","overlay-color":"","overlay-opacity":"","overlay-gradient":""},"tablet":{"background-color":"","background-image":"","background-repeat":"repeat","background-position":"center center","background-size":"auto","background-attachment":"scroll","background-type":"","background-media":"","overlay-type":"","overlay-color":"","overlay-opacity":"","overlay-gradient":""},"mobile":{"background-color":"","background-image":"","background-repeat":"repeat","background-position":"center center","background-size":"auto","background-attachment":"scroll","background-type":"","background-media":"","overlay-type":"","overlay-color":"","overlay-opacity":"","overlay-gradient":""}},"ast-content-background-meta":{"desktop":{"background-color":"var(--ast-global-color-5)","background-image":"","background-repeat":"repeat","background-position":"center center","background-size":"auto","background-attachment":"scroll","background-type":"","background-media":"","overlay-type":"","overlay-color":"","overlay-opacity":"","overlay-gradient":""},"tablet":{"background-color":"var(--ast-global-color-5)","background-image":"","background-repeat":"repeat","background-position":"center center","background-size":"auto","background-attachment":"scroll","background-type":"","background-media":"","overlay-type":"","overlay-color":"","overlay-opacity":"","overlay-gradient":""},"mobile":{"background-color":"var(--ast-global-color-5)","background-image":"","background-repeat":"repeat","background-position":"center center","background-size":"auto","background-attachment":"scroll","background-type":"","background-media":"","overlay-type":"","overlay-color":"","overlay-opacity":"","overlay-gradient":""}},"footnotes":""},"class_list":["post-1257","page","type-page","status-publish","hentry"],"post_mailing_queue_ids":[],"_links":{"self":[{"href":"https:\/\/agora.xtec.cat\/ceiplacaixa\/wp-json\/wp\/v2\/pages\/1257","targetHints":{"allow":["GET"]}}],"collection":[{"href":"https:\/\/agora.xtec.cat\/ceiplacaixa\/wp-json\/wp\/v2\/pages"}],"about":[{"href":"https:\/\/agora.xtec.cat\/ceiplacaixa\/wp-json\/wp\/v2\/types\/page"}],"author":[{"embeddable":true,"href":"https:\/\/agora.xtec.cat\/ceiplacaixa\/wp-json\/wp\/v2\/users\/3"}],"replies":[{"embeddable":true,"href":"https:\/\/agora.xtec.cat\/ceiplacaixa\/wp-json\/wp\/v2\/comments?post=1257"}],"version-history":[{"count":6,"href":"https:\/\/agora.xtec.cat\/ceiplacaixa\/wp-json\/wp\/v2\/pages\/1257\/revisions"}],"predecessor-version":[{"id":4723,"href":"https:\/\/agora.xtec.cat\/ceiplacaixa\/wp-json\/wp\/v2\/pages\/1257\/revisions\/4723"}],"up":[{"embeddable":true,"href":"https:\/\/agora.xtec.cat\/ceiplacaixa\/wp-json\/wp\/v2\/pages\/1488"}],"wp:attachment":[{"href":"https:\/\/agora.xtec.cat\/ceiplacaixa\/wp-json\/wp\/v2\/media?parent=1257"}],"curies":[{"name":"wp","href":"https:\/\/api.w.org\/{rel}","templated":true}]}}