{"id":73,"date":"2019-10-09T09:19:51","date_gmt":"2019-10-09T07:19:51","guid":{"rendered":"http:\/\/agora.xtec.cat\/ceipjosepmadrenys\/?page_id=73"},"modified":"2026-04-29T15:35:39","modified_gmt":"2026-04-29T13:35:39","slug":"menjador-escolar","status":"publish","type":"page","link":"https:\/\/agora.xtec.cat\/ceipjosepmadrenys\/serveis\/menjador-escolar\/","title":{"rendered":"Menjador escolar"},"content":{"rendered":"<p style=\"text-align: center;\"><a href=\"https:\/\/drive.google.com\/file\/d\/1C20j-gOTbZaArtTHlp1wIooYUCjnQYFe\/view?usp=sharing\" target=\"_blank\" rel=\"noopener\"><img loading=\"lazy\" decoding=\"async\" class=\"aligncenter wp-image-3983\" src=\"https:\/\/agora.xtec.cat\/ceipjosepmadrenys\/wp-content\/uploads\/usu1386\/2023\/09\/Screenshot_3-300x289.jpg\" alt=\"\" width=\"137\" height=\"132\" srcset=\"https:\/\/agora.xtec.cat\/ceipjosepmadrenys\/wp-content\/uploads\/usu1386\/2023\/09\/Screenshot_3-300x289.jpg 300w, https:\/\/agora.xtec.cat\/ceipjosepmadrenys\/wp-content\/uploads\/usu1386\/2023\/09\/Screenshot_3.jpg 316w\" sizes=\"auto, (max-width: 137px) 100vw, 137px\" \/><\/a><a href=\"https:\/\/drive.google.com\/file\/d\/1GwnbLyjo0iD-zCEFOE5ixCCzwAgWeIIr\/view?usp=sharing\" target=\"_blank\" rel=\"noopener\">CARTA DE BENVINGUDA SERHS FOOD 25-26<\/a><\/p>\n<p style=\"text-align: center;\"><a href=\"https:\/\/drive.google.com\/file\/d\/1jfvvUuKrnMtvlGBWGPNtbprY043JAKv3\/view?usp=sharing\" target=\"_blank\" rel=\"noopener\">Manual d&#8217;\u00fas de l&#8217;aplicaci\u00f3 SERHS FOOD EDUCA 25-26<\/a><\/p>\n<p style=\"text-align: center;\"><a href=\"https:\/\/drive.google.com\/file\/d\/1uxtlcied73Khtr28NuWuZAtdratwKzcD\/view?usp=sharing\" target=\"_blank\" rel=\"noopener\">Pla de funcionament del menjador (curs 2025-2026)<\/a><\/p>\n<p style=\"text-align: center;\"><a href=\"https:\/\/drive.google.com\/file\/d\/16zPD0qDJKYTFl-v3dC81k0Cox6hOLCnd\/view?usp=sharing\" target=\"_blank\" rel=\"noopener\">Protocol d&#8217;al\u00b7l\u00e8rgies, intoler\u00e0ncies i altres alternatives aliment\u00e0ries<\/a><\/p>\n<p>Aqu\u00ed teniu la presentaci\u00f3 amb informaci\u00f3 del servei de menjador, comentada per les responsables de Serhs Food a la reuni\u00f3 amb les fam\u00edlies realitzada el passat 16 de setembre (enlla\u00e7 clicant a la imatge).<\/p>\n<p><a href=\"https:\/\/drive.google.com\/file\/d\/1JW-MY-GEgVOx0q2m8Cs4J8a5x4U00DTd\/view?usp=sharing\"><img loading=\"lazy\" decoding=\"async\" class=\"aligncenter wp-image-4151 size-full\" src=\"https:\/\/agora.xtec.cat\/ceipjosepmadrenys\/wp-content\/uploads\/usu1386\/2023\/11\/sehrs.png\" alt=\"\" width=\"718\" height=\"405\" srcset=\"https:\/\/agora.xtec.cat\/ceipjosepmadrenys\/wp-content\/uploads\/usu1386\/2023\/11\/sehrs.png 718w, https:\/\/agora.xtec.cat\/ceipjosepmadrenys\/wp-content\/uploads\/usu1386\/2023\/11\/sehrs-300x169.png 300w\" sizes=\"auto, (max-width: 718px) 100vw, 718px\" \/><\/a><\/p>\n<p>&nbsp;<\/p>\n<p><strong>Vies de comunicaci\u00f3:<\/strong><\/p>\n<ul>\n<li><strong>Atenci\u00f3 a les fam\u00edlies<\/strong> (S\u00edlvia, coordinadora de menjador): <strong>664151563 <\/strong>(09:00 h a 09:45 h, dies lectius) amb opci\u00f3 WhatsApp.<\/li>\n<li><strong>Correu electr\u00f2nic menjador: menjador.josepmadrenys@grupserhs.com<\/strong><\/li>\n<li><strong>EN DATES QUE L\u2019ESCOLA ESTIGUI TANCADA PODEU DIRIGIR-VOS A :<br \/>\n<\/strong>Correu electr\u00f2nic: serhsfoodeduca<span style=\"font-family: inherit; font-size: 1em;\">@grupserhs.com (molt important posar l\u2019escola i el nom de l\u2019alumne)<br \/>\n<\/span>C\/ Foneria, 22 \u00b7 08304 MATAR\u00d3 (BARCELONA) Tel. 93.703.28.28<\/li>\n<\/ul>\n<p>*L\u2019horari d\u2019oficina per l\u2019atenci\u00f3 telef\u00f2nica a les fam\u00edlies \u00e9s de 09:00 a 14:00 h. i de 15:00 a 16:00 h. de dilluns a dijous i divendres fins les 15h.<\/p>\n<p><em>*Recordar-vos que NO es poden gestionar les incid\u00e8ncies a trav\u00e9s del centre, ni Direcci\u00f3, ni consergeria, \u00e9s imprescindible que utilitzeu aquestes vies, per a la bona comunicaci\u00f3 i gesti\u00f3 de les incid\u00e8ncies administratives del menjador, d&#8217;aquesta manera fem una atenci\u00f3 m\u00e9s directa i personalitzada a les fam\u00edlies amb la coordinadora i l&#8217;empresa.<\/em><\/p>\n<h5><\/h5>\n<h5 style=\"text-align: center;\"><span style=\"color: #ff6600;\"><strong>MEN\u00da MENSUAL<\/strong><\/span><\/h5>\n<p style=\"text-align: center;\"><a href=\"https:\/\/drive.google.com\/file\/d\/14oBfLvxziK4crw408Xz7bBy0aEjigbBx\/view?usp=sharing\" target=\"_blank\" rel=\"noopener\">SETEMBRE<\/a><\/p>\n<p style=\"text-align: center;\"><a href=\"https:\/\/drive.google.com\/file\/d\/1t3_ZnwvUKLzeRrfBH6K8N-I7pKNn2ro-\/view?usp=sharing\" target=\"_blank\" rel=\"noopener\">OCTUBRE<\/a><\/p>\n<p style=\"text-align: center;\"><a href=\"https:\/\/drive.google.com\/file\/d\/1v5oINoGPrPDSaLmv7C0mCePVDSRsgNPQ\/view?usp=sharing\" target=\"_blank\" rel=\"noopener\">NOVEMBRE<\/a><\/p>\n<p style=\"text-align: center;\"><a href=\"https:\/\/drive.google.com\/file\/d\/1kSxZEJATAU2_KY7R_m8oy1yaOSRmVgmG\/view?usp=sharing\" target=\"_blank\" rel=\"noopener\">DESEMBRE<\/a><\/p>\n<p style=\"text-align: center;\"><a href=\"https:\/\/drive.google.com\/file\/d\/1cyfR3l1vX-aYslpi6k_7zB993gFkBk45\/view?usp=sharing\" target=\"_blank\" rel=\"noopener\">GENER<\/a><\/p>\n<p style=\"text-align: center;\"><a href=\"https:\/\/drive.google.com\/file\/d\/1OpoATH8sOHOnEgVBNp1pRcJXy_7hH4MO\/view?usp=sharing\" target=\"_blank\" rel=\"noopener\">FEBRER<\/a><\/p>\n<p style=\"text-align: center;\"><a href=\"https:\/\/drive.google.com\/file\/d\/1R5j6NeH41tSiOoxwX2-uAffKVvf1da14\/view?usp=sharing\" target=\"_blank\" rel=\"noopener\">MAR\u00c7<\/a><\/p>\n<p style=\"text-align: center;\"><a href=\"https:\/\/drive.google.com\/file\/d\/1oeZV28q_PR4GRG9Hgf1xVScCWHPck8b0\/view?usp=sharing\" target=\"_blank\" rel=\"noopener\">ABRIL<\/a><\/p>\n<p style=\"text-align: center;\"><a href=\"https:\/\/drive.google.com\/file\/d\/1nPII_fyFVo9cIXR6al9JyurPWcuI7Tyg\/view?usp=sharing\" target=\"_blank\" rel=\"noopener\">MAIG<\/a><\/p>\n","protected":false},"excerpt":{"rendered":"<p><a href=\"https:\/\/drive.google.com\/file\/d\/1C20j-gOTbZaArtTHlp1wIooYUCjnQYFe\/view?usp=sharing\" target=\"_blank\" rel=\"noopener\"><\/a><a href=\"https:\/\/drive.google.com\/file\/d\/1GwnbLyjo0iD-zCEFOE5ixCCzwAgWeIIr\/view?usp=sharing\" target=\"_blank\" rel=\"noopener\">CARTA DE BENVINGUDA SERHS FOOD 25-26<\/a><br \/>\n<a href=\"https:\/\/drive.google.com\/file\/d\/1jfvvUuKrnMtvlGBWGPNtbprY043JAKv3\/view?usp=sharing\" target=\"_blank\" rel=\"noopener\">Manual d&#8217;\u00fas de l&#8217;aplicaci\u00f3 SERHS FOOD EDUCA 25-26<\/a><br \/>\n<a href=\"https:\/\/drive.google.com\/file\/d\/1uxtlcied73Khtr28NuWuZAtdratwKzcD\/view?usp=sharing\" target=\"_blank\" rel=\"noopener\">Pla de funcionament del menjador (curs 2025-2026)<\/a><br \/>\n<a href=\"https:\/\/drive.google.com\/file\/d\/16zPD0qDJKYTFl-v3dC81k0Cox6hOLCnd\/view?usp=sharing\" target=\"_blank\" rel=\"noopener\">Protocol d&#8217;al\u00b7l\u00e8rgies, intoler\u00e0ncies i altres alternatives aliment\u00e0ries<\/a><br \/>\nAqu\u00ed teniu la presentaci\u00f3 amb informaci\u00f3&hellip;  <a href=\"https:\/\/agora.xtec.cat\/ceipjosepmadrenys\/serveis\/menjador-escolar\/\" title=\"Read Menjador escolar\">Llegeix m\u00e9s\u00bb<\/a><\/p>\n","protected":false},"author":1,"featured_media":0,"parent":66,"menu_order":20,"comment_status":"closed","ping_status":"closed","template":"page-templates\/side-menu.php","meta":{"_bbp_topic_count":0,"_bbp_reply_count":0,"_bbp_total_topic_count":0,"_bbp_total_reply_count":0,"_bbp_voice_count":0,"_bbp_anonymous_reply_count":0,"_bbp_topic_count_hidden":0,"_bbp_reply_count_hidden":0,"_bbp_forum_subforum_count":0,"footnotes":""},"class_list":["post-73","page","type-page","status-publish","hentry"],"post_mailing_queue_ids":[],"_links":{"self":[{"href":"https:\/\/agora.xtec.cat\/ceipjosepmadrenys\/wp-json\/wp\/v2\/pages\/73","targetHints":{"allow":["GET"]}}],"collection":[{"href":"https:\/\/agora.xtec.cat\/ceipjosepmadrenys\/wp-json\/wp\/v2\/pages"}],"about":[{"href":"https:\/\/agora.xtec.cat\/ceipjosepmadrenys\/wp-json\/wp\/v2\/types\/page"}],"author":[{"embeddable":true,"href":"https:\/\/agora.xtec.cat\/ceipjosepmadrenys\/wp-json\/wp\/v2\/users\/1"}],"replies":[{"embeddable":true,"href":"https:\/\/agora.xtec.cat\/ceipjosepmadrenys\/wp-json\/wp\/v2\/comments?post=73"}],"version-history":[{"count":7,"href":"https:\/\/agora.xtec.cat\/ceipjosepmadrenys\/wp-json\/wp\/v2\/pages\/73\/revisions"}],"predecessor-version":[{"id":5624,"href":"https:\/\/agora.xtec.cat\/ceipjosepmadrenys\/wp-json\/wp\/v2\/pages\/73\/revisions\/5624"}],"up":[{"embeddable":true,"href":"https:\/\/agora.xtec.cat\/ceipjosepmadrenys\/wp-json\/wp\/v2\/pages\/66"}],"wp:attachment":[{"href":"https:\/\/agora.xtec.cat\/ceipjosepmadrenys\/wp-json\/wp\/v2\/media?parent=73"}],"curies":[{"name":"wp","href":"https:\/\/api.w.org\/{rel}","templated":true}]}}