{"id":5323,"date":"2025-10-03T16:24:17","date_gmt":"2025-10-03T14:24:17","guid":{"rendered":"https:\/\/agora.xtec.cat\/ceipjosepmadrenys\/?page_id=5323"},"modified":"2025-10-03T16:35:34","modified_gmt":"2025-10-03T14:35:34","slug":"estrategia-digital-de-centre-pla-de-digitalitzacio-responsable","status":"publish","type":"page","link":"https:\/\/agora.xtec.cat\/ceipjosepmadrenys\/estrategia-digital-de-centre\/estrategia-digital-de-centre-pla-de-digitalitzacio-responsable\/","title":{"rendered":"PLA DE DIGITALITZACI\u00d3 RESPONSABLE"},"content":{"rendered":"<div>El Departament d\u2019Educaci\u00f3 i Formaci\u00f3 Professional ha impulsat el\u00a0<a href=\"https:\/\/objenv.gencat.cat\/v4\/public\/estadisticas\/link\/gencat_educacio\/2089\/1\/11813\/13461caf38cff30f5323a8a6ab389b2c\/\" target=\"_blank\" rel=\"noopener\" data-saferedirecturl=\"https:\/\/www.google.com\/url?q=https:\/\/objenv.gencat.cat\/v4\/public\/estadisticas\/link\/gencat_educacio\/2089\/1\/11813\/13461caf38cff30f5323a8a6ab389b2c\/&amp;source=gmail&amp;ust=1759587508714000&amp;usg=AOvVaw03uzeMbq1DR9_RSO9bVodE\">Pla de digitalitzaci\u00f3 responsable<\/a>, amb l\u2019objectiu d\u2019assegurar que l\u2019alumnat adquireix la compet\u00e8ncia digital, i de promoure un \u00fas adequat, \u00e8tic, saludable i responsable dels dispositius, per posar-los al servei de l&#8217;aprenentatge.<\/div>\n<div><\/div>\n<div>El Pla de digitalitzaci\u00f3 responsable interpel\u00b7la tota la comunitat educativa, i especialment les fam\u00edlies. Per aquest motiu, s&#8217;ha elaborat una guia per acompanyar-les en el proc\u00e9s de digitalitzaci\u00f3 responsable dels seus fills i filles. Us compartim aquesta guia que trobareu al seg\u00fcent enlla\u00e7.<\/div>\n<div><\/div>\n<div><a href=\"https:\/\/drive.google.com\/file\/d\/1TOOiVuVSbACOtNzxjMZTPS4HXgmfL_mf\/view?usp=sharing\" target=\"_blank\" rel=\"noopener\" data-saferedirecturl=\"https:\/\/www.google.com\/url?q=https:\/\/objenv.gencat.cat\/v4\/public\/estadisticas\/link\/gencat_educacio\/2089\/2\/11813\/13461caf38cff30f5323a8a6ab389b2c\/&amp;source=gmail&amp;ust=1759587508714000&amp;usg=AOvVaw2yB3CqeA7fV3INOcMVYFgW\">Guia per acompanyar les fam\u00edlies del Pla de digitalitzaci\u00f3 responsable<\/a><\/div>\n<div><\/div>\n<div>Aix\u00ed mateix, podeu consultar la seg\u00fcent presentaci\u00f3 i v\u00eddeo resum per con\u00e8ixer les mesures principals del Pla de digitalitzaci\u00f3 responsable:<\/div>\n<ul>\n<li>\n<div><a href=\"https:\/\/objenv.gencat.cat\/v4\/public\/estadisticas\/link\/gencat_educacio\/2089\/3\/11813\/13461caf38cff30f5323a8a6ab389b2c\/\" target=\"_blank\" rel=\"noopener\" data-saferedirecturl=\"https:\/\/www.google.com\/url?q=https:\/\/objenv.gencat.cat\/v4\/public\/estadisticas\/link\/gencat_educacio\/2089\/3\/11813\/13461caf38cff30f5323a8a6ab389b2c\/&amp;source=gmail&amp;ust=1759587508714000&amp;usg=AOvVaw2Wx32skPAIVCJrDosmEknP\">una presentaci\u00f3<\/a>\u00a0on s\u2019expliquen les mesures principals del Pla, i<\/div>\n<\/li>\n<li>\n<div><a href=\"https:\/\/objenv.gencat.cat\/v4\/public\/estadisticas\/link\/gencat_educacio\/2089\/4\/11813\/13461caf38cff30f5323a8a6ab389b2c\/\" target=\"_blank\" rel=\"noopener\" data-saferedirecturl=\"https:\/\/www.google.com\/url?q=https:\/\/objenv.gencat.cat\/v4\/public\/estadisticas\/link\/gencat_educacio\/2089\/4\/11813\/13461caf38cff30f5323a8a6ab389b2c\/&amp;source=gmail&amp;ust=1759587508714000&amp;usg=AOvVaw146Byy11np-Af5kWzWLXnq\">un v\u00eddeo resum<\/a>\u00a0de la iniciativa.<\/div>\n<\/li>\n<\/ul>\n<div>\u00a0Departament d&#8217;Educaci\u00f3 i Formaci\u00f3 Professional<\/div>\n","protected":false},"excerpt":{"rendered":"<p>El Departament d\u2019Educaci\u00f3 i Formaci\u00f3 Professional ha impulsat el\u00a0<a href=\"https:\/\/objenv.gencat.cat\/v4\/public\/estadisticas\/link\/gencat_educacio\/2089\/1\/11813\/13461caf38cff30f5323a8a6ab389b2c\/\" target=\"_blank\" rel=\"noopener\" data-saferedirecturl=\"https:\/\/www.google.com\/url?q=https:\/\/objenv.gencat.cat\/v4\/public\/estadisticas\/link\/gencat_educacio\/2089\/1\/11813\/13461caf38cff30f5323a8a6ab389b2c\/&amp;source=gmail&amp;ust=1759587508714000&amp;usg=AOvVaw03uzeMbq1DR9_RSO9bVodE\">Pla de digitalitzaci\u00f3 responsable<\/a>, amb l\u2019objectiu d\u2019assegurar que l\u2019alumnat adquireix la compet\u00e8ncia digital, i de promoure un \u00fas adequat, \u00e8tic, saludable i responsable dels dispositius, per posar-los al servei de l&#8217;aprenentatge.<\/p>\n<p>El Pla de&hellip;  <a href=\"https:\/\/agora.xtec.cat\/ceipjosepmadrenys\/estrategia-digital-de-centre\/estrategia-digital-de-centre-pla-de-digitalitzacio-responsable\/\" title=\"Read PLA DE DIGITALITZACI\u00d3 RESPONSABLE\">Llegeix m\u00e9s\u00bb<\/a><\/p>\n","protected":false},"author":1,"featured_media":0,"parent":3116,"menu_order":0,"comment_status":"closed","ping_status":"closed","template":"","meta":{"_bbp_topic_count":0,"_bbp_reply_count":0,"_bbp_total_topic_count":0,"_bbp_total_reply_count":0,"_bbp_voice_count":0,"_bbp_anonymous_reply_count":0,"_bbp_topic_count_hidden":0,"_bbp_reply_count_hidden":0,"_bbp_forum_subforum_count":0,"footnotes":""},"class_list":["post-5323","page","type-page","status-publish","hentry"],"post_mailing_queue_ids":[],"_links":{"self":[{"href":"https:\/\/agora.xtec.cat\/ceipjosepmadrenys\/wp-json\/wp\/v2\/pages\/5323","targetHints":{"allow":["GET"]}}],"collection":[{"href":"https:\/\/agora.xtec.cat\/ceipjosepmadrenys\/wp-json\/wp\/v2\/pages"}],"about":[{"href":"https:\/\/agora.xtec.cat\/ceipjosepmadrenys\/wp-json\/wp\/v2\/types\/page"}],"author":[{"embeddable":true,"href":"https:\/\/agora.xtec.cat\/ceipjosepmadrenys\/wp-json\/wp\/v2\/users\/1"}],"replies":[{"embeddable":true,"href":"https:\/\/agora.xtec.cat\/ceipjosepmadrenys\/wp-json\/wp\/v2\/comments?post=5323"}],"version-history":[{"count":2,"href":"https:\/\/agora.xtec.cat\/ceipjosepmadrenys\/wp-json\/wp\/v2\/pages\/5323\/revisions"}],"predecessor-version":[{"id":5326,"href":"https:\/\/agora.xtec.cat\/ceipjosepmadrenys\/wp-json\/wp\/v2\/pages\/5323\/revisions\/5326"}],"up":[{"embeddable":true,"href":"https:\/\/agora.xtec.cat\/ceipjosepmadrenys\/wp-json\/wp\/v2\/pages\/3116"}],"wp:attachment":[{"href":"https:\/\/agora.xtec.cat\/ceipjosepmadrenys\/wp-json\/wp\/v2\/media?parent=5323"}],"curies":[{"name":"wp","href":"https:\/\/api.w.org\/{rel}","templated":true}]}}