{"id":4973,"date":"2025-02-07T15:25:39","date_gmt":"2025-02-07T14:25:39","guid":{"rendered":"https:\/\/agora.xtec.cat\/ceipjosepmadrenys\/?page_id=4973"},"modified":"2026-04-27T15:14:33","modified_gmt":"2026-04-27T13:14:33","slug":"tastets-de-pedagogia","status":"publish","type":"page","link":"https:\/\/agora.xtec.cat\/ceipjosepmadrenys\/tastets-de-pedagogia\/","title":{"rendered":"Tastets de pedagogia"},"content":{"rendered":"<p dir=\"ltr\">Benvolgudes fam\u00edlies,<\/p>\n<p dir=\"ltr\">Us convidem a visitar un nou apartat de la p\u00e0gina web de l&#8217;escola &#8220;Tastets de pedagogia&#8221;, on us compartirem fragments de xerrades d\u2019experts\/es en pedagogia, psicologia, neurologia i professionals de renom relacionats amb l&#8217;educaci\u00f3.<\/p>\n<p dir=\"ltr\">El nostre treball a l&#8217;aula t\u00e9 en compte els diferents principis pedag\u00f2gics i estrat\u00e8gies metodol\u00f2giques que comenten aquests experts\/es.<\/p>\n<p dir=\"ltr\">A principis de cada mes trobareu publicat un nou article.<\/p>\n<div>Esperem que sigui del vostre inter\u00e8s.<\/div>\n<div><\/div>\n<div>\n<hr \/>\n<\/div>\n<h4><b>David Bueno: &#8220;L&#8217;autoconfian\u00e7a \u00e9s clau per desenvolupar el TALENT&#8221; &#8211; La Comunitat<br \/>\n<iframe loading=\"lazy\" title=\"YouTube video player\" src=\"https:\/\/www.youtube.com\/embed\/uWQRKSDdcNs?si=3OabivWaHqj6D1UZ\" width=\"560\" height=\"315\" frameborder=\"0\" allowfullscreen=\"allowfullscreen\"><\/iframe><\/b><\/h4>\n<h4><b>Qu\u00e8 implica passar el poder de l&#8217;avaluaci\u00f3 als aprenents? Neus Sanmart\u00ed<br \/>\n<iframe loading=\"lazy\" title=\"YouTube video player\" src=\"https:\/\/www.youtube.com\/embed\/AfmUB4csp24?si=jVVa4bi8xwTLvQVr\" width=\"560\" height=\"315\" frameborder=\"0\" allowfullscreen=\"allowfullscreen\"><\/iframe><\/b><\/h4>\n<h4><b>Entrevista amb David Duran, expert en aprenentatge entre iguals (Aprenentatge cooperatiu)<\/b><\/h4>\n<p><iframe loading=\"lazy\" title=\"YouTube video player\" src=\"https:\/\/www.youtube.com\/embed\/wp9NJzyoOgE?si=Fl415CITjBm6VM11\" width=\"560\" height=\"315\" frameborder=\"0\" allowfullscreen=\"allowfullscreen\"><\/iframe><\/p>\n<h4><b>David Bueno: &#8220;Hem d&#8217;educar el cervell. \u00c9s la nostra principal eina de relaci\u00f3 social&#8221; &#8211; Col\u00b7lapse<\/b><\/h4>\n<p><iframe loading=\"lazy\" title=\"YouTube video player\" src=\"https:\/\/www.youtube.com\/embed\/747tT3YJEFM?si=iOe5dJpSvY2iO6XB\" width=\"560\" height=\"315\" frameborder=\"0\" allowfullscreen=\"allowfullscreen\"><\/iframe><\/p>\n<h4><b>Conversa sobre el cicle de l&#8217;aprenentatge: Conxita M\u00e1rquez i Xavi Geis.<\/b><\/h4>\n<p><iframe loading=\"lazy\" title=\"YouTube video player\" src=\"https:\/\/www.youtube.com\/embed\/onK0C-Jmxt4?si=19_SKTxhK1jSn6xW\" width=\"560\" height=\"315\" frameborder=\"0\" allowfullscreen=\"allowfullscreen\"><\/iframe><\/p>\n<h4><\/h4>\n<h4><b>Conversa sobre el cicle de l&#8217;aprenentatge: Neus Sanmart\u00ed (UAB) i David Bueno (UB).<\/b><\/h4>\n<p><iframe loading=\"lazy\" title=\"YouTube video player\" src=\"https:\/\/www.youtube.com\/embed\/22-38QyyyuY?si=uATHVdTTw6RSgD7E\" width=\"560\" height=\"315\" frameborder=\"0\" allowfullscreen=\"allowfullscreen\"><\/iframe><\/p>\n<h4><\/h4>\n<h4><b>Avaluar per aprendre (Neus Sanmart\u00ed)\u00a0<\/b><\/h4>\n<p><i><span style=\"font-weight: 400;\">\u201cAvaluar \u00e9s molt m\u00e9s que posar una nota a final de trimestre\u201d.<\/span><\/i><\/p>\n<p><span style=\"font-weight: 400;\">En aquest fragment, la Neus Sanmart\u00ed ens explica qu\u00e8 \u00e9s per a ella l\u2019avaluaci\u00f3 i qu\u00e8 ent\u00e9n per avaluar.<\/span><\/p>\n<p><iframe loading=\"lazy\" title=\"Avaluar per aprendre, Neus Sanmart\u00ed\" width=\"500\" height=\"281\" src=\"https:\/\/www.youtube.com\/embed\/v16EoFjeqN0?list=PLW0vA8ekmz8QDyphDv_mxZG2Q2ad-TxlH\" frameborder=\"0\" allow=\"accelerometer; autoplay; clipboard-write; encrypted-media; gyroscope; picture-in-picture; web-share\" referrerpolicy=\"strict-origin-when-cross-origin\" allowfullscreen><\/iframe><\/p>\n","protected":false},"excerpt":{"rendered":"<p>Benvolgudes fam\u00edlies,<br \/>\nUs convidem a visitar un nou apartat de la p\u00e0gina web de l&#8217;escola &#8220;Tastets de pedagogia&#8221;, on us compartirem fragments de xerrades d\u2019experts\/es en pedagogia, psicologia, neurologia i professionals de renom relacionats amb l&#8217;educaci\u00f3.<br \/>\nEl nostre treball a l&#8217;aula t\u00e9 en compte els diferents principis&hellip;  <a href=\"https:\/\/agora.xtec.cat\/ceipjosepmadrenys\/tastets-de-pedagogia\/\" title=\"Read Tastets de pedagogia\">Llegeix m\u00e9s\u00bb<\/a><\/p>\n","protected":false},"author":1,"featured_media":0,"parent":0,"menu_order":0,"comment_status":"closed","ping_status":"closed","template":"","meta":{"_bbp_topic_count":0,"_bbp_reply_count":0,"_bbp_total_topic_count":0,"_bbp_total_reply_count":0,"_bbp_voice_count":0,"_bbp_anonymous_reply_count":0,"_bbp_topic_count_hidden":0,"_bbp_reply_count_hidden":0,"_bbp_forum_subforum_count":0,"footnotes":""},"class_list":["post-4973","page","type-page","status-publish","hentry"],"post_mailing_queue_ids":[],"_links":{"self":[{"href":"https:\/\/agora.xtec.cat\/ceipjosepmadrenys\/wp-json\/wp\/v2\/pages\/4973","targetHints":{"allow":["GET"]}}],"collection":[{"href":"https:\/\/agora.xtec.cat\/ceipjosepmadrenys\/wp-json\/wp\/v2\/pages"}],"about":[{"href":"https:\/\/agora.xtec.cat\/ceipjosepmadrenys\/wp-json\/wp\/v2\/types\/page"}],"author":[{"embeddable":true,"href":"https:\/\/agora.xtec.cat\/ceipjosepmadrenys\/wp-json\/wp\/v2\/users\/1"}],"replies":[{"embeddable":true,"href":"https:\/\/agora.xtec.cat\/ceipjosepmadrenys\/wp-json\/wp\/v2\/comments?post=4973"}],"version-history":[{"count":6,"href":"https:\/\/agora.xtec.cat\/ceipjosepmadrenys\/wp-json\/wp\/v2\/pages\/4973\/revisions"}],"predecessor-version":[{"id":5621,"href":"https:\/\/agora.xtec.cat\/ceipjosepmadrenys\/wp-json\/wp\/v2\/pages\/4973\/revisions\/5621"}],"wp:attachment":[{"href":"https:\/\/agora.xtec.cat\/ceipjosepmadrenys\/wp-json\/wp\/v2\/media?parent=4973"}],"curies":[{"name":"wp","href":"https:\/\/api.w.org\/{rel}","templated":true}]}}