{"id":3116,"date":"2022-09-23T14:54:03","date_gmt":"2022-09-23T12:54:03","guid":{"rendered":"https:\/\/agora.xtec.cat\/ceipjosepmadrenys\/?page_id=3116"},"modified":"2025-10-03T16:24:48","modified_gmt":"2025-10-03T14:24:48","slug":"estrategia-digital-de-centre","status":"publish","type":"page","link":"https:\/\/agora.xtec.cat\/ceipjosepmadrenys\/estrategia-digital-de-centre\/","title":{"rendered":"ESTRAT\u00c8GIA DIGITAL DE CENTRE"},"content":{"rendered":"<p>L&#8217;estrat\u00e8gia digital de centre (EDC) defineix i concreta les l\u00ednies d&#8217;actuaci\u00f3 d&#8217;un centre que fan possible que docents, alumnat i centre assoleixin la compet\u00e8ncia digital. Per aconseguir aquesta compet\u00e8ncia digital, l&#8217;EDC compr\u00e8n tots els \u00e0mbits del centre: organitzatius, metodol\u00f2gics, curriculars i comunicatius, els quals s&#8217;han de veure necess\u00e0riament implicats i, si escau, transformats, des d\u2019una perspectiva d&#8217;innovaci\u00f3 i de millora cont\u00ednua.<\/p>\n<p>Els objectius de l&#8217;EDC es poden agrupar en cinc \u00e0mbits, que tenen com a fita el m\u00e0xim assoliment de la compet\u00e8ncia digital de l\u2019alumnat, del professorat i del centre:<\/p>\n<ul>\n<li>Assoliment de la compet\u00e8ncia digital<\/li>\n<li>Planificaci\u00f3 estrat\u00e8gica i organitzaci\u00f3<\/li>\n<li>Metodologies did\u00e0ctiques i innovaci\u00f3<\/li>\n<li>Inclusi\u00f3 digital i de g\u00e8nere<\/li>\n<li>Seguretat i protecci\u00f3 de dades<\/li>\n<\/ul>\n<table style=\"border-collapse: collapse; width: 100.135%; height: 228px;\">\n<tbody>\n<tr style=\"height: 38px;\">\n<td style=\"width: 100%; text-align: center; height: 38px;\" colspan=\"2\"><a href=\"https:\/\/sites.google.com\/escolajosepmadrenys.cat\/edc\/\" target=\"_blank\" rel=\"noopener\">ESTRAT\u00c8GIA DIGITAL DE CENTRE<\/a><\/td>\n<\/tr>\n<tr style=\"height: 38px;\">\n<td style=\"width: 50%; height: 76px;\" rowspan=\"2\">ESTRAT\u00c8GIA DIGITAL<\/td>\n<td style=\"width: 50%; height: 38px;\">DIAGNOSI<\/td>\n<\/tr>\n<tr style=\"height: 38px;\">\n<td style=\"width: 50%; height: 38px;\">OBJECTIUS<\/td>\n<\/tr>\n<tr style=\"height: 38px;\">\n<td style=\"width: 50%; height: 114px;\" rowspan=\"3\">CULTURA DIGITAL<\/td>\n<td style=\"width: 50%; height: 38px;\">DESCRIPCI\u00d3 DE SERVEIS<\/td>\n<\/tr>\n<tr style=\"height: 38px;\">\n<td style=\"width: 50%; height: 38px;\">ACORDS DE CLAUSTRE I CONSELL<\/td>\n<\/tr>\n<tr style=\"height: 38px;\">\n<td style=\"width: 50%; height: 38px;\">ACOLLIDA DIGITAL<\/td>\n<\/tr>\n<tr>\n<td style=\"width: 50%;\" colspan=\"2\"><a href=\"https:\/\/agora.xtec.cat\/ceipjosepmadrenys\/estrategia-digital-de-centre\/estrategia-digital-de-centre-pla-de-digitalitzacio-responsable\/\" target=\"_blank\" rel=\"noopener\">PLA DE DIGITALITZACI\u00d3 RESPONSABLE<\/a><\/td>\n<\/tr>\n<\/tbody>\n<\/table>\n<p>&nbsp;<\/p>\n<p style=\"text-align: center;\"><strong>ENLLA\u00c7OS R\u00c0PIDS<\/strong><\/p>\n<p><a href=\"https:\/\/docs.google.com\/document\/d\/1Z9CkKMstN-uuXXdS3Fq6UPwimfyA4PW1s0MMFaNsF10\/pub\" target=\"_blank\" rel=\"noopener\"><img loading=\"lazy\" decoding=\"async\" class=\"alignleft wp-image-3951\" src=\"https:\/\/agora.xtec.cat\/ceipjosepmadrenys\/wp-content\/uploads\/usu1386\/2023\/09\/1-300x300.png\" alt=\"\" width=\"196\" height=\"196\" srcset=\"https:\/\/agora.xtec.cat\/ceipjosepmadrenys\/wp-content\/uploads\/usu1386\/2023\/09\/1-300x300.png 300w, https:\/\/agora.xtec.cat\/ceipjosepmadrenys\/wp-content\/uploads\/usu1386\/2023\/09\/1-150x150.png 150w, https:\/\/agora.xtec.cat\/ceipjosepmadrenys\/wp-content\/uploads\/usu1386\/2023\/09\/1.png 500w\" sizes=\"auto, (max-width: 196px) 100vw, 196px\" \/><\/a> <a href=\"https:\/\/docs.google.com\/document\/d\/1DH7ANBb5oSpV6NLzmy2wVYrqOnZfklh4KPJVkCclWn0\/edit\" target=\"_blank\" rel=\"noopener\"><img loading=\"lazy\" decoding=\"async\" class=\"alignleft wp-image-3953\" src=\"https:\/\/agora.xtec.cat\/ceipjosepmadrenys\/wp-content\/uploads\/usu1386\/2023\/09\/3-300x300.png\" alt=\"\" width=\"196\" height=\"196\" srcset=\"https:\/\/agora.xtec.cat\/ceipjosepmadrenys\/wp-content\/uploads\/usu1386\/2023\/09\/3-300x300.png 300w, https:\/\/agora.xtec.cat\/ceipjosepmadrenys\/wp-content\/uploads\/usu1386\/2023\/09\/3-150x150.png 150w, https:\/\/agora.xtec.cat\/ceipjosepmadrenys\/wp-content\/uploads\/usu1386\/2023\/09\/3.png 500w\" sizes=\"auto, (max-width: 196px) 100vw, 196px\" \/><\/a><a href=\"https:\/\/agora.xtec.cat\/ceipjosepmadrenys\/benestar-digital\/\" target=\"_blank\" rel=\"noopener\"><img loading=\"lazy\" decoding=\"async\" class=\"alignleft wp-image-4813\" src=\"https:\/\/agora.xtec.cat\/ceipjosepmadrenys\/wp-content\/uploads\/usu1386\/2024\/11\/ACOLLIDA-DIGITAL-300x300.png\" alt=\"\" width=\"197\" height=\"197\" srcset=\"https:\/\/agora.xtec.cat\/ceipjosepmadrenys\/wp-content\/uploads\/usu1386\/2024\/11\/ACOLLIDA-DIGITAL-300x300.png 300w, https:\/\/agora.xtec.cat\/ceipjosepmadrenys\/wp-content\/uploads\/usu1386\/2024\/11\/ACOLLIDA-DIGITAL-150x150.png 150w, https:\/\/agora.xtec.cat\/ceipjosepmadrenys\/wp-content\/uploads\/usu1386\/2024\/11\/ACOLLIDA-DIGITAL.png 500w\" sizes=\"auto, (max-width: 197px) 100vw, 197px\" \/><\/a><a href=\"https:\/\/drive.google.com\/file\/d\/11HtMsjfXrz1PDjw-Sj3mq9ApeN_hGuMK\/view\" target=\"_blank\" rel=\"noopener\"><img loading=\"lazy\" decoding=\"async\" class=\"alignleft wp-image-3955\" src=\"https:\/\/agora.xtec.cat\/ceipjosepmadrenys\/wp-content\/uploads\/usu1386\/2023\/09\/ACOLLIDA-DIGITAL-300x300.png\" alt=\"\" width=\"196\" height=\"196\" srcset=\"https:\/\/agora.xtec.cat\/ceipjosepmadrenys\/wp-content\/uploads\/usu1386\/2023\/09\/ACOLLIDA-DIGITAL-300x300.png 300w, https:\/\/agora.xtec.cat\/ceipjosepmadrenys\/wp-content\/uploads\/usu1386\/2023\/09\/ACOLLIDA-DIGITAL-150x150.png 150w, https:\/\/agora.xtec.cat\/ceipjosepmadrenys\/wp-content\/uploads\/usu1386\/2023\/09\/ACOLLIDA-DIGITAL.png 500w\" sizes=\"auto, (max-width: 196px) 100vw, 196px\" \/><\/a><\/p>\n","protected":false},"excerpt":{"rendered":"<p>L&#8217;estrat\u00e8gia digital de centre (EDC) defineix i concreta les l\u00ednies d&#8217;actuaci\u00f3 d&#8217;un centre que fan possible que docents, alumnat i centre assoleixin la compet\u00e8ncia digital. Per aconseguir aquesta compet\u00e8ncia digital, l&#8217;EDC compr\u00e8n tots els \u00e0mbits del centre: organitzatius, metodol\u00f2gics, curriculars i comunicatius, els quals s&#8217;han&hellip;  <a href=\"https:\/\/agora.xtec.cat\/ceipjosepmadrenys\/estrategia-digital-de-centre\/\" title=\"Read ESTRAT\u00c8GIA DIGITAL DE CENTRE\">Llegeix m\u00e9s\u00bb<\/a><\/p>\n","protected":false},"author":1,"featured_media":0,"parent":0,"menu_order":0,"comment_status":"closed","ping_status":"closed","template":"","meta":{"_bbp_topic_count":0,"_bbp_reply_count":0,"_bbp_total_topic_count":0,"_bbp_total_reply_count":0,"_bbp_voice_count":0,"_bbp_anonymous_reply_count":0,"_bbp_topic_count_hidden":0,"_bbp_reply_count_hidden":0,"_bbp_forum_subforum_count":0,"footnotes":""},"class_list":["post-3116","page","type-page","status-publish","hentry"],"post_mailing_queue_ids":[],"_links":{"self":[{"href":"https:\/\/agora.xtec.cat\/ceipjosepmadrenys\/wp-json\/wp\/v2\/pages\/3116","targetHints":{"allow":["GET"]}}],"collection":[{"href":"https:\/\/agora.xtec.cat\/ceipjosepmadrenys\/wp-json\/wp\/v2\/pages"}],"about":[{"href":"https:\/\/agora.xtec.cat\/ceipjosepmadrenys\/wp-json\/wp\/v2\/types\/page"}],"author":[{"embeddable":true,"href":"https:\/\/agora.xtec.cat\/ceipjosepmadrenys\/wp-json\/wp\/v2\/users\/1"}],"replies":[{"embeddable":true,"href":"https:\/\/agora.xtec.cat\/ceipjosepmadrenys\/wp-json\/wp\/v2\/comments?post=3116"}],"version-history":[{"count":6,"href":"https:\/\/agora.xtec.cat\/ceipjosepmadrenys\/wp-json\/wp\/v2\/pages\/3116\/revisions"}],"predecessor-version":[{"id":5325,"href":"https:\/\/agora.xtec.cat\/ceipjosepmadrenys\/wp-json\/wp\/v2\/pages\/3116\/revisions\/5325"}],"wp:attachment":[{"href":"https:\/\/agora.xtec.cat\/ceipjosepmadrenys\/wp-json\/wp\/v2\/media?parent=3116"}],"curies":[{"name":"wp","href":"https:\/\/api.w.org\/{rel}","templated":true}]}}