{"id":708,"date":"2017-01-19T15:44:14","date_gmt":"2017-01-19T14:44:14","guid":{"rendered":"http:\/\/agora.xtec.cat\/ceipjoanotalisanda\/?page_id=708"},"modified":"2024-02-29T13:49:31","modified_gmt":"2024-02-29T12:49:31","slug":"festa-major","status":"publish","type":"page","link":"https:\/\/agora.xtec.cat\/ceipjoanotalisanda\/festes-i-projectes-descola\/festa-major\/","title":{"rendered":"Festa Major"},"content":{"rendered":"<p style=\"text-align: justify;\">A final de curs celebrem la Festa Major. \u00c9s una celebraci\u00f3 molt especial ja que fem l&#8217;acomiadament del curs i dels nens i nenes de 6\u00e8 que acaben la seva etapa al Joanot Alisanda. Alhora, donem la benvinguda als infants que el curs seg\u00fcent comen\u00e7aran EI3.<\/p>\n<p style=\"text-align: justify;\">Quantes emocions! Als nens i nenes de 6\u00e8 els fa molta il\u00b7lusi\u00f3 fer-se grans, tenen grans expectatives pel que fa al seu futur per\u00f2 tamb\u00e9 els venen sentiments contradictoris ja que saben que deixen enrere una etapa molt important de la seva vida. \u00c9s per aquest motiu, que fem un bon acomiadament. Al mat\u00ed, amb tots els companys\/es de l&#8217;escola i, sobretot, amb els qui han sigut els seus fillols.<\/p>\n<p style=\"text-align: justify;\"><a href=\"http:\/\/agora.xtec.cat\/ceipjoanotalisanda\/wp-content\/uploads\/usu1478\/2017\/01\/IMG_2424.jpg\"><img loading=\"lazy\" decoding=\"async\" class=\"wp-image-794 aligncenter\" src=\"http:\/\/agora.xtec.cat\/ceipjoanotalisanda\/wp-content\/uploads\/usu1478\/2017\/01\/IMG_2424.jpg\" alt=\"img_2424\" width=\"387\" height=\"290\" srcset=\"https:\/\/agora.xtec.cat\/ceipjoanotalisanda\/wp-content\/uploads\/usu1478\/2017\/01\/IMG_2424.jpg 800w, https:\/\/agora.xtec.cat\/ceipjoanotalisanda\/wp-content\/uploads\/usu1478\/2017\/01\/IMG_2424-300x225.jpg 300w, https:\/\/agora.xtec.cat\/ceipjoanotalisanda\/wp-content\/uploads\/usu1478\/2017\/01\/IMG_2424-768x576.jpg 768w, https:\/\/agora.xtec.cat\/ceipjoanotalisanda\/wp-content\/uploads\/usu1478\/2017\/01\/IMG_2424-200x150.jpg 200w\" sizes=\"auto, (max-width: 387px) 100vw, 387px\" \/><\/a><\/p>\n<p style=\"text-align: justify;\">A la tarda, \u00e9s el torn d&#8217;acomiadar-se amb les fam\u00edlies de l&#8217;escola i amb els\/les mestres que han tingut durant tots aquests anys.<\/p>\n<p style=\"text-align: justify;\">Abans de marxar per\u00f2, tenen una tasca molt important! Ajuden a les noves fam\u00edlies i al futur alumnat del Joanot a con\u00e8ixer una mica l&#8217;escola.<\/p>\n<p style=\"text-align: justify;\">\u00c9s un moment de nervis per als futurs infants d&#8217;EI3. Avui coneixeran els qui seran els seus padrins i padrines fins a EI5. \u00c9s el primer contacte. Els padrins i padrines han preparat unes motxilles precioses personalitzades i es coneixen. Tot plegat els fa molta il\u00b7lusi\u00f3 per\u00f2 tamb\u00e9 una mica de vergonya!!!<\/p>\n<p style=\"text-align: justify;\">Despr\u00e9s de tots aquests moments tan emotius \u00e9s l&#8217;hora de fer gresca. Un bon berenar i m\u00fasica!!!!<\/p>\n<p style=\"text-align: justify;\">La festa conclou amb un castell de focs espectacular!<\/p>\n<p><a href=\"https:\/\/agora.xtec.cat\/ceipjoanotalisanda\/wp-content\/uploads\/usu1478\/2024\/02\/Sin-titulo.jpg\"><img loading=\"lazy\" decoding=\"async\" class=\"aligncenter size-full wp-image-19702\" src=\"https:\/\/agora.xtec.cat\/ceipjoanotalisanda\/wp-content\/uploads\/usu1478\/2024\/02\/Sin-titulo.jpg\" alt=\"\" width=\"699\" height=\"580\" srcset=\"https:\/\/agora.xtec.cat\/ceipjoanotalisanda\/wp-content\/uploads\/usu1478\/2024\/02\/Sin-titulo.jpg 699w, https:\/\/agora.xtec.cat\/ceipjoanotalisanda\/wp-content\/uploads\/usu1478\/2024\/02\/Sin-titulo-300x250.jpg 300w\" sizes=\"auto, (max-width: 699px) 100vw, 699px\" \/><\/a><\/p>\n<p>&nbsp;<\/p>\n","protected":false},"excerpt":{"rendered":"<p>A final de curs celebrem la Festa Major. \u00c9s una celebraci\u00f3 molt especial ja que fem l&#8217;acomiadament del curs i dels nens i nenes de 6\u00e8 que acaben la seva etapa al Joanot Alisanda. Alhora, donem la benvinguda als infants que el curs seg\u00fcent comen\u00e7aran&hellip;  <a href=\"https:\/\/agora.xtec.cat\/ceipjoanotalisanda\/festes-i-projectes-descola\/festa-major\/\" title=\"Read Festa Major\">Llegeix m\u00e9s\u00bb<\/a><\/p>\n","protected":false},"author":1,"featured_media":0,"parent":608,"menu_order":0,"comment_status":"closed","ping_status":"closed","template":"page-templates\/side-menu.php","meta":{"_bbp_topic_count":0,"_bbp_reply_count":0,"_bbp_total_topic_count":0,"_bbp_total_reply_count":0,"_bbp_voice_count":0,"_bbp_anonymous_reply_count":0,"_bbp_topic_count_hidden":0,"_bbp_reply_count_hidden":0,"_bbp_forum_subforum_count":0,"footnotes":""},"class_list":["post-708","page","type-page","status-publish","hentry"],"post_mailing_queue_ids":[],"_links":{"self":[{"href":"https:\/\/agora.xtec.cat\/ceipjoanotalisanda\/wp-json\/wp\/v2\/pages\/708","targetHints":{"allow":["GET"]}}],"collection":[{"href":"https:\/\/agora.xtec.cat\/ceipjoanotalisanda\/wp-json\/wp\/v2\/pages"}],"about":[{"href":"https:\/\/agora.xtec.cat\/ceipjoanotalisanda\/wp-json\/wp\/v2\/types\/page"}],"author":[{"embeddable":true,"href":"https:\/\/agora.xtec.cat\/ceipjoanotalisanda\/wp-json\/wp\/v2\/users\/1"}],"replies":[{"embeddable":true,"href":"https:\/\/agora.xtec.cat\/ceipjoanotalisanda\/wp-json\/wp\/v2\/comments?post=708"}],"version-history":[{"count":6,"href":"https:\/\/agora.xtec.cat\/ceipjoanotalisanda\/wp-json\/wp\/v2\/pages\/708\/revisions"}],"predecessor-version":[{"id":19704,"href":"https:\/\/agora.xtec.cat\/ceipjoanotalisanda\/wp-json\/wp\/v2\/pages\/708\/revisions\/19704"}],"up":[{"embeddable":true,"href":"https:\/\/agora.xtec.cat\/ceipjoanotalisanda\/wp-json\/wp\/v2\/pages\/608"}],"wp:attachment":[{"href":"https:\/\/agora.xtec.cat\/ceipjoanotalisanda\/wp-json\/wp\/v2\/media?parent=708"}],"curies":[{"name":"wp","href":"https:\/\/api.w.org\/{rel}","templated":true}]}}