{"id":7,"date":"2014-09-17T15:07:41","date_gmt":"2014-09-17T14:07:41","guid":{"rendered":"http:\/\/agora.xtec.cat\/ceipjoanotalisanda\/?page_id=7"},"modified":"2019-06-12T10:03:34","modified_gmt":"2019-06-12T08:03:34","slug":"pagines-dinici","status":"publish","type":"page","link":"https:\/\/agora.xtec.cat\/ceipjoanotalisanda\/pagines-dinici\/","title":{"rendered":"P\u00e0gines d&#8217;inici"},"content":{"rendered":"<h2 style=\"text-align: center;\">MOVIMENT ZERO WASTE<\/h2>\n<p><a href=\"https:\/\/agora.xtec.cat\/ceipjoanotalisanda\/wp-content\/uploads\/usu1478\/2019\/06\/IMG_7325.jpg\"><img loading=\"lazy\" decoding=\"async\" class=\"wp-image-2552 alignleft\" src=\"https:\/\/agora.xtec.cat\/ceipjoanotalisanda\/wp-content\/uploads\/usu1478\/2019\/06\/IMG_7325.jpg\" alt=\"\" width=\"261\" height=\"335\" srcset=\"https:\/\/agora.xtec.cat\/ceipjoanotalisanda\/wp-content\/uploads\/usu1478\/2019\/06\/IMG_7325.jpg 498w, https:\/\/agora.xtec.cat\/ceipjoanotalisanda\/wp-content\/uploads\/usu1478\/2019\/06\/IMG_7325-233x300.jpg 233w\" sizes=\"auto, (max-width: 261px) 100vw, 261px\" \/><\/a><\/p>\n<p>La setmana passada tota l&#8217;escola\u00a0 va\u00a0 treballar, en l\u2019\u00e0rea d\u2019angl\u00e8s, la conscienciaci\u00f3 sobre el problema de l\u2019exc\u00e9s de pl\u00e0stics en el m\u00f3n i, concretament als mars i oceans. Es una feina que hem de continuar fent tots plegats.<\/p>\n<p style=\"text-align: center;\">MIRA EL VIDEO<\/p>\n<h4 class=\"watch-title-container\" style=\"text-align: center;\"><a href=\"https:\/\/youtu.be\/bGWr5jXJfbs\"><span id=\"eow-title\" class=\"watch-title\" dir=\"ltr\" title=\"The Water. Looking after our Planet | Educational Video for Kids.\">Looking after our Planet<\/span><\/a><\/h4>\n<h4 class=\"watch-title-container\" style=\"text-align: center;\"><a href=\"https:\/\/youtu.be\/YGBpHYLNtRA\"><span id=\"eow-title\" class=\"watch-title\" dir=\"ltr\" title=\"Plastic Pollution, Our Oceans, Our Future...\">Plastic Pollution, Our Oceans, Our Future&#8230; <\/span><\/a><\/h4>\n<p><a href=\"https:\/\/agora.xtec.cat\/ceipjoanotalisanda\/wp-content\/uploads\/usu1478\/2019\/06\/download.png\"><img loading=\"lazy\" decoding=\"async\" class=\" wp-image-2557 alignright\" src=\"https:\/\/agora.xtec.cat\/ceipjoanotalisanda\/wp-content\/uploads\/usu1478\/2019\/06\/download.png\" alt=\"\" width=\"299\" height=\"259\" \/><\/a><\/p>\n<p>&nbsp;<\/p>\n<p>&nbsp;<\/p>\n<p><!--more--><\/p>\n<p>&nbsp;<\/p>\n<p>A L&#8217;ESCOLA TAMB\u00c9 ENS FEM RESS\u00d3 DE L&#8217;EDUCACI\u00d3 EN H\u00c0BITS SALUDABLES<\/p>\n<p class=\"p1\" style=\"text-align: center;\"><span class=\"s1\"><a href=\"https:\/\/agora.xtec.cat\/ceipjoanotalisanda\/wp-content\/uploads\/usu1478\/2019\/05\/Captura-de-pantalla-2019-05-29-a-les-7.47.03.png\"><img loading=\"lazy\" decoding=\"async\" class=\"aligncenter wp-image-2521\" src=\"https:\/\/agora.xtec.cat\/ceipjoanotalisanda\/wp-content\/uploads\/usu1478\/2019\/05\/Captura-de-pantalla-2019-05-29-a-les-7.47.03.png\" alt=\"\" width=\"418\" height=\"275\" srcset=\"https:\/\/agora.xtec.cat\/ceipjoanotalisanda\/wp-content\/uploads\/usu1478\/2019\/05\/Captura-de-pantalla-2019-05-29-a-les-7.47.03.png 602w, https:\/\/agora.xtec.cat\/ceipjoanotalisanda\/wp-content\/uploads\/usu1478\/2019\/05\/Captura-de-pantalla-2019-05-29-a-les-7.47.03-300x197.png 300w\" sizes=\"auto, (max-width: 418px) 100vw, 418px\" \/><\/a><a href=\"http:\/\/sabadell.cat\/ca\/estils-de-vida-i-salut\/promocio-d-estils-de-vida-saludable\/prevencio-de-les-addiccions\/entorn-sense-fum\">31 de maig el Dia Mundial sense Tabac<\/a><\/span><\/p>\n","protected":false},"excerpt":{"rendered":"<p>MOVIMENT ZERO WASTE<br \/>\n<a href=\"https:\/\/agora.xtec.cat\/ceipjoanotalisanda\/wp-content\/uploads\/usu1478\/2019\/06\/IMG_7325.jpg\"><\/a><br \/>\nLa setmana passada tota l&#8217;escola\u00a0 va\u00a0 treballar, en l\u2019\u00e0rea d\u2019angl\u00e8s, la conscienciaci\u00f3 sobre el problema de l\u2019exc\u00e9s de pl\u00e0stics en el m\u00f3n i, concretament als mars i oceans. Es una feina que hem de continuar fent tots plegats.<br \/>\nMIRA EL VIDEO<br \/>\n<a href=\"https:\/\/youtu.be\/bGWr5jXJfbs\">Looking after&hellip;  <a href=\"https:\/\/agora.xtec.cat\/ceipjoanotalisanda\/pagines-dinici\/\" title=\"Read P\u00e0gines d&#8217;inici\">Llegeix m\u00e9s\u00bb<\/a><\/p>\n","protected":false},"author":1,"featured_media":0,"parent":0,"menu_order":0,"comment_status":"closed","ping_status":"closed","template":"page-templates\/front-page.php","meta":{"_bbp_topic_count":0,"_bbp_reply_count":0,"_bbp_total_topic_count":0,"_bbp_total_reply_count":0,"_bbp_voice_count":0,"_bbp_anonymous_reply_count":0,"_bbp_topic_count_hidden":0,"_bbp_reply_count_hidden":0,"_bbp_forum_subforum_count":0,"footnotes":""},"class_list":["post-7","page","type-page","status-publish","hentry"],"post_mailing_queue_ids":[],"_links":{"self":[{"href":"https:\/\/agora.xtec.cat\/ceipjoanotalisanda\/wp-json\/wp\/v2\/pages\/7","targetHints":{"allow":["GET"]}}],"collection":[{"href":"https:\/\/agora.xtec.cat\/ceipjoanotalisanda\/wp-json\/wp\/v2\/pages"}],"about":[{"href":"https:\/\/agora.xtec.cat\/ceipjoanotalisanda\/wp-json\/wp\/v2\/types\/page"}],"author":[{"embeddable":true,"href":"https:\/\/agora.xtec.cat\/ceipjoanotalisanda\/wp-json\/wp\/v2\/users\/1"}],"replies":[{"embeddable":true,"href":"https:\/\/agora.xtec.cat\/ceipjoanotalisanda\/wp-json\/wp\/v2\/comments?post=7"}],"version-history":[{"count":4,"href":"https:\/\/agora.xtec.cat\/ceipjoanotalisanda\/wp-json\/wp\/v2\/pages\/7\/revisions"}],"predecessor-version":[{"id":2562,"href":"https:\/\/agora.xtec.cat\/ceipjoanotalisanda\/wp-json\/wp\/v2\/pages\/7\/revisions\/2562"}],"wp:attachment":[{"href":"https:\/\/agora.xtec.cat\/ceipjoanotalisanda\/wp-json\/wp\/v2\/media?parent=7"}],"curies":[{"name":"wp","href":"https:\/\/api.w.org\/{rel}","templated":true}]}}