{"id":2225,"date":"2019-02-03T09:26:18","date_gmt":"2019-02-03T08:26:18","guid":{"rendered":"http:\/\/agora.xtec.cat\/ceipjoanotalisanda\/?page_id=2225"},"modified":"2024-02-27T14:42:43","modified_gmt":"2024-02-27T13:42:43","slug":"setmana-de-la-fotografia-2018-19","status":"publish","type":"page","link":"https:\/\/agora.xtec.cat\/ceipjoanotalisanda\/projectes\/setmana-de\/setmana-de-la-fotografia-2018-19\/","title":{"rendered":"Setmana de la fotografia 18-19"},"content":{"rendered":"<p><strong>EDUCACI\u00d3 INFANTIL<\/strong><\/p>\n<p><strong>Taller del retrat animat<\/strong><\/p>\n<p>En el taller del retrat animat hav\u00edem de resseguir el contorn de la nostra cara a partir de la\u00a0 fotografia en blanc i negre. El resultat \u00e9s espectacular! Quina creativitat i imaginaci\u00f3!<\/p>\n<p><a href=\"https:\/\/photos.app.goo.gl\/JTK2bW9GGqYqKRuV8\"><img loading=\"lazy\" decoding=\"async\" class=\"aligncenter wp-image-2301\" src=\"https:\/\/agora.xtec.cat\/ceipjoanotalisanda\/wp-content\/uploads\/usu1478\/2019\/02\/IMG_20190124_153521-1024x768.jpg\" alt=\"\" width=\"329\" height=\"247\" srcset=\"https:\/\/agora.xtec.cat\/ceipjoanotalisanda\/wp-content\/uploads\/usu1478\/2019\/02\/IMG_20190124_153521-1024x768.jpg 1024w, https:\/\/agora.xtec.cat\/ceipjoanotalisanda\/wp-content\/uploads\/usu1478\/2019\/02\/IMG_20190124_153521-300x225.jpg 300w, https:\/\/agora.xtec.cat\/ceipjoanotalisanda\/wp-content\/uploads\/usu1478\/2019\/02\/IMG_20190124_153521-768x576.jpg 768w, https:\/\/agora.xtec.cat\/ceipjoanotalisanda\/wp-content\/uploads\/usu1478\/2019\/02\/IMG_20190124_153521-200x150.jpg 200w\" sizes=\"auto, (max-width: 329px) 100vw, 329px\" \/><\/a><\/p>\n<p style=\"text-align: center;\">Clica damunt la foto per veure&#8217;n m\u00e9s<\/p>\n<p><strong>Taller gimcana<\/strong><\/p>\n<p>A partir d\u2019una fotografia d\u2019algun espai conegut per nosaltres hav\u00edem de trobar el Joanotet, tot un expert en amagar-se! A veure si el veieu en alguna fotografia&#8230;<\/p>\n<p><a href=\"https:\/\/photos.app.goo.gl\/g9b9Gn1mPZTqynXh8\"><img loading=\"lazy\" decoding=\"async\" class=\"aligncenter wp-image-2302\" src=\"https:\/\/agora.xtec.cat\/ceipjoanotalisanda\/wp-content\/uploads\/usu1478\/2019\/02\/IMG_2536-1-768x1024.jpg\" alt=\"\" width=\"279\" height=\"372\" srcset=\"https:\/\/agora.xtec.cat\/ceipjoanotalisanda\/wp-content\/uploads\/usu1478\/2019\/02\/IMG_2536-1-768x1024.jpg 768w, https:\/\/agora.xtec.cat\/ceipjoanotalisanda\/wp-content\/uploads\/usu1478\/2019\/02\/IMG_2536-1-225x300.jpg 225w, https:\/\/agora.xtec.cat\/ceipjoanotalisanda\/wp-content\/uploads\/usu1478\/2019\/02\/IMG_2536-1.jpg 1224w\" sizes=\"auto, (max-width: 279px) 100vw, 279px\" \/><\/a><\/p>\n<p style=\"text-align: center;\">Clica damunt la foto per veure&#8217;n m\u00e9s.<\/p>\n<p><b>Taller collage\u00a0impossible<\/b><\/p>\n<p>En el taller del collage impossible hav\u00edem\u00a0 d&#8217;escollir imatges que no corresponien amb el paisatge que havien triat (elefants, papereres, serps, pops, sem\u00e0fors, cavallets de mar, goril\u00b7les,&#8230;)<\/p>\n<p><a href=\"https:\/\/agora.xtec.cat\/ceipjoanotalisanda\/wp-content\/uploads\/usu1478\/2019\/02\/IMG_20190206_165019.jpg\"><img loading=\"lazy\" decoding=\"async\" class=\"wp-image-2295 aligncenter\" src=\"https:\/\/agora.xtec.cat\/ceipjoanotalisanda\/wp-content\/uploads\/usu1478\/2019\/02\/IMG_20190206_165019-1024x346.jpg\" alt=\"\" width=\"435\" height=\"147\" \/><\/a><\/p>\n<p><a href=\"https:\/\/agora.xtec.cat\/ceipjoanotalisanda\/wp-content\/uploads\/usu1478\/2019\/02\/IMG_20190121_154934.jpg\"><img loading=\"lazy\" decoding=\"async\" class=\"wp-image-2294 aligncenter\" src=\"https:\/\/agora.xtec.cat\/ceipjoanotalisanda\/wp-content\/uploads\/usu1478\/2019\/02\/IMG_20190121_154934-1024x768.jpg\" alt=\"\" width=\"348\" height=\"261\" \/><\/a><\/p>\n<p><strong>Sessi\u00f3 fotogr\u00e0fica<\/strong><\/p>\n<p>La fot\u00f2grafa i mare de l\u2019escola N\u00faria Puentes ens ha regalat unes sessions fotogr\u00e0fiques on hem treballat la llum a la foscor,\u00a0 l\u2019objecte i el cos en moviment.<\/p>\n<p>Hem gaudit molt fent de fot\u00f2grafs, fot\u00f2grafes i de models!<\/p>\n<p><a href=\"https:\/\/photos.app.goo.gl\/HntrvXjMVeyHFsqj9\"><img loading=\"lazy\" decoding=\"async\" class=\"aligncenter wp-image-2298\" src=\"https:\/\/agora.xtec.cat\/ceipjoanotalisanda\/wp-content\/uploads\/usu1478\/2019\/02\/Captura-2.png\" alt=\"\" width=\"376\" height=\"263\" srcset=\"https:\/\/agora.xtec.cat\/ceipjoanotalisanda\/wp-content\/uploads\/usu1478\/2019\/02\/Captura-2.png 671w, https:\/\/agora.xtec.cat\/ceipjoanotalisanda\/wp-content\/uploads\/usu1478\/2019\/02\/Captura-2-300x210.png 300w\" sizes=\"auto, (max-width: 376px) 100vw, 376px\" \/><\/a><\/p>\n<p style=\"text-align: center;\">Clica damunt la foto per veure&#8217;n m\u00e9s.<\/p>\n<p><strong>Taller de Land Art<\/strong><\/p>\n<p>En el taller de Land Art o l\u2019art de la Terra hem utilitzat elements naturals (fulles, troncs, pinyes, pedres, petxines\u2026) per fer creacions art\u00edstiques.<\/p>\n<p>El Land Art \u00e9s un art ef\u00edmer \u2026. aix\u00ed que un cop acabades les obres d\u2019art, m\u00e9s val\u00a0<strong>fer una bona foto.<\/strong><\/p>\n<p><a href=\"https:\/\/photos.app.goo.gl\/8xoEgbJwCXDoUtSP9\"><img loading=\"lazy\" decoding=\"async\" class=\"aligncenter wp-image-2286\" src=\"https:\/\/agora.xtec.cat\/ceipjoanotalisanda\/wp-content\/uploads\/usu1478\/2019\/02\/IMG_4711-768x1024.jpg\" alt=\"\" width=\"388\" height=\"518\" \/><\/a><\/p>\n<p style=\"text-align: center;\">Clica damunt la foto per veure&#8217;n m\u00e9s.<\/p>\n<p><strong>CICLE INICIAL\u00a0<\/strong><\/p>\n<p>Durant la setmana de la fotografia, al Cicle Inicial hem fet tot tipus d&#8217;activitats per aprendre i descobrir nous aspectes sobre la fotografia: hem fet un dictogloss per con\u00e8ixer la seva hist\u00f2ria, hem experimentat amb una c\u00e0mera fosca i hem entrenat la nostra creativitat amb l&#8217;abecedari de la fotografia, entre d&#8217;altres.<\/p>\n<div>Als matins, hem realitzat tres tallers: &#8220;Capturem emocions&#8221;, &#8220;Llegir, pensar, fotografiar&#8221; i &#8220;El Marc de fotos&#8221;. En aquests tallers hem pogut aprendre i treballar conjuntament alumnes de 1r i 2n. Ha estat molt divertit!<\/div>\n<div><\/div>\n<div>A m\u00e9s a m\u00e9s, hem tingut la gran sort de poder con\u00e8ixer de primera m\u00e0 qu\u00e8 \u00e9s un estudi fotogr\u00e0fic gr\u00e0cies a la visita de la N\u00faria, fot\u00f2grafa i mare de l&#8217;escola que es va oferir a fer-nos un taller sobre Macrofotografia. D&#8217;aquest taller han sortit unes fotografies molt maques! Les podeu veure penjades en els plafons de les classes de Cicle Inicial.<\/div>\n<p>&nbsp;<\/p>\n<p><a href=\"https:\/\/photos.app.goo.gl\/xUVUJLyNr8JEH7kM6\"><img loading=\"lazy\" decoding=\"async\" class=\"aligncenter size-full wp-image-2338\" src=\"https:\/\/agora.xtec.cat\/ceipjoanotalisanda\/wp-content\/uploads\/usu1478\/2019\/02\/Captura-de-pantalla-2019-02-13-a-les-23.17.00.png\" alt=\"\" width=\"616\" height=\"460\" srcset=\"https:\/\/agora.xtec.cat\/ceipjoanotalisanda\/wp-content\/uploads\/usu1478\/2019\/02\/Captura-de-pantalla-2019-02-13-a-les-23.17.00.png 616w, https:\/\/agora.xtec.cat\/ceipjoanotalisanda\/wp-content\/uploads\/usu1478\/2019\/02\/Captura-de-pantalla-2019-02-13-a-les-23.17.00-300x224.png 300w, https:\/\/agora.xtec.cat\/ceipjoanotalisanda\/wp-content\/uploads\/usu1478\/2019\/02\/Captura-de-pantalla-2019-02-13-a-les-23.17.00-200x150.png 200w\" sizes=\"auto, (max-width: 616px) 100vw, 616px\" \/><\/a><\/p>\n<p>Clica damunt la foto per veure&#8217;n m\u00e9s<\/p>\n<p><strong>CICLE MITJ\u00c0<\/strong><\/p>\n<p>FOTOGRAFIA MATEM\u00c0TICA<\/p>\n<p>Un dels tallers de cicle mitj\u00e0 ha estat fer composicions matem\u00e0tiques amb objectes de la classe i despr\u00e9s fer-ne la fotografia.<\/p>\n<p>Abans de comen\u00e7ar el taller hem reflexionat que les matem\u00e0tiques estan presents per tot arreu en el nostre dia a dia. Hem vist fotos que han guanyat diversos concursos de fotografia matem\u00e0tica i finalment hem observat la classe i hem posat en com\u00fa tot el veiem que t\u00e9 relaci\u00f3 amb la matem\u00e0tica.<\/p>\n<p style=\"text-align: center;\"><a href=\"https:\/\/photos.app.goo.gl\/MyqqT8VPxPHJDP5S6\"><img loading=\"lazy\" decoding=\"async\" class=\"aligncenter wp-image-2263\" src=\"https:\/\/agora.xtec.cat\/ceipjoanotalisanda\/wp-content\/uploads\/usu1478\/2019\/02\/Captura.png\" alt=\"\" width=\"360\" height=\"404\" srcset=\"https:\/\/agora.xtec.cat\/ceipjoanotalisanda\/wp-content\/uploads\/usu1478\/2019\/02\/Captura.png 528w, https:\/\/agora.xtec.cat\/ceipjoanotalisanda\/wp-content\/uploads\/usu1478\/2019\/02\/Captura-268x300.png 268w\" sizes=\"auto, (max-width: 360px) 100vw, 360px\" \/>pots veure m\u00e9s obres si cliques damunt la fotografia<\/a><\/p>\n<p>TRANSFORMEM OBJECTES<\/p>\n<p>Tal com diu el seu nom, cada nen\/a ha escollit un objecte dels proposats (objectes de la vida quotidiana) que han hagut de transformar en d\u2019altres, gr\u00e0cies al dibuix amb diferents materials (aquarel\u00b7les, retoladors, marcadors fluorescents o collage).<\/p>\n<p>&nbsp;<\/p>\n<p>clica en la foto per veure un resum dels resultats.<\/p>\n<p>TALLER D&#8217;ANUNCIS<\/p>\n<p class=\"p1\"><span class=\"s1\">Al taller dels anuncis hem treballat diferents tipologia textual: esl\u00f2gan, logotip i text complementari. Tenint en compte els diferents tipus de lletres, per tal de produir un efecte visual interessant. Ens hem difressat i fotografiat, per oferir i promocionar millor el nostre producte. Hem apr\u00e8s i hem gaudit!<\/span><\/p>\n<p>taller de cianot\u00edpies<\/p>\n<p><a href=\"https:\/\/agora.xtec.cat\/ceipjoanotalisanda\/wp-content\/uploads\/usu1478\/2019\/02\/780F8FF4-AAF7-4D85-BE5A-26C7A7F75325.jpg\"><img loading=\"lazy\" decoding=\"async\" class=\"aligncenter size-full wp-image-2253\" src=\"https:\/\/agora.xtec.cat\/ceipjoanotalisanda\/wp-content\/uploads\/usu1478\/2019\/02\/780F8FF4-AAF7-4D85-BE5A-26C7A7F75325.jpg\" alt=\"\" width=\"640\" height=\"640\" srcset=\"https:\/\/agora.xtec.cat\/ceipjoanotalisanda\/wp-content\/uploads\/usu1478\/2019\/02\/780F8FF4-AAF7-4D85-BE5A-26C7A7F75325.jpg 640w, https:\/\/agora.xtec.cat\/ceipjoanotalisanda\/wp-content\/uploads\/usu1478\/2019\/02\/780F8FF4-AAF7-4D85-BE5A-26C7A7F75325-150x150.jpg 150w, https:\/\/agora.xtec.cat\/ceipjoanotalisanda\/wp-content\/uploads\/usu1478\/2019\/02\/780F8FF4-AAF7-4D85-BE5A-26C7A7F75325-300x300.jpg 300w\" sizes=\"auto, (max-width: 640px) 100vw, 640px\" \/><\/a> <a href=\"https:\/\/agora.xtec.cat\/ceipjoanotalisanda\/wp-content\/uploads\/usu1478\/2019\/02\/92408B43-0842-4718-BA00-328E1CDFA7B5.jpg\"><img loading=\"lazy\" decoding=\"async\" class=\"aligncenter size-full wp-image-2254\" src=\"https:\/\/agora.xtec.cat\/ceipjoanotalisanda\/wp-content\/uploads\/usu1478\/2019\/02\/92408B43-0842-4718-BA00-328E1CDFA7B5.jpg\" alt=\"\" width=\"640\" height=\"640\" srcset=\"https:\/\/agora.xtec.cat\/ceipjoanotalisanda\/wp-content\/uploads\/usu1478\/2019\/02\/92408B43-0842-4718-BA00-328E1CDFA7B5.jpg 640w, https:\/\/agora.xtec.cat\/ceipjoanotalisanda\/wp-content\/uploads\/usu1478\/2019\/02\/92408B43-0842-4718-BA00-328E1CDFA7B5-150x150.jpg 150w, https:\/\/agora.xtec.cat\/ceipjoanotalisanda\/wp-content\/uploads\/usu1478\/2019\/02\/92408B43-0842-4718-BA00-328E1CDFA7B5-300x300.jpg 300w\" sizes=\"auto, (max-width: 640px) 100vw, 640px\" \/><\/a><\/p>\n<p>&nbsp;<\/p>\n<p>4t Imatges 3D<\/p>\n<p><a href=\"https:\/\/agora.xtec.cat\/ceipjoanotalisanda\/wp-content\/uploads\/usu1478\/2019\/02\/399FE0C2-CE8F-4954-B248-911C67B6779A.jpg\"><img loading=\"lazy\" decoding=\"async\" class=\"aligncenter wp-image-2252\" src=\"https:\/\/agora.xtec.cat\/ceipjoanotalisanda\/wp-content\/uploads\/usu1478\/2019\/02\/399FE0C2-CE8F-4954-B248-911C67B6779A.jpg\" alt=\"\" width=\"450\" height=\"450\" srcset=\"https:\/\/agora.xtec.cat\/ceipjoanotalisanda\/wp-content\/uploads\/usu1478\/2019\/02\/399FE0C2-CE8F-4954-B248-911C67B6779A.jpg 640w, https:\/\/agora.xtec.cat\/ceipjoanotalisanda\/wp-content\/uploads\/usu1478\/2019\/02\/399FE0C2-CE8F-4954-B248-911C67B6779A-150x150.jpg 150w, https:\/\/agora.xtec.cat\/ceipjoanotalisanda\/wp-content\/uploads\/usu1478\/2019\/02\/399FE0C2-CE8F-4954-B248-911C67B6779A-300x300.jpg 300w\" sizes=\"auto, (max-width: 450px) 100vw, 450px\" \/><\/a> <a href=\"https:\/\/agora.xtec.cat\/ceipjoanotalisanda\/wp-content\/uploads\/usu1478\/2019\/02\/04FCC9CD-DC00-4B61-8462-9ACA0F85B042.jpg\"><img loading=\"lazy\" decoding=\"async\" class=\"aligncenter wp-image-2251\" src=\"https:\/\/agora.xtec.cat\/ceipjoanotalisanda\/wp-content\/uploads\/usu1478\/2019\/02\/04FCC9CD-DC00-4B61-8462-9ACA0F85B042.jpg\" alt=\"\" width=\"442\" height=\"442\" srcset=\"https:\/\/agora.xtec.cat\/ceipjoanotalisanda\/wp-content\/uploads\/usu1478\/2019\/02\/04FCC9CD-DC00-4B61-8462-9ACA0F85B042.jpg 640w, https:\/\/agora.xtec.cat\/ceipjoanotalisanda\/wp-content\/uploads\/usu1478\/2019\/02\/04FCC9CD-DC00-4B61-8462-9ACA0F85B042-150x150.jpg 150w, https:\/\/agora.xtec.cat\/ceipjoanotalisanda\/wp-content\/uploads\/usu1478\/2019\/02\/04FCC9CD-DC00-4B61-8462-9ACA0F85B042-300x300.jpg 300w\" sizes=\"auto, (max-width: 442px) 100vw, 442px\" \/><\/a><\/p>\n<p><strong>CICLE SUPERIOR<\/strong><\/p>\n<p>NARRATIVA VISUAL<\/p>\n<p>Els alumnes de 6\u00e8 van realitzar el taller de \u201cNarrativa visual\u201d amb el Marc S\u00e1nchez (pare del Max).<\/p>\n<p>Despr\u00e9s d\u2019una introducci\u00f3 al tema es van repartir en 5\u00a0 grups per clase que van pensar el que volien transmetre a trav\u00e9s de la imatge.<\/p>\n<p>Posteriorment van realitzar les fotografies i aqu\u00ed teniu el resultat.<\/p>\n<p><a href=\"https:\/\/photos.app.goo.gl\/gEKdCCkC8aZ7PFyf7\"><img loading=\"lazy\" decoding=\"async\" class=\"aligncenter size-full wp-image-2275\" src=\"https:\/\/agora.xtec.cat\/ceipjoanotalisanda\/wp-content\/uploads\/usu1478\/2019\/02\/Captura-1.png\" alt=\"\" width=\"908\" height=\"603\" srcset=\"https:\/\/agora.xtec.cat\/ceipjoanotalisanda\/wp-content\/uploads\/usu1478\/2019\/02\/Captura-1.png 908w, https:\/\/agora.xtec.cat\/ceipjoanotalisanda\/wp-content\/uploads\/usu1478\/2019\/02\/Captura-1-300x199.png 300w, https:\/\/agora.xtec.cat\/ceipjoanotalisanda\/wp-content\/uploads\/usu1478\/2019\/02\/Captura-1-768x510.png 768w\" sizes=\"auto, (max-width: 908px) 100vw, 908px\" \/><\/a><\/p>\n<p>Fes clic damunt la foto per veuren m\u00e9s.<\/p>\n<p>5\u00e8<\/p>\n<p>Hem vist com la fotografia, en els deus inicis,impressionava plaques en negatiu per despr\u00e9s positivar-les . A classe hem treballat amb aquesta ideia, POSITIU-NEGATIU per crear els nostres dissenys.<\/p>\n<p><a href=\"https:\/\/agora.xtec.cat\/ceipjoanotalisanda\/wp-content\/uploads\/usu1478\/2019\/02\/19855918-9B1B-4BB6-9200-3DF828DA646B.jpg\"><img loading=\"lazy\" decoding=\"async\" class=\"aligncenter wp-image-2230\" src=\"https:\/\/agora.xtec.cat\/ceipjoanotalisanda\/wp-content\/uploads\/usu1478\/2019\/02\/19855918-9B1B-4BB6-9200-3DF828DA646B.jpg\" alt=\"\" width=\"456\" height=\"456\" srcset=\"https:\/\/agora.xtec.cat\/ceipjoanotalisanda\/wp-content\/uploads\/usu1478\/2019\/02\/19855918-9B1B-4BB6-9200-3DF828DA646B.jpg 640w, https:\/\/agora.xtec.cat\/ceipjoanotalisanda\/wp-content\/uploads\/usu1478\/2019\/02\/19855918-9B1B-4BB6-9200-3DF828DA646B-150x150.jpg 150w, https:\/\/agora.xtec.cat\/ceipjoanotalisanda\/wp-content\/uploads\/usu1478\/2019\/02\/19855918-9B1B-4BB6-9200-3DF828DA646B-300x300.jpg 300w\" sizes=\"auto, (max-width: 456px) 100vw, 456px\" \/><\/a><\/p>\n<p><strong><u>GUESS WHO I AM<\/u><\/strong><\/p>\n<p>Taller fet en angl\u00e8s. Els alumnes van treballar a partir de dues fotos: una on nom\u00e9s sortia una part del seu cos (ulls, m\u00e0, boca\u2026) i una altra on es veien de mig cos. A la primera foto van adjuntar una petita descripci\u00f3 f\u00edsica seva, donant tamb\u00e9 alg\u00fan detall de les coses que m\u00e9s els agrada i de les que no. A un altre full van enganxar la seva foto de mig cos. L\u2019objectiu \u00e9s que la resta dels alumnes, mirant la foto de la part del cos i llegint la descricci\u00f3, endevinin de quin alumne es tracta. Si no se\u2019n surten, aixequen el full i comproven qui \u00e9s.<\/p>\n<p><a href=\"https:\/\/agora.xtec.cat\/ceipjoanotalisanda\/wp-content\/uploads\/usu1478\/2019\/02\/IMG_2980-COLLAGE.jpg\"><img loading=\"lazy\" decoding=\"async\" class=\"aligncenter size-large wp-image-2352\" src=\"https:\/\/agora.xtec.cat\/ceipjoanotalisanda\/wp-content\/uploads\/usu1478\/2019\/02\/IMG_2980-COLLAGE-1024x1024.jpg\" alt=\"\" width=\"1024\" height=\"1024\" srcset=\"https:\/\/agora.xtec.cat\/ceipjoanotalisanda\/wp-content\/uploads\/usu1478\/2019\/02\/IMG_2980-COLLAGE-1024x1024.jpg 1024w, https:\/\/agora.xtec.cat\/ceipjoanotalisanda\/wp-content\/uploads\/usu1478\/2019\/02\/IMG_2980-COLLAGE-150x150.jpg 150w, https:\/\/agora.xtec.cat\/ceipjoanotalisanda\/wp-content\/uploads\/usu1478\/2019\/02\/IMG_2980-COLLAGE-300x300.jpg 300w, https:\/\/agora.xtec.cat\/ceipjoanotalisanda\/wp-content\/uploads\/usu1478\/2019\/02\/IMG_2980-COLLAGE-768x768.jpg 768w, https:\/\/agora.xtec.cat\/ceipjoanotalisanda\/wp-content\/uploads\/usu1478\/2019\/02\/IMG_2980-COLLAGE.jpg 2046w\" sizes=\"auto, (max-width: 1024px) 100vw, 1024px\" \/><\/a><\/p>\n","protected":false},"excerpt":{"rendered":"<p>EDUCACI\u00d3 INFANTIL<br \/>\nTaller del retrat animat<br \/>\nEn el taller del retrat animat hav\u00edem de resseguir el contorn de la nostra cara a partir de la\u00a0 fotografia en blanc i negre. El resultat \u00e9s espectacular! Quina creativitat i imaginaci\u00f3!<br \/>\n<a href=\"https:\/\/photos.app.goo.gl\/JTK2bW9GGqYqKRuV8\"><\/a><br \/>\nClica damunt la foto per veure&#8217;n m\u00e9s<br \/>\nTaller gimcana<br \/>\nA partir&hellip;  <a href=\"https:\/\/agora.xtec.cat\/ceipjoanotalisanda\/projectes\/setmana-de\/setmana-de-la-fotografia-2018-19\/\" title=\"Read Setmana de la fotografia 18-19\">Llegeix m\u00e9s\u00bb<\/a><\/p>\n","protected":false},"author":1,"featured_media":0,"parent":712,"menu_order":4,"comment_status":"closed","ping_status":"closed","template":"page-templates\/side-menu.php","meta":{"_bbp_topic_count":0,"_bbp_reply_count":0,"_bbp_total_topic_count":0,"_bbp_total_reply_count":0,"_bbp_voice_count":0,"_bbp_anonymous_reply_count":0,"_bbp_topic_count_hidden":0,"_bbp_reply_count_hidden":0,"_bbp_forum_subforum_count":0,"footnotes":""},"class_list":["post-2225","page","type-page","status-publish","hentry"],"post_mailing_queue_ids":[],"_links":{"self":[{"href":"https:\/\/agora.xtec.cat\/ceipjoanotalisanda\/wp-json\/wp\/v2\/pages\/2225","targetHints":{"allow":["GET"]}}],"collection":[{"href":"https:\/\/agora.xtec.cat\/ceipjoanotalisanda\/wp-json\/wp\/v2\/pages"}],"about":[{"href":"https:\/\/agora.xtec.cat\/ceipjoanotalisanda\/wp-json\/wp\/v2\/types\/page"}],"author":[{"embeddable":true,"href":"https:\/\/agora.xtec.cat\/ceipjoanotalisanda\/wp-json\/wp\/v2\/users\/1"}],"replies":[{"embeddable":true,"href":"https:\/\/agora.xtec.cat\/ceipjoanotalisanda\/wp-json\/wp\/v2\/comments?post=2225"}],"version-history":[{"count":4,"href":"https:\/\/agora.xtec.cat\/ceipjoanotalisanda\/wp-json\/wp\/v2\/pages\/2225\/revisions"}],"predecessor-version":[{"id":19655,"href":"https:\/\/agora.xtec.cat\/ceipjoanotalisanda\/wp-json\/wp\/v2\/pages\/2225\/revisions\/19655"}],"up":[{"embeddable":true,"href":"https:\/\/agora.xtec.cat\/ceipjoanotalisanda\/wp-json\/wp\/v2\/pages\/712"}],"wp:attachment":[{"href":"https:\/\/agora.xtec.cat\/ceipjoanotalisanda\/wp-json\/wp\/v2\/media?parent=2225"}],"curies":[{"name":"wp","href":"https:\/\/api.w.org\/{rel}","templated":true}]}}