{"id":28,"date":"2014-09-18T12:29:35","date_gmt":"2014-09-18T11:29:35","guid":{"rendered":"http:\/\/agora.xtec.cat\/ceipjoanmarquescasals\/?page_id=28"},"modified":"2022-09-15T11:00:05","modified_gmt":"2022-09-15T09:00:05","slug":"consell-escolar","status":"publish","type":"page","link":"https:\/\/agora.xtec.cat\/ceipjoanmarquescasals\/lescola\/consell-escolar\/","title":{"rendered":"Consell escolar"},"content":{"rendered":"<p>El consell escolar est\u00e0 format per:<\/p>\n<p>Equip Directiu:\u00a0 \u00c0ngels L\u00f3pez, Josep Fern\u00e1ndez i Yolanda Roda<\/p>\n<p>Sector Mestres: Silvia Borobia, Miriam Carpintero, Aida Hern\u00e1ndez,Montse Prats,Esperan\u00e7a S\u00e1nchez,Adri\u00e1n Serrano.<\/p>\n<p>Sector Pares: Stefania Daniela Deceanu, Jose Antonio Garc\u00eda,Marta Massaas, Jose Viciana, Ana Villegas, Yolanda Milan.<\/p>\n<p>Representant AMPA: Suska Solarte<\/p>\n<p>Representant Ajuntament : Teresa Buch<\/p>\n<p>Pers. Adm. i Serveis: Roser Carn\u00e9<\/p>\n<p>&nbsp;<\/p>\n<p>\u2013 Les persones del consell escolar s\u00f3n elegides per un per\u00edode de quatre anys i es renoven per meitats cada dos anys.<\/p>\n<p>\u2013 Les eleccions per a la constituci\u00f3 o renovaci\u00f3 de membres del consell escolar, les convoca el director o directora del centre.<\/p>\n<p>\u2013 Les vacants del consell escolar s\u2019han d\u2019ocupar pel procediment establert a les normes d\u2019organitzaci\u00f3 i funcionament del centre.<\/p>\n<p>\u2013 La condici\u00f3 de membre del consell escolar es perd quan es deixa el c\u00e0rrec que comporta ser-ne membre, quan es deixa de complir algun dels requisits per ser elegible o quan l\u2019\u00f2rgan que l\u2019ha designat en revoca la designaci\u00f3.<\/p>\n<p>\u2013 Transcorregut el termini de dos anys de la darrera renovaci\u00f3, la direcci\u00f3 convocar\u00e0 eleccions per a la renovaci\u00f3 parcial dels membres del consell escolar del centre, en la meitat que en cada cas correspongui, d\u2019acord amb la regulaci\u00f3.<\/p>\n<p>\u2013 El consell escolar es reunir\u00e0, com a m\u00ednim, a l\u2019inici de curs i far\u00e0 una reuni\u00f3 cada trimestre i una al final de curs.<\/p>\n<p>&nbsp;<\/p>\n<div>26 de novembre 2018.<\/div>\n<div><span style=\"font-size: xx-large;\"><span style=\"color: #ff00ff;\"><span style=\"color: #6aa84f;\">Eleccions al consell escolar del sector\u00a0pares\/mares.Volem donar les gr\u00e0cies a totes les fam\u00edlies per la vostra participaci\u00f3.<\/span><\/span><\/span><\/div>\n<div><span style=\"font-size: xx-large;\"><span style=\"color: #ff00ff;\"><span style=\"color: #6aa84f;\">\u00a0<\/span><\/span><\/span><\/div>\n<div><span style=\"font-size: xx-large;\"><span style=\"color: #ff00ff;\"><span style=\"color: #6aa84f;\">Les\u00a0guanyadores\u00a0s\u00f3n:<\/span><\/span><\/span><\/div>\n<div><span style=\"font-size: xx-large;\"><span style=\"color: #ff00ff;\"><span style=\"color: #6aa84f;\">\u00a0<\/span><\/span><\/span><\/div>\n<div><span style=\"font-size: xx-large;\"><span style=\"color: #ff00ff;\"><span style=\"color: #6aa84f;\">Abigail Calvo Soler<\/span><\/span><\/span><\/div>\n<div><span style=\"font-size: xx-large;\"><span style=\"color: #ff00ff;\"><span style=\"color: #6aa84f;\">Fatima El Kramej<\/span><\/span><\/span><\/div>\n<div><span style=\"font-size: xx-large;\"><span style=\"color: #ff00ff;\"><span style=\"color: #6aa84f;\">Ana Villegas Castillo<\/span><\/span><\/span><\/div>\n<div><span style=\"font-size: xx-large;\"><span style=\"color: #ff00ff;\"><span style=\"color: #6aa84f;\">Yolanda Mil\u00e1n Salamanca<\/span><br \/>\n<\/span><\/span><\/div>\n<div><span style=\"font-size: xx-large;\"><span style=\"color: #ff00ff;\"><span style=\"color: #6aa84f;\">\u00a0<\/span><\/span><\/span><\/div>\n<div><span style=\"font-size: xx-large;\"><span style=\"color: #ff00ff;\"><span style=\"color: #6aa84f;\">Suplents:<\/span><\/span><\/span><\/div>\n<div><span style=\"font-size: xx-large;\"><span style=\"color: #ff00ff;\"><span style=\"color: #6aa84f;\">Sonia Moreno L\u00f3pez<\/span><\/span><\/span><\/div>\n<div><span style=\"font-size: xx-large;\"><span style=\"color: #ff00ff;\"><span style=\"color: #6aa84f;\">Vitalina Duarte Luch<\/span><\/span><\/span><\/div>\n<div><span style=\"font-size: xx-large;\"><span style=\"color: #ff00ff;\">\u00a0<\/span><\/span><\/div>\n<div><span style=\"font-size: xx-large;\">Moltes felicitats i moltes gr\u00e0cies per la vostra col.laboraci\u00f3! A partir d\u00b4ara formareu part del Consell Escolar de l\u00b4escola.<\/span><\/div>\n<p>&nbsp;<\/p>\n","protected":false},"excerpt":{"rendered":"<p>El consell escolar est\u00e0 format per:<br \/>\nEquip Directiu:\u00a0 \u00c0ngels L\u00f3pez, Josep Fern\u00e1ndez i Yolanda Roda<br \/>\nSector Mestres: Silvia Borobia, Miriam Carpintero, Aida Hern\u00e1ndez,Montse Prats,Esperan\u00e7a S\u00e1nchez,Adri\u00e1n Serrano.<br \/>\nSector Pares: Stefania Daniela Deceanu, Jose Antonio Garc\u00eda,Marta Massaas, Jose Viciana, Ana Villegas, Yolanda Milan.<br \/>\nRepresentant AMPA: Suska Solarte<br \/>\nRepresentant Ajuntament : Teresa Buch<br \/>\nPers.&hellip;  <a href=\"https:\/\/agora.xtec.cat\/ceipjoanmarquescasals\/lescola\/consell-escolar\/\" title=\"Read Consell escolar\">Llegeix m\u00e9s\u00bb<\/a><\/p>\n","protected":false},"author":1,"featured_media":0,"parent":22,"menu_order":30,"comment_status":"closed","ping_status":"closed","template":"page-templates\/side-menu.php","meta":{"_bbp_topic_count":0,"_bbp_reply_count":0,"_bbp_total_topic_count":0,"_bbp_total_reply_count":0,"_bbp_voice_count":0,"_bbp_anonymous_reply_count":0,"_bbp_topic_count_hidden":0,"_bbp_reply_count_hidden":0,"_bbp_forum_subforum_count":0,"footnotes":""},"class_list":["post-28","page","type-page","status-publish","hentry"],"post_mailing_queue_ids":[],"_links":{"self":[{"href":"https:\/\/agora.xtec.cat\/ceipjoanmarquescasals\/wp-json\/wp\/v2\/pages\/28","targetHints":{"allow":["GET"]}}],"collection":[{"href":"https:\/\/agora.xtec.cat\/ceipjoanmarquescasals\/wp-json\/wp\/v2\/pages"}],"about":[{"href":"https:\/\/agora.xtec.cat\/ceipjoanmarquescasals\/wp-json\/wp\/v2\/types\/page"}],"author":[{"embeddable":true,"href":"https:\/\/agora.xtec.cat\/ceipjoanmarquescasals\/wp-json\/wp\/v2\/users\/1"}],"replies":[{"embeddable":true,"href":"https:\/\/agora.xtec.cat\/ceipjoanmarquescasals\/wp-json\/wp\/v2\/comments?post=28"}],"version-history":[{"count":3,"href":"https:\/\/agora.xtec.cat\/ceipjoanmarquescasals\/wp-json\/wp\/v2\/pages\/28\/revisions"}],"predecessor-version":[{"id":5457,"href":"https:\/\/agora.xtec.cat\/ceipjoanmarquescasals\/wp-json\/wp\/v2\/pages\/28\/revisions\/5457"}],"up":[{"embeddable":true,"href":"https:\/\/agora.xtec.cat\/ceipjoanmarquescasals\/wp-json\/wp\/v2\/pages\/22"}],"wp:attachment":[{"href":"https:\/\/agora.xtec.cat\/ceipjoanmarquescasals\/wp-json\/wp\/v2\/media?parent=28"}],"curies":[{"name":"wp","href":"https:\/\/api.w.org\/{rel}","templated":true}]}}