{"id":3743,"date":"2023-05-26T13:15:40","date_gmt":"2023-05-26T11:15:40","guid":{"rendered":"https:\/\/agora.xtec.cat\/ceipgranullarius\/?page_id=3743"},"modified":"2023-09-22T09:22:43","modified_gmt":"2023-09-22T07:22:43","slug":"diagnosi","status":"publish","type":"page","link":"https:\/\/agora.xtec.cat\/ceipgranullarius\/projecte-educatiu\/estrategia-digital-de-centre\/part-estrategica\/diagnosi\/","title":{"rendered":"Diagnosi"},"content":{"rendered":"<h2><span style=\"font-weight: 400; color: #e84666;\">Eines utilitzades en la diagnosi<\/span><\/h2>\n<p><span style=\"font-weight: 400;\">Per fer la diagnosi, la Comissi\u00f3 Digital del centre ha utilitzat les seg\u00fcents eines:<\/span><\/p>\n<ul>\n<li aria-level=\"1\"><b>Enquesta a l&#8217;equip directiu, al docent, a l&#8217;alumnat de 5\u00e8 i 6\u00e8 de prim\u00e0ria.<\/b><\/li>\n<\/ul>\n<p><span style=\"font-weight: 400;\">S&#8217;ha fet servir l&#8217;eina Selfie. L\u2019aplicaci\u00f3 SELFIE est\u00e0 desenvolupada per la Uni\u00f3 Europea i ajuda els centres a fer una diagnosi sobre l\u2019\u00fas pedag\u00f2gic de la tecnologia en un centre.<\/span><\/p>\n<p><span style=\"font-weight: 400;\">La participaci\u00f3 ha estat la seg\u00fcent:\u00a0<\/span><\/p>\n<ul>\n<li style=\"font-weight: 400;\" aria-level=\"2\"><span style=\"font-weight: 400;\">Equip directiu: 100% (7\/7)<\/span><\/li>\n<li style=\"font-weight: 400;\" aria-level=\"2\"><span style=\"font-weight: 400;\">Docents: 89 % (25\/28)<\/span><\/li>\n<li style=\"font-weight: 400;\" aria-level=\"2\"><span style=\"font-weight: 400;\">Alumnat:\u00a0 84 % (167\/199)<\/span><\/li>\n<\/ul>\n<ul>\n<li style=\"font-weight: 400;\" aria-level=\"1\"><b>Enquesta a les fam\u00edlies.<\/b> <span style=\"font-weight: 400;\">A partir l\u2019enquesta de la web de suport, la Comissi\u00f3 Digital i la Mentora Digital, ha fet una modificaci\u00f3 per tal de reflectir la realitat del centre. \u00a0 La participaci\u00f3 ha estat de 109 fam\u00edlies del centre.<\/span><\/li>\n<\/ul>\n<ul>\n<li style=\"list-style-type: none;\">\n<ul>\n<li style=\"font-weight: 400;\" aria-level=\"1\"><b>Entrevistes a fam\u00edlies: <\/b><span style=\"font-weight: 400;\">\u00a02 fam\u00edlies representants de l\u2019AFA i\/o representants del Consell Escolar.\u00a0<\/span><\/li>\n<li style=\"font-weight: 400;\" aria-level=\"1\"><b>Altres aspectes<\/b><span style=\"font-weight: 400;\"> del centre ja t\u00e9 sobre \u00fas de tecnologia:\u00a0<\/span>\n<ul>\n<li style=\"font-weight: 400;\" aria-level=\"2\"><span style=\"font-weight: 400;\">Resultats dels alumnes en l\u2019\u00e0mbit digital<\/span><\/li>\n<li style=\"font-weight: 400;\" aria-level=\"2\"><span style=\"font-weight: 400;\">Activitats vinculades amb la compet\u00e8ncia digital de l\u2019alumnat\u00a0<\/span><\/li>\n<li style=\"font-weight: 400;\" aria-level=\"2\"><span style=\"font-weight: 400;\">Nombre i periodicitat de publicacions al web xarxes socials, \u00fas dels port\u00e0tils o tauletes del centre,<\/span><\/li>\n<li style=\"font-weight: 400;\" aria-level=\"2\"><span style=\"font-weight: 400;\">Projectes que es realitzen<\/span><\/li>\n<\/ul>\n<\/li>\n<\/ul>\n<\/li>\n<\/ul>\n<ul>\n<li aria-level=\"1\"><b>Revisi\u00f3 dels \u00edtems del pla TAC.\u00a0<\/b><\/li>\n<\/ul>\n<ul>\n<li style=\"font-weight: 400;\" aria-level=\"1\"><b>Enquestes docents<\/b><span style=\"font-weight: 400;\">: formulari t\u00e8cnic adaptat a la realitat del centre.<\/span><\/li>\n<li style=\"font-weight: 400;\" aria-level=\"1\"><b>Entrevistes a Coordinaci\u00f3 de Cicles del centre.<\/b><span style=\"font-weight: 400;\"> S\u2019ha fet una entrevista als diferents coordinadors\/es de cicle del centre, concretament a Coordinaci\u00f3 d&#8217;Educaci\u00f3 Infantil, de Cicle Infantil, de Cicle Mitj\u00e0 i de Cicle Superior.<\/span><\/li>\n<li style=\"font-weight: 400;\" aria-level=\"1\"><b>Valoraci\u00f3 dels resultats<\/b><span style=\"font-weight: 400;\"> de les enquestes i les entrevistes entre la Comissi\u00f3 Digital, la Directora i la Mentora Digital. A partir de l\u2019an\u00e0lisi d\u2019aquestes eines, s\u2019han detectat els punts forts i punts febles, que han perm\u00e8s establir els objectius de l\u2019Estrat\u00e8gia Digital i ens ajudaran a establir i millorar la Cultura Digital del Centre.<\/span><\/li>\n<\/ul>\n<h2><span style=\"font-weight: 400; color: #e84666;\">Aspectes destacats de la diagnosi<\/span><\/h2>\n<p><span style=\"font-weight: 400;\">Un cop realitzada la diagnosi, es va crear una taula on es va anar ordenant per categories els punts detectats. Es van anar comentant i analitzant els resultats de la diagnosi.<\/span><\/p>\n<p><span style=\"font-weight: 400;\">Es van agrupar els punts detectats en les diferents categories i es van anar analitzant els aspectes m\u00e9s destacats sobretot els punts que es repetien m\u00e9s com per exemple el bon \u00fas de les tecnologies que apareix en les respostes de centre, professorat i fam\u00edlies.<\/span><\/p>\n<p><span style=\"font-weight: 400;\">Totes aquestes reflexions, juntament amb l&#8217;an\u00e0lisi de les causes dels resultats de la diagnosi, han sigut de gran ajuda per determinar els objectius.<\/span><\/p>\n<p><span style=\"font-weight: 400;\">Alguns aspectes a tenir en compte:<\/span><\/p>\n<ul>\n<li style=\"font-weight: 400;\" aria-level=\"1\"><span style=\"font-weight: 400;\">En general, les valoracions de l\u2019equip directiu i dels docents s\u00f3n similars.<\/span><\/li>\n<li style=\"font-weight: 400;\" aria-level=\"1\"><span style=\"font-weight: 400;\">L\u2019\u00e0rea m\u00e9s ben valorada pels docents i direcci\u00f3 ha estat la E. Pedagogia: suports i recursos i l\u2019\u00e0rea menys valorada ha estat la G. Pr\u00e0ctiques d\u2019avaluaci\u00f3.<\/span><\/li>\n<li style=\"font-weight: 400;\" aria-level=\"1\"><span style=\"font-weight: 400;\">L\u2019alumnat ha valorat molt positivament les \u00e0rees C. Infraestructura i equips, l\u2019\u00e0rea F. Pedagogia: implementaci\u00f3 a l\u2019aula i l\u2019\u00e0rea H. Compet\u00e8ncia digital de l\u2019alumnat.<\/span><\/li>\n<li style=\"font-weight: 400;\" aria-level=\"1\"><span style=\"font-weight: 400;\">Els docents i direcci\u00f3 consideren com a aspectes a treballar l\u2019\u00e0rea H. Compet\u00e8ncia digital de l\u2019alumnat.<\/span><\/li>\n<li style=\"font-weight: 400;\" aria-level=\"1\"><span style=\"font-weight: 400;\">Segons el formulari contestat per les fam\u00edlies, un 80,7% coneixen les xarxes que utilitza l\u2019escola i un 97,2% consideren que el sistema d\u2019avisos\/informaci\u00f3 \u00e9s \u00fatil i f\u00e0cil d\u2019utilitzar.<\/span><\/li>\n<li style=\"font-weight: 400;\" aria-level=\"1\"><span style=\"font-weight: 400;\">Les fam\u00edlies, en el formulari contestat, consideren que la web la consulten, per\u00f2 caldria renovar el format de la web. Aspecte que s\u2019ha treballat al llarg d\u2019aquest curs i l\u2019increment de les visites en un m\u00e9s de forma considerable.<\/span><\/li>\n<li style=\"font-weight: 400;\" aria-level=\"1\"><span style=\"font-weight: 400;\">51 fam\u00edlies de les enquestades desconeixen l\u2019EVA que utilitzen els seus fills\/es a l\u2019escola i els hi agradaria saber-ne d\u2019aquest entorn digital i el 92,7% els hi sembla bona idea que l\u2019escola disseny\u00e9s <\/span><span style=\"font-weight: 400;\">activitats (sessions de formaci\u00f3 i informaci\u00f3) per acompanyar-vos a nivell digital (acc\u00e9s segur a continguts per a infants, funcionament de l&#8217;entorn virtual, seguretat, ab\u00fas de pantalles, etc.<\/span><\/li>\n<\/ul>\n<p><span style=\"font-weight: 400;\">A partir d\u2019aquesta an\u00e0lisi, es constata que, en general, el centre t\u00e9 un nivell for\u00e7a adequat de compet\u00e8ncia digital com a centre. Aix\u00ed i tot, hi ha alguns aspectes a millorar sobre els quals se centrar\u00e0 l\u2019estrat\u00e8gia digital, aix\u00ed com refor\u00e7ar o donar continu\u00eftat a alguns aspectes que ens han sortit com a punts forts.<\/span><\/p>\n","protected":false},"excerpt":{"rendered":"<p>Eines utilitzades en la diagnosi<br \/>\nPer fer la diagnosi, la Comissi\u00f3 Digital del centre ha utilitzat les seg\u00fcents eines:<\/p>\n<ul>\n<li aria-level=\"1\">Enquesta a l&#8217;equip directiu, al docent, a l&#8217;alumnat de 5\u00e8 i 6\u00e8 de prim\u00e0ria.<\/li>\n<\/ul>\n<p>S&#8217;ha fet servir l&#8217;eina Selfie. L\u2019aplicaci\u00f3 SELFIE est\u00e0 desenvolupada per la Uni\u00f3 Europea i&hellip;  <a href=\"https:\/\/agora.xtec.cat\/ceipgranullarius\/projecte-educatiu\/estrategia-digital-de-centre\/part-estrategica\/diagnosi\/\" title=\"Read Diagnosi\">Llegeix m\u00e9s\u00bb<\/a><\/p>\n","protected":false},"author":1,"featured_media":0,"parent":3738,"menu_order":0,"comment_status":"closed","ping_status":"closed","template":"page-templates\/side-menu.php","meta":{"_bbp_topic_count":0,"_bbp_reply_count":0,"_bbp_total_topic_count":0,"_bbp_total_reply_count":0,"_bbp_voice_count":0,"_bbp_anonymous_reply_count":0,"_bbp_topic_count_hidden":0,"_bbp_reply_count_hidden":0,"_bbp_forum_subforum_count":0,"footnotes":""},"class_list":["post-3743","page","type-page","status-publish","hentry"],"post_mailing_queue_ids":[],"_links":{"self":[{"href":"https:\/\/agora.xtec.cat\/ceipgranullarius\/wp-json\/wp\/v2\/pages\/3743","targetHints":{"allow":["GET"]}}],"collection":[{"href":"https:\/\/agora.xtec.cat\/ceipgranullarius\/wp-json\/wp\/v2\/pages"}],"about":[{"href":"https:\/\/agora.xtec.cat\/ceipgranullarius\/wp-json\/wp\/v2\/types\/page"}],"author":[{"embeddable":true,"href":"https:\/\/agora.xtec.cat\/ceipgranullarius\/wp-json\/wp\/v2\/users\/1"}],"replies":[{"embeddable":true,"href":"https:\/\/agora.xtec.cat\/ceipgranullarius\/wp-json\/wp\/v2\/comments?post=3743"}],"version-history":[{"count":3,"href":"https:\/\/agora.xtec.cat\/ceipgranullarius\/wp-json\/wp\/v2\/pages\/3743\/revisions"}],"predecessor-version":[{"id":3882,"href":"https:\/\/agora.xtec.cat\/ceipgranullarius\/wp-json\/wp\/v2\/pages\/3743\/revisions\/3882"}],"up":[{"embeddable":true,"href":"https:\/\/agora.xtec.cat\/ceipgranullarius\/wp-json\/wp\/v2\/pages\/3738"}],"wp:attachment":[{"href":"https:\/\/agora.xtec.cat\/ceipgranullarius\/wp-json\/wp\/v2\/media?parent=3743"}],"curies":[{"name":"wp","href":"https:\/\/api.w.org\/{rel}","templated":true}]}}