{"id":3448,"date":"2023-02-20T20:22:45","date_gmt":"2023-02-20T19:22:45","guid":{"rendered":"https:\/\/agora.xtec.cat\/ceipgranullarius\/?page_id=3448"},"modified":"2024-01-09T13:20:38","modified_gmt":"2024-01-09T12:20:38","slug":"consell-escolar-2","status":"publish","type":"page","link":"https:\/\/agora.xtec.cat\/ceipgranullarius\/lescola\/consell-escolar-2\/","title":{"rendered":"Consell Escolar"},"content":{"rendered":"<p style=\"color: #444444;\">El consell escolar de centre \u00e9s l&#8217;\u00f2rgan de participaci\u00f3 de la comunitat escolar en el govern del centre.<\/p>\n<p style=\"color: #444444;\">Est\u00e0 format per:<\/p>\n<ul>\n<li style=\"color: #444444;\">La directora, que el presideix.<\/li>\n<li style=\"color: #444444;\">La cap d&#8217;estudis.<\/li>\n<li style=\"color: #444444;\">Una persona representant de l&#8217;Ajuntament de Granollers.<\/li>\n<li style=\"color: #444444;\">Les persones representants de mestres que s&#8217;elegeixen en claustre, que han de ser un ter\u00e7 de la composici\u00f3 total.<\/li>\n<li style=\"color: #444444;\">Les persones representants de les fam\u00edlies, elegits respectivament per i entre ells\/es. Tamb\u00e9 han de ser, com a m\u00ednim, un ter\u00e7 de la composici\u00f3 total. Un d&#8217;aquest representant ha d&#8217;estar nomenat per l&#8217;Associaci\u00f3 de Fam\u00edlies i Alumnat (AFA).<\/li>\n<li style=\"color: #444444;\">Una persona representant del personal d&#8217;administraci\u00f3 i serveis, elegit per i entre aquest personal.<\/li>\n<\/ul>\n<p>Les seves funcions s\u00f3n:<\/p>\n<ul>\n<li>Aprovar el Projecte Educatiu i les modificacions corresponents per una majoria de tres cinquenes parts dels membres.<\/li>\n<li>Aprovar la Programaci\u00f3 General Anual del centre i avaluar-ne el desenvolupament i els resultats.<\/li>\n<li>Aprovar la Mem\u00f2ria Anual del centre de cada curs.<\/li>\n<li>Aprovar les Normes d&#8217;Organitzaci\u00f3 i Funcionament del Centre i modificacions corresponents.<\/li>\n<li>Aprovar la carta de comprom\u00eds educatiu.<\/li>\n<li>Aprovar el pressupost del centre i el rendiment de comptes.<\/li>\n<li>Participar en el procediment de selecci\u00f3 i proposta de cessament del director o directora.<\/li>\n<li>Intervenir en la resoluci\u00f3 de conflictes i, si escau, revisar les responsabilitats i conseq\u00fc\u00e8ncies.<\/li>\n<li>Aprovar les directrius per a la programaci\u00f3 d&#8217;activitats escolars complement\u00e0ries i d&#8217;activitats extraescolars, i avaluar-ne el desenvolupament.<\/li>\n<li>Participar en l&#8217;an\u00e0lisi i les avaluacions del funcionament general del centre i con\u00e8ixer l&#8217;evoluci\u00f3 del rendiment escolar.<\/li>\n<\/ul>\n","protected":false},"excerpt":{"rendered":"<p>El consell escolar de centre \u00e9s l&#8217;\u00f2rgan de participaci\u00f3 de la comunitat escolar en el govern del centre.<br \/>\nEst\u00e0 format per:<\/p>\n<ul>\n<li style=\"color: #444444;\">La directora, que el presideix.<\/li>\n<li style=\"color: #444444;\">La cap d&#8217;estudis.<\/li>\n<li style=\"color: #444444;\">Una persona representant de l&#8217;Ajuntament de Granollers.<\/li>\n<li style=\"color: #444444;\">Les persones representants de mestres que&hellip;  <a href=\"https:\/\/agora.xtec.cat\/ceipgranullarius\/lescola\/consell-escolar-2\/\" title=\"Read Consell Escolar\">Llegeix m\u00e9s\u00bb<\/a><br \/>\n","protected":false},"author":1,"featured_media":0,"parent":22,"menu_order":6,"comment_status":"closed","ping_status":"closed","template":"page-templates\/side-menu.php","meta":{"_bbp_topic_count":0,"_bbp_reply_count":0,"_bbp_total_topic_count":0,"_bbp_total_reply_count":0,"_bbp_voice_count":0,"_bbp_anonymous_reply_count":0,"_bbp_topic_count_hidden":0,"_bbp_reply_count_hidden":0,"_bbp_forum_subforum_count":0,"footnotes":""},"class_list":["post-3448","page","type-page","status-publish","hentry"],"post_mailing_queue_ids":[],"_links":{"self":[{"href":"https:\/\/agora.xtec.cat\/ceipgranullarius\/wp-json\/wp\/v2\/pages\/3448","targetHints":{"allow":["GET"]}}],"collection":[{"href":"https:\/\/agora.xtec.cat\/ceipgranullarius\/wp-json\/wp\/v2\/pages"}],"about":[{"href":"https:\/\/agora.xtec.cat\/ceipgranullarius\/wp-json\/wp\/v2\/types\/page"}],"author":[{"embeddable":true,"href":"https:\/\/agora.xtec.cat\/ceipgranullarius\/wp-json\/wp\/v2\/users\/1"}],"replies":[{"embeddable":true,"href":"https:\/\/agora.xtec.cat\/ceipgranullarius\/wp-json\/wp\/v2\/comments?post=3448"}],"version-history":[{"count":6,"href":"https:\/\/agora.xtec.cat\/ceipgranullarius\/wp-json\/wp\/v2\/pages\/3448\/revisions"}],"predecessor-version":[{"id":4133,"href":"https:\/\/agora.xtec.cat\/ceipgranullarius\/wp-json\/wp\/v2\/pages\/3448\/revisions\/4133"}],"up":[{"embeddable":true,"href":"https:\/\/agora.xtec.cat\/ceipgranullarius\/wp-json\/wp\/v2\/pages\/22"}],"wp:attachment":[{"href":"https:\/\/agora.xtec.cat\/ceipgranullarius\/wp-json\/wp\/v2\/media?parent=3448"}],"curies":[{"name":"wp","href":"https:\/\/api.w.org\/{rel}","templated":true}]}}