{"id":26,"date":"2014-09-18T12:24:32","date_gmt":"2014-09-18T12:24:32","guid":{"rendered":"http:\/\/agora.xtec.cat\/ceipgranullarius\/?page_id=26"},"modified":"2025-03-07T09:26:24","modified_gmt":"2025-03-07T08:26:24","slug":"historia","status":"publish","type":"page","link":"https:\/\/agora.xtec.cat\/ceipgranullarius\/lescola\/historia\/","title":{"rendered":"Hist\u00f2ria"},"content":{"rendered":"<p><span style=\"font-weight: 400;\">L&#8217;Escola Granullarius\u00a0 \u00e9s un centre p\u00fablic d\u2019educaci\u00f3 infantil i prim\u00e0ria de doble l\u00ednia amb una llarga traject\u00f2ria en l\u2019educaci\u00f3 dels infants de la nostra comunitat. Aquest curs celebrem 50 anys d\u2019hist\u00f2ria, mig segle d\u2019aprenentatge, conviv\u00e8ncia i creixement compartit. Aquest curs compta amb un total de 18 grups-classe, amb aproximadament 411 alumnes i un claustre format per 33 mestres.<\/span><\/p>\n<p><span style=\"font-weight: 400;\">En els darrers anys, gr\u00e0cies a un nou impuls de l\u2019equip directiu i docent, l\u2019escola ha empr\u00e8s un proc\u00e9s de transformaci\u00f3 pedag\u00f2gica i organitzativa, amb la voluntat de consolidar un model educatiu inclusiu, innovador i centrat en el benestar de tota la comunitat educativa. Creiem fermament que l\u2019educaci\u00f3 ha d\u2019anar m\u00e9s enll\u00e0 dels aprenentatges acad\u00e8mics i ha de vetllar pel desenvolupament integral de l\u2019alumnat, promovent espais de conviv\u00e8ncia saludables i respectuosos.<\/span><\/p>\n<p><span style=\"font-weight: 400;\">\u00c9s per aquest motiu que hem fet un pas endavant i hem entrat a formar part del Programa d\u2019innovaci\u00f3 en enfocament restauratiu, que ens permet aprofundir en una cultura de relacions basades en la confian\u00e7a, l\u2019empatia i el di\u00e0leg. A trav\u00e9s d\u2019aquesta mirada, treballem per generar un ambient escolar segur i acollidor, on cada infant se senti escoltat, valorat i protagonista del seu propi proc\u00e9s d\u2019aprenentatge.<\/span><\/p>\n<p><span style=\"font-weight: 400;\">A m\u00e9s, apostem per una educaci\u00f3 que obri portes al m\u00f3n, i per aix\u00f2 posem un \u00e8mfasi especial en el desenvolupament de la llengua anglesa com a eina per fomentar la comunicaci\u00f3 i la connexi\u00f3 amb altres realitats culturals. Aquest enfocament ens permet preparar els nostres alumnes per a una societat cada cop m\u00e9s globalitzada, sense perdre de vista l\u2019arrelament al nostre entorn m\u00e9s proper.<\/span><\/p>\n<p><span style=\"font-weight: 400;\">El Projecte Educatiu de Centre (en proc\u00e9s d&#8217;actualitzaci\u00f3) recollir\u00e0 i donar\u00e0 forma a aquests valors, establint les l\u00ednies mestres de la nostra tasca educativa. Ser\u00e0 un document viu, que evolucionar\u00e0 amb l\u2019escola i amb les necessitats dels nostres infants i fam\u00edlies. <\/span><\/p>\n<p><span style=\"font-weight: 400;\">Amb aquest comprom\u00eds, seguim treballant cada dia per construir una escola on l\u2019aprenentatge vagi de la m\u00e0 del respecte, la conviv\u00e8ncia i el benestar emocional de tota la comunitat educativa.<\/span><\/p>\n","protected":false},"excerpt":{"rendered":"<p>L&#8217;Escola Granullarius\u00a0 \u00e9s un centre p\u00fablic d\u2019educaci\u00f3 infantil i prim\u00e0ria de doble l\u00ednia amb una llarga traject\u00f2ria en l\u2019educaci\u00f3 dels infants de la nostra comunitat. Aquest curs celebrem 50 anys d\u2019hist\u00f2ria, mig segle d\u2019aprenentatge, conviv\u00e8ncia i creixement compartit. Aquest curs compta amb un total de&hellip;  <a href=\"https:\/\/agora.xtec.cat\/ceipgranullarius\/lescola\/historia\/\" title=\"Read Hist\u00f2ria\">Llegeix m\u00e9s\u00bb<\/a><\/p>\n","protected":false},"author":2,"featured_media":0,"parent":22,"menu_order":2,"comment_status":"closed","ping_status":"closed","template":"page-templates\/side-menu.php","meta":{"_bbp_topic_count":0,"_bbp_reply_count":0,"_bbp_total_topic_count":0,"_bbp_total_reply_count":0,"_bbp_voice_count":0,"_bbp_anonymous_reply_count":0,"_bbp_topic_count_hidden":0,"_bbp_reply_count_hidden":0,"_bbp_forum_subforum_count":0,"footnotes":""},"class_list":["post-26","page","type-page","status-publish","hentry"],"post_mailing_queue_ids":[],"_links":{"self":[{"href":"https:\/\/agora.xtec.cat\/ceipgranullarius\/wp-json\/wp\/v2\/pages\/26","targetHints":{"allow":["GET"]}}],"collection":[{"href":"https:\/\/agora.xtec.cat\/ceipgranullarius\/wp-json\/wp\/v2\/pages"}],"about":[{"href":"https:\/\/agora.xtec.cat\/ceipgranullarius\/wp-json\/wp\/v2\/types\/page"}],"author":[{"embeddable":true,"href":"https:\/\/agora.xtec.cat\/ceipgranullarius\/wp-json\/wp\/v2\/users\/2"}],"replies":[{"embeddable":true,"href":"https:\/\/agora.xtec.cat\/ceipgranullarius\/wp-json\/wp\/v2\/comments?post=26"}],"version-history":[{"count":4,"href":"https:\/\/agora.xtec.cat\/ceipgranullarius\/wp-json\/wp\/v2\/pages\/26\/revisions"}],"predecessor-version":[{"id":4525,"href":"https:\/\/agora.xtec.cat\/ceipgranullarius\/wp-json\/wp\/v2\/pages\/26\/revisions\/4525"}],"up":[{"embeddable":true,"href":"https:\/\/agora.xtec.cat\/ceipgranullarius\/wp-json\/wp\/v2\/pages\/22"}],"wp:attachment":[{"href":"https:\/\/agora.xtec.cat\/ceipgranullarius\/wp-json\/wp\/v2\/media?parent=26"}],"curies":[{"name":"wp","href":"https:\/\/api.w.org\/{rel}","templated":true}]}}