{"id":22,"date":"2014-09-18T12:19:57","date_gmt":"2014-09-18T12:19:57","guid":{"rendered":"http:\/\/agora.xtec.cat\/ceipgranullarius\/?page_id=22"},"modified":"2016-06-20T09:52:25","modified_gmt":"2016-06-20T08:52:25","slug":"lescola","status":"publish","type":"page","link":"https:\/\/agora.xtec.cat\/ceipgranullarius\/lescola\/","title":{"rendered":"L&#8217;escola"},"content":{"rendered":"<p><strong>UNA ESCOLA AMB TRADICI\u00d3 QUE MIRA CAP EL FUTUR.<\/strong><\/p>\n<p>S\u00f3n ja molts anys, prop de quaranta, els que portem formant nois i noies de la ciutat. Aquesta llarga experi\u00e8ncia avala la nostra\u00a0 feina com a educadors i ens anima i ens encoratja en l\u2019assumpci\u00f3 de nous reptes educatius per a formar els ciutadans del futur, ciutadans responsables i membres actius de la seva comunitat. \u00c9s des d\u2019aquesta perspectiva que estem desenvolupant <strong>un Pla d\u2019Autonomia que, en un per\u00edode de quatre cursos, \u00a0ens ha de permetre millorar els resultats educatius i la cohesi\u00f3 social<\/strong>.<\/p>\n<p>Som una escola que compta amb un gran potencial hum\u00e0 (mestres, alumnes, fam\u00edlies). Aix\u00f2 ens permet comprometre\u2019ns i tirar endavant un conjunt de projectes emmarcats dins una proposta did\u00e0ctica basada en la pr\u00e0ctica activa, constructiva, de relaci\u00f3 directa amb l\u2019entorn que ens envolta. Una proposta que pren com a referent uns principis educatius, socials i culturals fonamentals, que ens orienten i guien, que estan presents en qualsevol acte educatiu i d\u2019aprenentatge: la igualtat, la coeducaci\u00f3, l\u2019atenci\u00f3 a la diversitat, la multiculturalitat, la integraci\u00f3 i la cohesi\u00f3 social, el respecte a l\u2019entorn i la sostenibilitat&#8230;<\/p>\n<p>Aix\u00f2 sense perdre de vista l\u2019objectiu final de tot all\u00f2 que fem, i que no \u00e9s un altre que <strong>proporcionar als nostres alumnes les ajudes necess\u00e0ries en cada moment del seu proc\u00e9s individual de creixement personal, per a que puguin assolir les seves fites d\u2019\u00e8xit personal i social.<\/strong><\/p>\n<p><strong>UNA ESCOLA INCLUSIVA: UNA ESCOLA PER A TOTHOM.<\/strong><\/p>\n<p>Treballem per a la integraci\u00f3 de l\u2019alumnat amb dificultats, per a la construcci\u00f3 d\u2019una escola per a tothom, on les difer\u00e8ncies no s\u00f3n una dificultat, sin\u00f3 una oportunitat d\u2019enriquir-nos tots plegats, des de l\u2019aportaci\u00f3 de cadasc\u00fa en la seva diversitat.<\/p>\n<p><strong>L&#8217;ESCOLA, UN ESPAI OBERT A LES FAM\u00cdLIES.<\/strong><\/p>\n<p>Des d\u2019una perspectiva sist\u00e8mica, a l\u2019escola, <strong>mestres, infants i fam\u00edlies treballem de forma conjunta per tal d\u2019arribar a formar part d\u2019un mateix projecte educatiu.<\/strong> Per aix\u00f2, potenciem la participaci\u00f3 de tothom en la vida escolar per contribuir al desenvolupament pr\u00e0ctic d\u2019aquest projecte educatiu:<\/p>\n<ul>\n<li>La celebraci\u00f3 de les festes tradicionals serveixen a l\u2019alumnat, fam\u00edlies i professorat com a motiu de trobada i com a forma activa de participaci\u00f3 en la vida escolar.<\/li>\n<li>La seva col\u00b7laboraci\u00f3 en algunes tasques concretes de decoraci\u00f3 del centre ens permet compartir la vida quotidiana de l\u2019escola amb les fam\u00edlies.<\/li>\n<li>La seva participaci\u00f3 tamb\u00e9 es reflecteix quan pares i mares ens acompanyen a les sortides&#8230;<\/li>\n<\/ul>\n","protected":false},"excerpt":{"rendered":"<p>UNA ESCOLA AMB TRADICI\u00d3 QUE MIRA CAP EL FUTUR.<br \/>\nS\u00f3n ja molts anys, prop de quaranta, els que portem formant nois i noies de la ciutat. Aquesta llarga experi\u00e8ncia avala la nostra\u00a0 feina com a educadors i ens anima i ens encoratja en l\u2019assumpci\u00f3 de nous&hellip;  <a href=\"https:\/\/agora.xtec.cat\/ceipgranullarius\/lescola\/\" title=\"Read L&#8217;escola\">Llegeix m\u00e9s\u00bb<\/a><\/p>\n","protected":false},"author":2,"featured_media":0,"parent":0,"menu_order":0,"comment_status":"closed","ping_status":"closed","template":"page-templates\/side-menu.php","meta":{"_bbp_topic_count":0,"_bbp_reply_count":0,"_bbp_total_topic_count":0,"_bbp_total_reply_count":0,"_bbp_voice_count":0,"_bbp_anonymous_reply_count":0,"_bbp_topic_count_hidden":0,"_bbp_reply_count_hidden":0,"_bbp_forum_subforum_count":0,"footnotes":""},"class_list":["post-22","page","type-page","status-publish","hentry"],"post_mailing_queue_ids":[],"_links":{"self":[{"href":"https:\/\/agora.xtec.cat\/ceipgranullarius\/wp-json\/wp\/v2\/pages\/22","targetHints":{"allow":["GET"]}}],"collection":[{"href":"https:\/\/agora.xtec.cat\/ceipgranullarius\/wp-json\/wp\/v2\/pages"}],"about":[{"href":"https:\/\/agora.xtec.cat\/ceipgranullarius\/wp-json\/wp\/v2\/types\/page"}],"author":[{"embeddable":true,"href":"https:\/\/agora.xtec.cat\/ceipgranullarius\/wp-json\/wp\/v2\/users\/2"}],"replies":[{"embeddable":true,"href":"https:\/\/agora.xtec.cat\/ceipgranullarius\/wp-json\/wp\/v2\/comments?post=22"}],"version-history":[{"count":3,"href":"https:\/\/agora.xtec.cat\/ceipgranullarius\/wp-json\/wp\/v2\/pages\/22\/revisions"}],"predecessor-version":[{"id":232,"href":"https:\/\/agora.xtec.cat\/ceipgranullarius\/wp-json\/wp\/v2\/pages\/22\/revisions\/232"}],"wp:attachment":[{"href":"https:\/\/agora.xtec.cat\/ceipgranullarius\/wp-json\/wp\/v2\/media?parent=22"}],"curies":[{"name":"wp","href":"https:\/\/api.w.org\/{rel}","templated":true}]}}