{"id":289,"date":"2015-11-16T15:39:31","date_gmt":"2015-11-16T14:39:31","guid":{"rendered":"http:\/\/agora.xtec.cat\/ceipgranes\/?page_id=289"},"modified":"2026-02-24T11:37:59","modified_gmt":"2026-02-24T10:37:59","slug":"projecte-direccio","status":"publish","type":"page","link":"https:\/\/agora.xtec.cat\/ceipgranes\/lescola\/projecte-direccio\/","title":{"rendered":"Documents de centre"},"content":{"rendered":"<ul>\n<li>\n<h5><strong><a href=\"https:\/\/agora.xtec.cat\/ceipgranes\/wp-content\/uploads\/usu608\/2020\/02\/PEC-GRAN\u00c9S-2020.pdf\" target=\"_blank\" rel=\"noopener\">PROJECTE EDUCATIU DE CENTRE<\/a><\/strong><\/h5>\n<ul>\n<li>\n<h5><strong><a style=\"color: #2795b6;\" href=\"https:\/\/agora.xtec.cat\/ceipgranes\/wp-content\/uploads\/usu608\/2022\/02\/Presentacio-virtual-PEC-febrer-2022.pptx.pdf\" target=\"_blank\" rel=\"noopener noreferrer\">PRESENTACI\u00d3 VISUAL PROJECTE EDUCATIU DE CENTRE<\/a><\/strong><\/h5>\n<\/li>\n<li>\n<h5><strong><a href=\"https:\/\/agora.xtec.cat\/ceipgranes\/wp-content\/uploads\/usu608\/2019\/05\/PROJECTE-LING\u00dc\u00cdSTIC-ESCOLA-RAMON-MACIP-DOLORS-GRAN\u00c9S.pdf\">PROJECTE LING\u00dc\u00cdSTIC<\/a><\/strong><\/h5>\n<\/li>\n<li>\n<h5><strong><a href=\"https:\/\/drive.google.com\/file\/d\/1Z0UimB_2n3byugVwPuhKSGhK3HfQtaur\/view?usp=sharing\">PROJECTE DE CONVIV\u00c8NCIA<\/a><\/strong><\/h5>\n<ul>\n<li>\n<h5><a href=\"https:\/\/drive.google.com\/file\/d\/1MdMWeyaCEeE2NckfoqAENamcn7eYCjVp\/view?usp=sharing\">PLA D&#8217;ACOLLIDA<\/a><\/h5>\n<\/li>\n<\/ul>\n<\/li>\n<\/ul>\n<\/li>\n<li>\n<h5><a href=\"https:\/\/drive.google.com\/file\/d\/1Z-dZ75UeygfEVYjdH3vSr5Z-awYauHGL\/view?usp=sharing\">NOFC<\/a><\/h5>\n<ul style=\"list-style-type: circle;\">\n<li>\n<h5><strong><a href=\"https:\/\/agora.xtec.cat\/ceipgranes\/wp-content\/uploads\/usu608\/2019\/07\/Protocol-absentisme-escola-Gran\u00e9s-maig-2019.pdf\">PROTOCOL ABSENTISME<\/a><\/strong><\/h5>\n<\/li>\n<li>\n<h5><strong><a href=\"https:\/\/agora.xtec.cat\/ceipgranes\/wp-content\/uploads\/usu608\/2019\/07\/\u00fas-del-whatsapp-a-lescola.pdf\">\u00daS DEL WHATSAPP A L&#8217;ESCOLA<\/a><\/strong><\/h5>\n<\/li>\n<\/ul>\n<\/li>\n<li>\n<h5><strong><a href=\"https:\/\/agora.xtec.cat\/ceipgranes\/wp-content\/uploads\/usu608\/2020\/01\/Pla-TAC.pdf\">PLA TAC<\/a><\/strong><\/h5>\n<\/li>\n<li>\n<h5><strong><a href=\"http:\/\/agora.xtec.cat\/ceipgranes\/wp-content\/uploads\/usu608\/2017\/10\/carta-comprom\u00eds-educatiu-aprovada.pdf\">CARTA DE COMPROM\u00cdS EDUCATIU\u00a0<\/a><\/strong><\/h5>\n<\/li>\n<li>\n<h5><a href=\"https:\/\/agora.xtec.cat\/ceipgranes\/wp-content\/uploads\/usu608\/2025\/02\/Pressupost2025_compressed.pdf\">PRESSUPOST 2025<\/a><\/h5>\n<\/li>\n<li>\n<h6><strong style=\"font-size: 1.125em;\"><a style=\"color: #2795b6;\" href=\"https:\/\/agora.xtec.cat\/ceipgranes\/wp-content\/uploads\/usu608\/2024\/05\/SKM_C250i24052212510.pdf\">CARTA DE COMPROM\u00cdS RESTAURATIU<\/a><\/strong><\/h6>\n<\/li>\n<li><strong><a href=\"https:\/\/agora.xtec.cat\/ceipgranes\/wp-content\/uploads\/usu608\/2025\/02\/PROJECTE-DE-DIRECCIO-2023_2027-comprimido.pdf\">PROJECTE DE DIRECCI\u00d3 2023-2027<\/a><\/strong><\/li>\n<li>\n<h5><a href=\"https:\/\/agora.xtec.cat\/ceipgranes\/lescola\/projecte-direccio\/attachment\/2024-2025-memoria-anual-docx\/\" rel=\"attachment wp-att-5615\">2024-2025 MEMORIA ANUAL<\/a><\/h5>\n<\/li>\n<li>\n<h5><a href=\"https:\/\/agora.xtec.cat\/ceipgranes\/wp-content\/uploads\/usu608\/2026\/02\/2025-2026-PGA-ESCOLA-RAMON-MACIP-DOLORS-GRANES.docx.pdf\">PGA curs 25-26<\/a><\/h5>\n<\/li>\n<li><strong><a href=\"https:\/\/drive.google.com\/file\/d\/1z2NfaEOgLoBv662sJ6OR3aorDjyvtdMF\/view?usp=drive_link\">PLA DE FUNCIONAMENT ESPAI MIGDIA 2024-25<\/a><\/strong><\/li>\n<\/ul>\n","protected":false},"excerpt":{"rendered":"<ul>\n<li>\n<a href=\"https:\/\/agora.xtec.cat\/ceipgranes\/wp-content\/uploads\/usu608\/2020\/02\/PEC-GRAN\u00c9S-2020.pdf\" target=\"_blank\" rel=\"noopener\">PROJECTE EDUCATIU DE CENTRE<\/a><\/p>\n<ul>\n<li>\n<a style=\"color: #2795b6;\" href=\"https:\/\/agora.xtec.cat\/ceipgranes\/wp-content\/uploads\/usu608\/2022\/02\/Presentacio-virtual-PEC-febrer-2022.pptx.pdf\" target=\"_blank\" rel=\"noopener noreferrer\">PRESENTACI\u00d3 VISUAL PROJECTE EDUCATIU DE CENTRE<\/a>\n<\/li>\n<li>\n<a href=\"https:\/\/agora.xtec.cat\/ceipgranes\/wp-content\/uploads\/usu608\/2019\/05\/PROJECTE-LING\u00dc\u00cdSTIC-ESCOLA-RAMON-MACIP-DOLORS-GRAN\u00c9S.pdf\">PROJECTE LING\u00dc\u00cdSTIC<\/a>\n<\/li>\n<li>\n<a href=\"https:\/\/drive.google.com\/file\/d\/1Z0UimB_2n3byugVwPuhKSGhK3HfQtaur\/view?usp=sharing\">PROJECTE DE CONVIV\u00c8NCIA<\/a><\/p>\n<ul>\n<li>\n<a href=\"https:\/\/drive.google.com\/file\/d\/1MdMWeyaCEeE2NckfoqAENamcn7eYCjVp\/view?usp=sharing\">PLA D&#8217;ACOLLIDA<\/a>\n<\/li>\n<\/ul>\n<\/li>\n<\/ul>\n<\/li>\n<li>\n<a href=\"https:\/\/drive.google.com\/file\/d\/1Z-dZ75UeygfEVYjdH3vSr5Z-awYauHGL\/view?usp=sharing\">NOFC<\/a><\/p>\n<ul style=\"list-style-type: circle;\">\n<li>\n<a href=\"https:\/\/agora.xtec.cat\/ceipgranes\/wp-content\/uploads\/usu608\/2019\/07\/Protocol-absentisme-escola-Gran\u00e9s-maig-2019.pdf\">PROTOCOL ABSENTISME<\/a>\n<\/li>\n<li>\n<a href=\"https:\/\/agora.xtec.cat\/ceipgranes\/wp-content\/uploads\/usu608\/2019\/07\/\u00fas-del-whatsapp-a-lescola.pdf\">\u00daS DEL WHATSAPP A L&#8217;ESCOLA<\/a>\n<\/li>\n<\/ul>\n<\/li>\n<li>\n<a href=\"https:\/\/agora.xtec.cat\/ceipgranes\/wp-content\/uploads\/usu608\/2020\/01\/Pla-TAC.pdf\">PLA TAC<\/a>\n<\/li>\n<li>\n<a href=\"http:\/\/agora.xtec.cat\/ceipgranes\/wp-content\/uploads\/usu608\/2017\/10\/carta-comprom\u00eds-educatiu-aprovada.pdf\">CARTA DE COMPROM\u00cdS EDUCATIU\u00a0<\/a>\n<\/li>\n<li>\n<a href=\"https:\/\/agora.xtec.cat\/ceipgranes\/wp-content\/uploads\/usu608\/2025\/02\/Pressupost2025_compressed.pdf\">PRESSUPOST 2025<\/a>\n<\/li>\n<li>\n<a style=\"color: #2795b6;\"&hellip;  <a href=\"https:\/\/agora.xtec.cat\/ceipgranes\/lescola\/projecte-direccio\/\" title=\"Read Documents de centre\">Llegeix m\u00e9s\u00bb<\/a><\/p>\n","protected":false},"author":1,"featured_media":0,"parent":22,"menu_order":0,"comment_status":"closed","ping_status":"closed","template":"","meta":{"_bbp_topic_count":0,"_bbp_reply_count":0,"_bbp_total_topic_count":0,"_bbp_total_reply_count":0,"_bbp_voice_count":0,"_bbp_anonymous_reply_count":0,"_bbp_topic_count_hidden":0,"_bbp_reply_count_hidden":0,"_bbp_forum_subforum_count":0,"footnotes":""},"class_list":["post-289","page","type-page","status-publish","hentry"],"post_mailing_queue_ids":[],"_links":{"self":[{"href":"https:\/\/agora.xtec.cat\/ceipgranes\/wp-json\/wp\/v2\/pages\/289","targetHints":{"allow":["GET"]}}],"collection":[{"href":"https:\/\/agora.xtec.cat\/ceipgranes\/wp-json\/wp\/v2\/pages"}],"about":[{"href":"https:\/\/agora.xtec.cat\/ceipgranes\/wp-json\/wp\/v2\/types\/page"}],"author":[{"embeddable":true,"href":"https:\/\/agora.xtec.cat\/ceipgranes\/wp-json\/wp\/v2\/users\/1"}],"replies":[{"embeddable":true,"href":"https:\/\/agora.xtec.cat\/ceipgranes\/wp-json\/wp\/v2\/comments?post=289"}],"version-history":[{"count":6,"href":"https:\/\/agora.xtec.cat\/ceipgranes\/wp-json\/wp\/v2\/pages\/289\/revisions"}],"predecessor-version":[{"id":5616,"href":"https:\/\/agora.xtec.cat\/ceipgranes\/wp-json\/wp\/v2\/pages\/289\/revisions\/5616"}],"up":[{"embeddable":true,"href":"https:\/\/agora.xtec.cat\/ceipgranes\/wp-json\/wp\/v2\/pages\/22"}],"wp:attachment":[{"href":"https:\/\/agora.xtec.cat\/ceipgranes\/wp-json\/wp\/v2\/media?parent=289"}],"curies":[{"name":"wp","href":"https:\/\/api.w.org\/{rel}","templated":true}]}}