{"id":20450,"date":"2024-11-08T13:24:23","date_gmt":"2024-11-08T12:24:23","guid":{"rendered":"https:\/\/agora.xtec.cat\/ceipgaziel\/?page_id=20450"},"modified":"2025-02-17T09:28:58","modified_gmt":"2025-02-17T08:28:58","slug":"projecte-escola-verda","status":"publish","type":"page","link":"https:\/\/agora.xtec.cat\/ceipgaziel\/projecte-educatiu\/projecte-escola-verda\/","title":{"rendered":"Projecte Escola Verda"},"content":{"rendered":"<p>A la nostra escola, estem molt orgullosos i orgulloses de formar part del projecte <strong>Escola Verda<\/strong>, una iniciativa que busca fomentar la consci\u00e8ncia ambiental i la sostenibilitat entre tota la comunitat educativa. Aquest projecte ens permet no nom\u00e9s aprendre sobre la import\u00e0ncia de cuidar el nostre entorn, sin\u00f3 tamb\u00e9 aplicar aquests coneixements de manera pr\u00e0ctica al dia a dia de l&#8217;escola.<\/p>\n<p>Un dels aspectes m\u00e9s destacats del nostre comprom\u00eds amb l&#8217;Escola Verda \u00e9s la participaci\u00f3 de les <strong>delegades i els delegats verds<\/strong>, un grup d&#8217;estudiants motivats que tenen la responsabilitat de liderar accions sostenibles i fomentar h\u00e0bits ecol\u00f2gics entre les seves companyes i companys. Aquestes delegades i delegats treballen de bracet amb el professorat i el personal de l&#8217;escola per impulsar projectes com la reducci\u00f3 de residus, el reciclatge eficient, l&#8217;\u00fas responsable de l&#8217;energia i la millora dels espais verds del centre.<\/p>\n<p>Cada dia, ens esforcem per implementar els canvis i els aprenentatges que obtenim a trav\u00e9s del projecte. Aix\u00f2 implica accions senzilles, com separar correctament els residus i estalviar aigua. L&#8217;objectiu \u00e9s integrar la sostenibilitat en la vida quotidiana de l&#8217;escola i inspirar a tots els membres de la nostra comunitat perqu\u00e8 puguin traslladar aquestes pr\u00e0ctiques a casa seva i a la seva vida di\u00e0ria.<\/p>\n<p>Amb el projecte Escola Verda, volem fomentar un esperit de responsabilitat i cura pel planeta, assegurant que els nostres alumnes creixin amb els valors necessaris per esdevenir ciutadanes i ciutadans compromesos i proactius. La nostra escola \u00e9s molt m\u00e9s que un lloc d&#8217;aprenentatge; \u00e9s un espai on totes i tots treballem junts per construir un futur m\u00e9s verd i sostenible.<\/p>\n","protected":false},"excerpt":{"rendered":"<p>A la nostra escola, estem molt orgullosos i orgulloses de formar part del projecte Escola Verda, una iniciativa que busca [&hellip;]<\/p>\n","protected":false},"author":3,"featured_media":0,"parent":64,"menu_order":0,"comment_status":"closed","ping_status":"closed","template":"","meta":{"_bbp_topic_count":0,"_bbp_reply_count":0,"_bbp_total_topic_count":0,"_bbp_total_reply_count":0,"_bbp_voice_count":0,"_bbp_anonymous_reply_count":0,"_bbp_topic_count_hidden":0,"_bbp_reply_count_hidden":0,"_bbp_forum_subforum_count":0,"site-sidebar-layout":"default","site-content-layout":"","ast-site-content-layout":"","site-content-style":"default","site-sidebar-style":"default","ast-global-header-display":"","ast-banner-title-visibility":"","ast-main-header-display":"","ast-hfb-above-header-display":"","ast-hfb-below-header-display":"","ast-hfb-mobile-header-display":"","site-post-title":"","ast-breadcrumbs-content":"","ast-featured-img":"","footer-sml-layout":"","theme-transparent-header-meta":"","adv-header-id-meta":"","stick-header-meta":"","header-above-stick-meta":"","header-main-stick-meta":"","header-below-stick-meta":"","astra-migrate-meta-layouts":"default","ast-page-background-enabled":"default","ast-page-background-meta":{"desktop":{"background-color":"var(--ast-global-color-4)","background-image":"","background-repeat":"repeat","background-position":"center center","background-size":"auto","background-attachment":"scroll","background-type":"","background-media":"","overlay-type":"","overlay-color":"","overlay-opacity":"","overlay-gradient":""},"tablet":{"background-color":"","background-image":"","background-repeat":"repeat","background-position":"center center","background-size":"auto","background-attachment":"scroll","background-type":"","background-media":"","overlay-type":"","overlay-color":"","overlay-opacity":"","overlay-gradient":""},"mobile":{"background-color":"","background-image":"","background-repeat":"repeat","background-position":"center center","background-size":"auto","background-attachment":"scroll","background-type":"","background-media":"","overlay-type":"","overlay-color":"","overlay-opacity":"","overlay-gradient":""}},"ast-content-background-meta":{"desktop":{"background-color":"var(--ast-global-color-5)","background-image":"","background-repeat":"repeat","background-position":"center center","background-size":"auto","background-attachment":"scroll","background-type":"","background-media":"","overlay-type":"","overlay-color":"","overlay-opacity":"","overlay-gradient":""},"tablet":{"background-color":"var(--ast-global-color-5)","background-image":"","background-repeat":"repeat","background-position":"center center","background-size":"auto","background-attachment":"scroll","background-type":"","background-media":"","overlay-type":"","overlay-color":"","overlay-opacity":"","overlay-gradient":""},"mobile":{"background-color":"var(--ast-global-color-5)","background-image":"","background-repeat":"repeat","background-position":"center center","background-size":"auto","background-attachment":"scroll","background-type":"","background-media":"","overlay-type":"","overlay-color":"","overlay-opacity":"","overlay-gradient":""}},"footnotes":""},"class_list":["post-20450","page","type-page","status-publish","hentry"],"post_mailing_queue_ids":[],"_links":{"self":[{"href":"https:\/\/agora.xtec.cat\/ceipgaziel\/wp-json\/wp\/v2\/pages\/20450","targetHints":{"allow":["GET"]}}],"collection":[{"href":"https:\/\/agora.xtec.cat\/ceipgaziel\/wp-json\/wp\/v2\/pages"}],"about":[{"href":"https:\/\/agora.xtec.cat\/ceipgaziel\/wp-json\/wp\/v2\/types\/page"}],"author":[{"embeddable":true,"href":"https:\/\/agora.xtec.cat\/ceipgaziel\/wp-json\/wp\/v2\/users\/3"}],"replies":[{"embeddable":true,"href":"https:\/\/agora.xtec.cat\/ceipgaziel\/wp-json\/wp\/v2\/comments?post=20450"}],"version-history":[{"count":1,"href":"https:\/\/agora.xtec.cat\/ceipgaziel\/wp-json\/wp\/v2\/pages\/20450\/revisions"}],"predecessor-version":[{"id":20453,"href":"https:\/\/agora.xtec.cat\/ceipgaziel\/wp-json\/wp\/v2\/pages\/20450\/revisions\/20453"}],"up":[{"embeddable":true,"href":"https:\/\/agora.xtec.cat\/ceipgaziel\/wp-json\/wp\/v2\/pages\/64"}],"wp:attachment":[{"href":"https:\/\/agora.xtec.cat\/ceipgaziel\/wp-json\/wp\/v2\/media?parent=20450"}],"curies":[{"name":"wp","href":"https:\/\/api.w.org\/{rel}","templated":true}]}}