{"id":1354,"date":"2017-01-26T18:54:21","date_gmt":"2017-01-26T17:54:21","guid":{"rendered":"http:\/\/agora.xtec.cat\/ceipfortiasola\/?page_id=1354"},"modified":"2024-10-09T17:14:15","modified_gmt":"2024-10-09T15:14:15","slug":"xarxa-cb","status":"publish","type":"page","link":"https:\/\/agora.xtec.cat\/ceipfortiasola\/xarxa-cb\/","title":{"rendered":"Xarxa CB"},"content":{"rendered":"<table style=\"height: 113px;\" width=\"878\">\n<tbody>\n<tr>\n<td style=\"width: 873.333px;\"><a href=\"http:\/\/agora.xtec.cat\/ceipfortiasola\/wp-content\/uploads\/usu1327\/2017\/01\/Logo-color1.png\"><img loading=\"lazy\" decoding=\"async\" class=\" wp-image-1359 alignright\" src=\"http:\/\/agora.xtec.cat\/ceipfortiasola\/wp-content\/uploads\/usu1327\/2017\/01\/Logo-color1.png\" alt=\"logo-color1\" width=\"332\" height=\"111\" srcset=\"https:\/\/agora.xtec.cat\/ceipfortiasola\/wp-content\/uploads\/usu1327\/2017\/01\/Logo-color1.png 373w, https:\/\/agora.xtec.cat\/ceipfortiasola\/wp-content\/uploads\/usu1327\/2017\/01\/Logo-color1-300x101.png 300w\" sizes=\"auto, (max-width: 332px) 100vw, 332px\" \/><\/a><\/p>\n<h3 style=\"text-align: center;\">Aprenem Junts!<\/h3>\n<p>&nbsp;<\/p>\n<h4><span style=\"font-weight: 400;\"><a href=\"http:\/\/agora.xtec.cat\/ceipfortiasola\/wp-content\/uploads\/usu1327\/2017\/01\/Logo-color1.png\">\u201c L\u2019\u00e8xit no \u00e9s el canvi pel canvi, sin\u00f3 el canvi per a la millora dels aprenentatges de tots els alumnes<\/a>&#8220;.<\/span><\/h4>\n<p>&nbsp;<\/p>\n<h6>La Xarxa de Compet\u00e8ncies B\u00e0siques est\u00e0 formada per tot el claustre, tots formem part de l&#8217;equip impulsor. L&#8217;objectiu com\u00fa \u00e9s\u00a0 avan\u00e7ar i reflexionar sobre com transformar l&#8217;escola en un espai que afavoreixi l&#8217;aprenentatge.<\/h6>\n<p>Treballem per desenvolupar el treball per compet\u00e8ncies als nostres centres, elaborem instruments de suport per orientar els processos de reflexi\u00f3 i la gesti\u00f3 del curr\u00edculum per compet\u00e8ncies b\u00e0siques i compartim processos d&#8217;autoavaluaci\u00f3.<\/p>\n<p style=\"text-align: right;\"><a href=\"http:\/\/xtec.gencat.cat\/ca\/curriculum\/xarxacb\">Enlla\u00e7 a la Web oficial<\/a><\/p>\n<\/td>\n<\/tr>\n<\/tbody>\n<\/table>\n<table style=\"height: 35px;\" width=\"868\">\n<tbody>\n<tr>\n<td style=\"width: 863.333px;\">Pretenem afavorir que tots els alumnes aprenguin m\u00e9s i millor. Creiem que l\u2019alumne ha de ser el protagonista del seu aprenentatge. Entenem l\u2019avaluaci\u00f3 com un proc\u00e9s \u00fatil per aprendre. Sabem que treballant en equip s\u2019apr\u00e8n m\u00e9s i millor.<\/p>\n<p>En un m\u00f3n global, s\u2019ha d\u2019afavorir l\u2019adquisici\u00f3 d\u2019aprenentatges aut\u00e8ntics, no fragmentats.<\/p>\n<p>En un m\u00f3n canviant, treballem per \u00a0fomentar la iniciativa, l\u2019esperit cr\u00edtic, la creativitat i el gust per aprendre. \u00c9s del nostre inter\u00e8s que els alumnes siguin competents per continuar aprenent al llarg de tota la vida i sabem que cada alumne \u00e9s \u00fanic i tenim altes expectatives per a tots i cadascun d\u2019ells.<\/td>\n<\/tr>\n<\/tbody>\n<\/table>\n<table style=\"height: 108px;\" width=\"870\">\n<tbody>\n<tr>\n<td style=\"width: 865.556px;\"><a href=\"http:\/\/agora.xtec.cat\/ceipfortiasola\/wp-content\/uploads\/usu1327\/2017\/01\/com-ho-fem-1.png\"><img loading=\"lazy\" decoding=\"async\" class=\"alignnone size-large wp-image-1376\" src=\"http:\/\/agora.xtec.cat\/ceipfortiasola\/wp-content\/uploads\/usu1327\/2017\/01\/com-ho-fem-1-1024x412.png\" alt=\"com-ho-fem\" width=\"1024\" height=\"412\" srcset=\"https:\/\/agora.xtec.cat\/ceipfortiasola\/wp-content\/uploads\/usu1327\/2017\/01\/com-ho-fem-1-1024x412.png 1024w, https:\/\/agora.xtec.cat\/ceipfortiasola\/wp-content\/uploads\/usu1327\/2017\/01\/com-ho-fem-1-300x121.png 300w, https:\/\/agora.xtec.cat\/ceipfortiasola\/wp-content\/uploads\/usu1327\/2017\/01\/com-ho-fem-1-768x309.png 768w, https:\/\/agora.xtec.cat\/ceipfortiasola\/wp-content\/uploads\/usu1327\/2017\/01\/com-ho-fem-1.png 1257w\" sizes=\"auto, (max-width: 1024px) 100vw, 1024px\" \/><\/a><\/td>\n<\/tr>\n<\/tbody>\n<\/table>\n","protected":false},"excerpt":{"rendered":"<p>Aprenem Junts! &nbsp; \u201c L\u2019\u00e8xit no \u00e9s el canvi pel canvi, sin\u00f3 el canvi per a la millora dels aprenentatges de tots els alumnes&#8220;. &nbsp; La Xarxa de Compet\u00e8ncies B\u00e0siques est\u00e0 formada per tot el claustre, tots formem part de l&#8217;equip impulsor. L&#8217;objectiu com\u00fa \u00e9s\u00a0 avan\u00e7ar i reflexionar sobre com transformar l&#8217;escola en un espai [&hellip;]<\/p>\n","protected":false},"author":4,"featured_media":0,"parent":0,"menu_order":0,"comment_status":"closed","ping_status":"closed","template":"","meta":{"_bbp_topic_count":0,"_bbp_reply_count":0,"_bbp_total_topic_count":0,"_bbp_total_reply_count":0,"_bbp_voice_count":0,"_bbp_anonymous_reply_count":0,"_bbp_topic_count_hidden":0,"_bbp_reply_count_hidden":0,"_bbp_forum_subforum_count":0,"site-sidebar-layout":"default","site-content-layout":"","ast-site-content-layout":"","site-content-style":"default","site-sidebar-style":"default","ast-global-header-display":"","ast-banner-title-visibility":"","ast-main-header-display":"","ast-hfb-above-header-display":"","ast-hfb-below-header-display":"","ast-hfb-mobile-header-display":"","site-post-title":"","ast-breadcrumbs-content":"","ast-featured-img":"","footer-sml-layout":"","theme-transparent-header-meta":"","adv-header-id-meta":"","stick-header-meta":"","header-above-stick-meta":"","header-main-stick-meta":"","header-below-stick-meta":"","astra-migrate-meta-layouts":"default","ast-page-background-enabled":"default","ast-page-background-meta":{"desktop":{"background-color":"var(--ast-global-color-4)","background-image":"","background-repeat":"repeat","background-position":"center center","background-size":"auto","background-attachment":"scroll","background-type":"","background-media":"","overlay-type":"","overlay-color":"","overlay-opacity":"","overlay-gradient":""},"tablet":{"background-color":"","background-image":"","background-repeat":"repeat","background-position":"center center","background-size":"auto","background-attachment":"scroll","background-type":"","background-media":"","overlay-type":"","overlay-color":"","overlay-opacity":"","overlay-gradient":""},"mobile":{"background-color":"","background-image":"","background-repeat":"repeat","background-position":"center center","background-size":"auto","background-attachment":"scroll","background-type":"","background-media":"","overlay-type":"","overlay-color":"","overlay-opacity":"","overlay-gradient":""}},"ast-content-background-meta":{"desktop":{"background-color":"var(--ast-global-color-5)","background-image":"","background-repeat":"repeat","background-position":"center center","background-size":"auto","background-attachment":"scroll","background-type":"","background-media":"","overlay-type":"","overlay-color":"","overlay-opacity":"","overlay-gradient":""},"tablet":{"background-color":"var(--ast-global-color-5)","background-image":"","background-repeat":"repeat","background-position":"center center","background-size":"auto","background-attachment":"scroll","background-type":"","background-media":"","overlay-type":"","overlay-color":"","overlay-opacity":"","overlay-gradient":""},"mobile":{"background-color":"var(--ast-global-color-5)","background-image":"","background-repeat":"repeat","background-position":"center center","background-size":"auto","background-attachment":"scroll","background-type":"","background-media":"","overlay-type":"","overlay-color":"","overlay-opacity":"","overlay-gradient":""}},"footnotes":""},"class_list":["post-1354","page","type-page","status-publish","hentry"],"post_mailing_queue_ids":[],"_links":{"self":[{"href":"https:\/\/agora.xtec.cat\/ceipfortiasola\/wp-json\/wp\/v2\/pages\/1354","targetHints":{"allow":["GET"]}}],"collection":[{"href":"https:\/\/agora.xtec.cat\/ceipfortiasola\/wp-json\/wp\/v2\/pages"}],"about":[{"href":"https:\/\/agora.xtec.cat\/ceipfortiasola\/wp-json\/wp\/v2\/types\/page"}],"author":[{"embeddable":true,"href":"https:\/\/agora.xtec.cat\/ceipfortiasola\/wp-json\/wp\/v2\/users\/4"}],"replies":[{"embeddable":true,"href":"https:\/\/agora.xtec.cat\/ceipfortiasola\/wp-json\/wp\/v2\/comments?post=1354"}],"version-history":[{"count":6,"href":"https:\/\/agora.xtec.cat\/ceipfortiasola\/wp-json\/wp\/v2\/pages\/1354\/revisions"}],"predecessor-version":[{"id":5877,"href":"https:\/\/agora.xtec.cat\/ceipfortiasola\/wp-json\/wp\/v2\/pages\/1354\/revisions\/5877"}],"wp:attachment":[{"href":"https:\/\/agora.xtec.cat\/ceipfortiasola\/wp-json\/wp\/v2\/media?parent=1354"}],"curies":[{"name":"wp","href":"https:\/\/api.w.org\/{rel}","templated":true}]}}