{"id":659,"date":"2019-12-31T11:27:49","date_gmt":"2019-12-31T10:27:49","guid":{"rendered":"https:\/\/agora.xtec.cat\/ceipfmacia-orrius\/?page_id=659"},"modified":"2025-05-15T20:56:13","modified_gmt":"2025-05-15T18:56:13","slug":"extraescolars","status":"publish","type":"page","link":"https:\/\/agora.xtec.cat\/ceipfmacia-orrius\/que-es-lafi\/activitats-projectes\/extraescolars\/","title":{"rendered":"\ud83c\udfad Extraescolars"},"content":{"rendered":"<ul id=\"Inici\">\n<li style=\"list-style-type: none;\">\n<ul>\n<li><a href=\"#ActivitatsOfertades\">Activitats ofertades<\/a>\n<ul>\n<li style=\"list-style-type: none;\">\n<ul>\n<li><a href=\"#BTT\">BTT (Bicicleta Tot Terreny)<\/a><\/li>\n<li><a href=\"#Dibuix\">Dibuix i il\u00b7lustraci\u00f3<\/a><\/li>\n<li><a href=\"#Gimnastica\">Gimn\u00e0stica art\u00edstica infantil<\/a><\/li>\n<li><a href=\"#Teatre\">Teatre musical<\/a><\/li>\n<li><a href=\"#Trail\">Trail running<\/a><\/li>\n<\/ul>\n<\/li>\n<li><a href=\"#Normativa\">Normativa<\/a><\/li>\n<ul>\n<li><a href=\"#Inscripcions\">1. Inscripcions<\/a><\/li>\n<ul>\n<li><a href=\"#Criteris\">1.1. Criteris d\u2019assignaci\u00f3 de places<\/a><\/li>\n<li><a href=\"#IniciActivitats\">1.2. Inici de les activitats<\/a><\/li>\n<\/ul>\n<li><a href=\"#Quotes\">2. Quotes i pagaments<\/a><\/li>\n<ul>\n<li><a href=\"#Condicions\">2.1. Condicions d\u2019inici de les activitats<\/a><\/li>\n<li><a href=\"#Impagaments\">2.2. Impagaments<\/a><\/li>\n<\/ul>\n<li><a href=\"#Altes\">3. Altes i baixes<\/a><\/li>\n<li><a href=\"#Sistema\">4. Sistema de recollida dels infants<\/a><\/li>\n<\/ul>\n<\/ul>\n<\/li>\n<\/ul>\n<p>&nbsp;<\/p>\n<h2 id=\"ActivitatsOfertades\">Activitats ofertades<\/h2>\n<h3 id=\"BTT\">BTT (Bicicleta Tot Terreny)<\/h3>\n<p><strong>Diversi\u00f3 sobre Rodes! \ud83d\udeb4\u200d\u2642\ufe0f\ud83c\udf3f<\/strong><\/p>\n<p>Pedala cap a una experi\u00e8ncia \u00fanica on el joc, la natura i el ciclisme es converteixen en una aventura emocionant! Aquesta activitat extraescolar est\u00e0 dissenyada perqu\u00e8 petits i grans aprenguin la t\u00e8cnica del ciclisme de manera divertida, explorant l&#8217;entorn i descobrint el seu propi potencial sobre la bicicleta.<\/p>\n<p><strong>Qu\u00e8 treballem?<\/strong><br \/>\n\u2714\ufe0f Concentraci\u00f3 i autocontrol per a una conducci\u00f3 segura.<br \/>\n\u2714\ufe0f Equilibri i coordinaci\u00f3 per superar obstacles amb confian\u00e7a.<br \/>\n\u2714\ufe0f For\u00e7a i resist\u00e8ncia per gaudir de cada recorregut sense l\u00edmits.<br \/>\n\u2714\ufe0f Connexi\u00f3 amb la natura i el medi, respectant el seu entorn.<\/p>\n<p><strong>A qui s\u2019adre\u00e7a?<\/strong><br \/>\nA tots els nens i nenes amb ganes de jugar, aprendre i viure grans aventures sobre dues rodes! Tant si ja tenen experi\u00e8ncia com si volen descobrir el m\u00f3n del BTT, aquesta activitat els ajudar\u00e0 a desenvolupar habilitats i, sobretot, a passar-ho genial.<\/p>\n<p>Si est\u00e0s llest\/a per pedalar i viure una experi\u00e8ncia plena d\u2019energia, el BTT extraescolar \u00e9s per a tu!<\/p>\n<table style=\"border-collapse: collapse; width: 100%;\">\n<tbody>\n<tr>\n<td style=\"width: 22.3962%;\"><strong>Tallerista<\/strong><\/td>\n<td style=\"width: 77.6038%;\">Jordi Nogu\u00e9s (Amb la col\u00b7laboraci\u00f3 de <a href=\"https:\/\/www.llonguerastrialbikes.com\/escola-trial-orrius\/escola\/\" target=\"_blank\" rel=\"noopener\"><i class=\"fa-solid fa-up-right-from-square\"><\/i> l&#8217;Escola Trial \u00d2rrius<\/a>)<\/td>\n<\/tr>\n<tr>\n<td style=\"width: 22.3962%;\"><strong>Edat<\/strong><\/td>\n<td style=\"width: 77.6038%;\">Kids (6 a 9 anys) \/ Junior (9 a 12 anys)<\/td>\n<\/tr>\n<tr>\n<td style=\"width: 22.3962%;\"><strong>Horari<\/strong><\/td>\n<td style=\"width: 77.6038%;\">Kids: Dimecres de 16:00 h a 17:15 h \/ Junior: Dilluns de 16:00 h a 17:15 h<\/td>\n<\/tr>\n<tr>\n<td style=\"width: 22.3962%;\"><strong>Preu<\/strong><\/td>\n<td style=\"width: 77.6038%;\">25 \u20ac \/ mes<\/td>\n<\/tr>\n<\/tbody>\n<\/table>\n<p style=\"text-align: right;\"><a href=\"#Inici\">Pujar<\/a><\/p>\n<hr \/>\n<h3><\/h3>\n<h3 id=\"Dibuix\">Dibuix i il\u00b7lustraci\u00f3<\/h3>\n<p><strong>Descobreix la teva Creativitat! \ud83c\udfa8\u2728<\/strong><\/p>\n<p>Aquest extraescolar va m\u00e9s enll\u00e0 d\u2019aprendre a dibuixar. \u00c9s una proposta que fomenta la creativitat, la imaginaci\u00f3 i la capacitat d\u2019observar el m\u00f3n d\u2019una manera nova i sorprenent. A trav\u00e9s d\u2019exercicis pr\u00e0ctics i din\u00e0mics, els nens i nenes experimentaran amb diferents t\u00e8cniques per expressar-se i donar vida a les seves idees.<\/p>\n<p><strong>Qu\u00e8 treballem?<\/strong><br \/>\n\u2714\ufe0f Creaci\u00f3 d\u2019animals i cares a partir de taques de pintura.<br \/>\n\u2714\ufe0f Disseny de personatges amb la seva pr\u00f2pia hist\u00f2ria i conte infantil.<br \/>\n\u2714\ufe0f Exploraci\u00f3 art\u00edstica amb fulles, fruits i elements de la natura.<br \/>\n\u2714\ufe0f Aprenentatge per dibuixar expressions facials i emocions.<br \/>\n\u2714\ufe0f Mural col\u00b7laboratiu per fomentar el treball en equip i la creativitat compartida.<\/p>\n<p><strong>A qui s\u2019adre\u00e7a?<br \/>\n<\/strong> A tots aquells nens i nenes que vulguin jugar amb el dibuix, experimentar amb noves t\u00e8cniques i donar ales a la seva imaginaci\u00f3. No cal ser un expert, nom\u00e9s cal tenir ganes de crear i gaudir!<\/p>\n<p>Si vols viure una experi\u00e8ncia art\u00edstica plena d\u2019inspiraci\u00f3, aquest \u00e9s el teu lloc!<\/p>\n<table style=\"border-collapse: collapse; width: 100%;\">\n<tbody>\n<tr>\n<td style=\"width: 22.3962%;\"><strong>Tallerista<\/strong><\/td>\n<td style=\"width: 77.6038%;\"><a href=\"http:\/\/clarabattestini.com\" target=\"_blank\" rel=\"noopener\"><i class=\"fa-solid fa-up-right-from-square\"><\/i> Clara Battestini<\/a><\/td>\n<\/tr>\n<tr>\n<td style=\"width: 22.3962%;\"><strong>Edat<\/strong><\/td>\n<td style=\"width: 77.6038%;\">8 a 12 anys<\/td>\n<\/tr>\n<tr>\n<td style=\"width: 22.3962%;\"><strong>Horari<\/strong><\/td>\n<td style=\"width: 77.6038%;\">Dilluns de 16:00 h a 17:15 h<\/td>\n<\/tr>\n<tr>\n<td style=\"width: 22.3962%;\"><strong>Preu<\/strong><\/td>\n<td style=\"width: 77.6038%;\">32 \u20ac \/ mes + quota material anual (m\u00ednim 5 infants)<\/td>\n<\/tr>\n<\/tbody>\n<\/table>\n<p style=\"text-align: right;\"><a href=\"#Inici\">Pujar<\/a><\/p>\n<hr \/>\n<h3 id=\"Gimnastica\">Gimn\u00e0stica art\u00edstica infantil<\/h3>\n<p><strong>Moviment\u00a0 \ud83e\udd38\u200d\u2642\ufe0f\ud83c\udf1f<\/strong><\/p>\n<p>Una activitat on els m\u00e9s petits podran moure\u2019s mentre descobreixen les bases de la gimn\u00e0stica art\u00edstica.<\/p>\n<p><strong>Qu\u00e8 treballem?<\/strong><br \/>\n\u2714\ufe0f Moviments b\u00e0sics de gimn\u00e0stica art\u00edstica.<br \/>\n\u2714\ufe0f Coordinaci\u00f3, equilibri i agilitat.<\/p>\n<p>Una proposta per a nens i nenes amb ganes de saltar, girar i expressar-se a trav\u00e9s del moviment.<\/p>\n<table style=\"border-collapse: collapse; width: 100%;\">\n<tbody>\n<tr>\n<td style=\"width: 22.3962%;\"><strong>Tallerista<\/strong><\/td>\n<td style=\"width: 77.6038%;\">Mariona Maurici<\/td>\n<\/tr>\n<tr>\n<td style=\"width: 22.3962%;\"><strong>Edat<\/strong><\/td>\n<td style=\"width: 77.6038%;\">3 a 5 anys<\/td>\n<\/tr>\n<tr>\n<td style=\"width: 22.3962%;\"><strong>Horari<\/strong><\/td>\n<td style=\"width: 77.6038%;\">Dilluns de 16:15 h a 17:10 h<\/td>\n<\/tr>\n<tr>\n<td style=\"width: 22.3962%;\"><strong>Preu<\/strong><\/td>\n<td style=\"width: 77.6038%;\">22 \u20ac \/ mes<\/td>\n<\/tr>\n<\/tbody>\n<\/table>\n<p style=\"text-align: right;\"><a href=\"#Inici\">Pujar<\/a><\/p>\n<hr \/>\n<h3 id=\"Teatre\">Teatre musical<\/h3>\n<p><strong>Expressi\u00f3, Creativitat i Diversi\u00f3! \ud83c\udfad\ud83c\udfb6<\/strong><\/p>\n<p>Aquest extraescolar ofereix una experi\u00e8ncia \u00fanica per als petits actors i actrius que volen explorar el m\u00f3n del teatre musical. A trav\u00e9s del joc creatiu i la improvisaci\u00f3, cada nen descobrir\u00e0 el seu propi estil interpretatiu i tindr\u00e0 l\u2019oportunitat de brillar a l\u2019escenari.<\/p>\n<p><strong>Qu\u00e8 treballem?<\/strong><br \/>\n\u2714\ufe0f Investigaci\u00f3 a trav\u00e9s del joc per descobrir quin tipus d\u2019actor \u00e9s cada alumne.<br \/>\n\u2714\ufe0f Creaci\u00f3 i presentaci\u00f3 de petites peces creatives sorgides de la imaginaci\u00f3 dels miniactors.<br \/>\n\u2714\ufe0f Possibilitat d\u2019incorporar can\u00e7ons grupals, coreografies i elements del teatre musical.<br \/>\n\u2714\ufe0f Foment del treball en equip, la cooperaci\u00f3 i l\u2019esperit creatiu.<\/p>\n<p><strong>A qui s\u2019adre\u00e7a?<\/strong><br \/>\nA tots els nens i nenes amb ganes d\u2019expressar-se, divertir-se i descobrir el m\u00f3n del teatre musical. No cal experi\u00e8ncia pr\u00e8via, nom\u00e9s ganes de jugar, crear i compartir moments inoblidables!<\/p>\n<p>Si vols emocionar, cantar, ballar i crear hist\u00f2ries m\u00e0giques, aquest \u00e9s el teu espai!<\/p>\n<table style=\"border-collapse: collapse; width: 100%;\">\n<tbody>\n<tr>\n<td style=\"width: 22.3962%;\"><strong>Talleristes<\/strong><\/td>\n<td style=\"width: 77.6038%;\"><a href=\"https:\/\/www.instagram.com\/ander.mataro\/\" target=\"_blank\" rel=\"noopener\"><i class=\"fa-solid fa-up-right-from-square\"><\/i> Ander Matar\u00f3 Mar\u00ed<\/a> i <a href=\"https:\/\/www.instagram.com\/aida.is.singing\/\" target=\"_blank\" rel=\"noopener\"><i class=\"fa-solid fa-up-right-from-square\"><\/i> A\u00efda Miguel Aparicio<\/a><\/td>\n<td style=\"width: 77.6038%;\">\n<\/tr>\n<tr>\n<td style=\"width: 22.3962%;\"><strong>Edat<\/strong><\/td>\n<td style=\"width: 77.6038%;\">Petits (5 a 8 anys) \/ Mitjans (9 a 12 anys)<\/td>\n<\/tr>\n<tr>\n<td style=\"width: 22.3962%;\"><strong>Horari<\/strong><\/td>\n<td style=\"width: 77.6038%;\">Petits: Dijous de 16:00 h a 17:30 h \/ Mitjans: 17:30 h a 19:00 h<\/td>\n<\/tr>\n<tr>\n<td style=\"width: 22.3962%;\"><strong>Preu<\/strong><\/td>\n<td style=\"width: 77.6038%;\">30 \u20ac \/ mes<\/td>\n<\/tr>\n<\/tbody>\n<\/table>\n<p style=\"text-align: right;\"><a href=\"#Inici\">Pujar<\/a><\/p>\n<hr \/>\n<h3 id=\"Trail\">Trail running<\/h3>\n<p><strong>Corre, Juga i Supera&#8217;t! \ud83c\udfc3\u200d\u2642\ufe0f\ud83c\udf3f<\/strong><\/p>\n<p>Aquesta activitat \u00e9s una oportunitat perfecta per descobrir el m\u00f3n del trail running d\u2019una manera din\u00e0mica i divertida. Comen\u00e7arem al poliesportiu i ens mourem per diferents entorns propers d\u2019\u00d2rrius, explorant la natura mentre aprenem a c\u00f3rrer de manera eficient.<\/p>\n<p><strong>Qu\u00e8 treballem?<\/strong><br \/>\n\u2714\ufe0f T\u00e8cnica de carrera per millorar la postura, el ritme i l\u2019equilibri.<br \/>\n\u2714\ufe0f Jocs i activitats cooperatives per potenciar la diversi\u00f3 i el treball en equip.<br \/>\n\u2714\ufe0f Din\u00e0miques per millorar la resist\u00e8ncia i la for\u00e7a.<br \/>\n\u2714\ufe0f Connexi\u00f3 amb el medi natural mentre ens desplacem per diferents terrenys.<\/p>\n<p><strong>A qui s\u2019adre\u00e7a?<\/strong><br \/>\nA nens i nenes amb ganes de moure\u2019s, aprendre i desafiar-se a si mateixos en un entorn natural i motivador!<\/p>\n<p><strong>Recomanacions:<\/strong><br \/>\n\u2714\ufe0f Portar roba c\u00f2moda i cal\u00e7at adequat per c\u00f3rrer.<br \/>\n\u2714\ufe0f Estar preparats per gaudir d\u2019una activitat plena d\u2019energia i aventura!<\/p>\n<p>Si vols millorar la teva t\u00e8cnica de carrera i passar-ho b\u00e9 mentre corres per la natura, aquest \u00e9s el teu espai!<\/p>\n<table style=\"border-collapse: collapse; width: 100%; height: 192px;\">\n<tbody>\n<tr style=\"height: 32px;\">\n<td style=\"width: 22.3962%; height: 32px;\"><strong>Tallerista<\/strong><\/td>\n<td style=\"width: 77.6038%; height: 32px;\"><a href=\"https:\/\/www.ariadnacoll.es\/\" target=\"_blank\" rel=\"noopener\"><i class=\"fa-solid fa-up-right-from-square\"><\/i> Ariadna Coll<\/a><\/td>\n<\/tr>\n<tr style=\"height: 32px;\">\n<td style=\"width: 22.3962%; height: 32px;\"><strong>Edat<\/strong><\/td>\n<td style=\"width: 77.6038%; height: 32px;\">Kids (5 a 8 anys) \/ Junior (9 a 13 anys)<\/td>\n<\/tr>\n<tr style=\"height: 32px;\">\n<td style=\"width: 22.3962%; height: 32px;\"><strong>Horari<\/strong><\/td>\n<td style=\"width: 77.6038%; height: 32px;\">Kids: Dimecres de 16:00 h a 17:15 h \/ Junior: Dimecres de 17:30 h a 18:30 h<\/td>\n<\/tr>\n<tr style=\"height: 32px;\">\n<td style=\"width: 22.3962%; height: 32px;\"><strong>Preu<\/strong><\/td>\n<td style=\"width: 77.6038%; height: 32px;\">22 \u20ac \/ mes<\/td>\n<\/tr>\n<\/tbody>\n<\/table>\n<p style=\"text-align: right;\"><a href=\"#Inici\">Pujar<\/a><\/p>\n<hr \/>\n<h2 id=\"Normativa\">Normativa<\/h2>\n<table style=\"border-collapse: collapse; width: 100%; background-color: #f5f5dc;\">\n<tbody>\n<tr>\n<td style=\"width: 100%; padding: 10px; text-align: center;\">\n        La informaci\u00f3 relativa a les activitats extraescolars del <strong>curs 2025\/2026 encara no est\u00e0 disponible<\/strong>.<br \/>\n        Quan s\u2019obri el nou per\u00edode d\u2019inscripci\u00f3, es comunicar\u00e0 tota la informaci\u00f3 pertinent.\n      <\/td>\n<\/tr>\n<\/tbody>\n<\/table>\n<p>Les activitats extraescolars s\u00f3n oferides per diferents talleristes escollides per la comissi\u00f3 d\u2019extraescolars de l\u2019AFI segons la demanda que hi ha per part de les fam\u00edlies.<\/p>\n<style>\n.indent {<br \/>    margin-left: 40px; \/* Espaiat cap a la dreta *\/<br \/>}<br \/><\/style>\n<h3 id=\"Inscripcions\">1. Inscripcions<\/h3>\n<p>Per formalitzar la inscripci\u00f3, <strong>cal emplenar un \u00fanic formulari web per fam\u00edlia<\/strong>, utilitzant maj\u00fascules.<\/p>\n<div class=\"indent\">\n<table style=\"border-collapse: collapse; width: 100%;\">\n<tbody>\n<tr>\n<td style=\"width: 100%;\">\n<h3><strong>Curs 2024\/2025<\/strong><\/h3>\n<h4>Per\u00edodes d\u2019inscripci\u00f3<\/h4>\n<p>El proc\u00e9s d&#8217;inscripci\u00f3 es desenvolupa en <strong>dues fases<\/strong>:<\/p>\n<ol start=\"1\">\n<li><strong>Del 3 al 12 de juliol<\/strong>, inscripci\u00f3 oberta per a totes les activitats extraescolars.<\/li>\n<li><strong>Del 1 al 5 de setembre<\/strong>, inscripci\u00f3 per a les activitats que siguin viables pel nombre d\u2019infants inscrits.<\/li>\n<\/ol>\n<p>Els infants inscrits en la primera fase a activitats viables no han de tornar a inscriure\u2019s en la segona fase.<\/p>\n<p>El <strong>13 de juliol<\/strong> i el <strong>6 de setembre<\/strong>, comunicaci\u00f3 sobre la configuraci\u00f3 dels grups i el procediment per efectuar el pagament de l&#8217;activitat.<\/p>\n<div style=\"text-align: center;\">\n<a href=\"https:\/\/forms.gle\/qE2EHEtRwxYYNNEh7\" target=\"_blank\" rel=\"noopener\"><br \/>\n    <button class=\"boto-xulo\" disabled>Formulari d&#8217;inscripci\u00f3<\/button><br \/>\n<\/a><\/p>\n<style>\n    .boto-xulo {\n        background: linear-gradient(135deg, #ff7eb3, #ff758c);\n        border: none;\n        color: white;\n        padding: 15px 30px;\n        font-size: 18px;\n        border-radius: 30px;\n        cursor: pointer;\n        transition: all 0.3s ease-in-out;\n        box-shadow: 0px 4px 6px rgba(0, 0, 0, 0.1);\n    }<\/p>\n<p>    .boto-xulo:hover {\n        background: linear-gradient(135deg, #ff758c, #ff7eb3);\n        box-shadow: 0px 6px 10px rgba(0, 0, 0, 0.15);\n        transform: scale(1.05);\n    }\n<\/style>\n<\/div>\n<\/td>\n<\/tr>\n<\/tbody>\n<\/table>\n<h4 id=\"Criteris\">1.1. Criteris d\u2019assignaci\u00f3 de places<\/h4>\n<p>Cada activitat t\u00e9 un <strong>m\u00ednim i un m\u00e0xim de participants<\/strong>. En cas que hi hagi m\u00e9s sol\u00b7licituds que places disponibles:<\/p>\n<ul>\n<li>L\u2019assignaci\u00f3 es fa <strong>seguint l\u2019ordre de recepci\u00f3 de les inscripcions<\/strong>.<\/li>\n<li>Es prioritzen <strong>els infants que ja han participat en aquesta activitat durant el curs anterior<\/strong>.<\/li>\n<li>Els infants que no obtinguin pla\u00e7a queden en <strong>llista d\u2019espera<\/strong>, i se\u2019ls avisa en cas de baixes segons l\u2019ordre d\u2019inscripci\u00f3.<\/li>\n<\/ul>\n<h4 id=\"IniciActivitats\">1.2. Inici de les activitats<\/h4>\n<p><strong>12 de setembre<\/strong>, inici de les activitats extraescolars.<\/p>\n<\/div>\n<p style=\"text-align: right;\"><a href=\"#Inici\">Pujar<\/a><\/p>\n<h3 id=\"Quotes\">2. Quotes i pagaments<\/h3>\n<p>Els preus de les activitats varien segons si els participants s\u00f3n <strong>socis\/es<\/strong> o <strong>no socis\/es<\/strong>:<\/p>\n<ul>\n<li><strong>Socis\/es<\/strong>: paguen el preu indicat a la informaci\u00f3.<\/li>\n<li><strong>No socis\/es<\/strong>: han d\u2019afegir <strong>5\u20ac per activitat i mes<\/strong>.<\/li>\n<\/ul>\n<p>Per gaudir de la bonificaci\u00f3, la quota de l\u2019AFI ha d\u2019estar abonada <strong>abans del 23 de setembre<\/strong>.<\/p>\n<p>Els pagaments de les activitats extraescolars es realitzen <strong>l\u2019\u00faltima setmana del mes anterior<\/strong>. El <strong>primer per\u00edode de pagament<\/strong> \u00e9s del <strong>23 al 27 de setembre<\/strong>.<\/p>\n<h4 id=\"Condicions\">2.1. Condicions d&#8217;inici de les activitats<\/h4>\n<p>Les activitats extraescolars nom\u00e9s es duran a terme si s&#8217;hi inscriu un <strong>m\u00ednim d\u2019alumnes<\/strong>, que varia segons l\u2019activitat.<\/p>\n<h4 id=\"Impagaments\">2.2. Impagaments<\/h4>\n<p>El no pagament d\u2019una quota comportar\u00e0 la baixa del nen o nena de l\u2019activitat.<\/p>\n<p style=\"text-align: right;\"><a href=\"#Inici\">Pujar<\/a><\/p>\n<h3 id=\"Altes\">3. Altes i baixes<\/h3>\n<p>Durant el curs, les altes seran factibles nom\u00e9s si la r\u00e0tio monitors\/nens ho permet.<\/p>\n<p>Les baixes d\u2019activitats seran efectives el seg\u00fcent mes de la notificaci\u00f3 i s\u2019han d\u2019informar abans del dia 20 de cada mes, si no es cobrar\u00e0 el mes sencer.<\/p>\n<p style=\"text-align: right;\"><a href=\"#Inici\">Pujar<\/a><\/p>\n<h3 id=\"Sistema\">4. Sistema de recollida dels infants<\/h3>\n<p>En acabar la jornada escolar a les 16:00h els\/les talleristes recolliran els alumnes a l\u2019escola, els donaran el berenar que portaran de casa i, els que calgui es despla\u00e7aran fins al lloc de l\u2019activitat. Les fam\u00edlies haureu de recollir els nens i nenes al lloc de l\u2019activitat que veureu a la graella. Tot i aix\u00f2, aquesta din\u00e0mica queda oberta a possibles modificacions segons la necessitat de l\u2019activitat. Els nens i nenes que marxin sols a casa, hauran de presentar l\u2019autoritzaci\u00f3 als monitors\/es.<\/p>\n<p><strong>L\u2019AFI posa a la vostra disposici\u00f3 el correu electr\u00f2nic: <a href=\"mailto:afi@escolaorrius.cat\" target=\"_blank\" rel=\"noopener\"><i class=\"fa fa-envelope-o\" aria-hidden=\"true\"><\/i> afi@escolaorrius.cat<\/a> per resoldre dubtes i solucionar possibles incid\u00e8ncies. Tamb\u00e9 us oferim el contacte dels diferents monitors\/es per si teniu dubtes d\u2019una activitat concreta.<\/strong><\/p>\n<p style=\"text-align: right;\"><a href=\"#Inici\">Pujar<\/a><\/p>\n","protected":false},"excerpt":{"rendered":"<ul id=\"Inici\">\n<li style=\"list-style-type: none;\">\n<ul>\n<li><a href=\"#ActivitatsOfertades\">Activitats ofertades<\/a>\n<ul>\n<li style=\"list-style-type: none;\">\n<ul>\n<li><a href=\"#BTT\">BTT (Bicicleta Tot Terreny)<\/a><\/li>\n<li><a href=\"#Dibuix\">Dibuix i il\u00b7lustraci\u00f3<\/a><\/li>\n<li><a href=\"#Gimnastica\">Gimn\u00e0stica art\u00edstica infantil<\/a><\/li>\n<li><a href=\"#Teatre\">Teatre musical<\/a><\/li>\n<li><a href=\"#Trail\">Trail running<\/a><\/li>\n<\/ul>\n<\/li>\n<li><a href=\"#Normativa\">Normativa<\/a><\/li>\n<ul>\n<li><a href=\"#Inscripcions\">1. Inscripcions<\/a><\/li>\n<ul>\n<li><a href=\"#Criteris\">1.1. Criteris d\u2019assignaci\u00f3 de places<\/a><\/li>\n<li><a href=\"#IniciActivitats\">1.2. Inici de les activitats<\/a><\/li>\n<\/ul>\n<li><a href=\"#Quotes\">2. Quotes i pagaments<\/a><\/li>\n<ul>\n<li><a href=\"#Condicions\">2.1. Condicions d\u2019inici de les activitats<\/a><\/li>\n<li><a&hellip;  <a href=\"https:\/\/agora.xtec.cat\/ceipfmacia-orrius\/que-es-lafi\/activitats-projectes\/extraescolars\/\" title=\"Read \ud83c\udfad Extraescolars\">Llegeix m\u00e9s\u00bb<\/a><br \/>\n","protected":false},"author":1,"featured_media":0,"parent":66,"menu_order":2,"comment_status":"closed","ping_status":"closed","template":"page-templates\/side-menu.php","meta":{"_bbp_topic_count":0,"_bbp_reply_count":0,"_bbp_total_topic_count":0,"_bbp_total_reply_count":0,"_bbp_voice_count":0,"_bbp_anonymous_reply_count":0,"_bbp_topic_count_hidden":0,"_bbp_reply_count_hidden":0,"_bbp_forum_subforum_count":0,"footnotes":""},"class_list":["post-659","page","type-page","status-publish","hentry"],"post_mailing_queue_ids":[],"_links":{"self":[{"href":"https:\/\/agora.xtec.cat\/ceipfmacia-orrius\/wp-json\/wp\/v2\/pages\/659","targetHints":{"allow":["GET"]}}],"collection":[{"href":"https:\/\/agora.xtec.cat\/ceipfmacia-orrius\/wp-json\/wp\/v2\/pages"}],"about":[{"href":"https:\/\/agora.xtec.cat\/ceipfmacia-orrius\/wp-json\/wp\/v2\/types\/page"}],"author":[{"embeddable":true,"href":"https:\/\/agora.xtec.cat\/ceipfmacia-orrius\/wp-json\/wp\/v2\/users\/1"}],"replies":[{"embeddable":true,"href":"https:\/\/agora.xtec.cat\/ceipfmacia-orrius\/wp-json\/wp\/v2\/comments?post=659"}],"version-history":[{"count":6,"href":"https:\/\/agora.xtec.cat\/ceipfmacia-orrius\/wp-json\/wp\/v2\/pages\/659\/revisions"}],"predecessor-version":[{"id":4615,"href":"https:\/\/agora.xtec.cat\/ceipfmacia-orrius\/wp-json\/wp\/v2\/pages\/659\/revisions\/4615"}],"up":[{"embeddable":true,"href":"https:\/\/agora.xtec.cat\/ceipfmacia-orrius\/wp-json\/wp\/v2\/pages\/66"}],"wp:attachment":[{"href":"https:\/\/agora.xtec.cat\/ceipfmacia-orrius\/wp-json\/wp\/v2\/media?parent=659"}],"curies":[{"name":"wp","href":"https:\/\/api.w.org\/{rel}","templated":true}]}}