{"id":4390,"date":"2025-05-08T11:43:17","date_gmt":"2025-05-08T09:43:17","guid":{"rendered":"https:\/\/agora.xtec.cat\/ceipfmacia-orrius\/?page_id=4390"},"modified":"2025-05-15T12:54:32","modified_gmt":"2025-05-15T10:54:32","slug":"preguntes-frequents-faq","status":"publish","type":"page","link":"https:\/\/agora.xtec.cat\/ceipfmacia-orrius\/que-es-lafi\/preguntes-frequents-faq\/","title":{"rendered":"\ud83d\udca1 Preguntes freq\u00fcents (FAQ)"},"content":{"rendered":"<h2>\ud83e\uddd1\u200d\ud83c\udfeb Sobre l\u2019AFI i el seu funcionament<\/h2>\n<details>\n<summary>Qu\u00e8 \u00e9s l\u2019AFI i quin \u00e9s el seu objectiu?<\/summary>\n<p>L\u2019AFI (Associaci\u00f3 de Fam\u00edlies d\u2019Infants) \u00e9s un col\u00b7lectiu de fam\u00edlies que col\u00b7laboren activament per millorar l\u2019experi\u00e8ncia educativa i comunit\u00e0ria de l\u2019escola.<\/p>\n<p><a href=\"\/ceipfmacia-orrius\/que-es-lafi\/qui-som\/\" target=\"blank\" rel=\"noopener\">+ M\u00e9s informaci\u00f3<\/a><br \/>\n<\/details>\n<details>\n<summary>Com es finan\u00e7a l\u2019AFI?<\/summary>\n<p>L\u2019AFI es finan\u00e7a gr\u00e0cies a les aportacions volunt\u00e0ries de les fam\u00edlies i la participaci\u00f3 en esdeveniments escolars que generen recursos econ\u00f2mics.<\/p>\n<p><a href=\"\/ceipfmacia-orrius\/que-es-lafi\/transparencia-i-pressupost\/\" target=\"blank\" rel=\"noopener\">+ M\u00e9s informaci\u00f3<\/a><\/p>\n<\/details>\n<details>\n<summary>Com puc contactar amb l\u2019AFI per resoldre un dubte o fer una proposta?<\/summary>\n<p>Pots contactar amb l\u2019AFI a trav\u00e9s de la secci\u00f3 <strong><a href=\"\/ceipfmacia-orrius\/que-es-lafi\/contacte-i-enllacos\/\" \" target=\"blank\"> Contacte i enlla\u00e7os<\/a><\/strong> de la web, per correu electr\u00f2nic o assistint a les reunions.<\/p>\n<\/details>\n<h2>\ud83d\udcc5 Sobre activitats i projectes<\/h2>\n<details>\n<summary>Quines activitats organitza l\u2019AFI?<\/summary>\n<p>L\u2019AFI impulsa acollides, menjador, extraescolars, festes i projectes especials com <strong><a href=\"\/ceipfmacia-orrius\/que-es-lafi\/activitats-projectes\/menjador\/#EspaiMigdiaAcollides\">\u201cEspai de migdia i acollides\u201d<\/a><\/strong>.<\/p>\n<p><a href=\"\/ceipfmacia-orrius\/que-es-lafi\/activitats-projectes\/\" target=\"blank\" rel=\"noopener\">+ M\u00e9s informaci\u00f3<\/a><\/p>\n<\/details>\n<details>\n<summary>Com puc inscriure el meu fill\/a a les activitats extraescolars?<\/summary>\n<p>Les inscripcions es fan a trav\u00e9s de la web de l\u2019AFI, on s\u2019indiquen els terminis i procediments.<\/p>\n<p><a href=\"\/ceipfmacia-orrius\/que-es-lafi\/activitats-projectes\/extraescolars\/\" target=\"blank\" rel=\"noopener\">+ M\u00e9s informaci\u00f3<\/a><\/p>\n<\/details>\n<h2>\ud83d\ude80 Sobre la participaci\u00f3 de les fam\u00edlies<\/h2>\n<details>\n<summary>Com puc participar a l\u2019AFI?<\/summary>\n<p>Les fam\u00edlies poden col\u00b7laborar assistint a reunions, ajudant en activitats, aportant idees i contribuint econ\u00f2micament a les iniciatives.<\/p>\n<p><a href=\"\/ceipfmacia-orrius\/que-es-lafi\/com-participar\/\" target=\"blank\" rel=\"noopener\">+ M\u00e9s informaci\u00f3<\/a><\/p>\n<\/details>\n<h2>\ud83d\udd0d Transpar\u00e8ncia i gesti\u00f3<\/h2>\n<details>\n<summary>On puc consultar el pressupost de l\u2019AFI?<\/summary>\n<p>Els comptes de l\u2019AFI es poden consultar a l\u2019apartat <strong><a href=\"\/ceipfmacia-orrius\/que-es-lafi\/transparencia-i-pressupost\/\">Transpar\u00e8ncia i pressupost<\/a><\/strong> de la web.<\/p>\n<\/details>\n<details>\n<summary>Com s\u2019inverteixen els recursos de l\u2019AFI?<\/summary>\n<p>Els diners recaptats es destinen a millores per a l\u2019escola, compra de materials, subvenci\u00f3 d\u2019activitats i organitzaci\u00f3 d\u2019esdeveniments.<\/p>\n<p><a href=\"\/ceipfmacia-orrius\/que-es-lafi\/transparencia-i-pressupost\/\" target=\"blank\" rel=\"noopener\">+ M\u00e9s informaci\u00f3<\/a><\/p>\n<\/details>\n<style>\n    h2 {\n        color: #2C3E50;\n        border-bottom: 2px solid #3498DB;\n        padding-bottom: 5px;\n        margin-top: 20px;\n    }\n    details {\n        margin-bottom: 10px;\n        padding: 10px;\n        background: #ECF0F1;\n        border-radius: 5px;\n    }\n    summary {\n        font-weight: bold;\n        cursor: pointer;\n    }\n    p {\n        margin-top: 10px;\n    }\n<\/style>\n","protected":false},"excerpt":{"rendered":"<p>\ud83e\uddd1\u200d\ud83c\udfeb Sobre l\u2019AFI i el seu funcionament<\/p>\n<p>Qu\u00e8 \u00e9s l\u2019AFI i quin \u00e9s el seu objectiu?<br \/>\nL\u2019AFI (Associaci\u00f3 de Fam\u00edlies d\u2019Infants) \u00e9s un col\u00b7lectiu de fam\u00edlies que col\u00b7laboren activament per millorar l\u2019experi\u00e8ncia educativa i comunit\u00e0ria de l\u2019escola.<br \/>\n<a href=\"\/ceipfmacia-orrius\/que-es-lafi\/qui-som\/\" target=\"blank\" rel=\"noopener\">+ M\u00e9s informaci\u00f3<\/a><\/p>\n<p>Com es finan\u00e7a l\u2019AFI?<br \/>\nL\u2019AFI es finan\u00e7a&hellip;  <a href=\"https:\/\/agora.xtec.cat\/ceipfmacia-orrius\/que-es-lafi\/preguntes-frequents-faq\/\" title=\"Read \ud83d\udca1 Preguntes freq\u00fcents (FAQ)\">Llegeix m\u00e9s\u00bb<\/a><\/p>\n","protected":false},"author":60,"featured_media":0,"parent":661,"menu_order":5,"comment_status":"closed","ping_status":"closed","template":"page-templates\/side-menu.php","meta":{"_bbp_topic_count":0,"_bbp_reply_count":0,"_bbp_total_topic_count":0,"_bbp_total_reply_count":0,"_bbp_voice_count":0,"_bbp_anonymous_reply_count":0,"_bbp_topic_count_hidden":0,"_bbp_reply_count_hidden":0,"_bbp_forum_subforum_count":0,"footnotes":""},"class_list":["post-4390","page","type-page","status-publish","hentry"],"post_mailing_queue_ids":[],"_links":{"self":[{"href":"https:\/\/agora.xtec.cat\/ceipfmacia-orrius\/wp-json\/wp\/v2\/pages\/4390","targetHints":{"allow":["GET"]}}],"collection":[{"href":"https:\/\/agora.xtec.cat\/ceipfmacia-orrius\/wp-json\/wp\/v2\/pages"}],"about":[{"href":"https:\/\/agora.xtec.cat\/ceipfmacia-orrius\/wp-json\/wp\/v2\/types\/page"}],"author":[{"embeddable":true,"href":"https:\/\/agora.xtec.cat\/ceipfmacia-orrius\/wp-json\/wp\/v2\/users\/60"}],"replies":[{"embeddable":true,"href":"https:\/\/agora.xtec.cat\/ceipfmacia-orrius\/wp-json\/wp\/v2\/comments?post=4390"}],"version-history":[{"count":6,"href":"https:\/\/agora.xtec.cat\/ceipfmacia-orrius\/wp-json\/wp\/v2\/pages\/4390\/revisions"}],"predecessor-version":[{"id":4723,"href":"https:\/\/agora.xtec.cat\/ceipfmacia-orrius\/wp-json\/wp\/v2\/pages\/4390\/revisions\/4723"}],"up":[{"embeddable":true,"href":"https:\/\/agora.xtec.cat\/ceipfmacia-orrius\/wp-json\/wp\/v2\/pages\/661"}],"wp:attachment":[{"href":"https:\/\/agora.xtec.cat\/ceipfmacia-orrius\/wp-json\/wp\/v2\/media?parent=4390"}],"curies":[{"name":"wp","href":"https:\/\/api.w.org\/{rel}","templated":true}]}}