{"id":4357,"date":"2025-05-08T11:05:12","date_gmt":"2025-05-08T09:05:12","guid":{"rendered":"https:\/\/agora.xtec.cat\/ceipfmacia-orrius\/?page_id=4357"},"modified":"2025-05-10T14:29:08","modified_gmt":"2025-05-10T12:29:08","slug":"festes","status":"publish","type":"page","link":"https:\/\/agora.xtec.cat\/ceipfmacia-orrius\/que-es-lafi\/activitats-projectes\/festes\/","title":{"rendered":"\ud83c\udf89 Festes"},"content":{"rendered":"<div id=\"Inici\">\n<h2><strong>Moments especials per a tota la comunitat<\/strong><\/h2>\n<p><strong>A l\u2019AFI de la nostra escola, creiem que les festes s\u00f3n molt m\u00e9s que simples celebracions: s\u00f3n espais de conviv\u00e8ncia, de diversi\u00f3 i de connexi\u00f3 entre fam\u00edlies, alumnes i docents. Any rere any, contribu\u00efm a fer que aquests esdeveniments siguin memorables, enriquint l\u2019experi\u00e8ncia de tots amb la nostra implicaci\u00f3 i dedicaci\u00f3.<\/strong><\/p>\n<p>Des del color i l\u2019alegria del Carnestoltes fins a la m\u00e0gia del Pesebre Vivent, passant per la singularitat del Castaween o la calidesa de la festa de final de curs, cada celebraci\u00f3 \u00e9s una <strong>oportunitat per refor\u00e7ar els vincles<\/strong> dins la comunitat educativa. I, per descomptat, no podria faltar Sant Jordi, una de les festivitats m\u00e9s estimades, on la cultura i la germanor prenen el protagonisme.<\/p>\n<p>A m\u00e9s a m\u00e9s, la participaci\u00f3 i col\u00b7laboraci\u00f3 de les fam\u00edlies en aquestes festes<strong> permet a l&#8217;AFI generar recursos econ\u00f2mics<\/strong> que es destinen a subvencionar diverses inversions per millorar l\u2019experi\u00e8ncia educativa de l\u2019alumnat. Gr\u00e0cies a aquest comprom\u00eds, podem impulsar projectes i activitats que fan de l\u2019escola un espai cada vegada m\u00e9s enriquidor i acollidor per a tothom.<\/p>\n<p>Descobreix com l&#8217;AFI fa possible aquestes festes i viu amb nosaltres aquests moments tan especials:<\/p>\n<ul>\n<li><a href=\"#Carnestoltes\">Carnestoltes<\/a><\/li>\n<li><a href=\"#Castaween\">Castaween<\/a><\/li>\n<li><a href=\"#FinalCurs\">Final de curs<\/a><\/li>\n<li><a href=\"#PesebreVivent\">Pesebre vivent<\/a><\/li>\n<li><a href=\"#SantJordi\">Sant Jordi<\/a><\/li>\n<\/ul>\n<p style=\"text-align: right;\"><a href=\"#Inici\">Pujar<\/a><\/p>\n<hr \/>\n<h2 id=\"Carnestoltes\">Carnestoltes<\/h2>\n<p><strong>El Carnestoltes t\u00e9 les seves arrels en antigues festivitats paganes que celebraven el canvi d\u2019estaci\u00f3 i la fertilitat. Amb el temps, es va integrar en el calendari cristi\u00e0 com una celebraci\u00f3 pr\u00e8via a la Quaresma, un per\u00edode de reflexi\u00f3 i dejuni. Per aix\u00f2, aquesta festa es caracteritza per la disbauxa, les disfresses i la gresca.<\/strong><\/p>\n<p>A la nostra escola, el Carnestoltes \u00e9s un dels moments m\u00e9s esperats per petits i grans. L\u2019AFI s\u2019implica activament en la seva organitzaci\u00f3, contribuint a crear una jornada plena de colors, imaginaci\u00f3 i alegria. Amb activitats i din\u00e0miques pensades per a tota la comunitat educativa, fem d\u2019aquesta celebraci\u00f3 un dia inoblidable.<\/p>\n<p style=\"text-align: right;\"><a href=\"#Inici\">Pujar<\/a><\/p>\n<hr \/>\n<h2 id=\"Castaween\">Castaween<\/h2>\n<p><strong>Castaween \u00e9s una festa singular que combina la tradici\u00f3 catalana de la Castanyada amb la influ\u00e8ncia internacional de Halloween, donant lloc a una jornada plena de m\u00e0gia i diversi\u00f3. La Castanyada, amb els seus panellets i castanyes, \u00e9s una festivitat arrelada a la cultura de Catalunya, mentre que Halloween prov\u00e9 de les antigues tradicions celtes que marcaven el pas de l\u2019estiu a l\u2019hivern.<\/strong><\/p>\n<p>Amb Castaween, l\u2019AFI aposta per la diversitat cultural, creant una celebraci\u00f3 especial on petits i grans gaudeixen d\u2019una experi\u00e8ncia \u00fanica. La combinaci\u00f3 d\u2019elements tradicionals i festius fa d\u2019aquesta festa una de les m\u00e9s esperades de l\u2019any.<\/p>\n<p style=\"text-align: right;\"><a href=\"#Inici\">Pujar<\/a><\/p>\n<hr \/>\n<h2 id=\"FinalCurs\">Final de curs<\/h2>\n<p><strong>La festa de final de curs marca un moment especial en la vida escolar, una ocasi\u00f3 per acomiadar-se del curs i celebrar els aprenentatges, les viv\u00e8ncies compartides i els vincles que s\u2019han teixit. Aquesta tradici\u00f3, consolidada en moltes escoles, s\u2019ha convertit en un espai de trobada entre fam\u00edlies, alumnes i mestres.<\/strong><\/p>\n<p>L\u2019AFI treballa per fer que aquesta festa sigui memorable, impulsant activitats que fomenten la germanor i la conviv\u00e8ncia. Sopars, jocs i moments de celebraci\u00f3 tanquen el curs amb alegria i il\u00b7lusi\u00f3, preparant-nos per a una nova etapa plena de reptes i oportunitats.<\/p>\n<p style=\"text-align: right;\"><a href=\"#Inici\">Pujar<\/a><\/p>\n<hr \/>\n<h2 id=\"PesebreVivent\">Pesebre vivent<\/h2>\n<p><strong>Els pesebres vivents tenen una llarga tradici\u00f3 que es remunta a l\u2019edat mitjana, quan Sant Francesc d\u2019Ass\u00eds va organitzar la primera representaci\u00f3 amb persones el 1223 a It\u00e0lia. A Catalunya, aquest costum s\u2019ha mantingut viu, convertint-se en un element central de les celebracions nadalenques.<\/strong><\/p>\n<p>A la nostra escola, l\u2019AFI contribueix activament a aquesta festivitat, gestionant la barra de consumicions i oferint un espai de trobada per gaudir d\u2019un bon refrigeri mentre es contempla la representaci\u00f3 nadalenca.<\/p>\n<p style=\"text-align: right;\"><a href=\"#Inici\">Pujar<\/a><\/p>\n<hr \/>\n<h2 id=\"SantJordi\">Sant Jordi<\/h2>\n<p><strong>Sant Jordi \u00e9s, sens dubte, una de les festes m\u00e9s emblem\u00e0tiques i boniques de l\u2019any. Basada en la llegenda medieval del cavaller que va v\u00e8ncer el drac, aquesta festivitat s\u2019ha consolidat com una jornada dedicada a la cultura i l\u2019amor pels llibres. A Catalunya, la Diada del Llibre i la Rosa, celebrada el 23 d\u2019abril, uneix la tradici\u00f3 liter\u00e0ria i la passi\u00f3 per la lectura.<\/strong><\/p>\n<p>L\u2019AFI participa en aquesta diada tan especial, organitzant paradetes, activitats i berenars que fomenten la conviv\u00e8ncia i el plaer de la lectura. Un dia ple de m\u00e0gia, llibres i roses, que omple els carrers d\u2019un esperit festiu i cultural inigualable.<\/p>\n<p style=\"text-align: right;\"><a href=\"#Inici\">Pujar<\/a><\/p>\n<\/div>\n","protected":false},"excerpt":{"rendered":"<p>Moments especials per a tota la comunitat<br \/>\nA l\u2019AFI de la nostra escola, creiem que les festes s\u00f3n molt m\u00e9s que simples celebracions: s\u00f3n espais de conviv\u00e8ncia, de diversi\u00f3 i de connexi\u00f3 entre fam\u00edlies, alumnes i docents. Any rere any, contribu\u00efm a fer que aquests esdeveniments&hellip;  <a href=\"https:\/\/agora.xtec.cat\/ceipfmacia-orrius\/que-es-lafi\/activitats-projectes\/festes\/\" title=\"Read \ud83c\udf89 Festes\">Llegeix m\u00e9s\u00bb<\/a><\/p>\n","protected":false},"author":60,"featured_media":0,"parent":66,"menu_order":4,"comment_status":"closed","ping_status":"closed","template":"page-templates\/side-menu.php","meta":{"_bbp_topic_count":0,"_bbp_reply_count":0,"_bbp_total_topic_count":0,"_bbp_total_reply_count":0,"_bbp_voice_count":0,"_bbp_anonymous_reply_count":0,"_bbp_topic_count_hidden":0,"_bbp_reply_count_hidden":0,"_bbp_forum_subforum_count":0,"footnotes":""},"class_list":["post-4357","page","type-page","status-publish","hentry"],"post_mailing_queue_ids":[],"_links":{"self":[{"href":"https:\/\/agora.xtec.cat\/ceipfmacia-orrius\/wp-json\/wp\/v2\/pages\/4357","targetHints":{"allow":["GET"]}}],"collection":[{"href":"https:\/\/agora.xtec.cat\/ceipfmacia-orrius\/wp-json\/wp\/v2\/pages"}],"about":[{"href":"https:\/\/agora.xtec.cat\/ceipfmacia-orrius\/wp-json\/wp\/v2\/types\/page"}],"author":[{"embeddable":true,"href":"https:\/\/agora.xtec.cat\/ceipfmacia-orrius\/wp-json\/wp\/v2\/users\/60"}],"replies":[{"embeddable":true,"href":"https:\/\/agora.xtec.cat\/ceipfmacia-orrius\/wp-json\/wp\/v2\/comments?post=4357"}],"version-history":[{"count":6,"href":"https:\/\/agora.xtec.cat\/ceipfmacia-orrius\/wp-json\/wp\/v2\/pages\/4357\/revisions"}],"predecessor-version":[{"id":4610,"href":"https:\/\/agora.xtec.cat\/ceipfmacia-orrius\/wp-json\/wp\/v2\/pages\/4357\/revisions\/4610"}],"up":[{"embeddable":true,"href":"https:\/\/agora.xtec.cat\/ceipfmacia-orrius\/wp-json\/wp\/v2\/pages\/66"}],"wp:attachment":[{"href":"https:\/\/agora.xtec.cat\/ceipfmacia-orrius\/wp-json\/wp\/v2\/media?parent=4357"}],"curies":[{"name":"wp","href":"https:\/\/api.w.org\/{rel}","templated":true}]}}