{"id":4216,"date":"2025-05-07T11:39:24","date_gmt":"2025-05-07T09:39:24","guid":{"rendered":"https:\/\/agora.xtec.cat\/ceipfmacia-orrius\/?page_id=4216"},"modified":"2025-05-12T13:34:52","modified_gmt":"2025-05-12T11:34:52","slug":"contacte-i-enllacos","status":"publish","type":"page","link":"https:\/\/agora.xtec.cat\/ceipfmacia-orrius\/que-es-lafi\/contacte-i-enllacos\/","title":{"rendered":"\ud83d\udd17 Contacte i enlla\u00e7os"},"content":{"rendered":"<h2 id=\"Inici\"><strong> Contacte\u00a0<\/strong><\/h2>\n<p><strong>Correu electr\u00f2nic de l\u2019AFI<br \/>\n<\/strong>Si tens preguntes, suggeriments o vols col\u00b7laborar amb les comissions o amb l\u2019AFI, pots contactar-nos mitjan\u00e7ant el correu electr\u00f2nic:<br \/>\n<a href=\"mailto:afi@escolaorrius.cat\" target=\"_blank\" rel=\"noopener\"><i class=\"fa fa-envelope-o\" aria-hidden=\"true\"><\/i> afi@escolaorrius.cat<\/a><\/p>\n<div style=\"text-align: center;\"><a href=\"mailto:afi@escolaorrius.cat?subject=Vull%20col\u00b7laborar%20amb%20l'AFI\" rel=\"noopener\"><br \/>\n<button class=\"boto-xulo\">Vull col\u00b7laborar<\/button><br \/>\n<\/a> <\/p>\n<style>\n    .boto-xulo {\n        background: linear-gradient(135deg, #ff7eb3, #ff758c);\n        border: none;\n        color: white;\n        padding: 15px 30px;\n        font-size: 18px;\n        border-radius: 30px;\n        cursor: pointer;\n        transition: all 0.3s ease-in-out;\n        box-shadow: 0px 4px 6px rgba(0, 0, 0, 0.1);\n    }<\/p>\n<p>    .boto-xulo:hover {\n        background: linear-gradient(135deg, #ff758c, #ff7eb3);\n        box-shadow: 0px 6px 10px rgba(0, 0, 0, 0.15);\n        transform: scale(1.05);\n    }\n<\/style>\n<p style=\"text-align: right;\"><a href=\"#Inici\">Pujar<\/a><\/p>\n<hr \/>\n<h2 style=\"text-align: left;\"><strong>Xarxes socials i comunicacions<\/strong><\/h2>\n<h5 style=\"text-align: left;\"><strong>Instagram<\/strong><\/h5>\n<p style=\"text-align: left;\"><a href=\"https:\/\/www.instagram.com\/afiescolaorrius\" target=\"_blank\" rel=\"noopener\"><i class=\"fa-brands fa-instagram\"><\/i> https:\/\/www.instagram.com\/afiescolaorrius<\/a><\/p>\n<h5 style=\"text-align: left;\"><strong>WhatsApp<\/strong><\/h5>\n<p style=\"text-align: left;\">Per comunicacions r\u00e0pides amb les fam\u00edlies.<\/p>\n<p style=\"text-align: left;\"><strong>Vols participar m\u00e9s activament?<\/strong><br \/>\nSi tens ganes d&#8217;implicar-te m\u00e9s, nom\u00e9s cal que ho comentis al grup de WhatsApp de la teva filla o fill. T&#8217;enviaran l&#8217;enlla\u00e7 d&#8217;acc\u00e9s al grup general de l&#8217;AFI, on podr\u00e0s estar al dia de les iniciatives i contribuir amb les teves idees!<\/p>\n<p style=\"text-align: right;\"><a href=\"#Inici\">Pujar<\/a><\/p>\n<hr \/>\n<h2 style=\"text-align: left;\"><strong>Recursos i documents \u00fatils<\/strong><\/h2>\n<ul>\n<li style=\"text-align: left;\"><strong><a href=\"\/ceipfmacia-orrius\/que-es-lafi\/%f0%9f%93%85-calendari-afi\/\">Calendari d\u2019activitats<\/a><br \/>\n<\/strong>Dates clau d\u2019esdeveniments i reunions.<\/li>\n<li style=\"text-align: left;\"><strong>Documents de gesti\u00f3<br \/>\n<\/strong>Sol\u00b7licituds, inscripcions a activitats, etc.<\/li>\n<\/ul>\n<p style=\"text-align: right;\"><a href=\"#Inici\">Pujar<\/a><\/p>\n<hr \/>\n<h2 style=\"text-align: left;\"><strong>Enlla\u00e7os externs rellevants<\/strong><\/h2>\n<ul style=\"text-align: left;\">\n<li><strong><a href=\"https:\/\/affac.cat\" target=\"_blank\" rel=\"noopener\"><i class=\"fa-solid fa-up-right-from-square\"><\/i> AFFAC<\/a><\/strong><br \/>\nAssociaci\u00f3 Federada de Fam\u00edlies d&#8217;Alumnes de Catalunya.<\/li>\n<li><strong><a href=\"https:\/\/cercadorbiblioteques.cultura.gencat.cat\/\" target=\"_blank\" rel=\"noopener\"><i class=\"fa-solid fa-up-right-from-square\"><\/i> Biblioteques P\u00fabliques de Catalunya<\/a><\/strong><br \/>\nMapa-cercador de biblioteques de Catalunya p\u00fabliques, especialitzades i universit\u00e0ries.<\/li>\n<li><strong><a href=\"https:\/\/www.instamaps.cat\/instavisor\/0c8cecbfefd888cae5dae6558c41ef4d\/Centres_dels_Serveis_Territorials_al_Maresme-Valles_Oriental.html#10\/41.6385\/2.4527\" target=\"_blank\" rel=\"noopener\"><i class=\"fa-solid fa-up-right-from-square\"><\/i> Centres del Maresme i Vall\u00e8s Oriental<\/a><\/strong><\/li>\n<li><strong><a href=\"https:\/\/educacio.gencat.cat\/\" target=\"_blank\" rel=\"noopener\"><i class=\"fa-solid fa-up-right-from-square\"><\/i> Departament d\u2019Educaci\u00f3<\/a><\/strong><br \/>\nPer a normativa i informaci\u00f3 sobre l\u2019ensenyament.<\/li>\n<li><strong><a href=\"https:\/\/educacio.gencat.cat\/ca\/departament\/serveis-territorials\/maresme-valles-oriental\/\" target=\"_blank\" rel=\"noopener\"><i class=\"fa-solid fa-up-right-from-square\"><\/i> Serveis territorials Maresme &#8211; Vall\u00e8s Oriental<\/a><\/strong><br \/>\nAcc\u00e9s directe a informaci\u00f3 oficial sobre temes educatius.<\/li>\n<\/ul>\n<p style=\"text-align: right;\"><a href=\"#Inici\">Pujar<\/a><\/p>\n<\/div>\n","protected":false},"excerpt":{"rendered":"<p> Contacte\u00a0<br \/>\nCorreu electr\u00f2nic de l\u2019AFI<br \/>\nSi tens preguntes, suggeriments o vols col\u00b7laborar amb les comissions o amb l\u2019AFI, pots contactar-nos mitjan\u00e7ant el correu electr\u00f2nic:<br \/>\n<a href=\"mailto:afi@escolaorrius.cat\" target=\"_blank\" rel=\"noopener\"> afi@escolaorrius.cat<\/a><br \/>\n<a href=\"mailto:afi@escolaorrius.cat?subject=Vull%20col\u00b7laborar%20amb%20l'AFI\" rel=\"noopener\"><br \/>\nVull col\u00b7laborar<br \/>\n<\/a> <\/p>\n<p>    .boto-xulo {<br \/>\n        background: linear-gradient(135deg,&hellip;  <a href=\"https:\/\/agora.xtec.cat\/ceipfmacia-orrius\/que-es-lafi\/contacte-i-enllacos\/\" title=\"Read \ud83d\udd17 Contacte i enlla\u00e7os\">Llegeix m\u00e9s\u00bb<\/a><\/p>\n","protected":false},"author":60,"featured_media":0,"parent":661,"menu_order":7,"comment_status":"closed","ping_status":"closed","template":"page-templates\/side-menu.php","meta":{"_bbp_topic_count":0,"_bbp_reply_count":0,"_bbp_total_topic_count":0,"_bbp_total_reply_count":0,"_bbp_voice_count":0,"_bbp_anonymous_reply_count":0,"_bbp_topic_count_hidden":0,"_bbp_reply_count_hidden":0,"_bbp_forum_subforum_count":0,"footnotes":""},"class_list":["post-4216","page","type-page","status-publish","hentry"],"post_mailing_queue_ids":[],"_links":{"self":[{"href":"https:\/\/agora.xtec.cat\/ceipfmacia-orrius\/wp-json\/wp\/v2\/pages\/4216","targetHints":{"allow":["GET"]}}],"collection":[{"href":"https:\/\/agora.xtec.cat\/ceipfmacia-orrius\/wp-json\/wp\/v2\/pages"}],"about":[{"href":"https:\/\/agora.xtec.cat\/ceipfmacia-orrius\/wp-json\/wp\/v2\/types\/page"}],"author":[{"embeddable":true,"href":"https:\/\/agora.xtec.cat\/ceipfmacia-orrius\/wp-json\/wp\/v2\/users\/60"}],"replies":[{"embeddable":true,"href":"https:\/\/agora.xtec.cat\/ceipfmacia-orrius\/wp-json\/wp\/v2\/comments?post=4216"}],"version-history":[{"count":6,"href":"https:\/\/agora.xtec.cat\/ceipfmacia-orrius\/wp-json\/wp\/v2\/pages\/4216\/revisions"}],"predecessor-version":[{"id":4646,"href":"https:\/\/agora.xtec.cat\/ceipfmacia-orrius\/wp-json\/wp\/v2\/pages\/4216\/revisions\/4646"}],"up":[{"embeddable":true,"href":"https:\/\/agora.xtec.cat\/ceipfmacia-orrius\/wp-json\/wp\/v2\/pages\/661"}],"wp:attachment":[{"href":"https:\/\/agora.xtec.cat\/ceipfmacia-orrius\/wp-json\/wp\/v2\/media?parent=4216"}],"curies":[{"name":"wp","href":"https:\/\/api.w.org\/{rel}","templated":true}]}}