{"id":4202,"date":"2025-05-07T11:27:33","date_gmt":"2025-05-07T09:27:33","guid":{"rendered":"https:\/\/agora.xtec.cat\/ceipfmacia-orrius\/?page_id=4202"},"modified":"2025-05-11T17:06:39","modified_gmt":"2025-05-11T15:06:39","slug":"com-participar","status":"publish","type":"page","link":"https:\/\/agora.xtec.cat\/ceipfmacia-orrius\/que-es-lafi\/com-participar\/","title":{"rendered":"\ud83d\ude80 Com participar"},"content":{"rendered":"<p><strong>Fer de l\u2019escola un lloc millor per als nostres infants \u00e9s una tasca que fem entre tota la comunitat educativa! A l\u2019AFI creiem en la participaci\u00f3 activa de les fam\u00edlies per construir una comunitat educativa m\u00e9s rica i cohesionada.<\/strong><\/p>\n<h4><strong>Col\u00b7labora<\/strong><\/h4>\n<p>\u2705 <strong>Forma part de l\u2019AFI<\/strong><br \/>\nUneix-te com a membre i participa en les reunions per donar la teva opini\u00f3 i ajudar a prendre decisions importants per a l\u2019escola.<\/p>\n<p>\u2705 <strong>Ajuda en activitats i projectes<\/strong><br \/>\nSi tens temps i ganes, pots ser voluntari en esdeveniments escolars, festes o iniciatives solid\u00e0ries.<\/p>\n<p>\u2705 <strong>Proposa idees<\/strong><br \/>\nTens una iniciativa que podria millorar l\u2019experi\u00e8ncia escolar dels infants? Comparteix-la amb nosaltres!<\/p>\n<p>\u2705 <strong>Participa en campanyes i millores<\/strong><br \/>\nContribueix en recaptacions de fons, projectes de millora d\u2019infraestructures o en la gesti\u00f3 d\u2019activitats extraescolars.<\/p>\n<p>Si vols formar part d\u2019aquesta gran comunitat, ho pots fer a trav\u00e9s dels <a href=\"\/ceipfmacia-orrius\/que-es-lafi\/contacte-i-enllacos\/\">canals de contacte<\/a>.<\/p>\n<p>Amb el teu suport, podem fer grans coses!<\/p>\n<div style=\"text-align: center;\">\n<a href=\"mailto:afi@escolaorrius.cat?subject=Vull%20col\u00b7laborar%20amb%20l'AFI\" rel=\"noopener\"><br \/>\n    <button class=\"boto-xulo\">Vull col\u00b7laborar<\/button><br \/>\n<\/a><\/p>\n<style>\n    .boto-xulo {\n        background: linear-gradient(135deg, #ff7eb3, #ff758c);\n        border: none;\n        color: white;\n        padding: 15px 30px;\n        font-size: 18px;\n        border-radius: 30px;\n        cursor: pointer;\n        transition: all 0.3s ease-in-out;\n        box-shadow: 0px 4px 6px rgba(0, 0, 0, 0.1);\n    }<\/p>\n<p>    .boto-xulo:hover {\n        background: linear-gradient(135deg, #ff758c, #ff7eb3);\n        box-shadow: 0px 6px 10px rgba(0, 0, 0, 0.15);\n        transform: scale(1.05);\n    }\n<\/style>\n","protected":false},"excerpt":{"rendered":"<p>Fer de l\u2019escola un lloc millor per als nostres infants \u00e9s una tasca que fem entre tota la comunitat educativa! A l\u2019AFI creiem en la participaci\u00f3 activa de les fam\u00edlies per construir una comunitat educativa m\u00e9s rica i cohesionada.<br \/>\nCol\u00b7labora<br \/>\n\u2705 Forma part de l\u2019AFI<br \/>\nUneix-te com a&hellip;  <a href=\"https:\/\/agora.xtec.cat\/ceipfmacia-orrius\/que-es-lafi\/com-participar\/\" title=\"Read \ud83d\ude80 Com participar\">Llegeix m\u00e9s\u00bb<\/a><\/p>\n","protected":false},"author":60,"featured_media":0,"parent":661,"menu_order":3,"comment_status":"closed","ping_status":"closed","template":"page-templates\/side-menu.php","meta":{"_bbp_topic_count":0,"_bbp_reply_count":0,"_bbp_total_topic_count":0,"_bbp_total_reply_count":0,"_bbp_voice_count":0,"_bbp_anonymous_reply_count":0,"_bbp_topic_count_hidden":0,"_bbp_reply_count_hidden":0,"_bbp_forum_subforum_count":0,"footnotes":""},"class_list":["post-4202","page","type-page","status-publish","hentry"],"post_mailing_queue_ids":[],"_links":{"self":[{"href":"https:\/\/agora.xtec.cat\/ceipfmacia-orrius\/wp-json\/wp\/v2\/pages\/4202","targetHints":{"allow":["GET"]}}],"collection":[{"href":"https:\/\/agora.xtec.cat\/ceipfmacia-orrius\/wp-json\/wp\/v2\/pages"}],"about":[{"href":"https:\/\/agora.xtec.cat\/ceipfmacia-orrius\/wp-json\/wp\/v2\/types\/page"}],"author":[{"embeddable":true,"href":"https:\/\/agora.xtec.cat\/ceipfmacia-orrius\/wp-json\/wp\/v2\/users\/60"}],"replies":[{"embeddable":true,"href":"https:\/\/agora.xtec.cat\/ceipfmacia-orrius\/wp-json\/wp\/v2\/comments?post=4202"}],"version-history":[{"count":6,"href":"https:\/\/agora.xtec.cat\/ceipfmacia-orrius\/wp-json\/wp\/v2\/pages\/4202\/revisions"}],"predecessor-version":[{"id":4639,"href":"https:\/\/agora.xtec.cat\/ceipfmacia-orrius\/wp-json\/wp\/v2\/pages\/4202\/revisions\/4639"}],"up":[{"embeddable":true,"href":"https:\/\/agora.xtec.cat\/ceipfmacia-orrius\/wp-json\/wp\/v2\/pages\/661"}],"wp:attachment":[{"href":"https:\/\/agora.xtec.cat\/ceipfmacia-orrius\/wp-json\/wp\/v2\/media?parent=4202"}],"curies":[{"name":"wp","href":"https:\/\/api.w.org\/{rel}","templated":true}]}}