{"id":28,"date":"2014-09-18T12:29:35","date_gmt":"2014-09-18T11:29:35","guid":{"rendered":"http:\/\/agora.xtec.cat\/ceipfmacia-orrius\/?page_id=28"},"modified":"2026-02-04T09:58:12","modified_gmt":"2026-02-04T08:58:12","slug":"consell-escolar","status":"publish","type":"page","link":"https:\/\/agora.xtec.cat\/ceipfmacia-orrius\/lescola\/consell-escolar\/","title":{"rendered":"Consell Escolar 25\/26"},"content":{"rendered":"<p>El Consell Escolar del centre \u00e9s el m\u00e0xim \u00f2rgan de decisi\u00f3 de l\u2019Escola.<\/p>\n<p>En ell hi ha representats tots els sectors de la comunitat educativa (als alumnes els representen els seus tutors legals).<\/p>\n<ul style=\"list-style-type: disc;\">\n<li>Sector de mestres\n<ul>\n<li>Judit Maspoch<\/li>\n<li>Am\u00e0lia Garfella<\/li>\n<li>Eva Reixach<\/li>\n<li>Anna Abell\u00f3<\/li>\n<li>Elisabeth Trigueros<\/li>\n<\/ul>\n<\/li>\n<li>Sector de fam\u00edlies\n<ul>\n<li>Nat\u00e0lia Nogueras<\/li>\n<li>Marta Llatcha<\/li>\n<li>Nicol\u00e1s Laserna<\/li>\n<li>Mireia Cunill<\/li>\n<\/ul>\n<\/li>\n<li>Representant de l\u2019AFI\n<ul>\n<li>Pilar Vall\u00e8s<\/li>\n<\/ul>\n<\/li>\n<li>Representat de l\u2019Ajuntament\n<ul>\n<li>Gisela Bellavista (Regidora)<\/li>\n<\/ul>\n<\/li>\n<li>Representant PAS\/PAE\n<ul>\n<li>Cristina Vil\u00e0 (TEEI)<\/li>\n<\/ul>\n<\/li>\n<li>Equip Directiu del Centre\n<ul>\n<li>Esther Roig (Directora)<\/li>\n<li>Eva Lancharro (Cap d&#8217;estudis)<\/li>\n<li>Anna Roig (Secret\u00e0ria)<\/li>\n<\/ul>\n<\/li>\n<\/ul>\n","protected":false},"excerpt":{"rendered":"<p>El Consell Escolar del centre \u00e9s el m\u00e0xim \u00f2rgan de decisi\u00f3 de l\u2019Escola.<br \/>\nEn ell hi ha representats tots els sectors de la comunitat educativa (als alumnes els representen els seus tutors legals).<\/p>\n<ul style=\"list-style-type: disc;\">\n<li>Sector de mestres\n<ul>\n<li>Judit Maspoch<\/li>\n<li>Am\u00e0lia Garfella<\/li>\n<li>Eva Reixach<\/li>\n<li>Anna Abell\u00f3<\/li>\n<li>Elisabeth Trigueros<\/li>\n<\/ul>\n<\/li>\n<li>Sector de fam\u00edlies\n<ul>\n<li>Nat\u00e0lia Nogueras<\/li>\n<li>Marta Llatcha<\/li>\n<li>Nicol\u00e1s&hellip;  <a href=\"https:\/\/agora.xtec.cat\/ceipfmacia-orrius\/lescola\/consell-escolar\/\" title=\"Read Consell Escolar 25\/26\">Llegeix m\u00e9s\u00bb<\/a><br \/>\n","protected":false},"author":1,"featured_media":0,"parent":22,"menu_order":4,"comment_status":"closed","ping_status":"closed","template":"page-templates\/side-menu.php","meta":{"_bbp_topic_count":0,"_bbp_reply_count":0,"_bbp_total_topic_count":0,"_bbp_total_reply_count":0,"_bbp_voice_count":0,"_bbp_anonymous_reply_count":0,"_bbp_topic_count_hidden":0,"_bbp_reply_count_hidden":0,"_bbp_forum_subforum_count":0,"footnotes":""},"class_list":["post-28","page","type-page","status-publish","hentry"],"post_mailing_queue_ids":[],"_links":{"self":[{"href":"https:\/\/agora.xtec.cat\/ceipfmacia-orrius\/wp-json\/wp\/v2\/pages\/28","targetHints":{"allow":["GET"]}}],"collection":[{"href":"https:\/\/agora.xtec.cat\/ceipfmacia-orrius\/wp-json\/wp\/v2\/pages"}],"about":[{"href":"https:\/\/agora.xtec.cat\/ceipfmacia-orrius\/wp-json\/wp\/v2\/types\/page"}],"author":[{"embeddable":true,"href":"https:\/\/agora.xtec.cat\/ceipfmacia-orrius\/wp-json\/wp\/v2\/users\/1"}],"replies":[{"embeddable":true,"href":"https:\/\/agora.xtec.cat\/ceipfmacia-orrius\/wp-json\/wp\/v2\/comments?post=28"}],"version-history":[{"count":6,"href":"https:\/\/agora.xtec.cat\/ceipfmacia-orrius\/wp-json\/wp\/v2\/pages\/28\/revisions"}],"predecessor-version":[{"id":4913,"href":"https:\/\/agora.xtec.cat\/ceipfmacia-orrius\/wp-json\/wp\/v2\/pages\/28\/revisions\/4913"}],"up":[{"embeddable":true,"href":"https:\/\/agora.xtec.cat\/ceipfmacia-orrius\/wp-json\/wp\/v2\/pages\/22"}],"wp:attachment":[{"href":"https:\/\/agora.xtec.cat\/ceipfmacia-orrius\/wp-json\/wp\/v2\/media?parent=28"}],"curies":[{"name":"wp","href":"https:\/\/api.w.org\/{rel}","templated":true}]}}