{"id":2355,"date":"2021-09-29T13:02:15","date_gmt":"2021-09-29T11:02:15","guid":{"rendered":"https:\/\/agora.xtec.cat\/ceipfmacia-orrius\/?page_id=2355"},"modified":"2025-05-13T10:04:02","modified_gmt":"2025-05-13T08:04:02","slug":"actes-de-les-reunions","status":"publish","type":"page","link":"https:\/\/agora.xtec.cat\/ceipfmacia-orrius\/que-es-lafi\/calendari-afi\/actes-de-les-reunions\/","title":{"rendered":"\ud83d\udcdd Actes de les reunions"},"content":{"rendered":"<h2><strong>Documentaci\u00f3 de les decisions i acords de l\u2019AFI<\/strong><\/h2>\n<p><strong>Les actes de reuni\u00f3 s\u00f3n documents oficials que recullen de manera estructurada els temes tractats, els acords presos i les accions pendents durant les trobades de l\u2019AFI. Aquest registre permet mantenir una comunicaci\u00f3 clara i garantir la transpar\u00e8ncia en la gesti\u00f3 de l\u2019associaci\u00f3.<\/strong><\/p>\n<p>Cada acta inclou la data i el lloc de la reuni\u00f3, els assistents (indicats per les seves inicials), l\u2019ordre del dia, els punts discutits, les conclusions i els compromisos adquirits per les diferents comissions de treball. Tamb\u00e9 s&#8217;hi detallen les accions futures i els responsables de cada tasca.<\/p>\n<p>Aquest espai permet que les fam\u00edlies accedeixin a la documentaci\u00f3 de les reunions i coneguin el funcionament de l\u2019AFI, refor\u00e7ant la seva implicaci\u00f3 en la vida escolar.<\/p>\n<p>Consulta les actes disponibles i descobreix les decisions que marquen el dia a dia de l\u2019AFI:<\/p>\n<p style=\"text-align: left;\"><a target=\"_blank\" href=\"\/ceipfmacia-orrius\/wp-content\/uploads\/usu2067\/2025\/05\/20250403_Acta_de_reunio_de_lAFI.pdf\" rel=\"noopener\"><i class=\"fa-regular fa-file-pdf\"><\/i> Acta de reuni\u00f3 de l&#8217;AFI &#8211; 3 d&#8217;abril de 2025<\/a><\/p>\n<h2><strong>Plantilla d\u2019acta de reuni\u00f3<\/strong><\/h2>\n<p>Aquest document permet registrar f\u00e0cilment les decisions preses en les reunions de l\u2019AFI. Inclou espais estructurats per indicar els temes tractats, els acords presos i els responsables de cada acci\u00f3.<\/p>\n<div style=\"text-align: center;\">\n<a href=\"\/ceipfmacia-orrius\/wp-content\/uploads\/usu2067\/2025\/05\/AAAA-MM-DD_Acta_de_reunio_de_lAFI.docx\" target=\"_blank\" rel=\"noopener\"><br \/>\n    <button class=\"boto-xulo\"><i class=\"fa-solid fa-download\"><\/i>  Descarrega la plantilla editable<\/button><br \/>\n<\/a><\/p>\n<style>\n    .boto-xulo {\n        background: linear-gradient(135deg, #ff7eb3, #ff758c);\n        border: none;\n        color: white;\n        padding: 15px 30px;\n        font-size: 18px;\n        border-radius: 30px;\n        cursor: pointer;\n        transition: all 0.3s ease-in-out;\n        box-shadow: 0px 4px 6px rgba(0, 0, 0, 0.1);\n    }<\/p>\n<p>    .boto-xulo:hover {\n        background: linear-gradient(135deg, #ff758c, #ff7eb3);\n        box-shadow: 0px 6px 10px rgba(0, 0, 0, 0.15);\n        transform: scale(1.05);\n    }\n<\/style>\n<style>\n    h2 {\n        color: #2C3E50;\n        border-bottom: 2px solid #3498DB;\n        padding-bottom: 5px;\n        margin-top: 20px;\n    }\n    details {\n        margin-bottom: 10px;\n        padding: 10px;\n        background: #ECF0F1;\n        border-radius: 5px;\n    }\n    summary {\n        font-weight: bold;\n        cursor: pointer;\n    }\n    p {\n        margin-top: 10px;\n    }\n<\/style>\n","protected":false},"excerpt":{"rendered":"<p>Documentaci\u00f3 de les decisions i acords de l\u2019AFI<br \/>\nLes actes de reuni\u00f3 s\u00f3n documents oficials que recullen de manera estructurada els temes tractats, els acords presos i les accions pendents durant les trobades de l\u2019AFI. Aquest registre permet mantenir una comunicaci\u00f3 clara i garantir la transpar\u00e8ncia&hellip;  <a href=\"https:\/\/agora.xtec.cat\/ceipfmacia-orrius\/que-es-lafi\/calendari-afi\/actes-de-les-reunions\/\" title=\"Read \ud83d\udcdd Actes de les reunions\">Llegeix m\u00e9s\u00bb<\/a><\/p>\n","protected":false},"author":22,"featured_media":0,"parent":4409,"menu_order":0,"comment_status":"closed","ping_status":"closed","template":"page-templates\/side-menu.php","meta":{"_bbp_topic_count":0,"_bbp_reply_count":0,"_bbp_total_topic_count":0,"_bbp_total_reply_count":0,"_bbp_voice_count":0,"_bbp_anonymous_reply_count":0,"_bbp_topic_count_hidden":0,"_bbp_reply_count_hidden":0,"_bbp_forum_subforum_count":0,"footnotes":""},"class_list":["post-2355","page","type-page","status-publish","hentry"],"post_mailing_queue_ids":[],"_links":{"self":[{"href":"https:\/\/agora.xtec.cat\/ceipfmacia-orrius\/wp-json\/wp\/v2\/pages\/2355","targetHints":{"allow":["GET"]}}],"collection":[{"href":"https:\/\/agora.xtec.cat\/ceipfmacia-orrius\/wp-json\/wp\/v2\/pages"}],"about":[{"href":"https:\/\/agora.xtec.cat\/ceipfmacia-orrius\/wp-json\/wp\/v2\/types\/page"}],"author":[{"embeddable":true,"href":"https:\/\/agora.xtec.cat\/ceipfmacia-orrius\/wp-json\/wp\/v2\/users\/22"}],"replies":[{"embeddable":true,"href":"https:\/\/agora.xtec.cat\/ceipfmacia-orrius\/wp-json\/wp\/v2\/comments?post=2355"}],"version-history":[{"count":6,"href":"https:\/\/agora.xtec.cat\/ceipfmacia-orrius\/wp-json\/wp\/v2\/pages\/2355\/revisions"}],"predecessor-version":[{"id":4651,"href":"https:\/\/agora.xtec.cat\/ceipfmacia-orrius\/wp-json\/wp\/v2\/pages\/2355\/revisions\/4651"}],"up":[{"embeddable":true,"href":"https:\/\/agora.xtec.cat\/ceipfmacia-orrius\/wp-json\/wp\/v2\/pages\/4409"}],"wp:attachment":[{"href":"https:\/\/agora.xtec.cat\/ceipfmacia-orrius\/wp-json\/wp\/v2\/media?parent=2355"}],"curies":[{"name":"wp","href":"https:\/\/api.w.org\/{rel}","templated":true}]}}