{"id":10534,"date":"2020-03-03T08:27:40","date_gmt":"2020-03-03T07:27:40","guid":{"rendered":"http:\/\/agora.xtec.cat\/ceipflama\/?page_id=10534"},"modified":"2026-04-13T17:25:40","modified_gmt":"2026-04-13T15:25:40","slug":"acords-del-consell-escolar","status":"publish","type":"page","link":"https:\/\/agora.xtec.cat\/ceipflama\/acords-del-consell-escolar\/","title":{"rendered":"Acords del Consell Escolar"},"content":{"rendered":"<h3><span style=\"color: #99cc00;\">CONSELL ESCOLAR 23 D&#8217;OCTUBRE 2019<\/span><\/h3>\n<p><span style=\"color: #000000;\">1. S&#8217;aprova la Programaci\u00f3 General Anual del curs 2019-2020.\u00a0<\/span><\/p>\n<h3><span style=\"color: #ff6600;\">CONSELL ESCOLAR 2 DE MAR\u00c7 2020<\/span><\/h3>\n<ol>\n<li><span style=\"color: #000000;\">S&#8217;aprova l&#8217;acta del consell escolar en data 23 d&#8217;octubre de 2019.<\/span><\/li>\n<li>S&#8217;aprova l&#8217;exercici comptable de l&#8217;any 2019.<\/li>\n<li>S&#8217;aprova el pressupost del 2020.<\/li>\n<li>S&#8217;aprova la petici\u00f3 d&#8217;una auxiliar de conversa subvencionada per l&#8217;AMPA pel curs 2020-2021.<\/li>\n<li>S&#8217;aproven les sortides a Don Bosco (Castellnou) dels alumnes de P3, i al Museu Mar\u00edtim (Barcelona) dels alumnes de P4.<\/li>\n<\/ol>\n<h3><span style=\"color: #ff00ff;\">CONSELL ESCOLAR 28 DE MAIG 2020<\/span><\/h3>\n<p><span style=\"color: #000000;\">S&#8217;informa sobre el pla de reobertura de centres educatius en fase 2 de desescalada en la finalitzaci\u00f3 del curs 2019-2020.<\/span><\/p>\n<h3><span style=\"color: #ff9900;\">CONSELL ESCOLAR 13 DE JULIOL 2020<\/span><\/h3>\n<ol>\n<li>S&#8217;aprova el calendari escolar del curs 2020-2021.<\/li>\n<li>S&#8217;aproven els serveis d&#8217;extraescolars i el preu del tiquet de menjador pel curs 2020-21.<\/li>\n<li>S&#8217;aprova la mem\u00f2ria anual del curs 2019-2020.<\/li>\n<\/ol>\n<h3><span style=\"color: #99cc00;\">CONSELL ESCOLAR 16 DE SETEMBRE 2020<\/span><\/h3>\n<ol>\n<li>S&#8217;aprova el pla d&#8217;obertura de centre del curs 2020-21.<\/li>\n<\/ol>\n<h3><span style=\"color: #ff6600;\">CONSELL ESCOLAR 29 D&#8217;OCTUBRE 2020<\/span><\/h3>\n<ol>\n<li>S&#8217;aprova la programaci\u00f3 general anual de centre del curs 2020-21.<\/li>\n<li>S&#8217;aprova l&#8217;addenda de les normes d&#8217;organitzaci\u00f3 i funcionament de centre referent a les normes de conviv\u00e8ncia i utilitzaci\u00f3 de la mascareta durant l&#8217;\u00e8poca que duri la pand\u00e8mia.<\/li>\n<\/ol>\n<h3><span style=\"color: #ff00ff;\">CONSELL ESCOLAR 15 DE MAR\u00c7 2021<\/span><\/h3>\n<ol>\n<li>S&#8217;aprova l&#8217;exercici comptable de l&#8217;any 2020.<\/li>\n<li>S&#8217;aprova el pressupost del 2021.<\/li>\n<li>S&#8217;aprova la petici\u00f3 d&#8217;una auxiliar de conversa subvencionada per l&#8217;AMPA pel curs 2021-2022.<\/li>\n<li>S&#8217;aproven les sortides referents al tercer trimestre del curs 2020-21.<\/li>\n<li style=\"text-align: justify;\">S&#8217;informa de la decisi\u00f3 del claustre de mestres referent a l&#8217;anul\u00b7laci\u00f3 de les col\u00f2nies per aquest curs 2020-21 derivat de la situaci\u00f3 generada per la pand\u00e8mia COVID-19.<\/li>\n<\/ol>\n<h3><span style=\"color: #00ffff;\">CONSELL ESCOLAR 11 DE JUNY 2021<\/span><\/h3>\n<ol>\n<li>S&#8217;aprova el calendari del curs 2021-2022.<\/li>\n<\/ol>\n<h3><span style=\"color: #808000;\">CONSELL ESCOLAR 29 DE JUNY 2021<\/span><\/h3>\n<ol>\n<li>S&#8217;aprova la mem\u00f2ria pedag\u00f2gica del curs 2020-21.<\/li>\n<li>S&#8217;aprova el preu del servei de menjador pel curs 2021-22.<\/li>\n<li>S&#8217;aproven les activitats extraescolars pel curs 2021-22.<\/li>\n<li>S&#8217;aprova el casal de setembre i el casal d&#8217;estiu del curs 2021-22.<\/li>\n<li>S&#8217;aprova l&#8217;activitat d&#8217;acollida matinal del curs 2021-22.<\/li>\n<li>S&#8217;aprova el pla de conviv\u00e8ncia.<\/li>\n<li>S&#8217;informa del nou sistema de cobrament a les fam\u00edlies de cara al curs vinent.<\/li>\n<\/ol>\n<h3><span style=\"color: #ff6600;\">CONSELL ESCOLAR 28 DE SETEMBRE 2021<\/span><\/h3>\n<ol>\n<li>S&#8217;aprova el pla d&#8217;obertura de centre del curs 2021-22.<\/li>\n<\/ol>\n<h3><span style=\"color: #cc99ff;\">CONSELL ESCOLAR 14 D&#8217;OCTUBRE 2021<\/span><\/h3>\n<ol>\n<li>S&#8217;aprova el projecte educatiu de centre.<\/li>\n<li>S&#8217;aprova la programaci\u00f3 general anual del curs 2021-22.<\/li>\n<\/ol>\n<h3><span style=\"color: #00ff00;\">CONSELL ESCOLAR 16 MAR\u00c7 2022<\/span><\/h3>\n<ol>\n<li>S&#8217;aproven les normes d&#8217;organitzaci\u00f3 i funcionament del centre.<\/li>\n<li>S&#8217;aprova la viabilitat de la petici\u00f3 d&#8217;auxiliar de conversa pel curs 2022-23.<\/li>\n<li>S&#8217;informa de la creaci\u00f3 de places amb perfil professional pel curs 2022-23.<\/li>\n<li>S&#8217;aprova l&#8217;exercici de l&#8217;any comptable 2021.<\/li>\n<li>S&#8217;aprova el pressupost del 2022.<\/li>\n<li>S&#8217;aprova la realitzaci\u00f3 de la festa de primavera pel present curs, que no constava a la PGA.<\/li>\n<\/ol>\n<h3><span style=\"color: #ff6600;\">CONSELL ESCOLAR 31 MAIG 2022<\/span><\/h3>\n<ol>\n<li>S&#8217;aprova el preu del servei de menjador pel curs 2022-23.<\/li>\n<li>S&#8217;aprova el preu del servei de menjador pel curs 2022-23.<\/li>\n<li>S&#8217;aproven les activitats extraescolars pel curs 2022-23.<\/li>\n<li>S&#8217;aprova el casal de setembre i el casal d&#8217;estiu del curs 2022-23.<\/li>\n<li>S&#8217;aprova l&#8217;activitat d&#8217;acollida matinal del curs 2022-23.<\/li>\n<\/ol>\n<h3><span style=\"color: #cc99ff;\">CONSELL ESCOLAR 13 D&#8217;OCTUBRE 2022<\/span><\/h3>\n<ol>\n<li>S&#8217;aprova la programaci\u00f3 general anual del curs 2022-23.<\/li>\n<\/ol>\n<h3><span style=\"color: #99cc00;\">CONSELL ESCOLAR 8 DE FEBRER 2023<\/span><\/h3>\n<ol>\n<li>S&#8217;aprova l&#8217;exercici comptable de l&#8217;any 2022.<\/li>\n<li>S&#8217;aprova el pressupost del 2023.<\/li>\n<\/ol>\n<h3><span style=\"color: #ff6600;\">CONSELL ESCOLAR 19 D&#8217;ABRIL 2023<\/span><\/h3>\n<ol>\n<li><span style=\"color: #000000;\">S&#8217;aprova demanar una auxiliar de conversa pel curs 23\/24.<\/span><\/li>\n<li>Es presenta la mem\u00f2ria del Projecte de Direcci\u00f3 2019\/23.<\/li>\n<\/ol>\n<h3><span style=\"color: #ff00ff;\">CONSELL ESCOLAR 12 DE JUNY 2023<\/span><\/h3>\n<ol>\n<li><span style=\"color: #000000;\">S&#8217;aprova el calendari escolar pel curs 23\/24.<\/span><\/li>\n<li>S&#8217;aprova el preu del tiquet del menjador i dels serveis i extraescolars que ofereix l&#8217;AFA.<\/li>\n<\/ol>\n<h3><span style=\"color: #ff9900;\">CONSELL ESCOLAR 28 DE JUNY 2023<\/span><\/h3>\n<ol>\n<li><span style=\"color: #000000;\">S&#8217;aprova la mem\u00f2ria del curs 2022\/23.<\/span><\/li>\n<li>S&#8217;aprova el projecte de direcci\u00f3 2023\/27.<\/li>\n<li>S&#8217;aprova la modificaci\u00f3 del preu del tiquet de menjador pel curs 2023\/24.<\/li>\n<\/ol>\n<h3><span style=\"color: #99cc00;\">CONSELL ESCOLAR 17 D&#8217;OCTUBRE 2023<\/span><\/h3>\n<ol>\n<li style=\"font-weight: 400;\" aria-level=\"1\"><span style=\"font-weight: 400;\">S\u2019aprova per unanimitat el projecte de direcci\u00f3 per aquest curs escolar 2023\/24.<\/span><\/li>\n<li style=\"font-weight: 400;\" aria-level=\"1\"><span style=\"font-weight: 400;\">S\u2019aprova per unanimitat la Programaci\u00f3 General Anual del curs 2022\/24. <\/span><\/li>\n<\/ol>\n<h3><span style=\"color: #ff6600;\">CONSELL ESCOLAR 7 DE MAR\u00c7 2024<\/span><\/h3>\n<ol>\n<li style=\"font-weight: 400;\" aria-level=\"1\"><span style=\"font-weight: 400;\">S\u2019aprova per unanimitat l\u2019acta n\u00famero 1 del 17 d\u2019octubre de 2023.<\/span><\/li>\n<li style=\"font-weight: 400;\" aria-level=\"1\"><span style=\"font-weight: 400;\">S\u2019aprova per unanimitat l\u2019exercici comptable de l\u2019any 2023.<\/span><\/li>\n<li style=\"font-weight: 400;\" aria-level=\"1\"><span style=\"font-weight: 400;\">S\u2019aprova per unanimitat el pressupost de l\u2019any 2024.<\/span><\/li>\n<li style=\"font-weight: 400;\" aria-level=\"1\"><span style=\"font-weight: 400;\">S\u2019aprova fer l\u2019aprovaci\u00f3 de l\u2019auxiliar de conversa pel curs 24\/25.<\/span><\/li>\n<\/ol>\n<h3><span style=\"color: #ff00ff;\">CONSELL ESCOLAR 28 DE MAIG 2024<\/span><\/h3>\n<ol>\n<li style=\"font-weight: 400;\" aria-level=\"1\"><span style=\"font-weight: 400;\">S\u2019aprova per unanimitat l\u2019acta n\u00famero 2 del 30 de novembre de 2023.<\/span><\/li>\n<li style=\"font-weight: 400;\" aria-level=\"1\"><span style=\"font-weight: 400;\">S\u2019aprova per unanimitat l\u2019acta n\u00famero 3 del 7 de mar\u00e7 de 2024.<\/span><\/li>\n<li style=\"font-weight: 400;\" aria-level=\"1\"><span style=\"font-weight: 400;\">S\u2019aprova per unanimitat el calendari escolar del curs 2024\/25.<\/span><\/li>\n<li style=\"font-weight: 400;\" aria-level=\"1\"><span style=\"font-weight: 400;\">S\u2019aprova per unanimitat el casal d\u2019estiu per aquest curs 23\/24.<\/span><\/li>\n<li style=\"font-weight: 400;\" aria-level=\"1\"><span style=\"font-weight: 400;\">S\u2019aprova per unanimitat la carta de comprom\u00eds educatiu.<\/span><\/li>\n<li style=\"font-weight: 400;\" aria-level=\"1\"><span style=\"font-weight: 400;\">S\u2019aprova per unanimitat el pla de transport del curs 23\/24.<\/span><\/li>\n<\/ol>\n<h3><span style=\"color: #ff9900;\">CONSELL ESCOLAR 27 DE JUNY 2024<\/span><\/h3>\n<ol>\n<li><span style=\"color: #000000;\">S&#8217;aprova per unanimitat l&#8217;acta n\u00famero 4 del 28 de maig de 2024.<\/span><\/li>\n<li>S&#8217;aprova per unanimitat el preu del tiquet de menjador\u00a0 i dels serveis i extraescolars que ofereix l&#8217;AFA pel curs 2024\/25.<\/li>\n<li>S&#8217;aprova per unanimitat la mem\u00f2ria del curs 2023\/2024.<\/li>\n<li>S&#8217;aprova el projecte de direcci\u00f3 2024\/28.<\/li>\n<\/ol>\n<h3><span style=\"color: #99cc00;\">CONSELL ESCOLAR 10 D&#8217;OCTUBRE 2024<\/span><\/h3>\n<ol>\n<li style=\"font-weight: 400;\" aria-level=\"1\"><span style=\"font-weight: 400;\">S\u2019aprova per unanimitat la Programaci\u00f3 General Anual del curs 2024\/25.<\/span><\/li>\n<li aria-level=\"1\">S&#8217;aprova per unanimitat la participaci\u00f3 al programa Fang! de TV3.<\/li>\n<li aria-level=\"1\">S&#8217;aprova per unanimitat que s&#8217;enviar\u00e0 un correu electr\u00f2nic a tots els membres del Consell Escolar amb totes les sortides (que es programen durant el curs) que no s&#8217;han pogut aprovar en aquesta PGA.<\/li>\n<\/ol>\n<h3><span style=\"color: #ff00ff;\">CONSELL ESCOLAR 3 DE DESEMBRE 2024<\/span><\/h3>\n<ol>\n<li style=\"font-weight: 400;\" aria-level=\"1\"><span style=\"font-weight: 400;\">S\u2019aprova per unanimitat el pla de transport del curs 2024\/25<\/span><\/li>\n<\/ol>\n<h3><span style=\"color: #ff9900;\">CONSELL ESCOLAR 6 DE MAR\u00c7 2025<\/span><\/h3>\n<ol>\n<li style=\"font-weight: 400;\" aria-level=\"1\"><span style=\"font-weight: 400;\">S\u2019aprova per unanimitat l\u2019exercici comptable de l\u2019any 2024.<\/span><\/li>\n<li style=\"font-weight: 400;\" aria-level=\"1\"><span style=\"font-weight: 400;\">S\u2019aprova per unanimitat el pressupost de l\u2019any 2025.<\/span><\/li>\n<li>S&#8217;aprova per unanimitat sol\u00b7licitar l&#8217;auxiliar de conversa pel curs 2025\/26.<\/li>\n<li>S&#8217;aprova per unanimitat la sortida a Port Aventura dels alumnes de P6.<\/li>\n<\/ol>\n<h3><span style=\"color: #99cc00;\">CONSELL ESCOLAR 27 DE JUNY 2025<\/span><\/h3>\n<ol>\n<li style=\"font-weight: 400;\" aria-level=\"1\"><span style=\"font-weight: 400;\">S\u2019aprova per unanimitat l\u2019acta n\u00famero 3 del 6 de mar\u00e7 de 2025.<\/span><\/li>\n<li style=\"font-weight: 400;\" aria-level=\"1\"><span style=\"font-weight: 400;\">S\u2019aprova per unanimitat la mem\u00f2ria del curs 2024-25.<\/span><\/li>\n<li style=\"font-weight: 400;\" aria-level=\"1\"><span style=\"font-weight: 400;\">S\u2019aprova per unanimitat el Pla de les Escoles Lliures de Viol\u00e8ncia.<\/span><\/li>\n<li style=\"font-weight: 400;\" aria-level=\"1\"><span style=\"font-weight: 400;\">S\u2019aprova per unanimitat les extraescolars pel curs 2025-26.<\/span><\/li>\n<li style=\"font-weight: 400;\" aria-level=\"1\"><span style=\"font-weight: 400;\">S\u2019aprova per unanimitat el preu del tiquet de menjador pel curs 2025-26.<\/span><\/li>\n<\/ol>\n<h3><span style=\"color: #ff00ff;\">CONSELL ESCOLAR 16 D&#8217;OCTUBRE 2025<\/span><\/h3>\n<ol>\n<li style=\"font-weight: 400;\" aria-level=\"1\"><span style=\"font-weight: 400;\">S\u2019aprova per unanimitat l\u2019acta n\u00famero 4 del 27 de juny de 2025.<\/span><\/li>\n<li aria-level=\"1\"><span style=\"font-weight: 400;\">S\u2019aprova l\u2019addenda de la Mem\u00f2ria del curs 2024\/25.<\/span><\/li>\n<li aria-level=\"1\"><span style=\"font-weight: 400;\">S\u2019aprova la Programaci\u00f3 General Anual del curs 2025\/26.<\/span><\/li>\n<\/ol>\n<h3><span style=\"color: #ff9900;\">CONSELL ESCOLAR 3 DE MAR\u00c7 2026<\/span><\/h3>\n<ol>\n<li style=\"font-weight: 400;\" aria-level=\"1\"><span style=\"font-weight: 400;\">S\u2019aprova per unanimitat l\u2019exercici comptable de l\u2019any 2025.<\/span><\/li>\n<li style=\"font-weight: 400;\" aria-level=\"1\"><span style=\"font-weight: 400;\">S\u2019aprova per unanimitat el pressupost de l\u2019any 2026.<\/span><\/li>\n<li aria-level=\"1\">S&#8217;aprova per unanimitat incrementar a 5\u20ac l&#8217;aportaci\u00f3 que les fam\u00edlies fan a l&#8217;escola per contribuir al Projecte Educatiu del centre.<\/li>\n<li>S&#8217;aprova per unanimitat sol\u00b7licitar l&#8217;auxiliar de conversa pel curs 2026\/27.<\/li>\n<\/ol>\n","protected":false},"excerpt":{"rendered":"<p>CONSELL ESCOLAR 23 D&#8217;OCTUBRE 2019 1. S&#8217;aprova la Programaci\u00f3 General Anual del curs 2019-2020.\u00a0 CONSELL ESCOLAR 2 DE MAR\u00c7 2020 S&#8217;aprova l&#8217;acta del consell escolar en data 23 d&#8217;octubre de 2019. S&#8217;aprova l&#8217;exercici comptable de l&#8217;any 2019. S&#8217;aprova el pressupost del 2020. S&#8217;aprova la petici\u00f3 d&#8217;una auxiliar de conversa subvencionada per l&#8217;AMPA pel curs 2020-2021. [&hellip;]<\/p>\n","protected":false},"author":1,"featured_media":0,"parent":0,"menu_order":0,"comment_status":"closed","ping_status":"closed","template":"","meta":{"_bbp_topic_count":0,"_bbp_reply_count":0,"_bbp_total_topic_count":0,"_bbp_total_reply_count":0,"_bbp_voice_count":0,"_bbp_anonymous_reply_count":0,"_bbp_topic_count_hidden":0,"_bbp_reply_count_hidden":0,"_bbp_forum_subforum_count":0,"site-sidebar-layout":"default","site-content-layout":"","ast-site-content-layout":"default","site-content-style":"default","site-sidebar-style":"default","ast-global-header-display":"","ast-banner-title-visibility":"","ast-main-header-display":"","ast-hfb-above-header-display":"","ast-hfb-below-header-display":"","ast-hfb-mobile-header-display":"","site-post-title":"","ast-breadcrumbs-content":"","ast-featured-img":"","footer-sml-layout":"","theme-transparent-header-meta":"default","adv-header-id-meta":"","stick-header-meta":"","header-above-stick-meta":"","header-main-stick-meta":"","header-below-stick-meta":"","astra-migrate-meta-layouts":"set","ast-page-background-enabled":"default","ast-page-background-meta":{"desktop":{"background-color":"var(--ast-global-color-4)","background-image":"","background-repeat":"repeat","background-position":"center center","background-size":"auto","background-attachment":"scroll","background-type":"","background-media":"","overlay-type":"","overlay-color":"","overlay-opacity":"","overlay-gradient":""},"tablet":{"background-color":"","background-image":"","background-repeat":"repeat","background-position":"center center","background-size":"auto","background-attachment":"scroll","background-type":"","background-media":"","overlay-type":"","overlay-color":"","overlay-opacity":"","overlay-gradient":""},"mobile":{"background-color":"","background-image":"","background-repeat":"repeat","background-position":"center center","background-size":"auto","background-attachment":"scroll","background-type":"","background-media":"","overlay-type":"","overlay-color":"","overlay-opacity":"","overlay-gradient":""}},"ast-content-background-meta":{"desktop":{"background-color":"var(--ast-global-color-5)","background-image":"","background-repeat":"repeat","background-position":"center center","background-size":"auto","background-attachment":"scroll","background-type":"","background-media":"","overlay-type":"","overlay-color":"","overlay-opacity":"","overlay-gradient":""},"tablet":{"background-color":"var(--ast-global-color-5)","background-image":"","background-repeat":"repeat","background-position":"center center","background-size":"auto","background-attachment":"scroll","background-type":"","background-media":"","overlay-type":"","overlay-color":"","overlay-opacity":"","overlay-gradient":""},"mobile":{"background-color":"var(--ast-global-color-5)","background-image":"","background-repeat":"repeat","background-position":"center center","background-size":"auto","background-attachment":"scroll","background-type":"","background-media":"","overlay-type":"","overlay-color":"","overlay-opacity":"","overlay-gradient":""}},"footnotes":""},"class_list":["post-10534","page","type-page","status-publish","hentry"],"post_mailing_queue_ids":[],"_links":{"self":[{"href":"https:\/\/agora.xtec.cat\/ceipflama\/wp-json\/wp\/v2\/pages\/10534","targetHints":{"allow":["GET"]}}],"collection":[{"href":"https:\/\/agora.xtec.cat\/ceipflama\/wp-json\/wp\/v2\/pages"}],"about":[{"href":"https:\/\/agora.xtec.cat\/ceipflama\/wp-json\/wp\/v2\/types\/page"}],"author":[{"embeddable":true,"href":"https:\/\/agora.xtec.cat\/ceipflama\/wp-json\/wp\/v2\/users\/1"}],"replies":[{"embeddable":true,"href":"https:\/\/agora.xtec.cat\/ceipflama\/wp-json\/wp\/v2\/comments?post=10534"}],"version-history":[{"count":8,"href":"https:\/\/agora.xtec.cat\/ceipflama\/wp-json\/wp\/v2\/pages\/10534\/revisions"}],"predecessor-version":[{"id":22648,"href":"https:\/\/agora.xtec.cat\/ceipflama\/wp-json\/wp\/v2\/pages\/10534\/revisions\/22648"}],"wp:attachment":[{"href":"https:\/\/agora.xtec.cat\/ceipflama\/wp-json\/wp\/v2\/media?parent=10534"}],"curies":[{"name":"wp","href":"https:\/\/api.w.org\/{rel}","templated":true}]}}