{"id":38,"date":"2014-09-18T12:34:08","date_gmt":"2014-09-18T11:34:08","guid":{"rendered":"http:\/\/agora.xtec.cat\/ceipespriu-granollers\/?page_id=38"},"modified":"2021-09-29T10:14:28","modified_gmt":"2021-09-29T08:14:28","slug":"salut","status":"publish","type":"page","link":"https:\/\/agora.xtec.cat\/ceipespriu-granollers\/lescola\/salut\/","title":{"rendered":"Salut"},"content":{"rendered":"<p><strong>Requisits d\u2019acc\u00e9s a l\u2019escola<\/strong><\/p>\n<p>La fam\u00edlia\/els tutors han de verificar, abans d\u2019anar al centre educatiu, l\u2019estat de salut del seu fill o filla i comprovar que no t\u00e9 una temperatura superior als 37,5\u00baC ni presenta com a novetat cap altre dels s\u00edmptomes m\u00e9s freq\u00fcents de la covid-19:<\/p>\n<p>\u25cf Febre o febr\u00edcula&gt;37,5\u00baC<br \/>\n\u25cf Tos<br \/>\n\u25cf Dificultat per respirar<br \/>\n\u25cf Mal de coll*<br \/>\n\u25cf Refredat nasal*<br \/>\n\u25cf Fatiga, dolors musculars i\/o mal de cap<br \/>\n\u25cf Mal de panxa, amb v\u00f2mits o diarrea<br \/>\n\u25cf P\u00e8rdua d\u2019olfacte o gust (infants grans i adolescents)<\/p>\n<p>*El mal de coll i el refredat nasal (amb mocs o sense mocs) s\u00f3n molt habituals en infants. Nom\u00e9s s\u2019han de considerar s\u00edmptomes potencials de covid-19 si tamb\u00e9 hi ha febre o altres s\u00edmptomes dels que es recullen a la llista. La variant delta causa, amb m\u00e9s freq\u00fc\u00e8ncia que les variants anteriors, rinorrea, odinof\u00e0gia i cefalea.<\/p>\n<p>&nbsp;<\/p>\n<p>Al seg\u00fcent enlla\u00e7 podeu consultar els <a href=\"https:\/\/scientiasalut.gencat.cat\/bitstream\/handle\/11351\/3061\/Criteris_no_assistencia_alumnat_a_escola_o_llar_infants_durant_periode_temps_determinat_causa_malalties_transmissibles.pdf?sequence=1&amp;isAllowed=y\" target=\"_blank\" rel=\"noopener noreferrer\"><em>Criteris de no assist\u00e8ncia de l&#8217;alumnat a l&#8217;escola o llar d&#8217;infants durant un per\u00edode de temps determinat a causa de malalties transmissibles<\/em><\/a><\/p>\n","protected":false},"excerpt":{"rendered":"<p>Requisits d\u2019acc\u00e9s a l\u2019escola La fam\u00edlia\/els tutors han de verificar, abans d\u2019anar al centre educatiu, l\u2019estat de salut del seu fill o filla i comprovar que no t\u00e9 una temperatura superior als 37,5\u00baC ni presenta com a novetat cap altre dels s\u00edmptomes m\u00e9s freq\u00fcents de la covid-19: \u25cf Febre o febr\u00edcula&gt;37,5\u00baC \u25cf Tos \u25cf Dificultat [&hellip;]<\/p>\n","protected":false},"author":1,"featured_media":0,"parent":22,"menu_order":80,"comment_status":"closed","ping_status":"closed","template":"page-templates\/side-menu.php","meta":{"_bbp_topic_count":0,"_bbp_reply_count":0,"_bbp_total_topic_count":0,"_bbp_total_reply_count":0,"_bbp_voice_count":0,"_bbp_anonymous_reply_count":0,"_bbp_topic_count_hidden":0,"_bbp_reply_count_hidden":0,"_bbp_forum_subforum_count":0,"site-sidebar-layout":"default","site-content-layout":"","ast-site-content-layout":"","site-content-style":"default","site-sidebar-style":"default","ast-global-header-display":"","ast-banner-title-visibility":"","ast-main-header-display":"","ast-hfb-above-header-display":"","ast-hfb-below-header-display":"","ast-hfb-mobile-header-display":"","site-post-title":"","ast-breadcrumbs-content":"","ast-featured-img":"","footer-sml-layout":"","theme-transparent-header-meta":"","adv-header-id-meta":"","stick-header-meta":"","header-above-stick-meta":"","header-main-stick-meta":"","header-below-stick-meta":"","astra-migrate-meta-layouts":"default","ast-page-background-enabled":"default","ast-page-background-meta":{"desktop":{"background-color":"var(--ast-global-color-4)","background-image":"","background-repeat":"repeat","background-position":"center center","background-size":"auto","background-attachment":"scroll","background-type":"","background-media":"","overlay-type":"","overlay-color":"","overlay-opacity":"","overlay-gradient":""},"tablet":{"background-color":"","background-image":"","background-repeat":"repeat","background-position":"center center","background-size":"auto","background-attachment":"scroll","background-type":"","background-media":"","overlay-type":"","overlay-color":"","overlay-opacity":"","overlay-gradient":""},"mobile":{"background-color":"","background-image":"","background-repeat":"repeat","background-position":"center center","background-size":"auto","background-attachment":"scroll","background-type":"","background-media":"","overlay-type":"","overlay-color":"","overlay-opacity":"","overlay-gradient":""}},"ast-content-background-meta":{"desktop":{"background-color":"var(--ast-global-color-5)","background-image":"","background-repeat":"repeat","background-position":"center center","background-size":"auto","background-attachment":"scroll","background-type":"","background-media":"","overlay-type":"","overlay-color":"","overlay-opacity":"","overlay-gradient":""},"tablet":{"background-color":"var(--ast-global-color-5)","background-image":"","background-repeat":"repeat","background-position":"center center","background-size":"auto","background-attachment":"scroll","background-type":"","background-media":"","overlay-type":"","overlay-color":"","overlay-opacity":"","overlay-gradient":""},"mobile":{"background-color":"var(--ast-global-color-5)","background-image":"","background-repeat":"repeat","background-position":"center center","background-size":"auto","background-attachment":"scroll","background-type":"","background-media":"","overlay-type":"","overlay-color":"","overlay-opacity":"","overlay-gradient":""}},"footnotes":""},"class_list":["post-38","page","type-page","status-publish","hentry"],"post_mailing_queue_ids":[],"_links":{"self":[{"href":"https:\/\/agora.xtec.cat\/ceipespriu-granollers\/wp-json\/wp\/v2\/pages\/38","targetHints":{"allow":["GET"]}}],"collection":[{"href":"https:\/\/agora.xtec.cat\/ceipespriu-granollers\/wp-json\/wp\/v2\/pages"}],"about":[{"href":"https:\/\/agora.xtec.cat\/ceipespriu-granollers\/wp-json\/wp\/v2\/types\/page"}],"author":[{"embeddable":true,"href":"https:\/\/agora.xtec.cat\/ceipespriu-granollers\/wp-json\/wp\/v2\/users\/1"}],"replies":[{"embeddable":true,"href":"https:\/\/agora.xtec.cat\/ceipespriu-granollers\/wp-json\/wp\/v2\/comments?post=38"}],"version-history":[{"count":3,"href":"https:\/\/agora.xtec.cat\/ceipespriu-granollers\/wp-json\/wp\/v2\/pages\/38\/revisions"}],"predecessor-version":[{"id":970,"href":"https:\/\/agora.xtec.cat\/ceipespriu-granollers\/wp-json\/wp\/v2\/pages\/38\/revisions\/970"}],"up":[{"embeddable":true,"href":"https:\/\/agora.xtec.cat\/ceipespriu-granollers\/wp-json\/wp\/v2\/pages\/22"}],"wp:attachment":[{"href":"https:\/\/agora.xtec.cat\/ceipespriu-granollers\/wp-json\/wp\/v2\/media?parent=38"}],"curies":[{"name":"wp","href":"https:\/\/api.w.org\/{rel}","templated":true}]}}