{"id":28,"date":"2014-09-18T12:29:35","date_gmt":"2014-09-18T11:29:35","guid":{"rendered":"http:\/\/agora.xtec.cat\/ceipespriu-granollers\/?page_id=28"},"modified":"2025-09-19T16:00:25","modified_gmt":"2025-09-19T14:00:25","slug":"consell-escolar","status":"publish","type":"page","link":"https:\/\/agora.xtec.cat\/ceipespriu-granollers\/lescola\/consell-escolar\/","title":{"rendered":"Consell escolar"},"content":{"rendered":"<p>El consell escolar i el claustre del professorat s\u00f3n els \u00f2rgans col\u00b7legiats de participaci\u00f3 de la Comunitat escolar en el govern i la gesti\u00f3 dels centres educatius.<\/p>\n<p>Corresponen al consell escolar les facultats establertes, respectivament per a centres p\u00fablics a l&#8217;article 148 de la Llei d\u2019educaci\u00f3.<\/p>\n<p>Corresponen al consell escolar les funcions seg\u00fcents (LEC, Art. 148.3):<br \/>\na) Aprovar el projecte educatiu i les modificacions corresponents per una majoria de tres cinquenes parts dels membres.<br \/>\nb) Aprovar la programaci\u00f3 general anual del centre i avaluar-ne el desenvolupament i els resultats.<br \/>\nc) Aprovar les propostes d\u2019acords de corresponsabilitat, convenis i altres acords de col\u00b7laboraci\u00f3 del centre amb entitats o institucions.<br \/>\nd) Aprovar les normes d\u2019organitzaci\u00f3 i funcionament i les modificacions corresponents.<br \/>\ne) Aprovar la carta de comprom\u00eds educatiu.<br \/>\nf) Aprovar el pressupost del centre i el rendiment de comptes.<br \/>\ng) Intervenir en el procediment d\u2019admissi\u00f3 d\u2019alumnes.<br \/>\nh) Participar en el procediment de selecci\u00f3 i en la proposta de cessament del director o directora.<br \/>\ni) Intervenir en la resoluci\u00f3 dels conflictes i, si escau, revisar les sancions als alumnes.<br \/>\nj) Aprovar les directrius per a la programaci\u00f3 d\u2019activitats escolars complement\u00e0ries i d\u2019activitats extraescolars, i avaluar-ne el desenvolupament.<br \/>\nk) Participar en les an\u00e0lisis i les avaluacions del funcionament general del centre i con\u00e8ixer l\u2019evoluci\u00f3 del rendiment escolar.<br \/>\nl) Aprovar els criteris de col\u00b7laboraci\u00f3 amb altres centres i amb l\u2019entorn.<br \/>\nm) Qualsevol altra que li sigui atribu\u00efda per les normes legals o reglament\u00e0ries.<\/p>\n<p>(Article 46 DAC): A m\u00e9s, li correspon vetllar i donar suport a l\u2019equip directiu per al<br \/>\ncompliment de la programaci\u00f3 anual del centre i del projecte de direcci\u00f3 el qual, en el<br \/>\nmarc del projecte educatiu del centre, vincula l\u2019acci\u00f3 del conjunt d\u2019\u00f2rgans de govern<br \/>\nunipersonals i col\u00b7legiats d\u2019acord amb l\u2019article 144.4 de la Llei d\u2019educaci\u00f3.<\/p>\n<p>&nbsp;<\/p>\n<p><strong>Membres del Consell Escolar<\/strong><\/p>\n<table style=\"width: 216px;\">\n<tbody>\n<tr>\n<td style=\"width: 91.5px;\">Presidenta:<\/td>\n<td style=\"width: 116.5px;\">T\u00e0nia Vera<\/td>\n<\/tr>\n<tr>\n<td style=\"width: 91.5px;\">Secretari:<\/td>\n<td style=\"width: 116.5px;\">Albert Jim\u00e9nez<\/td>\n<\/tr>\n<\/tbody>\n<\/table>\n<p>Representants del Sector Mestres<\/p>\n<table>\n<tbody>\n<tr>\n<td>Josefa Galera<\/td>\n<\/tr>\n<tr>\n<td>Vanessa Aso<\/td>\n<\/tr>\n<tr>\n<td>Gemma Armadans<\/td>\n<\/tr>\n<tr>\n<td>Mireia Castellsagu\u00e9<\/td>\n<\/tr>\n<tr>\n<td>S\u00edlvia Font<\/td>\n<\/tr>\n<tr>\n<td>Eugenia Mar\u00eda Gil<\/td>\n<\/tr>\n<tr>\n<td>N\u00faria Nadal<\/td>\n<\/tr>\n<\/tbody>\n<\/table>\n<p>Representants de Fam\u00edlies<\/p>\n<table>\n<tbody>\n<tr>\n<td>Naima Boumahdi<\/td>\n<\/tr>\n<tr>\n<td>Maria Eugenia Franco<\/td>\n<\/tr>\n<tr>\n<td>Eva Guti\u00e9rrez<\/td>\n<\/tr>\n<tr>\n<td>Isabel Mora<\/td>\n<\/tr>\n<tr>\n<td>Cristina Sub\u00edas<\/td>\n<\/tr>\n<\/tbody>\n<\/table>\n<p>Representant del sector PAS<\/p>\n<table>\n<tbody>\n<tr>\n<td>Mercedes P\u00e9rez<\/td>\n<\/tr>\n<\/tbody>\n<\/table>\n<p>Representant de l&#8217;AFA<\/p>\n<table>\n<tbody>\n<tr>\n<td>Maria Dolores Ca\u00f1as<\/td>\n<\/tr>\n<\/tbody>\n<\/table>\n<p>Representant de l&#8217;Ajuntament<\/p>\n<table>\n<tbody>\n<tr>\n<td>Joana Batet G\u00f3mez<\/td>\n<\/tr>\n<\/tbody>\n<\/table>\n","protected":false},"excerpt":{"rendered":"<p>El consell escolar i el claustre del professorat s\u00f3n els \u00f2rgans col\u00b7legiats de participaci\u00f3 de la Comunitat escolar en el govern i la gesti\u00f3 dels centres educatius. Corresponen al consell escolar les facultats establertes, respectivament per a centres p\u00fablics a l&#8217;article 148 de la Llei d\u2019educaci\u00f3. Corresponen al consell escolar les funcions seg\u00fcents (LEC, Art. [&hellip;]<\/p>\n","protected":false},"author":1,"featured_media":0,"parent":22,"menu_order":30,"comment_status":"closed","ping_status":"closed","template":"page-templates\/side-menu.php","meta":{"_bbp_topic_count":0,"_bbp_reply_count":0,"_bbp_total_topic_count":0,"_bbp_total_reply_count":0,"_bbp_voice_count":0,"_bbp_anonymous_reply_count":0,"_bbp_topic_count_hidden":0,"_bbp_reply_count_hidden":0,"_bbp_forum_subforum_count":0,"site-sidebar-layout":"default","site-content-layout":"","ast-site-content-layout":"","site-content-style":"default","site-sidebar-style":"default","ast-global-header-display":"","ast-banner-title-visibility":"","ast-main-header-display":"","ast-hfb-above-header-display":"","ast-hfb-below-header-display":"","ast-hfb-mobile-header-display":"","site-post-title":"","ast-breadcrumbs-content":"","ast-featured-img":"","footer-sml-layout":"","theme-transparent-header-meta":"","adv-header-id-meta":"","stick-header-meta":"","header-above-stick-meta":"","header-main-stick-meta":"","header-below-stick-meta":"","astra-migrate-meta-layouts":"default","ast-page-background-enabled":"default","ast-page-background-meta":{"desktop":{"background-color":"var(--ast-global-color-4)","background-image":"","background-repeat":"repeat","background-position":"center center","background-size":"auto","background-attachment":"scroll","background-type":"","background-media":"","overlay-type":"","overlay-color":"","overlay-opacity":"","overlay-gradient":""},"tablet":{"background-color":"","background-image":"","background-repeat":"repeat","background-position":"center center","background-size":"auto","background-attachment":"scroll","background-type":"","background-media":"","overlay-type":"","overlay-color":"","overlay-opacity":"","overlay-gradient":""},"mobile":{"background-color":"","background-image":"","background-repeat":"repeat","background-position":"center center","background-size":"auto","background-attachment":"scroll","background-type":"","background-media":"","overlay-type":"","overlay-color":"","overlay-opacity":"","overlay-gradient":""}},"ast-content-background-meta":{"desktop":{"background-color":"var(--ast-global-color-5)","background-image":"","background-repeat":"repeat","background-position":"center center","background-size":"auto","background-attachment":"scroll","background-type":"","background-media":"","overlay-type":"","overlay-color":"","overlay-opacity":"","overlay-gradient":""},"tablet":{"background-color":"var(--ast-global-color-5)","background-image":"","background-repeat":"repeat","background-position":"center center","background-size":"auto","background-attachment":"scroll","background-type":"","background-media":"","overlay-type":"","overlay-color":"","overlay-opacity":"","overlay-gradient":""},"mobile":{"background-color":"var(--ast-global-color-5)","background-image":"","background-repeat":"repeat","background-position":"center center","background-size":"auto","background-attachment":"scroll","background-type":"","background-media":"","overlay-type":"","overlay-color":"","overlay-opacity":"","overlay-gradient":""}},"footnotes":""},"class_list":["post-28","page","type-page","status-publish","hentry"],"post_mailing_queue_ids":[],"_links":{"self":[{"href":"https:\/\/agora.xtec.cat\/ceipespriu-granollers\/wp-json\/wp\/v2\/pages\/28","targetHints":{"allow":["GET"]}}],"collection":[{"href":"https:\/\/agora.xtec.cat\/ceipespriu-granollers\/wp-json\/wp\/v2\/pages"}],"about":[{"href":"https:\/\/agora.xtec.cat\/ceipespriu-granollers\/wp-json\/wp\/v2\/types\/page"}],"author":[{"embeddable":true,"href":"https:\/\/agora.xtec.cat\/ceipespriu-granollers\/wp-json\/wp\/v2\/users\/1"}],"replies":[{"embeddable":true,"href":"https:\/\/agora.xtec.cat\/ceipespriu-granollers\/wp-json\/wp\/v2\/comments?post=28"}],"version-history":[{"count":7,"href":"https:\/\/agora.xtec.cat\/ceipespriu-granollers\/wp-json\/wp\/v2\/pages\/28\/revisions"}],"predecessor-version":[{"id":9577,"href":"https:\/\/agora.xtec.cat\/ceipespriu-granollers\/wp-json\/wp\/v2\/pages\/28\/revisions\/9577"}],"up":[{"embeddable":true,"href":"https:\/\/agora.xtec.cat\/ceipespriu-granollers\/wp-json\/wp\/v2\/pages\/22"}],"wp:attachment":[{"href":"https:\/\/agora.xtec.cat\/ceipespriu-granollers\/wp-json\/wp\/v2\/media?parent=28"}],"curies":[{"name":"wp","href":"https:\/\/api.w.org\/{rel}","templated":true}]}}