{"id":569,"date":"2017-09-29T15:06:25","date_gmt":"2017-09-29T13:06:25","guid":{"rendered":"http:\/\/agora.xtec.cat\/ceipescursell-ripollet\/?page_id=569"},"modified":"2026-03-04T12:19:19","modified_gmt":"2026-03-04T11:19:19","slug":"consell-escolar","status":"publish","type":"page","link":"https:\/\/agora.xtec.cat\/ceipescursell-ripollet\/lescola\/consell-escolar\/","title":{"rendered":"Consell Escolar"},"content":{"rendered":"<p>El <span style=\"color: #008080;\"><strong data-start=\"69\" data-end=\"91\">Consell Escolar<\/strong><\/span> \u00e9s l&#8217;\u00f2rgan de participaci\u00f3 i decisi\u00f3 on es reuneixen tots els sectors de la comunitat educativa: equip directiu, mestres, fam\u00edlies i representants de l\u2019Ajuntament. \u00c9s l&#8217;espai on es debaten i s&#8217;acorden q\u00fcestions importants per al funcionament del centre i l&#8217;organitzaci\u00f3 del curs.<\/p>\n<p>Els membres del Consell Escolar s\u00f3n escollits mitjan\u00e7ant eleccions en qu\u00e8 participen tots els sectors de la comunitat educativa i per a quatre anys. Cada sector tria els seus representants mitjan\u00e7ant votacions organitzades pel centre segons la normativa del Departament d\u2019Educaci\u00f3.<\/p>\n<p>La renovaci\u00f3 del Consell Escolar es fa cada dos anys, de manera parcial: una part dels representants es renova en cada convocat\u00f2ria. Aix\u00f2 permet mantenir la continu\u00eftat del projecte i, alhora, incorporar noves veus i mirades.<\/p>\n\n\n<div class=\"wp-block-columns is-layout-flex wp-container-core-columns-is-layout-4 wp-block-columns-is-layout-flex\">\n<div class=\"wp-block-column is-layout-flow wp-block-column-is-layout-flow\">\n<div class=\"wp-block-columns is-layout-flex wp-container-core-columns-is-layout-2 wp-block-columns-is-layout-flex\">\n<div class=\"wp-block-column is-layout-flow wp-block-column-is-layout-flow\">\n<p class=\"has-black-color has-text-color has-link-color has-medium-font-size wp-elements-32f26e46f360f52b5be7db26a977c9f7\"><strong>Representants de la nostra escola<\/strong><\/p>\n\n\n\n<div class=\"wp-block-columns is-layout-flex wp-container-core-columns-is-layout-1 wp-block-columns-is-layout-flex\">\n<div class=\"wp-block-column is-layout-flow wp-block-column-is-layout-flow\">\n<p class=\"has-text-align-center has-ast-global-color-0-background-color has-background\"><strong>Nom<\/strong><\/p>\n\n\n\n<p class=\"has-text-align-center\" style=\"padding-top:0;padding-bottom:0;line-height:0.5\">\u00c0ngels Avellaneda<\/p>\n\n\n\n<p class=\"has-text-align-center\" style=\"line-height:0.5\">Vanessa Hern\u00e1ndez<\/p>\n\n\n\n<p class=\"has-text-align-center\" style=\"line-height:0.5\">Diana Serrano<\/p>\n\n\n\n<p class=\"has-text-align-center\" style=\"line-height:0.5\">Montserrat Rubio<\/p>\n\n\n\n<p class=\"has-text-align-center\" style=\"line-height:0.5\">M\u00edriam Berm\u00fadez<\/p>\n\n\n\n<p class=\"has-text-align-center\" style=\"line-height:0.5\">Noelia Cruz<\/p>\n\n\n\n<p class=\"has-text-align-center\" style=\"line-height:0.5\">Veronica Caballero<\/p>\n\n\n\n<p class=\"has-text-align-center\" style=\"line-height:0.5\">Paqui Cuestas<\/p>\n\n\n\n<p class=\"has-text-align-center\" style=\"line-height:0.5\">Gerard Gim\u00e9nez<\/p>\n\n\n\n<p class=\"has-text-align-center\" style=\"line-height:0.5\">Tamara de la Pasi\u00f3n<\/p>\n\n\n\n<p class=\"has-text-align-center\" style=\"line-height:0.5\">Miquel V\u00e1zquez<\/p>\n\n\n\n<p class=\"has-text-align-center\" style=\"line-height:0.6\">Sonia Costa<\/p>\n\n\n\n<p class=\"has-text-align-center\" style=\"line-height:0.5\">Leandro Duque<\/p>\n\n\n\n<p class=\"has-text-align-center\" style=\"line-height:0.5\">Celia Imas<\/p>\n\n\n\n<p class=\"has-text-align-center\" style=\"line-height:0.5\">Malika Bouazama<\/p>\n\n\n\n<p class=\"has-text-align-center\" style=\"line-height:0.5\">Eva Maria Vico<\/p>\n\n\n\n<p class=\"has-text-align-center\" style=\"line-height:0.5\">David Garc\u00eda<\/p>\n\n\n\n<p class=\"has-text-align-center\" style=\"margin-top:0;margin-right:0;margin-bottom:0;margin-left:0;padding-top:0;padding-bottom:0;line-height:0.5\">Vanessa Vera<\/p>\n<\/div>\n\n\n\n<div class=\"wp-block-column is-layout-flow wp-block-column-is-layout-flow\">\n<p class=\"has-text-align-center has-ast-global-color-0-background-color has-background\"><strong>Sector<\/strong><\/p>\n\n\n\n<p class=\"has-text-align-center\" style=\"padding-top:0;padding-right:0;padding-bottom:0;padding-left:0;line-height:0.5\">Presidenta<\/p>\n\n\n\n<p class=\"has-text-align-center\" style=\"line-height:0.5\">Cap d&#8217;estudis<\/p>\n\n\n\n<p class=\"has-text-align-center\" style=\"line-height:0.5\">Secret\u00e0ria<\/p>\n\n\n\n<p class=\"has-text-align-center\" style=\"line-height:0.5\">Mestres<\/p>\n\n\n\n<p class=\"has-text-align-center\" style=\"line-height:0.5\">Mestres<\/p>\n\n\n\n<p class=\"has-text-align-center\" style=\"line-height:0.5\">Mestres<\/p>\n\n\n\n<p class=\"has-text-align-center\" style=\"line-height:0.5\">Mestres<\/p>\n\n\n\n<p class=\"has-text-align-center\" style=\"line-height:0.5\">Mestres<\/p>\n\n\n\n<p class=\"has-text-align-center\" style=\"line-height:0.5\">Mestres<\/p>\n\n\n\n<p class=\"has-text-align-center\" style=\"line-height:0.5\">PAE<\/p>\n\n\n\n<p class=\"has-text-align-center\" style=\"line-height:0.5\">PAS<\/p>\n\n\n\n<p class=\"has-text-align-center\" style=\"line-height:0.5\">AMPA<\/p>\n\n\n\n<p class=\"has-text-align-center\" style=\"line-height:0.5\">Fam\u00edlies<\/p>\n\n\n\n<p class=\"has-text-align-center\" style=\"line-height:0.5\">Fam\u00edlies<\/p>\n\n\n\n<p class=\"has-text-align-center\" style=\"line-height:0.5\">Fam\u00edlies<\/p>\n\n\n\n<p class=\"has-text-align-center\" style=\"line-height:0.5\">Fam\u00edlies<\/p>\n\n\n\n<p class=\"has-text-align-center\" style=\"line-height:0.5\">Fam\u00edlies<\/p>\n\n\n\n<p class=\"has-text-align-center\" style=\"margin-top:0;margin-bottom:0;padding-top:0;padding-bottom:0;line-height:0.5\">Fam\u00edlies<\/p>\n<\/div>\n<\/div>\n<\/div>\n<\/div>\n<\/div>\n\n\n\n<div class=\"wp-block-column is-layout-flow wp-block-column-is-layout-flow\">\n<p class=\"has-black-color has-text-color has-link-color has-medium-font-size wp-elements-8ec565be355a832069fb51ba9c1bf064\"><strong>Informacions i acords del Consell Escolar<\/strong><\/p>\n\n\n\n<div class=\"wp-block-columns is-layout-flex wp-container-core-columns-is-layout-3 wp-block-columns-is-layout-flex\">\n<div class=\"wp-block-column is-layout-flow wp-block-column-is-layout-flow\">\n<div class=\"wp-block-getwid-toggle has-icon-left\">\n<div class=\"wp-block-getwid-toggle__row is-active\"><div class=\"wp-block-getwid-toggle__header-wrapper\"><span class=\"wp-block-getwid-toggle__header\"><a href=\"#\"><span class=\"wp-block-getwid-toggle__header-title\">18 de setembre de 2025<\/span><span class=\"wp-block-getwid-toggle__icon is-active\"><i class=\"fas fa-plus\"><\/i><\/span><span class=\"wp-block-getwid-toggle__icon is-passive\"><i class=\"fas fa-minus\"><\/i><\/span><\/a><\/span><\/div><div class=\"wp-block-getwid-toggle__content-wrapper\"><div class=\"wp-block-getwid-toggle__content\">\n<ul class=\"wp-block-list\">\n<li>Informaci\u00f3 sobre la planificaci\u00f3 de l&#8217;escolaritzaci\u00f3 a Ripollet<\/li>\n\n\n\n<li>Es fan propostes per evitar la fusi\u00f3 de les dues escoles<\/li>\n<\/ul>\n<\/div><\/div><\/div>\n<\/div>\n<\/div>\n<\/div>\n\n\n\n<div class=\"wp-block-getwid-toggle has-icon-left\">\n<div class=\"wp-block-getwid-toggle__row\"><div class=\"wp-block-getwid-toggle__header-wrapper\"><span class=\"wp-block-getwid-toggle__header\"><a href=\"#\"><span class=\"wp-block-getwid-toggle__header-title\">10 de desembre de 2025<\/span><span class=\"wp-block-getwid-toggle__icon is-active\"><i class=\"fas fa-plus\"><\/i><\/span><span class=\"wp-block-getwid-toggle__icon is-passive\"><i class=\"fas fa-minus\"><\/i><\/span><\/a><\/span><\/div><div class=\"wp-block-getwid-toggle__content-wrapper\"><div class=\"wp-block-getwid-toggle__content\">\n<ul class=\"wp-block-list\">\n<li>Constituci\u00f3 del nou Consell Escolar<\/li>\n\n\n\n<li>Aprovaci\u00f3 de la PGA, de les sortides i del PEM<\/li>\n<\/ul>\n<\/div><\/div><\/div>\n<\/div>\n\n\n\n<div class=\"wp-block-getwid-toggle has-icon-left\">\n<div class=\"wp-block-getwid-toggle__row\"><div class=\"wp-block-getwid-toggle__header-wrapper\"><span class=\"wp-block-getwid-toggle__header\"><a href=\"#\"><span class=\"wp-block-getwid-toggle__header-title\">30 de gener de 2026<\/span><span class=\"wp-block-getwid-toggle__icon is-active\"><i class=\"fas fa-plus\"><\/i><\/span><span class=\"wp-block-getwid-toggle__icon is-passive\"><i class=\"fas fa-minus\"><\/i><\/span><\/a><\/span><\/div><div class=\"wp-block-getwid-toggle__content-wrapper\"><div class=\"wp-block-getwid-toggle__content\">\n<ul class=\"wp-block-list\">\n<li>Aprovaci\u00f3 de la liquidaci\u00f3 del 2025<\/li>\n\n\n\n<li>Aprovaci\u00f3 del pressupost del 2026<\/li>\n<\/ul>\n<\/div><\/div><\/div>\n<\/div>\n<\/div>\n<\/div>\n\n\n\n<p><\/p>\n","protected":false},"excerpt":{"rendered":"<p>El Consell Escolar \u00e9s l&#8217;\u00f2rgan de participaci\u00f3 i decisi\u00f3 on es reuneixen tots els sectors de la comunitat educativa: equip directiu, mestres, fam\u00edlies i representants de l\u2019Ajuntament. \u00c9s l&#8217;espai on es debaten i s&#8217;acorden q\u00fcestions importants per al funcionament del centre i l&#8217;organitzaci\u00f3 del curs. Els membres del Consell Escolar s\u00f3n escollits mitjan\u00e7ant eleccions en [&hellip;]<\/p>\n","protected":false},"author":1,"featured_media":0,"parent":22,"menu_order":4,"comment_status":"closed","ping_status":"closed","template":"","meta":{"_bbp_topic_count":0,"_bbp_reply_count":0,"_bbp_total_topic_count":0,"_bbp_total_reply_count":0,"_bbp_voice_count":0,"_bbp_anonymous_reply_count":0,"_bbp_topic_count_hidden":0,"_bbp_reply_count_hidden":0,"_bbp_forum_subforum_count":0,"site-sidebar-layout":"default","site-content-layout":"","ast-site-content-layout":"default","site-content-style":"default","site-sidebar-style":"default","ast-global-header-display":"","ast-banner-title-visibility":"","ast-main-header-display":"","ast-hfb-above-header-display":"","ast-hfb-below-header-display":"","ast-hfb-mobile-header-display":"","site-post-title":"","ast-breadcrumbs-content":"","ast-featured-img":"","footer-sml-layout":"","theme-transparent-header-meta":"","adv-header-id-meta":"","stick-header-meta":"","header-above-stick-meta":"","header-main-stick-meta":"","header-below-stick-meta":"","astra-migrate-meta-layouts":"set","ast-page-background-enabled":"default","ast-page-background-meta":{"desktop":{"background-color":"var(--ast-global-color-5)","background-image":"","background-repeat":"repeat","background-position":"center center","background-size":"auto","background-attachment":"scroll","background-type":"","background-media":"","overlay-type":"","overlay-color":"","overlay-opacity":"","overlay-gradient":""},"tablet":{"background-color":"","background-image":"","background-repeat":"repeat","background-position":"center center","background-size":"auto","background-attachment":"scroll","background-type":"","background-media":"","overlay-type":"","overlay-color":"","overlay-opacity":"","overlay-gradient":""},"mobile":{"background-color":"","background-image":"","background-repeat":"repeat","background-position":"center center","background-size":"auto","background-attachment":"scroll","background-type":"","background-media":"","overlay-type":"","overlay-color":"","overlay-opacity":"","overlay-gradient":""}},"ast-content-background-meta":{"desktop":{"background-color":"var(--ast-global-color-4)","background-image":"","background-repeat":"repeat","background-position":"center center","background-size":"auto","background-attachment":"scroll","background-type":"","background-media":"","overlay-type":"","overlay-color":"","overlay-opacity":"","overlay-gradient":""},"tablet":{"background-color":"var(--ast-global-color-4)","background-image":"","background-repeat":"repeat","background-position":"center center","background-size":"auto","background-attachment":"scroll","background-type":"","background-media":"","overlay-type":"","overlay-color":"","overlay-opacity":"","overlay-gradient":""},"mobile":{"background-color":"var(--ast-global-color-4)","background-image":"","background-repeat":"repeat","background-position":"center center","background-size":"auto","background-attachment":"scroll","background-type":"","background-media":"","overlay-type":"","overlay-color":"","overlay-opacity":"","overlay-gradient":""}},"footnotes":""},"class_list":["post-569","page","type-page","status-publish","hentry"],"post_mailing_queue_ids":[],"_links":{"self":[{"href":"https:\/\/agora.xtec.cat\/ceipescursell-ripollet\/wp-json\/wp\/v2\/pages\/569","targetHints":{"allow":["GET"]}}],"collection":[{"href":"https:\/\/agora.xtec.cat\/ceipescursell-ripollet\/wp-json\/wp\/v2\/pages"}],"about":[{"href":"https:\/\/agora.xtec.cat\/ceipescursell-ripollet\/wp-json\/wp\/v2\/types\/page"}],"author":[{"embeddable":true,"href":"https:\/\/agora.xtec.cat\/ceipescursell-ripollet\/wp-json\/wp\/v2\/users\/1"}],"replies":[{"embeddable":true,"href":"https:\/\/agora.xtec.cat\/ceipescursell-ripollet\/wp-json\/wp\/v2\/comments?post=569"}],"version-history":[{"count":6,"href":"https:\/\/agora.xtec.cat\/ceipescursell-ripollet\/wp-json\/wp\/v2\/pages\/569\/revisions"}],"predecessor-version":[{"id":4179,"href":"https:\/\/agora.xtec.cat\/ceipescursell-ripollet\/wp-json\/wp\/v2\/pages\/569\/revisions\/4179"}],"up":[{"embeddable":true,"href":"https:\/\/agora.xtec.cat\/ceipescursell-ripollet\/wp-json\/wp\/v2\/pages\/22"}],"wp:attachment":[{"href":"https:\/\/agora.xtec.cat\/ceipescursell-ripollet\/wp-json\/wp\/v2\/media?parent=569"}],"curies":[{"name":"wp","href":"https:\/\/api.w.org\/{rel}","templated":true}]}}