{"id":9253,"date":"2018-03-18T13:47:56","date_gmt":"2018-03-18T12:47:56","guid":{"rendered":"http:\/\/agora.xtec.cat\/ceipelrodonell\/?page_id=9253"},"modified":"2018-05-17T22:50:22","modified_gmt":"2018-05-17T20:50:22","slug":"projecte-llegentic-de-les-gavarres","status":"publish","type":"page","link":"https:\/\/agora.xtec.cat\/ceipelrodonell\/projecte-llegentic-de-les-gavarres\/","title":{"rendered":"Projecte &#8220;LLegenTic de les Gavarres&#8221;"},"content":{"rendered":"<p><iframe loading=\"lazy\" src=\"https:\/\/www.youtube.com\/embed\/eHuv4WjPpmA\" width=\"560\" height=\"315\" frameborder=\"0\" allowfullscreen=\"allowfullscreen\"><\/iframe><\/p>\n<p>A l&#8217;escola vam rebre una carta del regidor de Cultura i Ensenyament de l&#8217;Ajuntament de Cor\u00e7\u00e0, en la que se&#8217;ns demanava col.laboraci\u00f3 per tal de donar a con\u00e8ixer les diferents llengendes del mass\u00eds de les Gavarres a la gent del poble i rodalies.<\/p>\n<p>Els alumnes vam creure oport\u00fa fer-ne un projecte\u00a0 a nivell de tota l&#8217;escola.<\/p>\n<p>Cada cicle va escolllir unes llegendes, i a partir d&#8217;aqu\u00ed van comen\u00e7ar la cerca d&#8217;informaci\u00f3,\u00a0 les entrevistes, els tallers, les sortides a l&#8217;entorn&#8230;&#8230;i es van elaborar\u00a0 les llegendes a trav\u00e9s de les TIC (treball amb tablets, movie maker, powtoon, power point, audacity, elaboraci\u00f3 de codis QR&#8230;.).<\/p>\n<p>Els alumnes de CS van tenir la idea de fer un documental de tot el proc\u00e9s que s&#8217;estava duent a terme per tal de poder mostrar-ho a les fam\u00edlies i a la gent del poble, el dia del sopar de germanor de final de curs.<\/p>\n<p>Tot seguit\u00a0 us mostrem totes les produccions que v\u00e0rem realitzar.<\/p>\n<p>El documental realizat integrament pels alumnes de CS on s&#8217;explica el proc\u00e9s d&#8217;elaboraci\u00f3 de les llegendes.<br \/>\n<iframe loading=\"lazy\" src=\"https:\/\/www.youtube.com\/embed\/lvJ5YQG5V5A\" width=\"560\" height=\"315\" frameborder=\"0\" allowfullscreen=\"allowfullscreen\"><\/iframe><\/p>\n<p>Les Llegendes realitzades pels alumnes d&#8217;Educaci\u00f3 Infantil:<br \/>\n<iframe loading=\"lazy\" src=\"https:\/\/www.youtube.com\/embed\/RjsFHd0nnJs\" width=\"560\" height=\"315\" frameborder=\"0\" allowfullscreen=\"allowfullscreen\"><\/iframe><\/p>\n<p><iframe loading=\"lazy\" src=\"https:\/\/www.youtube.com\/embed\/HGeyumd0P6c\" width=\"560\" height=\"315\" frameborder=\"0\" allowfullscreen=\"allowfullscreen\"><\/iframe><br \/>\nLes Llegendes realitzades per CI:<br \/>\n<iframe loading=\"lazy\" src=\"https:\/\/www.youtube.com\/embed\/GhrP96jG3xE\" width=\"560\" height=\"315\" frameborder=\"0\" allowfullscreen=\"allowfullscreen\"><\/iframe><br \/>\n<iframe loading=\"lazy\" src=\"https:\/\/www.youtube.com\/embed\/0vF2zPO1icg\" width=\"560\" height=\"315\" frameborder=\"0\" allowfullscreen=\"allowfullscreen\"><\/iframe><br \/>\n<iframe loading=\"lazy\" src=\"https:\/\/www.youtube.com\/embed\/bJ862F49YUE\" width=\"560\" height=\"315\" frameborder=\"0\" allowfullscreen=\"allowfullscreen\"><\/iframe><br \/>\n<iframe loading=\"lazy\" src=\"https:\/\/www.youtube.com\/embed\/Y4-MKAJgz_s\" width=\"560\" height=\"315\" frameborder=\"0\" allowfullscreen=\"allowfullscreen\"><\/iframe><\/p>\n<p>Les Llegendes realitades per CM:<br \/>\n<iframe loading=\"lazy\" src=\"https:\/\/www.youtube.com\/embed\/2NOv8l_o1yU\" width=\"560\" height=\"315\" frameborder=\"0\" allowfullscreen=\"allowfullscreen\"><\/iframe><br \/>\n<iframe loading=\"lazy\" src=\"https:\/\/www.youtube.com\/embed\/ZxmhRm_vkBc\" width=\"560\" height=\"315\" frameborder=\"0\" allowfullscreen=\"allowfullscreen\"><\/iframe><br \/>\n<iframe loading=\"lazy\" src=\"https:\/\/www.youtube.com\/embed\/i56YgxOyPU0\" width=\"560\" height=\"315\" frameborder=\"0\" allowfullscreen=\"allowfullscreen\"><\/iframe><br \/>\n<iframe loading=\"lazy\" src=\"https:\/\/www.youtube.com\/embed\/Y4I6frNCxks\" width=\"560\" height=\"315\" frameborder=\"0\" allowfullscreen=\"allowfullscreen\"><\/iframe><br \/>\n<iframe loading=\"lazy\" src=\"https:\/\/www.youtube.com\/embed\/l7nVthH9lA4\" width=\"560\" height=\"315\" frameborder=\"0\" allowfullscreen=\"allowfullscreen\"><\/iframe><br \/>\nAgrair als autors, Xavier Cortadellas i Albert LLenas, El Poble dels Centfocs &#8211; Llegendes de Les Gavarres-, d&#8217;Edicions Sidill\u00e0, sense el qual no hagu\u00e9s estat possible la recerca de moltes de les llegendes treballades.<\/p>\n<p>Codis QR de totes les llegendes:<br \/>\n<a href=\"http:\/\/agora.xtec.cat\/ceipelrodonell\/wp-content\/uploads\/usu742\/2017\/07\/Pop-de-les-gavarres-EI.png\"><img loading=\"lazy\" decoding=\"async\" class=\"aligncenter size-full wp-image-481\" src=\"http:\/\/agora.xtec.cat\/ceipelrodonell\/wp-content\/uploads\/usu742\/2017\/07\/Pop-de-les-gavarres-EI.png\" alt=\"\" width=\"330\" height=\"330\" srcset=\"https:\/\/agora.xtec.cat\/ceipelrodonell\/wp-content\/uploads\/usu742\/2017\/07\/Pop-de-les-gavarres-EI.png 330w, https:\/\/agora.xtec.cat\/ceipelrodonell\/wp-content\/uploads\/usu742\/2017\/07\/Pop-de-les-gavarres-EI-150x150.png 150w, https:\/\/agora.xtec.cat\/ceipelrodonell\/wp-content\/uploads\/usu742\/2017\/07\/Pop-de-les-gavarres-EI-300x300.png 300w\" sizes=\"auto, (max-width: 330px) 100vw, 330px\" \/><\/a><\/p>\n<p><a href=\"http:\/\/agora.xtec.cat\/ceipelrodonell\/wp-content\/uploads\/usu742\/2017\/07\/Drac-de-les-Gavarres-EI.png\"><img loading=\"lazy\" decoding=\"async\" class=\"aligncenter size-large wp-image-482\" src=\"http:\/\/agora.xtec.cat\/ceipelrodonell\/wp-content\/uploads\/usu742\/2017\/07\/Drac-de-les-Gavarres-EI.png\" alt=\"\" width=\"370\" height=\"370\" srcset=\"https:\/\/agora.xtec.cat\/ceipelrodonell\/wp-content\/uploads\/usu742\/2017\/07\/Drac-de-les-Gavarres-EI.png 370w, https:\/\/agora.xtec.cat\/ceipelrodonell\/wp-content\/uploads\/usu742\/2017\/07\/Drac-de-les-Gavarres-EI-150x150.png 150w, https:\/\/agora.xtec.cat\/ceipelrodonell\/wp-content\/uploads\/usu742\/2017\/07\/Drac-de-les-Gavarres-EI-300x300.png 300w\" sizes=\"auto, (max-width: 370px) 100vw, 370px\" \/><\/a><\/p>\n<p><a href=\"http:\/\/agora.xtec.cat\/ceipelrodonell\/wp-content\/uploads\/usu742\/2017\/07\/El-campanar-dels-metges-CI.png\"><img loading=\"lazy\" decoding=\"async\" class=\"aligncenter size-large wp-image-483\" src=\"http:\/\/agora.xtec.cat\/ceipelrodonell\/wp-content\/uploads\/usu742\/2017\/07\/El-campanar-dels-metges-CI.png\" alt=\"\" width=\"370\" height=\"370\" srcset=\"https:\/\/agora.xtec.cat\/ceipelrodonell\/wp-content\/uploads\/usu742\/2017\/07\/El-campanar-dels-metges-CI.png 370w, https:\/\/agora.xtec.cat\/ceipelrodonell\/wp-content\/uploads\/usu742\/2017\/07\/El-campanar-dels-metges-CI-150x150.png 150w, https:\/\/agora.xtec.cat\/ceipelrodonell\/wp-content\/uploads\/usu742\/2017\/07\/El-campanar-dels-metges-CI-300x300.png 300w\" sizes=\"auto, (max-width: 370px) 100vw, 370px\" \/><\/a><\/p>\n<p><a href=\"http:\/\/agora.xtec.cat\/ceipelrodonell\/wp-content\/uploads\/usu742\/2017\/07\/El-fill-ll\u00e0mec-CM.png\"><img loading=\"lazy\" decoding=\"async\" class=\"aligncenter size-large wp-image-484\" src=\"http:\/\/agora.xtec.cat\/ceipelrodonell\/wp-content\/uploads\/usu742\/2017\/07\/El-fill-ll\u00e0mec-CM.png\" alt=\"\" width=\"330\" height=\"330\" srcset=\"https:\/\/agora.xtec.cat\/ceipelrodonell\/wp-content\/uploads\/usu742\/2017\/07\/El-fill-ll\u00e0mec-CM.png 330w, https:\/\/agora.xtec.cat\/ceipelrodonell\/wp-content\/uploads\/usu742\/2017\/07\/El-fill-ll\u00e0mec-CM-150x150.png 150w, https:\/\/agora.xtec.cat\/ceipelrodonell\/wp-content\/uploads\/usu742\/2017\/07\/El-fill-ll\u00e0mec-CM-300x300.png 300w\" sizes=\"auto, (max-width: 330px) 100vw, 330px\" \/><\/a><\/p>\n<p><a href=\"http:\/\/agora.xtec.cat\/ceipelrodonell\/wp-content\/uploads\/usu742\/2017\/07\/El-Music-i-el-llop-CI.png\"><img loading=\"lazy\" decoding=\"async\" class=\"aligncenter size-large wp-image-485\" src=\"http:\/\/agora.xtec.cat\/ceipelrodonell\/wp-content\/uploads\/usu742\/2017\/07\/El-Music-i-el-llop-CI.png\" alt=\"\" width=\"330\" height=\"330\" srcset=\"https:\/\/agora.xtec.cat\/ceipelrodonell\/wp-content\/uploads\/usu742\/2017\/07\/El-Music-i-el-llop-CI.png 330w, https:\/\/agora.xtec.cat\/ceipelrodonell\/wp-content\/uploads\/usu742\/2017\/07\/El-Music-i-el-llop-CI-150x150.png 150w, https:\/\/agora.xtec.cat\/ceipelrodonell\/wp-content\/uploads\/usu742\/2017\/07\/El-Music-i-el-llop-CI-300x300.png 300w\" sizes=\"auto, (max-width: 330px) 100vw, 330px\" \/><\/a><\/p>\n<p><a href=\"http:\/\/agora.xtec.cat\/ceipelrodonell\/wp-content\/uploads\/usu742\/2017\/07\/El-m\u00fasic-i-el-llop-CM.png\"><img loading=\"lazy\" decoding=\"async\" class=\"aligncenter size-large wp-image-486\" src=\"http:\/\/agora.xtec.cat\/ceipelrodonell\/wp-content\/uploads\/usu742\/2017\/07\/El-m\u00fasic-i-el-llop-CM.png\" alt=\"\" width=\"370\" height=\"370\" srcset=\"https:\/\/agora.xtec.cat\/ceipelrodonell\/wp-content\/uploads\/usu742\/2017\/07\/El-m\u00fasic-i-el-llop-CM.png 370w, https:\/\/agora.xtec.cat\/ceipelrodonell\/wp-content\/uploads\/usu742\/2017\/07\/El-m\u00fasic-i-el-llop-CM-150x150.png 150w, https:\/\/agora.xtec.cat\/ceipelrodonell\/wp-content\/uploads\/usu742\/2017\/07\/El-m\u00fasic-i-el-llop-CM-300x300.png 300w\" sizes=\"auto, (max-width: 370px) 100vw, 370px\" \/><\/a><\/p>\n<p><a href=\"http:\/\/agora.xtec.cat\/ceipelrodonell\/wp-content\/uploads\/usu742\/2017\/07\/El-tresor-del-Drac-CM.png\"><img loading=\"lazy\" decoding=\"async\" class=\"aligncenter size-large wp-image-487\" src=\"http:\/\/agora.xtec.cat\/ceipelrodonell\/wp-content\/uploads\/usu742\/2017\/07\/El-tresor-del-Drac-CM.png\" alt=\"\" width=\"370\" height=\"370\" srcset=\"https:\/\/agora.xtec.cat\/ceipelrodonell\/wp-content\/uploads\/usu742\/2017\/07\/El-tresor-del-Drac-CM.png 370w, https:\/\/agora.xtec.cat\/ceipelrodonell\/wp-content\/uploads\/usu742\/2017\/07\/El-tresor-del-Drac-CM-150x150.png 150w, https:\/\/agora.xtec.cat\/ceipelrodonell\/wp-content\/uploads\/usu742\/2017\/07\/El-tresor-del-Drac-CM-300x300.png 300w\" sizes=\"auto, (max-width: 370px) 100vw, 370px\" \/><\/a><\/p>\n<p><a href=\"http:\/\/agora.xtec.cat\/ceipelrodonell\/wp-content\/uploads\/usu742\/2017\/07\/Els-\u00faltims-Llops-CI.png\"><img loading=\"lazy\" decoding=\"async\" class=\"aligncenter size-large wp-image-488\" src=\"http:\/\/agora.xtec.cat\/ceipelrodonell\/wp-content\/uploads\/usu742\/2017\/07\/Els-\u00faltims-Llops-CI.png\" alt=\"\" width=\"410\" height=\"410\" srcset=\"https:\/\/agora.xtec.cat\/ceipelrodonell\/wp-content\/uploads\/usu742\/2017\/07\/Els-\u00faltims-Llops-CI.png 410w, https:\/\/agora.xtec.cat\/ceipelrodonell\/wp-content\/uploads\/usu742\/2017\/07\/Els-\u00faltims-Llops-CI-150x150.png 150w, https:\/\/agora.xtec.cat\/ceipelrodonell\/wp-content\/uploads\/usu742\/2017\/07\/Els-\u00faltims-Llops-CI-300x300.png 300w\" sizes=\"auto, (max-width: 410px) 100vw, 410px\" \/><\/a><\/p>\n<p><a href=\"http:\/\/agora.xtec.cat\/ceipelrodonell\/wp-content\/uploads\/usu742\/2017\/07\/La-Destrucci\u00f3-de-Monells-CM.png\"><img loading=\"lazy\" decoding=\"async\" class=\"aligncenter size-large wp-image-489\" src=\"http:\/\/agora.xtec.cat\/ceipelrodonell\/wp-content\/uploads\/usu742\/2017\/07\/La-Destrucci\u00f3-de-Monells-CM.png\" alt=\"\" width=\"330\" height=\"330\" srcset=\"https:\/\/agora.xtec.cat\/ceipelrodonell\/wp-content\/uploads\/usu742\/2017\/07\/La-Destrucci\u00f3-de-Monells-CM.png 330w, https:\/\/agora.xtec.cat\/ceipelrodonell\/wp-content\/uploads\/usu742\/2017\/07\/La-Destrucci\u00f3-de-Monells-CM-150x150.png 150w, https:\/\/agora.xtec.cat\/ceipelrodonell\/wp-content\/uploads\/usu742\/2017\/07\/La-Destrucci\u00f3-de-Monells-CM-300x300.png 300w\" sizes=\"auto, (max-width: 330px) 100vw, 330px\" \/><\/a><\/p>\n<p><a href=\"http:\/\/agora.xtec.cat\/ceipelrodonell\/wp-content\/uploads\/usu742\/2017\/07\/La-pla\u00e7a-de-les-bruixes-CM.png\"><img loading=\"lazy\" decoding=\"async\" class=\"aligncenter size-large wp-image-490\" src=\"http:\/\/agora.xtec.cat\/ceipelrodonell\/wp-content\/uploads\/usu742\/2017\/07\/La-pla\u00e7a-de-les-bruixes-CM.png\" alt=\"\" width=\"370\" height=\"370\" srcset=\"https:\/\/agora.xtec.cat\/ceipelrodonell\/wp-content\/uploads\/usu742\/2017\/07\/La-pla\u00e7a-de-les-bruixes-CM.png 370w, https:\/\/agora.xtec.cat\/ceipelrodonell\/wp-content\/uploads\/usu742\/2017\/07\/La-pla\u00e7a-de-les-bruixes-CM-150x150.png 150w, https:\/\/agora.xtec.cat\/ceipelrodonell\/wp-content\/uploads\/usu742\/2017\/07\/La-pla\u00e7a-de-les-bruixes-CM-300x300.png 300w\" sizes=\"auto, (max-width: 370px) 100vw, 370px\" \/><\/a><\/p>\n","protected":false},"excerpt":{"rendered":"<p>A l&#8217;escola vam rebre una carta del regidor de Cultura i Ensenyament de l&#8217;Ajuntament de Cor\u00e7\u00e0, en la que se&#8217;ns demanava col.laboraci\u00f3 per tal de donar a con\u00e8ixer les diferents llengendes del mass\u00eds de les Gavarres a la gent del poble i rodalies. Els alumnes vam creure oport\u00fa fer-ne un projecte\u00a0 a nivell de tota [&hellip;]<\/p>\n","protected":false},"author":1,"featured_media":0,"parent":0,"menu_order":0,"comment_status":"closed","ping_status":"closed","template":"","meta":{"_bbp_topic_count":0,"_bbp_reply_count":0,"_bbp_total_topic_count":0,"_bbp_total_reply_count":0,"_bbp_voice_count":0,"_bbp_anonymous_reply_count":0,"_bbp_topic_count_hidden":0,"_bbp_reply_count_hidden":0,"_bbp_forum_subforum_count":0,"site-sidebar-layout":"default","site-content-layout":"","ast-site-content-layout":"","site-content-style":"default","site-sidebar-style":"default","ast-global-header-display":"","ast-banner-title-visibility":"","ast-main-header-display":"","ast-hfb-above-header-display":"","ast-hfb-below-header-display":"","ast-hfb-mobile-header-display":"","site-post-title":"","ast-breadcrumbs-content":"","ast-featured-img":"","footer-sml-layout":"","theme-transparent-header-meta":"","adv-header-id-meta":"","stick-header-meta":"","header-above-stick-meta":"","header-main-stick-meta":"","header-below-stick-meta":"","astra-migrate-meta-layouts":"default","ast-page-background-enabled":"default","ast-page-background-meta":{"desktop":{"background-color":"var(--ast-global-color-4)","background-image":"","background-repeat":"repeat","background-position":"center center","background-size":"auto","background-attachment":"scroll","background-type":"","background-media":"","overlay-type":"","overlay-color":"","overlay-opacity":"","overlay-gradient":""},"tablet":{"background-color":"","background-image":"","background-repeat":"repeat","background-position":"center center","background-size":"auto","background-attachment":"scroll","background-type":"","background-media":"","overlay-type":"","overlay-color":"","overlay-opacity":"","overlay-gradient":""},"mobile":{"background-color":"","background-image":"","background-repeat":"repeat","background-position":"center center","background-size":"auto","background-attachment":"scroll","background-type":"","background-media":"","overlay-type":"","overlay-color":"","overlay-opacity":"","overlay-gradient":""}},"ast-content-background-meta":{"desktop":{"background-color":"var(--ast-global-color-5)","background-image":"","background-repeat":"repeat","background-position":"center center","background-size":"auto","background-attachment":"scroll","background-type":"","background-media":"","overlay-type":"","overlay-color":"","overlay-opacity":"","overlay-gradient":""},"tablet":{"background-color":"var(--ast-global-color-5)","background-image":"","background-repeat":"repeat","background-position":"center center","background-size":"auto","background-attachment":"scroll","background-type":"","background-media":"","overlay-type":"","overlay-color":"","overlay-opacity":"","overlay-gradient":""},"mobile":{"background-color":"var(--ast-global-color-5)","background-image":"","background-repeat":"repeat","background-position":"center center","background-size":"auto","background-attachment":"scroll","background-type":"","background-media":"","overlay-type":"","overlay-color":"","overlay-opacity":"","overlay-gradient":""}},"footnotes":""},"class_list":["post-9253","page","type-page","status-publish","hentry"],"post_mailing_queue_ids":[],"_links":{"self":[{"href":"https:\/\/agora.xtec.cat\/ceipelrodonell\/wp-json\/wp\/v2\/pages\/9253","targetHints":{"allow":["GET"]}}],"collection":[{"href":"https:\/\/agora.xtec.cat\/ceipelrodonell\/wp-json\/wp\/v2\/pages"}],"about":[{"href":"https:\/\/agora.xtec.cat\/ceipelrodonell\/wp-json\/wp\/v2\/types\/page"}],"author":[{"embeddable":true,"href":"https:\/\/agora.xtec.cat\/ceipelrodonell\/wp-json\/wp\/v2\/users\/1"}],"replies":[{"embeddable":true,"href":"https:\/\/agora.xtec.cat\/ceipelrodonell\/wp-json\/wp\/v2\/comments?post=9253"}],"version-history":[{"count":3,"href":"https:\/\/agora.xtec.cat\/ceipelrodonell\/wp-json\/wp\/v2\/pages\/9253\/revisions"}],"predecessor-version":[{"id":9291,"href":"https:\/\/agora.xtec.cat\/ceipelrodonell\/wp-json\/wp\/v2\/pages\/9253\/revisions\/9291"}],"wp:attachment":[{"href":"https:\/\/agora.xtec.cat\/ceipelrodonell\/wp-json\/wp\/v2\/media?parent=9253"}],"curies":[{"name":"wp","href":"https:\/\/api.w.org\/{rel}","templated":true}]}}