{"id":13784,"date":"2025-10-27T10:31:59","date_gmt":"2025-10-27T09:31:59","guid":{"rendered":"https:\/\/agora.xtec.cat\/ceipelrodonell\/?page_id=13784"},"modified":"2025-11-24T08:33:50","modified_gmt":"2025-11-24T07:33:50","slug":"eleccions-al-consell-escolar","status":"publish","type":"page","link":"https:\/\/agora.xtec.cat\/ceipelrodonell\/lescola\/consell-escolar\/eleccions-al-consell-escolar\/","title":{"rendered":"Eleccions al Consell Escolar"},"content":{"rendered":"\n<figure class=\"wp-block-table is-style-regular\"><table><tbody><tr><td>Dilluns 27 d&#8217;octubre<\/td><td>&#8211; Inici del proc\u00e9s<br>&#8211; Publicaci\u00f3 del cens electoral de cada sector<\/td><\/tr><tr><td>Del 4 al 6 de novembre<\/td><td>&#8211; Reclamacions al cens electoral<\/td><\/tr><tr><td>Dimarts 4 de novembre<\/td><td>&#8211; Sorteig per determinar els membres de les meses electorals<\/td><\/tr><tr><td>Divendres 7 de novembre<\/td><td>&#8211; Constituci\u00f3 meses electorals<\/td><\/tr><tr><td>Divendres 14 de novembre<\/td><td>&#8211; Publicaci\u00f3 definitiva del cens electoral<br>&#8211; \u00daltim dia de presentaci\u00f3 de candidatures a la Direcci\u00f3 del centre<\/td><\/tr><tr><td>Divendres 17 de novembre<\/td><td>&#8211; Publicaci\u00f3 de les candidatures presentades<\/td><\/tr><tr><td>Del 17 al 21 de novembre<\/td><td>Eleccions a les escoles<br>&#8211; 17\/11\/2025 \u2013 sector professorat<br>&#8211; 20\/11\/2025 \u2013 sector mares, pares i tutors<\/td><\/tr><tr><td>11 de desembre<\/td><td>&#8211; Constituci\u00f3 del nou Consell Escolar<\/td><\/tr><\/tbody><\/table><\/figure>\n\n\n\n<div class=\"wp-block-getwid-accordion has-icon-left\" data-active-element=\"none\">\n<div class=\"wp-block-getwid-accordion__header-wrapper\"><span class=\"wp-block-getwid-accordion__header\"><a href=\"#\"><span class=\"wp-block-getwid-accordion__header-title\">Inici del proc\u00e9s<\/span><span class=\"wp-block-getwid-accordion__icon is-active\"><i class=\"fas fa-plus\"><\/i><\/span><span class=\"wp-block-getwid-accordion__icon is-passive\"><i class=\"fas fa-minus\"><\/i><\/span><\/a><\/span><\/div><div class=\"wp-block-getwid-accordion__content-wrapper\"><div class=\"wp-block-getwid-accordion__content\">\n<p class=\"has-vivid-cyan-blue-color has-text-color has-link-color wp-elements-57ffec5e56a017472687e7f989b43c8c\"><a href=\"https:\/\/drive.google.com\/file\/d\/15auagLa5NifNhdj5TMKySe9Shnqf39RD\/view?usp=sharing\" target=\"_blank\" rel=\"noreferrer noopener\">Convocat\u00f2ria de 27 d&#8217;octubre de 2025<\/a><\/p>\n<\/div><\/div>\n\n\n\n<div class=\"wp-block-getwid-accordion__header-wrapper\"><span class=\"wp-block-getwid-accordion__header\"><a href=\"#\"><span class=\"wp-block-getwid-accordion__header-title\">Informaci\u00f3 per a les fam\u00edlies<\/span><span class=\"wp-block-getwid-accordion__icon is-active\"><i class=\"fas fa-plus\"><\/i><\/span><span class=\"wp-block-getwid-accordion__icon is-passive\"><i class=\"fas fa-minus\"><\/i><\/span><\/a><\/span><\/div><div class=\"wp-block-getwid-accordion__content-wrapper\"><div class=\"wp-block-getwid-accordion__content\">\n<p class=\"has-vivid-cyan-blue-color has-text-color has-link-color wp-elements-5b77919d432b5b3bbd9801edf7792bbf\"><a href=\"https:\/\/drive.google.com\/file\/d\/1C1hjbl65sDwQ3s38jSPbt3EnWbTXBROl\/view?usp=sharing\" target=\"_blank\" rel=\"noreferrer noopener\">Carta a les fam\u00edlies<\/a><\/p>\n<\/div><\/div>\n\n\n\n<div class=\"wp-block-getwid-accordion__header-wrapper\"><span class=\"wp-block-getwid-accordion__header\"><a href=\"#\"><span class=\"wp-block-getwid-accordion__header-title\">Presentaci\u00f3 de candidatures<\/span><span class=\"wp-block-getwid-accordion__icon is-active\"><i class=\"fas fa-plus\"><\/i><\/span><span class=\"wp-block-getwid-accordion__icon is-passive\"><i class=\"fas fa-minus\"><\/i><\/span><\/a><\/span><\/div><div class=\"wp-block-getwid-accordion__content-wrapper\"><div class=\"wp-block-getwid-accordion__content\">\n<p>Les candidatures s&#8217;han de presentar a la Presidenta de la mesa electoral (la Directora del centre) dins del termini establert, qui donar\u00e0 conformitat i ho presentar\u00e0 a la mesa corresponent. Cal utilitzar el model adjunt:<\/p>\n\n\n\n<p class=\"has-vivid-cyan-blue-color has-text-color has-link-color wp-elements-60c9ae7567a9eee6b7346a50c8ad2f58\"><a href=\"https:\/\/drive.google.com\/file\/d\/1eA0fme8D2I-cb123ICuetBXNZVzjOXCO\/view?usp=sharing\" target=\"_blank\" rel=\"noreferrer noopener\">Model de presentaci\u00f3 de candidatures<\/a><\/p>\n<\/div><\/div>\n\n\n\n<div class=\"wp-block-getwid-accordion__header-wrapper\"><span class=\"wp-block-getwid-accordion__header\"><a href=\"#\"><span class=\"wp-block-getwid-accordion__header-title\">Publicaci\u00f3 dels censos electorals de cada sector<\/span><span class=\"wp-block-getwid-accordion__icon is-active\"><i class=\"fas fa-plus\"><\/i><\/span><span class=\"wp-block-getwid-accordion__icon is-passive\"><i class=\"fas fa-minus\"><\/i><\/span><\/a><\/span><\/div><div class=\"wp-block-getwid-accordion__content-wrapper\"><div class=\"wp-block-getwid-accordion__content\">\n<p>El director o directora ha de fer p\u00fabliques al tauler d&#8217;anuncis del centre, i sempre en l&#8217;interior del centre, les dades dels censos electorals de cada sector en el moment de la convocat\u00f2ria de les eleccions. Es publiquen \u00fanicament les dades que siguin imprescindibles a l&#8217;efecte de permetre identificar els electors, i en cas que sigui necessari publicar el n\u00famero de document d&#8217;identificaci\u00f3, s&#8217;ha de fer \u00fanicament dels d\u00edgits que ocupin les posicions quarta, cinquena, sisena i setena.<\/p>\n\n\n\n<p>Aix\u00ed mateix, ha d&#8217;obrir un termini de tres dies lectius per a la presentaci\u00f3 de reclamacions en relaci\u00f3 amb les dades publicades dels censos electorals, i prendre les mesures adequades per a la resoluci\u00f3 de les possibles reclamacions, de forma que els censos definitius, que aproven les respectives meses electorals, s&#8217;han de fer p\u00fablics amb una antelaci\u00f3 m\u00ednima de set dies respecte la data de les eleccions de cada sector.<\/p>\n<\/div><\/div>\n\n\n\n<div class=\"wp-block-getwid-accordion__header-wrapper\"><span class=\"wp-block-getwid-accordion__header\"><a href=\"#\"><span class=\"wp-block-getwid-accordion__header-title\">Sorteig per determinar els membres de les meses electorals<\/span><span class=\"wp-block-getwid-accordion__icon is-active\"><i class=\"fas fa-plus\"><\/i><\/span><span class=\"wp-block-getwid-accordion__icon is-passive\"><i class=\"fas fa-minus\"><\/i><\/span><\/a><\/span><\/div><div class=\"wp-block-getwid-accordion__content-wrapper\"><div class=\"wp-block-getwid-accordion__content\">\n<p class=\"has-vivid-cyan-blue-color has-text-color has-link-color wp-elements-47cdcb09c862597a56833e3e9e515c5f\"><a href=\"https:\/\/drive.google.com\/file\/d\/1HN8c_fRxjMGaTvJ3mB4vmHNfNdMUKJkT\/view?usp=sharing\" target=\"_blank\" rel=\"noreferrer noopener\">Resulta del sorteig per determinar els membres de la mesa electoral del sector pares, mares i tutors legals d&#8217;alumnes.<\/a><\/p>\n\n\n\n<p class=\"has-vivid-cyan-blue-color has-text-color has-link-color wp-elements-9c0cff6fa4101ed94aa7ac544550953c\" style=\"border-radius:0px;padding-top:0;padding-right:0;padding-bottom:0;padding-left:0\"><a href=\"https:\/\/drive.google.com\/file\/d\/1dCLX67s51v-cVYtBhT14qxZ-4YS99znx\/view?usp=sharing\" target=\"_blank\" rel=\"noreferrer noopener\">Resultat del sorteig per determinar els membres de la mesa electorals del sector professorat.<\/a><\/p>\n\n\n\n<p class=\"has-vivid-cyan-blue-color has-text-color has-link-color wp-elements-ff2a2a3b602097dac7cb66b09f6383df\"><a href=\"https:\/\/drive.google.com\/file\/d\/1FW-GAbdChL9pmAvqSX4mPvF6PUztcM4v\/view?usp=sharing\" target=\"_blank\" rel=\"noreferrer noopener\">Composici\u00f3 de les meses electorals.<\/a><\/p>\n<\/div><\/div>\n\n\n\n<div class=\"wp-block-getwid-accordion__header-wrapper\"><span class=\"wp-block-getwid-accordion__header\"><a href=\"#\"><span class=\"wp-block-getwid-accordion__header-title\">Constituci\u00f3 de les meses electorals de cada sector<\/span><span class=\"wp-block-getwid-accordion__icon is-active\"><i class=\"fas fa-plus\"><\/i><\/span><span class=\"wp-block-getwid-accordion__icon is-passive\"><i class=\"fas fa-minus\"><\/i><\/span><\/a><\/span><\/div><div class=\"wp-block-getwid-accordion__content-wrapper\"><div class=\"wp-block-getwid-accordion__content\">\n<p class=\"has-vivid-cyan-blue-color has-text-color has-link-color wp-elements-c79a74927775deb3ee52c0b558653804\"><a href=\"https:\/\/drive.google.com\/file\/d\/1AVHmGHGOitm3u_1vWAOzxJV6ms3etVc2\/view?usp=sharing\" target=\"_blank\" rel=\"noreferrer noopener\">Constituci\u00f3 de la mesa mares, pares i tutors legals d&#8217;alumnes<\/a><\/p>\n\n\n\n<p class=\"has-vivid-cyan-blue-color has-text-color has-link-color wp-elements-facbf878331fc0c1c8cd46085e0daa10\"><a href=\"https:\/\/drive.google.com\/file\/d\/1kTS-k9yb7lZ26WNhdWCs5tzBUTc1cDQK\/view?usp=sharing\" target=\"_blank\" rel=\"noreferrer noopener\">Constituci\u00f3 de la mesa professorat<\/a><\/p>\n<\/div><\/div>\n\n\n\n<div class=\"wp-block-getwid-accordion__header-wrapper\"><span class=\"wp-block-getwid-accordion__header\"><a href=\"#\"><span class=\"wp-block-getwid-accordion__header-title\">Publicaci\u00f3 de candidatures<\/span><span class=\"wp-block-getwid-accordion__icon is-active\"><i class=\"fas fa-plus\"><\/i><\/span><span class=\"wp-block-getwid-accordion__icon is-passive\"><i class=\"fas fa-minus\"><\/i><\/span><\/a><\/span><\/div><div class=\"wp-block-getwid-accordion__content-wrapper\"><div class=\"wp-block-getwid-accordion__content\">\n<ul style=\"border-style:none;border-width:0px;border-radius:0px\" class=\"wp-block-list\">\n<li>Eva Gasull Bonet<\/li>\n\n\n\n<li>Elisabet Esteva de Anzizu<\/li>\n\n\n\n<li>Cristina Mestres Patris<\/li>\n\n\n\n<li>Montse Dalmau Figueras<\/li>\n<\/ul>\n<\/div><\/div>\n\n\n\n<div class=\"wp-block-getwid-accordion__header-wrapper\"><span class=\"wp-block-getwid-accordion__header\"><a href=\"#\"><span class=\"wp-block-getwid-accordion__header-title\">Resultat de les eleccions<\/span><span class=\"wp-block-getwid-accordion__icon is-active\"><i class=\"fas fa-plus\"><\/i><\/span><span class=\"wp-block-getwid-accordion__icon is-passive\"><i class=\"fas fa-minus\"><\/i><\/span><\/a><\/span><\/div><div class=\"wp-block-getwid-accordion__content-wrapper\"><div class=\"wp-block-getwid-accordion__content\">\n<figure class=\"wp-block-table is-style-stripes\"><table class=\"has-fixed-layout\"><thead><tr><th class=\"has-text-align-center\" data-align=\"center\">Participaci\u00f3<\/th><th>Candidates<\/th><th>Elegides<\/th><\/tr><\/thead><tbody><tr><td class=\"has-text-align-center\" data-align=\"center\">18,89 %<\/td><td>Cristina Mestres Patris &#8211; 13 vots<br>Eva Gasull Bonet &#8211; 18 vots<br>Elisabet Esteva de Anzizu &#8211; 15 vots<br>Montse Dalmau Figueras &#8211; 27 vots<\/td><td>Montse Dalmau Figueras<br>Eva Gasull Bonet<br>Elisabet Esteva de Anzizu<\/td><\/tr><\/tbody><\/table><\/figure>\n<\/div><\/div>\n\n\n\n<div class=\"wp-block-getwid-accordion__header-wrapper\"><span class=\"wp-block-getwid-accordion__header\"><a href=\"#\"><span class=\"wp-block-getwid-accordion__header-title\">Constituci\u00f3 del nou Consell Escolar<\/span><span class=\"wp-block-getwid-accordion__icon is-active\"><i class=\"fas fa-plus\"><\/i><\/span><span class=\"wp-block-getwid-accordion__icon is-passive\"><i class=\"fas fa-minus\"><\/i><\/span><\/a><\/span><\/div><div class=\"wp-block-getwid-accordion__content-wrapper\"><div class=\"wp-block-getwid-accordion__content\">\n<figure class=\"wp-block-table is-style-stripes\"><table class=\"has-fixed-layout\"><tbody><tr><td>Presidenta<\/td><td>Patr\u00edcia P\u00e9rez Carreras<\/td><\/tr><tr><td>Cap d&#8217;Estudis<\/td><td>Anna Badosa Fonollosa<\/td><\/tr><tr><td>Secretari<\/td><td>Xavier Casas Salas<\/td><\/tr><tr><td>Representants professorat<\/td><td>Concepci\u00f3 Grau Herrero<\/td><\/tr><tr><td><\/td><td>Georgina Mart\u00ednez Burch<\/td><\/tr><tr><td><\/td><td>Irene Palol Ribas<\/td><\/tr><tr><td><\/td><td>N\u00faria Ballesta Sureda<\/td><\/tr><tr><td><\/td><td>S\u00edlvia Vicens Jou<\/td><\/tr><tr><td>Representants mares, pares i tutors<\/td><td>Eva Gasull Pujol<\/td><\/tr><tr><td><\/td><td>Elisabet Esteva de Anzizu<\/td><\/tr><tr><td><\/td><td>Eva Gasull Bonet<\/td><\/tr><tr><td><\/td><td>Montse Dalmau Figueras<\/td><\/tr><tr><td>Representant de l&#8217;AFA<\/td><td>S\u00f2nia Alins Garreta<\/td><\/tr><tr><td>Representant de l&#8217;Ajuntament<\/td><td>Mireia Ruiz Marull<\/td><\/tr><tr><td>Representant del PAS<\/td><td>Diego Conde Navarro<\/td><\/tr><\/tbody><\/table><\/figure>\n<\/div><\/div>\n<\/div>\n\n\n\n<hr class=\"wp-block-separator has-alpha-channel-opacity is-style-wide\"\/>\n\n\n\n<p class=\"has-ast-global-color-1-color has-text-color has-link-color wp-elements-dcb63e96cc5310f18f696f6790851763\" style=\"border-style:none;border-width:0px;margin-top:var(--wp--preset--spacing--30);margin-right:0;margin-bottom:var(--wp--preset--spacing--30);margin-left:0;padding-top:0;padding-right:0;padding-bottom:0;padding-left:0\">Normativa relacionada<\/p>\n\n\n\n<p class=\"has-vivid-cyan-blue-color has-text-color has-link-color wp-elements-976ce0e8544a48e734655326fb879f61\" style=\"margin-top:0;margin-right:0;margin-bottom:0;margin-left:0\"><a href=\"https:\/\/dogc.gencat.cat\/ca\/document-del-dogc\/?documentId=1019019\" target=\"_blank\" rel=\"noreferrer noopener\">Resoluci\u00f3 EDF\/2520\/2025, de 30 de juny, per la qual s&#8217;estableixen el calendari i el r\u00e8gim del proc\u00e9s electoral per renovar els membres dels consells escolars dels centres p\u00fablics i privats sostinguts amb fons p\u00fablics<\/a> <\/p>\n","protected":false},"excerpt":{"rendered":"<p>Dilluns 27 d&#8217;octubre &#8211; Inici del proc\u00e9s&#8211; Publicaci\u00f3 del cens electoral de cada sector Del 4 al 6 de novembre &#8211; Reclamacions al cens electoral Dimarts 4 de novembre &#8211; Sorteig per determinar els membres de les meses electorals Divendres 7 de novembre &#8211; Constituci\u00f3 meses electorals Divendres 14 de novembre &#8211; Publicaci\u00f3 definitiva del [&hellip;]<\/p>\n","protected":false},"author":1,"featured_media":0,"parent":28,"menu_order":0,"comment_status":"closed","ping_status":"close","template":"","meta":{"_bbp_topic_count":0,"_bbp_reply_count":0,"_bbp_total_topic_count":0,"_bbp_total_reply_count":0,"_bbp_voice_count":0,"_bbp_anonymous_reply_count":0,"_bbp_topic_count_hidden":0,"_bbp_reply_count_hidden":0,"_bbp_forum_subforum_count":0,"site-sidebar-layout":"no-sidebar","site-content-layout":"","ast-site-content-layout":"normal-width-container","site-content-style":"default","site-sidebar-style":"default","ast-global-header-display":"","ast-banner-title-visibility":"","ast-main-header-display":"","ast-hfb-above-header-display":"","ast-hfb-below-header-display":"","ast-hfb-mobile-header-display":"","site-post-title":"","ast-breadcrumbs-content":"","ast-featured-img":"","footer-sml-layout":"","theme-transparent-header-meta":"","adv-header-id-meta":"","stick-header-meta":"","header-above-stick-meta":"","header-main-stick-meta":"","header-below-stick-meta":"","astra-migrate-meta-layouts":"set","ast-page-background-enabled":"default","ast-page-background-meta":{"desktop":{"background-color":"var(--ast-global-color-4)","background-image":"","background-repeat":"repeat","background-position":"center center","background-size":"auto","background-attachment":"scroll","background-type":"","background-media":"","overlay-type":"","overlay-color":"","overlay-opacity":"","overlay-gradient":""},"tablet":{"background-color":"","background-image":"","background-repeat":"repeat","background-position":"center center","background-size":"auto","background-attachment":"scroll","background-type":"","background-media":"","overlay-type":"","overlay-color":"","overlay-opacity":"","overlay-gradient":""},"mobile":{"background-color":"","background-image":"","background-repeat":"repeat","background-position":"center center","background-size":"auto","background-attachment":"scroll","background-type":"","background-media":"","overlay-type":"","overlay-color":"","overlay-opacity":"","overlay-gradient":""}},"ast-content-background-meta":{"desktop":{"background-color":"var(--ast-global-color-5)","background-image":"","background-repeat":"repeat","background-position":"center center","background-size":"auto","background-attachment":"scroll","background-type":"","background-media":"","overlay-type":"","overlay-color":"","overlay-opacity":"","overlay-gradient":""},"tablet":{"background-color":"var(--ast-global-color-5)","background-image":"","background-repeat":"repeat","background-position":"center center","background-size":"auto","background-attachment":"scroll","background-type":"","background-media":"","overlay-type":"","overlay-color":"","overlay-opacity":"","overlay-gradient":""},"mobile":{"background-color":"var(--ast-global-color-5)","background-image":"","background-repeat":"repeat","background-position":"center center","background-size":"auto","background-attachment":"scroll","background-type":"","background-media":"","overlay-type":"","overlay-color":"","overlay-opacity":"","overlay-gradient":""}},"footnotes":""},"class_list":["post-13784","page","type-page","status-publish","hentry"],"post_mailing_queue_ids":[],"_links":{"self":[{"href":"https:\/\/agora.xtec.cat\/ceipelrodonell\/wp-json\/wp\/v2\/pages\/13784","targetHints":{"allow":["GET"]}}],"collection":[{"href":"https:\/\/agora.xtec.cat\/ceipelrodonell\/wp-json\/wp\/v2\/pages"}],"about":[{"href":"https:\/\/agora.xtec.cat\/ceipelrodonell\/wp-json\/wp\/v2\/types\/page"}],"author":[{"embeddable":true,"href":"https:\/\/agora.xtec.cat\/ceipelrodonell\/wp-json\/wp\/v2\/users\/1"}],"replies":[{"embeddable":true,"href":"https:\/\/agora.xtec.cat\/ceipelrodonell\/wp-json\/wp\/v2\/comments?post=13784"}],"version-history":[{"count":6,"href":"https:\/\/agora.xtec.cat\/ceipelrodonell\/wp-json\/wp\/v2\/pages\/13784\/revisions"}],"predecessor-version":[{"id":14063,"href":"https:\/\/agora.xtec.cat\/ceipelrodonell\/wp-json\/wp\/v2\/pages\/13784\/revisions\/14063"}],"up":[{"embeddable":true,"href":"https:\/\/agora.xtec.cat\/ceipelrodonell\/wp-json\/wp\/v2\/pages\/28"}],"wp:attachment":[{"href":"https:\/\/agora.xtec.cat\/ceipelrodonell\/wp-json\/wp\/v2\/media?parent=13784"}],"curies":[{"name":"wp","href":"https:\/\/api.w.org\/{rel}","templated":true}]}}