{"id":10133,"date":"2023-04-25T13:23:09","date_gmt":"2023-04-25T11:23:09","guid":{"rendered":"https:\/\/agora.xtec.cat\/ceipelrodonell\/?page_id=10133"},"modified":"2024-02-22T10:26:51","modified_gmt":"2024-02-22T09:26:51","slug":"psicomoticitat-aucouturier","status":"publish","type":"page","link":"https:\/\/agora.xtec.cat\/ceipelrodonell\/projectes-descola\/psicomoticitat-aucouturier\/","title":{"rendered":"Psicomoticitat Aucouturier"},"content":{"rendered":"<p style=\"text-align: center;\"><b>LA PR\u00c0CTICA PSICOMOTRIU AUCOUTURIER<\/b><\/p>\n<p style=\"text-align: justify;\">A l\u2019Escola El Rodonell fem la psicomotricitat a partir del m\u00e8tode Aucouturier que t\u00e9 com a objectiu el desenvolupament ps\u00edquic dels nens a trav\u00e9s del cos.<\/p>\n<p style=\"text-align: justify;\">En aquesta pr\u00e0ctica, es treballa a trav\u00e9s del joc i el benestar per afavorir el cos, la simbolitzaci\u00f3 i el proc\u00e9s de representaci\u00f3.<\/p>\n<p style=\"text-align: justify;\">La pr\u00e0ctica t\u00e9 com a objectiu promoure l&#8217;expressi\u00f3 de totes les possibilitats motrius, emocionals, cognitives i relacionals de l&#8217;infant.<\/p>\n<p style=\"text-align: justify;\">La Pr\u00e0ctica Psicomotriu es basa en el joc lliure, \u00e9s una activitat espont\u00e0nia i permissiva que es va organitzant a partir del diferent material que troben els nens i nenes a la sessi\u00f3. Es tracta de deixar desenvolupar al grup un joc espontani, sense ser jutjats i sense tenir consignes precises. Basant-se en el cos, el moviment i l&#8217;espai, es poden emmarcar, per\u00f2, diferents aspectes que es treballen, de manera global, a les sessions de Psicomotricitat:<\/p>\n<ul style=\"text-align: justify;\">\n<li><b> El cos, l&#8217;esquema corporal<\/b><\/li>\n<li><b> El moviment<br \/>\n<\/b>&#8211; Tonicitat<br \/>\n&#8211; Control postural<br \/>\n&#8211; Equilibri<\/li>\n<\/ul>\n<ul style=\"text-align: justify;\">\n<li><b> Estructuraci\u00f3 perceptiva<br \/>\n<\/b>&#8211;\u00a0 Espai<br \/>\n&#8211; Temps<\/li>\n<\/ul>\n<p style=\"text-align: center;\"><b><i>ESTRAT\u00c8GIES ORGANITZATIVES<\/i><\/b><\/p>\n<p style=\"text-align: justify;\"><b><i>Espai<br \/>\n<\/i><\/b>Al no tenir una sala polivalent per a fer la psicomotricitat es munta el material a la pista de davant de l\u2019escola. El terra \u00e9s de sorra, per\u00f2 hi ha molts matalassos per poder evitar que els nens i nenes es facin mal. Al ser a l\u2019exterior cal tenir en compte de posar l\u2019abric quan fa fred i aprofitar els matins quan fa molta calor per tal que no hi toqui el sol directament.<\/p>\n<p style=\"text-align: justify;\"><b><i>Temps<br \/>\n<\/i><\/b>Cada sessi\u00f3 hauria de tenir una durada de 1 hora i 30 minuts per a cada grup. D&#8217;aquest temps, 1 hora es dedicaria al joc i a l&#8217;expressivitat lliure dels infants, i la resta a la benvinguda, representaci\u00f3, explicaci\u00f3 de contes, etc.<\/p>\n<p style=\"text-align: justify;\">Cada grup fa una sessi\u00f3 a la setmana, preferiblement al mat\u00ed, ja que es pot allargar la sessi\u00f3 en cas que sigui necessari.<\/p>\n<p style=\"text-align: justify;\"><b><i>Material<br \/>\n<\/i><\/b>Disposem de diferent material que s\u2019ha adaptat per tal de poder fer les sessions de psicomotricitat:<br \/>\n&#8211; Matalassos<br \/>\n&#8211; Gronxadors<br \/>\n&#8211; Anelles<br \/>\n&#8211; Hamaques<br \/>\n&#8211; Coixins<br \/>\n&#8211; Bidons de cartr\u00f3<br \/>\n&#8211; Xurros<br \/>\n&#8211; Teles<br \/>\n&#8211; Cordes<br \/>\n&#8211; Pilotes amb banyes<br \/>\n&#8211; Plataformes amb rodes<\/p>\n<p style=\"text-align: justify;\">Tot aquest material s\u2019ha de muntar i recollir al principi de cada sessi\u00f3. Disposem d\u2019un petit espai on desar-ho tot.<\/p>\n<p><a href=\"https:\/\/agora.xtec.cat\/ceipelrodonell\/wp-content\/uploads\/usu742\/2023\/04\/Imagen1.jpg\"><img loading=\"lazy\" decoding=\"async\" class=\"size-full wp-image-10156 aligncenter\" src=\"https:\/\/agora.xtec.cat\/ceipelrodonell\/wp-content\/uploads\/usu742\/2023\/04\/Imagen1.jpg\" alt=\"\" width=\"310\" height=\"176\" srcset=\"https:\/\/agora.xtec.cat\/ceipelrodonell\/wp-content\/uploads\/usu742\/2023\/04\/Imagen1.jpg 310w, https:\/\/agora.xtec.cat\/ceipelrodonell\/wp-content\/uploads\/usu742\/2023\/04\/Imagen1-300x170.jpg 300w\" sizes=\"auto, (max-width: 310px) 100vw, 310px\" \/><\/a><\/p>\n<p style=\"text-align: justify;\"><b><i>Organitzaci\u00f3 de les sessions<\/i><\/b><\/p>\n<p style=\"text-align: justify;\">La psicomotricitat que fem a l\u2019escola segueix una s\u00e8rie de fases que segueixen un ordre:<\/p>\n<p style=\"text-align: center;\"><b>RITUAL D\u2019ENTRADA<\/b><\/p>\n<p style=\"text-align: justify;\">Durant aquesta fase els alumnes s\u2019asseuen en rotllana i es nombra als nens i nenes que no han vingut.<\/p>\n<p style=\"text-align: justify;\">Repassem les normes de la sessi\u00f3 a l\u2019hora de jugar:<\/p>\n<p style=\"text-align: justify;\">&#8211; Cuidar-nos a nosaltres i a tots els altres (no fer-nos mal).<br \/>\n&#8211; Tenir cura del material.<br \/>\n&#8211; Compartir el material.<br \/>\n&#8211; No destruir les construccions dels altres.<br \/>\n&#8211; Tocar el timbre abans d\u2019entrar a una construcci\u00f3 (demanar perm\u00eds).<br \/>\n&#8211; Si ens diuen NO \u00e9s NO i cal respectar-ho.<br \/>\n&#8211; Si alg\u00fa ens fa mal i no ens agrada el joc cal dir: \u201cSTOP!\u201d.<br \/>\n&#8211; Cal passar-ho molt b\u00e9.<\/p>\n<p style=\"text-align: justify;\">Podem fer una mica de recull de les propostes que fan els nens i nenes a l\u2019hora de jugar.<\/p>\n<p style=\"text-align: center;\"><a href=\"https:\/\/agora.xtec.cat\/ceipelrodonell\/wp-content\/uploads\/usu742\/2023\/04\/Imagen2.jpg\"><img loading=\"lazy\" decoding=\"async\" class=\"alignnone size-full wp-image-10155\" src=\"https:\/\/agora.xtec.cat\/ceipelrodonell\/wp-content\/uploads\/usu742\/2023\/04\/Imagen2.jpg\" alt=\"\" width=\"332\" height=\"189\" srcset=\"https:\/\/agora.xtec.cat\/ceipelrodonell\/wp-content\/uploads\/usu742\/2023\/04\/Imagen2.jpg 332w, https:\/\/agora.xtec.cat\/ceipelrodonell\/wp-content\/uploads\/usu742\/2023\/04\/Imagen2-300x171.jpg 300w\" sizes=\"auto, (max-width: 332px) 100vw, 332px\" \/><\/a><\/p>\n<p style=\"text-align: center;\"><b>FASE MOTRIU (JOC)<\/b><\/p>\n<p style=\"text-align: justify;\">Comen\u00e7arem situant els infants en un paret i a l\u2019ordre de preparats, llestos, ja! Vindran corrents cap a uns matalassos per tal d\u2019entrar en el joc tot destruint una petita muralla.<br \/>\n<a href=\"https:\/\/agora.xtec.cat\/ceipelrodonell\/wp-content\/uploads\/usu742\/2023\/04\/Imagen3.jpg\"><img loading=\"lazy\" decoding=\"async\" class=\"size-full wp-image-10154 aligncenter\" src=\"https:\/\/agora.xtec.cat\/ceipelrodonell\/wp-content\/uploads\/usu742\/2023\/04\/Imagen3.jpg\" alt=\"\" width=\"303\" height=\"228\" srcset=\"https:\/\/agora.xtec.cat\/ceipelrodonell\/wp-content\/uploads\/usu742\/2023\/04\/Imagen3.jpg 303w, https:\/\/agora.xtec.cat\/ceipelrodonell\/wp-content\/uploads\/usu742\/2023\/04\/Imagen3-300x226.jpg 300w, https:\/\/agora.xtec.cat\/ceipelrodonell\/wp-content\/uploads\/usu742\/2023\/04\/Imagen3-200x150.jpg 200w\" sizes=\"auto, (max-width: 303px) 100vw, 303px\" \/><\/a><\/p>\n<p style=\"text-align: justify;\">Amb aquest moment es traca que els nens i nenes facin una petita desc\u00e0rrega motriu i comencin a jugar.<\/p>\n<p style=\"text-align: justify;\">Seguidament tots els nens i nenes poden jugar lliurement. A la sessi\u00f3 hi ha dues mestres que acompanyen als nens i nenes en el seu joc. Estaran disponibles per tot all\u00f2 que necesssitin els infants responent a les seves demandes de joc i provocant alguns jocs necessaris per tal de fer desc\u00e0rrega motriu, acompanyament emocional,&#8230;<\/p>\n<p style=\"text-align: center;\"><a href=\"https:\/\/agora.xtec.cat\/ceipelrodonell\/wp-content\/uploads\/usu742\/2023\/04\/Imagen4.jpg\"><img loading=\"lazy\" decoding=\"async\" class=\"alignnone size-full wp-image-10153\" src=\"https:\/\/agora.xtec.cat\/ceipelrodonell\/wp-content\/uploads\/usu742\/2023\/04\/Imagen4.jpg\" alt=\"\" width=\"306\" height=\"230\" srcset=\"https:\/\/agora.xtec.cat\/ceipelrodonell\/wp-content\/uploads\/usu742\/2023\/04\/Imagen4.jpg 306w, https:\/\/agora.xtec.cat\/ceipelrodonell\/wp-content\/uploads\/usu742\/2023\/04\/Imagen4-300x225.jpg 300w, https:\/\/agora.xtec.cat\/ceipelrodonell\/wp-content\/uploads\/usu742\/2023\/04\/Imagen4-200x150.jpg 200w\" sizes=\"auto, (max-width: 306px) 100vw, 306px\" \/><\/a><a href=\"https:\/\/agora.xtec.cat\/ceipelrodonell\/wp-content\/uploads\/usu742\/2023\/04\/Imagen5.jpg\"><img loading=\"lazy\" decoding=\"async\" class=\"alignnone size-full wp-image-10152\" src=\"https:\/\/agora.xtec.cat\/ceipelrodonell\/wp-content\/uploads\/usu742\/2023\/04\/Imagen5.jpg\" alt=\"\" width=\"301\" height=\"227\" srcset=\"https:\/\/agora.xtec.cat\/ceipelrodonell\/wp-content\/uploads\/usu742\/2023\/04\/Imagen5.jpg 301w, https:\/\/agora.xtec.cat\/ceipelrodonell\/wp-content\/uploads\/usu742\/2023\/04\/Imagen5-200x150.jpg 200w\" sizes=\"auto, (max-width: 301px) 100vw, 301px\" \/><\/a><\/p>\n<p style=\"text-align: center;\"><b>\u00a0RITUAL DE SORTIDA<\/b><\/p>\n<p style=\"text-align: justify;\">Un cop recollit tot el material, els nens i nenes s\u2019asseuen en rotllana i expliquen el joc que han fet. Rememorem alguns moments de la sessi\u00f3 i es reconeix alguns moments que han estat importants.<\/p>\n<p style=\"text-align: center;\"><b>FASE DE REPRESENTACI\u00d3<\/b><\/p>\n<p style=\"text-align: justify;\">Despr\u00e9s del ritual de sortida deixem que els nens i nenes representin el joc que han fet. Es pot fer a trav\u00e9s d\u2019un dibuix, d\u2019una construcci\u00f3 o, en algunes ocasions, a trav\u00e9s del modelatge amb plastilina, fang,&#8230;<\/p>\n<p style=\"text-align: center;\"><a href=\"https:\/\/agora.xtec.cat\/ceipelrodonell\/wp-content\/uploads\/usu742\/2023\/04\/Imagen6.jpg\"><img loading=\"lazy\" decoding=\"async\" class=\"alignnone size-full wp-image-10151\" src=\"https:\/\/agora.xtec.cat\/ceipelrodonell\/wp-content\/uploads\/usu742\/2023\/04\/Imagen6.jpg\" alt=\"\" width=\"290\" height=\"218\" srcset=\"https:\/\/agora.xtec.cat\/ceipelrodonell\/wp-content\/uploads\/usu742\/2023\/04\/Imagen6.jpg 290w, https:\/\/agora.xtec.cat\/ceipelrodonell\/wp-content\/uploads\/usu742\/2023\/04\/Imagen6-200x150.jpg 200w\" sizes=\"auto, (max-width: 290px) 100vw, 290px\" \/><\/a><a href=\"https:\/\/agora.xtec.cat\/ceipelrodonell\/wp-content\/uploads\/usu742\/2023\/04\/Imagen7.jpg\"><img loading=\"lazy\" decoding=\"async\" class=\"alignnone size-full wp-image-10150\" src=\"https:\/\/agora.xtec.cat\/ceipelrodonell\/wp-content\/uploads\/usu742\/2023\/04\/Imagen7.jpg\" alt=\"\" width=\"326\" height=\"221\" srcset=\"https:\/\/agora.xtec.cat\/ceipelrodonell\/wp-content\/uploads\/usu742\/2023\/04\/Imagen7.jpg 326w, https:\/\/agora.xtec.cat\/ceipelrodonell\/wp-content\/uploads\/usu742\/2023\/04\/Imagen7-300x203.jpg 300w\" sizes=\"auto, (max-width: 326px) 100vw, 326px\" \/><\/a><\/p>\n<p style=\"text-align: justify;\">Un cop per trimestre tamb\u00e9 treballem a partir de les instal.lacions.<\/p>\n<p style=\"text-align: justify;\">Aquests s\u00f3n muntatges amb diferents materials que tenen una tem\u00e0tica. Els nens i nenes observen aquesta creaci\u00f3 i durant un primer moment anomen qu\u00e8 veuen, a qu\u00e8 poden jugar,&#8230; Tot seguit hi ha un joc lliure i finalment, es fa una part representativa tot fent un dibuix conjunt i una conversa per tancar la sessi\u00f3.<\/p>\n<p style=\"text-align: center;\"><a href=\"https:\/\/agora.xtec.cat\/ceipelrodonell\/wp-content\/uploads\/usu742\/2023\/04\/Imagen8.jpg\"><img loading=\"lazy\" decoding=\"async\" class=\"alignnone size-full wp-image-10149\" src=\"https:\/\/agora.xtec.cat\/ceipelrodonell\/wp-content\/uploads\/usu742\/2023\/04\/Imagen8.jpg\" alt=\"\" width=\"347\" height=\"261\" srcset=\"https:\/\/agora.xtec.cat\/ceipelrodonell\/wp-content\/uploads\/usu742\/2023\/04\/Imagen8.jpg 347w, https:\/\/agora.xtec.cat\/ceipelrodonell\/wp-content\/uploads\/usu742\/2023\/04\/Imagen8-300x226.jpg 300w, https:\/\/agora.xtec.cat\/ceipelrodonell\/wp-content\/uploads\/usu742\/2023\/04\/Imagen8-200x150.jpg 200w\" sizes=\"auto, (max-width: 347px) 100vw, 347px\" \/><\/a><\/p>\n<p>&nbsp;<\/p>\n","protected":false},"excerpt":{"rendered":"<p>LA PR\u00c0CTICA PSICOMOTRIU AUCOUTURIER A l\u2019Escola El Rodonell fem la psicomotricitat a partir del m\u00e8tode Aucouturier que t\u00e9 com a objectiu el desenvolupament ps\u00edquic dels nens a trav\u00e9s del cos. En aquesta pr\u00e0ctica, es treballa a trav\u00e9s del joc i el benestar per afavorir el cos, la simbolitzaci\u00f3 i el proc\u00e9s de representaci\u00f3. La pr\u00e0ctica [&hellip;]<\/p>\n","protected":false},"author":1,"featured_media":0,"parent":9104,"menu_order":0,"comment_status":"closed","ping_status":"closed","template":"page-templates\/side-menu.php","meta":{"_bbp_topic_count":0,"_bbp_reply_count":0,"_bbp_total_topic_count":0,"_bbp_total_reply_count":0,"_bbp_voice_count":0,"_bbp_anonymous_reply_count":0,"_bbp_topic_count_hidden":0,"_bbp_reply_count_hidden":0,"_bbp_forum_subforum_count":0,"site-sidebar-layout":"default","site-content-layout":"","ast-site-content-layout":"","site-content-style":"default","site-sidebar-style":"default","ast-global-header-display":"","ast-banner-title-visibility":"","ast-main-header-display":"","ast-hfb-above-header-display":"","ast-hfb-below-header-display":"","ast-hfb-mobile-header-display":"","site-post-title":"","ast-breadcrumbs-content":"","ast-featured-img":"","footer-sml-layout":"","theme-transparent-header-meta":"","adv-header-id-meta":"","stick-header-meta":"","header-above-stick-meta":"","header-main-stick-meta":"","header-below-stick-meta":"","astra-migrate-meta-layouts":"default","ast-page-background-enabled":"default","ast-page-background-meta":{"desktop":{"background-color":"var(--ast-global-color-4)","background-image":"","background-repeat":"repeat","background-position":"center center","background-size":"auto","background-attachment":"scroll","background-type":"","background-media":"","overlay-type":"","overlay-color":"","overlay-opacity":"","overlay-gradient":""},"tablet":{"background-color":"","background-image":"","background-repeat":"repeat","background-position":"center center","background-size":"auto","background-attachment":"scroll","background-type":"","background-media":"","overlay-type":"","overlay-color":"","overlay-opacity":"","overlay-gradient":""},"mobile":{"background-color":"","background-image":"","background-repeat":"repeat","background-position":"center center","background-size":"auto","background-attachment":"scroll","background-type":"","background-media":"","overlay-type":"","overlay-color":"","overlay-opacity":"","overlay-gradient":""}},"ast-content-background-meta":{"desktop":{"background-color":"var(--ast-global-color-5)","background-image":"","background-repeat":"repeat","background-position":"center center","background-size":"auto","background-attachment":"scroll","background-type":"","background-media":"","overlay-type":"","overlay-color":"","overlay-opacity":"","overlay-gradient":""},"tablet":{"background-color":"var(--ast-global-color-5)","background-image":"","background-repeat":"repeat","background-position":"center center","background-size":"auto","background-attachment":"scroll","background-type":"","background-media":"","overlay-type":"","overlay-color":"","overlay-opacity":"","overlay-gradient":""},"mobile":{"background-color":"var(--ast-global-color-5)","background-image":"","background-repeat":"repeat","background-position":"center center","background-size":"auto","background-attachment":"scroll","background-type":"","background-media":"","overlay-type":"","overlay-color":"","overlay-opacity":"","overlay-gradient":""}},"footnotes":""},"class_list":["post-10133","page","type-page","status-publish","hentry"],"post_mailing_queue_ids":[],"_links":{"self":[{"href":"https:\/\/agora.xtec.cat\/ceipelrodonell\/wp-json\/wp\/v2\/pages\/10133","targetHints":{"allow":["GET"]}}],"collection":[{"href":"https:\/\/agora.xtec.cat\/ceipelrodonell\/wp-json\/wp\/v2\/pages"}],"about":[{"href":"https:\/\/agora.xtec.cat\/ceipelrodonell\/wp-json\/wp\/v2\/types\/page"}],"author":[{"embeddable":true,"href":"https:\/\/agora.xtec.cat\/ceipelrodonell\/wp-json\/wp\/v2\/users\/1"}],"replies":[{"embeddable":true,"href":"https:\/\/agora.xtec.cat\/ceipelrodonell\/wp-json\/wp\/v2\/comments?post=10133"}],"version-history":[{"count":4,"href":"https:\/\/agora.xtec.cat\/ceipelrodonell\/wp-json\/wp\/v2\/pages\/10133\/revisions"}],"predecessor-version":[{"id":10164,"href":"https:\/\/agora.xtec.cat\/ceipelrodonell\/wp-json\/wp\/v2\/pages\/10133\/revisions\/10164"}],"up":[{"embeddable":true,"href":"https:\/\/agora.xtec.cat\/ceipelrodonell\/wp-json\/wp\/v2\/pages\/9104"}],"wp:attachment":[{"href":"https:\/\/agora.xtec.cat\/ceipelrodonell\/wp-json\/wp\/v2\/media?parent=10133"}],"curies":[{"name":"wp","href":"https:\/\/api.w.org\/{rel}","templated":true}]}}