{"id":84,"date":"2014-09-18T14:11:31","date_gmt":"2014-09-18T13:11:31","guid":{"rendered":"http:\/\/agora.xtec.cat\/ceipconvents\/?page_id=84"},"modified":"2022-04-29T14:01:46","modified_gmt":"2022-04-29T12:01:46","slug":"activitats-extraescolars","status":"publish","type":"page","link":"https:\/\/agora.xtec.cat\/ceipconvents\/serveis\/activitats-extraescolars\/","title":{"rendered":"Activitats"},"content":{"rendered":"<p>&nbsp;<\/p>\n<ul>\n<li>Rua de Carnestoltes<\/li>\n<\/ul>\n<p>&nbsp;<\/p>\n<p><a href=\"https:\/\/agora.xtec.cat\/ceipconvents\/wp-content\/uploads\/usu2082\/2020\/03\/IMG_4021.jpg\"><img loading=\"lazy\" decoding=\"async\" class=\"alignnone size-large wp-image-620\" src=\"https:\/\/agora.xtec.cat\/ceipconvents\/wp-content\/uploads\/usu2082\/2020\/03\/IMG_4021-1024x1024.jpg\" alt=\"\" width=\"1024\" height=\"1024\" srcset=\"https:\/\/agora.xtec.cat\/ceipconvents\/wp-content\/uploads\/usu2082\/2020\/03\/IMG_4021-1024x1024.jpg 1024w, https:\/\/agora.xtec.cat\/ceipconvents\/wp-content\/uploads\/usu2082\/2020\/03\/IMG_4021-150x150.jpg 150w, https:\/\/agora.xtec.cat\/ceipconvents\/wp-content\/uploads\/usu2082\/2020\/03\/IMG_4021-300x300.jpg 300w, https:\/\/agora.xtec.cat\/ceipconvents\/wp-content\/uploads\/usu2082\/2020\/03\/IMG_4021-768x768.jpg 768w, https:\/\/agora.xtec.cat\/ceipconvents\/wp-content\/uploads\/usu2082\/2020\/03\/IMG_4021.jpg 2048w\" sizes=\"auto, (max-width: 1024px) 100vw, 1024px\" \/><\/a><\/p>\n<ul>\n<li>Activitats tem\u00e0tiques: sopar Cub\u00e0&#8230;<\/li>\n<\/ul>\n<p><a href=\"https:\/\/agora.xtec.cat\/ceipconvents\/wp-content\/uploads\/usu2082\/2020\/03\/SOPAR-CUB\u00c0.jpeg\"><img loading=\"lazy\" decoding=\"async\" class=\"alignnone size-large wp-image-622\" src=\"https:\/\/agora.xtec.cat\/ceipconvents\/wp-content\/uploads\/usu2082\/2020\/03\/SOPAR-CUB\u00c0-1024x1024.jpeg\" alt=\"\" width=\"1024\" height=\"1024\" srcset=\"https:\/\/agora.xtec.cat\/ceipconvents\/wp-content\/uploads\/usu2082\/2020\/03\/SOPAR-CUB\u00c0-1024x1024.jpeg 1024w, https:\/\/agora.xtec.cat\/ceipconvents\/wp-content\/uploads\/usu2082\/2020\/03\/SOPAR-CUB\u00c0-150x150.jpeg 150w, https:\/\/agora.xtec.cat\/ceipconvents\/wp-content\/uploads\/usu2082\/2020\/03\/SOPAR-CUB\u00c0-300x300.jpeg 300w, https:\/\/agora.xtec.cat\/ceipconvents\/wp-content\/uploads\/usu2082\/2020\/03\/SOPAR-CUB\u00c0-768x768.jpeg 768w, https:\/\/agora.xtec.cat\/ceipconvents\/wp-content\/uploads\/usu2082\/2020\/03\/SOPAR-CUB\u00c0.jpeg 2048w\" sizes=\"auto, (max-width: 1024px) 100vw, 1024px\" \/><\/a><\/p>\n<p>&nbsp;<\/p>\n<ul>\n<li>Monogr\u00e0fic de costura<\/li>\n<\/ul>\n<p>&nbsp;<\/p>\n<p><a href=\"https:\/\/agora.xtec.cat\/ceipconvents\/wp-content\/uploads\/usu2082\/2020\/03\/portaentrepans-ampa.jpg\"><img loading=\"lazy\" decoding=\"async\" class=\"alignnone size-full wp-image-623\" src=\"https:\/\/agora.xtec.cat\/ceipconvents\/wp-content\/uploads\/usu2082\/2020\/03\/portaentrepans-ampa.jpg\" alt=\"\" width=\"400\" height=\"400\" srcset=\"https:\/\/agora.xtec.cat\/ceipconvents\/wp-content\/uploads\/usu2082\/2020\/03\/portaentrepans-ampa.jpg 400w, https:\/\/agora.xtec.cat\/ceipconvents\/wp-content\/uploads\/usu2082\/2020\/03\/portaentrepans-ampa-150x150.jpg 150w, https:\/\/agora.xtec.cat\/ceipconvents\/wp-content\/uploads\/usu2082\/2020\/03\/portaentrepans-ampa-300x300.jpg 300w\" sizes=\"auto, (max-width: 400px) 100vw, 400px\" \/><\/a><\/p>\n<p>&nbsp;<\/p>\n<p>&nbsp;<\/p>\n<ul>\n<li>Decoraci\u00f3 espais de l&#8217;escola<\/li>\n<\/ul>\n<p>&nbsp;<\/p>\n<div>\n<div><b><span lang=\"CA\">D&#8217;altres activitats<span style=\"color: #cc0000;\">:<\/span><\/span><\/b><\/div>\n<\/div>\n<div><\/div>\n<div>\n<div>\n<div>\n<p><span dir=\"ltr\"><b><span lang=\"CA\">Jornades de Pati: <\/span><\/b><\/span><span lang=\"CA\">La Comissi\u00f3 de Pati ha organitzat i va organitzant diverses <b>jornades participatives<\/b> per a la a la millora i <b>condicionament del pati de l\u2019escola<\/b>. Les jornades han reunit a m\u00e9s de <b>40 persones<\/b> entre familiars, alumnat i mestres durant un <b>cap de setmana<\/b>per a pintar el pati, construir bancs de fusta, fer jardineres, plantar l\u2019hort o el jardinet, etc. <\/span><\/p>\n<p><span dir=\"ltr\"><b><span lang=\"CA\">Decoraci\u00f3 del vest\u00edbul i l\u2019escola: <\/span><\/b><\/span><span lang=\"CA\">A principi de curstotes les fam\u00edlies que vulguem poden venir a l\u2019escola a decorar-la, a pinta-la, dibuixar,&#8230; segons el <b>tema d\u2019escola<\/b> escollit pels infants.<br \/>\n<\/span><\/p>\n<p><span dir=\"ltr\"><b><span lang=\"CA\">Drac Fa Fum per a infants i fam\u00edlies<\/span><\/b><\/span><span lang=\"CA\">: Activitat <b>oberta<\/b> i <b>gratu\u00efta<\/b> per a <b>totes les fam\u00edlies i infants<\/b> de l\u2019escola amb l\u2019objectiu de participar a tots els <b>cercaviles<\/b> del poble (a l\u2019abril, tardor, nadal&#8230;). Abans de cada actuaci\u00f3, les fam\u00edlies i infants ens reunim a l\u2019escola per assajar els balls. Actualment hi estan participant uns <b>20-25 infants <\/b>i uns<b> 15-20 familiars<\/b>. \u00a0<span style=\"color: #cc0000;\"><br \/>\n<\/span><\/span><\/p>\n<p><span dir=\"ltr\"><b><span lang=\"CA\">Activitat de gralla per a familiars adults<\/span><\/b><\/span><span lang=\"CA\">: Aquesta activitat es realitza cada <b>dimarts de 20h a 21h a l\u2019escola<\/b>. Es tracta d\u2019una activitat <b>gratu\u00efta<\/b> i <b>oberta<\/b> a <b>totes les fam\u00edlies<\/b>. L\u2019objectiu \u00e9s aprendre a tocar la gralla per acompanyar el <i>Drac Fa Fum<\/i> a les cercaviles del poble. <\/span><\/p>\n<p><span style=\"font-size: large;\"><span dir=\"ltr\"><b><span lang=\"CA\">COMISSIONS AMB FAM\u00cdLIES:<\/span><\/b><\/span><\/span><\/p>\n<p><span dir=\"ltr\"><b><span lang=\"CA\">Comissi\u00f3 per la remodelaci\u00f3 del pati<\/span><\/b><\/span><b><span lang=\"CA\">: <\/span><\/b><span lang=\"CA\">Comissi\u00f3 formada per fam\u00edlies i mestres amb l\u2019objectiu de decidir democr\u00e0ticament com organitzar i remodelar el pati de l\u2019escola i realitzar actuacions de millora. En una primera fase es va demanar tamb\u00e9 l\u2019opini\u00f3 dels infants.<\/span><\/p>\n<p><span dir=\"ltr\"><b><span lang=\"CA\">Comissi\u00f3 de festes de l\u2019AMPA<\/span><\/b><\/span><b><span lang=\"CA\">: <\/span><\/b><span lang=\"CA\">Comissi\u00f3 integrada per membres de l\u2019AMPA la qual es coordina amb el claustre per organitzar les festes i\/o activitats de l\u2019escola: Fira d\u2019hivern, Setmana del tema, Sant Jordi, Jocs Florals i Festa fi de curs. <\/span><\/p>\n<p><span dir=\"ltr\"><b><span lang=\"CA\">Comissi\u00f3 Menjador:<\/span><\/b><\/span><span lang=\"CA\">L\u2019AMPA i un\/a mestre del claustre encarregat del menjador es coordinen amb l\u2019empresa de menjador per a vetllar per aquest espai.<\/span><\/p>\n<\/div>\n<\/div>\n<\/div>\n<p>&nbsp;<\/p>\n","protected":false},"excerpt":{"rendered":"<p>&nbsp; Rua de Carnestoltes &nbsp; Activitats tem\u00e0tiques: sopar Cub\u00e0&#8230; &nbsp; Monogr\u00e0fic de costura &nbsp; &nbsp; &nbsp; Decoraci\u00f3 espais de l&#8217;escola &nbsp; D&#8217;altres activitats: Jornades de Pati: La Comissi\u00f3 de Pati ha organitzat i va organitzant diverses jornades participatives per a la a la millora i condicionament del pati de l\u2019escola. Les jornades han reunit a [&hellip;]<\/p>\n","protected":false},"author":1,"featured_media":0,"parent":66,"menu_order":60,"comment_status":"closed","ping_status":"closed","template":"page-templates\/side-menu.php","meta":{"_bbp_topic_count":0,"_bbp_reply_count":0,"_bbp_total_topic_count":0,"_bbp_total_reply_count":0,"_bbp_voice_count":0,"_bbp_anonymous_reply_count":0,"_bbp_topic_count_hidden":0,"_bbp_reply_count_hidden":0,"_bbp_forum_subforum_count":0,"site-sidebar-layout":"default","site-content-layout":"","ast-site-content-layout":"","site-content-style":"default","site-sidebar-style":"default","ast-global-header-display":"","ast-banner-title-visibility":"","ast-main-header-display":"","ast-hfb-above-header-display":"","ast-hfb-below-header-display":"","ast-hfb-mobile-header-display":"","site-post-title":"","ast-breadcrumbs-content":"","ast-featured-img":"","footer-sml-layout":"","theme-transparent-header-meta":"","adv-header-id-meta":"","stick-header-meta":"","header-above-stick-meta":"","header-main-stick-meta":"","header-below-stick-meta":"","astra-migrate-meta-layouts":"default","ast-page-background-enabled":"default","ast-page-background-meta":{"desktop":{"background-color":"var(--ast-global-color-5)","background-image":"","background-repeat":"repeat","background-position":"center center","background-size":"auto","background-attachment":"scroll","background-type":"","background-media":"","overlay-type":"","overlay-color":"","overlay-opacity":"","overlay-gradient":""},"tablet":{"background-color":"","background-image":"","background-repeat":"repeat","background-position":"center center","background-size":"auto","background-attachment":"scroll","background-type":"","background-media":"","overlay-type":"","overlay-color":"","overlay-opacity":"","overlay-gradient":""},"mobile":{"background-color":"","background-image":"","background-repeat":"repeat","background-position":"center center","background-size":"auto","background-attachment":"scroll","background-type":"","background-media":"","overlay-type":"","overlay-color":"","overlay-opacity":"","overlay-gradient":""}},"ast-content-background-meta":{"desktop":{"background-color":"var(--ast-global-color-4)","background-image":"","background-repeat":"repeat","background-position":"center center","background-size":"auto","background-attachment":"scroll","background-type":"","background-media":"","overlay-type":"","overlay-color":"","overlay-opacity":"","overlay-gradient":""},"tablet":{"background-color":"var(--ast-global-color-4)","background-image":"","background-repeat":"repeat","background-position":"center center","background-size":"auto","background-attachment":"scroll","background-type":"","background-media":"","overlay-type":"","overlay-color":"","overlay-opacity":"","overlay-gradient":""},"mobile":{"background-color":"var(--ast-global-color-4)","background-image":"","background-repeat":"repeat","background-position":"center center","background-size":"auto","background-attachment":"scroll","background-type":"","background-media":"","overlay-type":"","overlay-color":"","overlay-opacity":"","overlay-gradient":""}},"footnotes":""},"class_list":["post-84","page","type-page","status-publish","hentry"],"post_mailing_queue_ids":[],"_links":{"self":[{"href":"https:\/\/agora.xtec.cat\/ceipconvents\/wp-json\/wp\/v2\/pages\/84","targetHints":{"allow":["GET"]}}],"collection":[{"href":"https:\/\/agora.xtec.cat\/ceipconvents\/wp-json\/wp\/v2\/pages"}],"about":[{"href":"https:\/\/agora.xtec.cat\/ceipconvents\/wp-json\/wp\/v2\/types\/page"}],"author":[{"embeddable":true,"href":"https:\/\/agora.xtec.cat\/ceipconvents\/wp-json\/wp\/v2\/users\/1"}],"replies":[{"embeddable":true,"href":"https:\/\/agora.xtec.cat\/ceipconvents\/wp-json\/wp\/v2\/comments?post=84"}],"version-history":[{"count":4,"href":"https:\/\/agora.xtec.cat\/ceipconvents\/wp-json\/wp\/v2\/pages\/84\/revisions"}],"predecessor-version":[{"id":3722,"href":"https:\/\/agora.xtec.cat\/ceipconvents\/wp-json\/wp\/v2\/pages\/84\/revisions\/3722"}],"up":[{"embeddable":true,"href":"https:\/\/agora.xtec.cat\/ceipconvents\/wp-json\/wp\/v2\/pages\/66"}],"wp:attachment":[{"href":"https:\/\/agora.xtec.cat\/ceipconvents\/wp-json\/wp\/v2\/media?parent=84"}],"curies":[{"name":"wp","href":"https:\/\/api.w.org\/{rel}","templated":true}]}}