{"id":893,"date":"2018-08-29T18:39:32","date_gmt":"2018-08-29T16:39:32","guid":{"rendered":"http:\/\/agora.xtec.cat\/ceipconsolferre\/?page_id=893"},"modified":"2026-08-26T14:57:40","modified_gmt":"2026-08-26T12:57:40","slug":"equip-huma","status":"publish","type":"page","link":"https:\/\/agora.xtec.cat\/ceipconsolferre\/lescola\/equip-huma\/","title":{"rendered":"Equip hum\u00e0"},"content":{"rendered":"<table class=\"alignleft\" style=\"width: 80%; border-collapse: collapse;\" border=\"1\">\n<tbody>\n<tr>\n<td style=\"width: 100%;\" colspan=\"2\">\n<h5 style=\"text-align: center;\"><strong>PERSONAL DOCENT CURS 2026-27<\/strong><\/h5>\n<\/td>\n<\/tr>\n<tr style=\"height: 56px;\">\n<td style=\"width: 50%; height: 56px;\">\n<h6>COMUNITAT DE MENUDES<\/h6>\n<\/td>\n<td style=\"width: 50%; height: 56px;\">\n<h6>COMUNITAT DE MITJANS<\/h6>\n<\/td>\n<\/tr>\n<tr style=\"height: 451px;\">\n<td style=\"width: 50%; height: 451px;\"><strong>TUTORES<\/strong><\/p>\n<p><b>A1<\/b> Estela Tom\u00e0s<\/p>\n<p><b>A2<\/b> Neus Cid<\/p>\n<p><b>A3<\/b> C\u00e8lia Canet<\/p>\n<p><b>A4\u00a0<\/b>Montse Morales<\/p>\n<p><b>A5 <\/b>Arantxa Pla<\/p>\n<p><strong>A6<\/strong> In\u00e9s S\u00e1nchez<\/p>\n<p><strong>TEI:<\/strong> Clara Langlois<\/p>\n<p><strong>Coordinadora organitzativa: <\/strong>In\u00e9s S\u00e1nchez<\/p>\n<p><strong>Coordinadora pedag\u00f2gica: <\/strong>Neus Cid<\/td>\n<td style=\"width: 50%; height: 451px; text-align: left; vertical-align: top;\"><strong>TUTORES<\/strong><\/p>\n<p><strong>1rA<\/strong>:\u00a0<span style=\"font-family: inherit; font-size: 16px;\">Ariadna Gil<\/span><\/p>\n<p><strong>1rB<\/strong>:\u00a0<span style=\"font-family: inherit; font-size: 16px;\">Montse Albacar<\/span><\/p>\n<p><strong>2nA<\/strong>:\u00a0<span style=\"font-family: inherit; font-size: 16px;\">Francesca Lamarca<\/span><\/p>\n<p><strong>2nB<\/strong>:\u00a0<span style=\"font-family: inherit; font-size: 16px;\">Gemma Aragon\u00e9s<\/span><\/p>\n<p><strong>3rA: <\/strong>Carmina Talarn<\/p>\n<p><strong>3rB<\/strong>: Ana Arnau<\/p>\n<p><strong>Coordinadora organitzativa: <\/strong>Montse Albacar<\/p>\n<p><strong>Coordinadora pedag\u00f2gica:<\/strong> Ariadna Gil<\/td>\n<\/tr>\n<tr style=\"height: 31px;\">\n<td style=\"width: 50%; height: 31px;\">\n<h6>COMUNITAT DE GRANS<\/h6>\n<\/td>\n<td style=\"width: 50%; height: 31px;\">\n<h6>MESTRES ESPECIALISTES<\/h6>\n<\/td>\n<\/tr>\n<tr style=\"height: 31px;\">\n<td style=\"width: 50%; height: 31px;\"><strong>TUTORS\/ES<\/strong><\/p>\n<p><strong>4tA:<\/strong>\u00a0<span style=\"font-family: inherit; font-size: 16px;\">Sandra Sol\u00e0<\/span><\/p>\n<p style=\"text-align: left;\"><strong>4tB<\/strong>: <span style=\"font-family: inherit; font-size: 16px; font-style: normal; font-weight: 400;\">Meritxell Carreras<\/span><\/p>\n<p><strong>5tA: <\/strong>Sa<span style=\"font-family: inherit; font-size: 16px;\">nti Mart\u00ed<\/span><\/p>\n<p><strong>5tB<\/strong>:\u00a0<span style=\"font-family: inherit; font-size: 16px;\">Isamar Castells<\/span><\/p>\n<p><strong>6\u00e8A<\/strong>:\u00a0<span style=\"font-family: inherit; font-size: 16px;\">Guillem Riba<\/span><\/p>\n<p><strong>6\u00e8B<\/strong>:\u00a0<span style=\"font-family: inherit; font-size: 16px;\">Jordi Cabanes<\/span><\/p>\n<p><strong>6\u00e8C: <\/strong>Emilio Miralles<\/p>\n<p><strong>Coordinador organitzatiu: <\/strong>\u00c0lex Revert\u00e9<\/p>\n<p><strong>Coordinadora pedag\u00f2gica:\u00a0<\/strong>Sandra Sol\u00e0<\/td>\n<td style=\"width: 50%; height: 31px; text-align: left; vertical-align: top;\">\n<p style=\"text-align: left;\"><strong>M\u00fasica<\/strong>: Camil Burato<\/p>\n<p style=\"text-align: left;\"><strong>Educaci\u00f3 F\u00edsica: <\/strong>Josep Valls i Francina Molina<\/p>\n<p style=\"text-align: left;\"><strong>Psicomotricitat: <\/strong>Ana Nieto<\/p>\n<p style=\"text-align: left;\"><strong>Angl\u00e8s<\/strong>: \u00c0lex Revert\u00e9, Ignasi Pi\u00f1ana<\/p>\n<p style=\"text-align: left;\"><strong>Educaci\u00f3 Especial<\/strong>: Laia Revert\u00e9, Ana Barcel\u00f3, Laia Queral i Rosa Bengochea<\/p>\n<p><strong>Aula d&#8217;acollida:<\/strong> Cristina Bermejo<\/p>\n<p style=\"text-align: left;\"><strong>Religi\u00f3: <\/strong>Bibiana Estell\u00e9<\/p>\n<p>&nbsp;<\/p>\n<p><strong>Assessora d&#8217;educaci\u00f3 visual i pl\u00e0stica<\/strong>: Imma Carles<\/p>\n<p><strong>Vetlladores:<\/strong> Margaret Villalba, \u00c0frica Albarrac\u00edn, Nerea Guerrero<\/p>\n<p><strong>Psicopedagoga EAP:<\/strong><\/p>\n<p><strong>Treballadora Social EAP:<\/strong> Irene Albiol<\/td>\n<\/tr>\n<tr style=\"height: 31px;\">\n<td style=\"width: 50%; height: 31px;\">\n<h6><span lang=\"EN-US\">COORDINACIONS DE CENTRE<\/span><\/h6>\n<\/td>\n<td style=\"width: 50%; height: 31px;\">\n<h6>EQUIP DIRECTIU<\/h6>\n<\/td>\n<\/tr>\n<tr style=\"height: 31px;\">\n<td style=\"width: 50%; height: 31px;\"><strong>DIGITAL: <\/strong>Josep Valls<\/p>\n<p><strong>CAEI: <\/strong>Ana Barcel\u00f3<\/p>\n<p><strong>Riscos laborals: <\/strong>Ana Barcel\u00f3<\/p>\n<p><strong>Pla Catal\u00e0 de l\u2019Esport:\u00a0<\/strong>Josep Valls<\/p>\n<p><strong>Biblioteca:<\/strong> Ana Nieto<\/p>\n<p><strong>COCOBE: <\/strong>Cristina Bermejo<\/p>\n<p><strong>LIC: <\/strong>Laia Revert\u00e9<\/td>\n<td style=\"width: 50%; height: 31px; text-align: left; vertical-align: top;\"><strong>Directora:\u00a0<\/strong>\u00c0ngela Arrufat<\/p>\n<p><strong>Cap d\u2019estudis: <\/strong>Paloma Geira<\/p>\n<p><strong>Secretaria: <\/strong>Saida Casanova<\/td>\n<\/tr>\n<tr>\n<td style=\"width: 100%;\" colspan=\"2\">\n<h6 style=\"text-align: center;\"><b>PERSONAL NO DOCENT<\/b><\/h6>\n<\/td>\n<\/tr>\n<tr>\n<td style=\"width: 50%;\">\n<h6>PERSONAL ADMINISTRATIU I SERVEIS<\/h6>\n<\/td>\n<td style=\"width: 50%; text-align: left; vertical-align: top;\">\n<h6>PERSONAL DE NETEJA<\/h6>\n<\/td>\n<\/tr>\n<tr>\n<td style=\"width: 50%; text-align: left; vertical-align: top;\"><b>Administrativa: <\/b>Marta R\u00e0fols<\/p>\n<p><strong>Conserge:<\/strong> Dolors Llu\u00eds<\/td>\n<td style=\"width: 50%; text-align: left; vertical-align: top;\">Inmaculada Papiol<\/p>\n<p>Amina Dergal<\/p>\n<p>Nelsy Pati\u00f1o<\/p>\n<p>Sonia Lara<\/p>\n<p>Ana M\u00aa Roca<\/p>\n<p>&nbsp;<\/p>\n<p>&nbsp;<\/td>\n<\/tr>\n<\/tbody>\n<\/table>\n<p>&nbsp;<\/p>\n<p>&nbsp;<\/p>\n","protected":false},"excerpt":{"rendered":"<p>PERSONAL DOCENT CURS 2026-27 COMUNITAT DE MENUDES COMUNITAT DE MITJANS TUTORES A1 Estela Tom\u00e0s A2 Neus Cid A3 C\u00e8lia Canet A4\u00a0Montse Morales A5 Arantxa Pla A6 In\u00e9s S\u00e1nchez TEI: Clara Langlois Coordinadora organitzativa: In\u00e9s S\u00e1nchez Coordinadora pedag\u00f2gica: Neus Cid TUTORES 1rA:\u00a0Ariadna Gil 1rB:\u00a0Montse Albacar 2nA:\u00a0Francesca Lamarca 2nB:\u00a0Gemma Aragon\u00e9s 3rA: Carmina Talarn 3rB: Ana Arnau Coordinadora [&hellip;]<\/p>\n","protected":false},"author":1,"featured_media":0,"parent":22,"menu_order":30,"comment_status":"closed","ping_status":"closed","template":"","meta":{"_bbp_topic_count":0,"_bbp_reply_count":0,"_bbp_total_topic_count":0,"_bbp_total_reply_count":0,"_bbp_voice_count":0,"_bbp_anonymous_reply_count":0,"_bbp_topic_count_hidden":0,"_bbp_reply_count_hidden":0,"_bbp_forum_subforum_count":0,"site-sidebar-layout":"default","site-content-layout":"","ast-site-content-layout":"default","site-content-style":"default","site-sidebar-style":"default","ast-global-header-display":"","ast-banner-title-visibility":"","ast-main-header-display":"","ast-hfb-above-header-display":"","ast-hfb-below-header-display":"","ast-hfb-mobile-header-display":"","site-post-title":"","ast-breadcrumbs-content":"","ast-featured-img":"","footer-sml-layout":"","theme-transparent-header-meta":"default","adv-header-id-meta":"","stick-header-meta":"","header-above-stick-meta":"","header-main-stick-meta":"","header-below-stick-meta":"","astra-migrate-meta-layouts":"set","ast-page-background-enabled":"default","ast-page-background-meta":{"desktop":{"background-color":"var(--ast-global-color-4)","background-image":"","background-repeat":"repeat","background-position":"center center","background-size":"auto","background-attachment":"scroll","background-type":"","background-media":"","overlay-type":"","overlay-color":"","overlay-opacity":"","overlay-gradient":""},"tablet":{"background-color":"","background-image":"","background-repeat":"repeat","background-position":"center center","background-size":"auto","background-attachment":"scroll","background-type":"","background-media":"","overlay-type":"","overlay-color":"","overlay-opacity":"","overlay-gradient":""},"mobile":{"background-color":"","background-image":"","background-repeat":"repeat","background-position":"center center","background-size":"auto","background-attachment":"scroll","background-type":"","background-media":"","overlay-type":"","overlay-color":"","overlay-opacity":"","overlay-gradient":""}},"ast-content-background-meta":{"desktop":{"background-color":"var(--ast-global-color-5)","background-image":"","background-repeat":"repeat","background-position":"center center","background-size":"auto","background-attachment":"scroll","background-type":"","background-media":"","overlay-type":"","overlay-color":"","overlay-opacity":"","overlay-gradient":""},"tablet":{"background-color":"var(--ast-global-color-5)","background-image":"","background-repeat":"repeat","background-position":"center center","background-size":"auto","background-attachment":"scroll","background-type":"","background-media":"","overlay-type":"","overlay-color":"","overlay-opacity":"","overlay-gradient":""},"mobile":{"background-color":"var(--ast-global-color-5)","background-image":"","background-repeat":"repeat","background-position":"center center","background-size":"auto","background-attachment":"scroll","background-type":"","background-media":"","overlay-type":"","overlay-color":"","overlay-opacity":"","overlay-gradient":""}},"footnotes":""},"class_list":["post-893","page","type-page","status-publish","hentry"],"post_mailing_queue_ids":[],"_links":{"self":[{"href":"https:\/\/agora.xtec.cat\/ceipconsolferre\/wp-json\/wp\/v2\/pages\/893","targetHints":{"allow":["GET"]}}],"collection":[{"href":"https:\/\/agora.xtec.cat\/ceipconsolferre\/wp-json\/wp\/v2\/pages"}],"about":[{"href":"https:\/\/agora.xtec.cat\/ceipconsolferre\/wp-json\/wp\/v2\/types\/page"}],"author":[{"embeddable":true,"href":"https:\/\/agora.xtec.cat\/ceipconsolferre\/wp-json\/wp\/v2\/users\/1"}],"replies":[{"embeddable":true,"href":"https:\/\/agora.xtec.cat\/ceipconsolferre\/wp-json\/wp\/v2\/comments?post=893"}],"version-history":[{"count":6,"href":"https:\/\/agora.xtec.cat\/ceipconsolferre\/wp-json\/wp\/v2\/pages\/893\/revisions"}],"predecessor-version":[{"id":3647,"href":"https:\/\/agora.xtec.cat\/ceipconsolferre\/wp-json\/wp\/v2\/pages\/893\/revisions\/3647"}],"up":[{"embeddable":true,"href":"https:\/\/agora.xtec.cat\/ceipconsolferre\/wp-json\/wp\/v2\/pages\/22"}],"wp:attachment":[{"href":"https:\/\/agora.xtec.cat\/ceipconsolferre\/wp-json\/wp\/v2\/media?parent=893"}],"curies":[{"name":"wp","href":"https:\/\/api.w.org\/{rel}","templated":true}]}}