{"id":273,"date":"2016-02-20T13:46:22","date_gmt":"2016-02-20T12:46:22","guid":{"rendered":"http:\/\/agora.xtec.cat\/ceipcastellciuro\/?page_id=273"},"modified":"2023-09-07T14:01:05","modified_gmt":"2023-09-07T12:01:05","slug":"cicle-superior","status":"publish","type":"page","link":"https:\/\/agora.xtec.cat\/ceipcastellciuro\/nivells\/cicle-superior\/","title":{"rendered":"Cicle Superior"},"content":{"rendered":"<p><strong>Particularitats del Cicle Superior:<\/strong><\/p>\n<ul>\n<li><span style=\"font-weight: 400;\">Aquest curs continuem al cicle el treball de metodologies globalitzades en situacions d&#8217;aprenentatge dels diferents \u00e0mbits.<\/span><\/li>\n<li>Realitzem un projecte interdisciplinari triat pels alumnes a cada curs.<\/li>\n<li>Treballem al bosc l&#8217;observaci\u00f3 dels ocells, de les plantes i arbres.<\/li>\n<li>Som protagonistes de la diada del bosc amb l\u2019espectacle de cloenda. (5\u00e8)<\/li>\n<li><span class=\"Estilo1\">Triem els nostres delegats com a representaci\u00f3 del grup.<\/span><\/li>\n<li><span class=\"Estilo1\">Escollim dos representats pel Comit\u00e8 Ambiental d\u2019Escoles Verdes.<\/span><\/li>\n<li>Ens encarreguem del servei de pr\u00e9stec de la biblioteca d\u2019angl\u00e8s als migdies (6\u00e8)<\/li>\n<li><span class=\"Estilo1\">Ens iniciem en l\u2019aprenentatge de la Llengua Francesa com a segona llengua estrangera.<\/span><\/li>\n<li class=\"Estilo1\">Realitzem els tallers de Pau d&#8217;IR\u00c8NIA, en els que treballem valors de toler\u00e0ncia, respecte i coneixement d&#8217;altres cultures, i especialment veiem les igualtats entre totes les cultures de la Mediterr\u00e0nia.<\/li>\n<li>Participem al &#8220;Musical col\u00b7laboratiu&#8221; amb altres escoles de Catalunya (6\u00e8)<\/li>\n<li>Participem a \u201cCant\u00e0nia\u201d amb moltes altres escoles de Catalunya a l\u2019Auditori de Barcelona (5\u00e8)<\/li>\n<li><span class=\"Estilo1\">Visitem el Parc Natural de Sant Lloren\u00e7 i l&#8217;Obac, promocionat per la Diputaci\u00f3 de Barcelona, en la que treballem la descoberta de l&#8217;entorn i valors mediambientals, a 6\u00e8.<\/span><\/li>\n<li><span class=\"Estilo1\">Ens preparem pel pas a l\u2019ESO: visitem els instituts, ens trobem amb els exalumnes, en parlem a classe\u2026<\/span><\/li>\n<li><span class=\"Estilo1\">Fem l&#8217;intercanvi musical amb l\u2019Institut Bernat el Ferrer.<\/span><\/li>\n<li>Ens trobem amb les altres escoles de Molins per realitzar les Jornades Esportives.<\/li>\n<li><span class=\"Estilo1\">Fem col\u00f2nies cada curs a on gaudim d&#8217;uns dies d&#8217;aventura i multiesports.<\/span><\/li>\n<\/ul>\n<p><strong>Visiteu el nostre bloc:<\/strong><\/p>\n<p><a href=\"https:\/\/blocs.xtec.cat\/ciurosuperior5\/\" target=\"_blank\" rel=\"noopener noreferrer\"><img loading=\"lazy\" decoding=\"async\" class=\"alignnone wp-image-16609\" src=\"https:\/\/agora.xtec.cat\/ceipcastellciuro\/wp-content\/uploads\/usu890\/2020\/07\/Bloc-CS-copia.jpg\" alt=\"\" width=\"380\" height=\"116\" \/><\/a><\/p>\n","protected":false},"excerpt":{"rendered":"<p>Particularitats del Cicle Superior:<\/p>\n<ul>\n<li>Aquest curs continuem al cicle el treball de metodologies globalitzades en situacions d&#8217;aprenentatge dels diferents \u00e0mbits.<\/li>\n<li>Realitzem un projecte interdisciplinari triat pels alumnes a cada curs.<\/li>\n<li>Treballem al bosc l&#8217;observaci\u00f3 dels ocells, de les plantes i arbres.<\/li>\n<li>Som protagonistes de la diada del bosc amb&hellip;  <a href=\"https:\/\/agora.xtec.cat\/ceipcastellciuro\/nivells\/cicle-superior\/\" title=\"Read Cicle Superior\">Llegeix m\u00e9s\u00bb<\/a><br \/>\n","protected":false},"author":1,"featured_media":0,"parent":87,"menu_order":50,"comment_status":"closed","ping_status":"closed","template":"page-templates\/side-menu.php","meta":{"_bbp_topic_count":0,"_bbp_reply_count":0,"_bbp_total_topic_count":0,"_bbp_total_reply_count":0,"_bbp_voice_count":0,"_bbp_anonymous_reply_count":0,"_bbp_topic_count_hidden":0,"_bbp_reply_count_hidden":0,"_bbp_forum_subforum_count":0,"footnotes":""},"class_list":["post-273","page","type-page","status-publish","hentry"],"post_mailing_queue_ids":[],"_links":{"self":[{"href":"https:\/\/agora.xtec.cat\/ceipcastellciuro\/wp-json\/wp\/v2\/pages\/273","targetHints":{"allow":["GET"]}}],"collection":[{"href":"https:\/\/agora.xtec.cat\/ceipcastellciuro\/wp-json\/wp\/v2\/pages"}],"about":[{"href":"https:\/\/agora.xtec.cat\/ceipcastellciuro\/wp-json\/wp\/v2\/types\/page"}],"author":[{"embeddable":true,"href":"https:\/\/agora.xtec.cat\/ceipcastellciuro\/wp-json\/wp\/v2\/users\/1"}],"replies":[{"embeddable":true,"href":"https:\/\/agora.xtec.cat\/ceipcastellciuro\/wp-json\/wp\/v2\/comments?post=273"}],"version-history":[{"count":5,"href":"https:\/\/agora.xtec.cat\/ceipcastellciuro\/wp-json\/wp\/v2\/pages\/273\/revisions"}],"predecessor-version":[{"id":17496,"href":"https:\/\/agora.xtec.cat\/ceipcastellciuro\/wp-json\/wp\/v2\/pages\/273\/revisions\/17496"}],"up":[{"embeddable":true,"href":"https:\/\/agora.xtec.cat\/ceipcastellciuro\/wp-json\/wp\/v2\/pages\/87"}],"wp:attachment":[{"href":"https:\/\/agora.xtec.cat\/ceipcastellciuro\/wp-json\/wp\/v2\/media?parent=273"}],"curies":[{"name":"wp","href":"https:\/\/api.w.org\/{rel}","templated":true}]}}