{"id":266,"date":"2016-02-20T13:22:52","date_gmt":"2016-02-20T12:22:52","guid":{"rendered":"http:\/\/agora.xtec.cat\/ceipcastellciuro\/?page_id=266"},"modified":"2024-01-25T12:55:18","modified_gmt":"2024-01-25T11:55:18","slug":"cicle-inicial","status":"publish","type":"page","link":"https:\/\/agora.xtec.cat\/ceipcastellciuro\/nivells\/cicle-inicial\/","title":{"rendered":"Cicle Inicial"},"content":{"rendered":"<p><strong>Particularitats del Cicle Inicial:<\/strong><\/p>\n<ul>\n<li>Donem import\u00e0ncia a aprendre a compartir, a cooperar, a ser persones solid\u00e0ries i respectuoses amb els altres.<\/li>\n<li><span style=\"font-weight: 400;\">Introdu\u00efm al Cicle Inicial el treball de metodologies globalitzades en situacions d&#8217;aprenentatge.<\/span><\/li>\n<li>Fem projectes interdisciplinaris durant el curs.<\/li>\n<li>Realitzem espais d\u2019aprenentatge de lliure elecci\u00f3, conjuntament 1r i 2n en petits grups, de diferents \u00e0rees.<\/li>\n<li>Es duen a terme racons d\u2019autoaprenentatge, en petit grup.<\/li>\n<li>Comencem a fer \u00fas de la biblioteca d\u2019aula i de pr\u00e9stec setmanal.<\/li>\n<li>Donem molta import\u00e0ncia a la motivaci\u00f3 per a la lectura, treballant la flu\u00efdesa i la comprensi\u00f3 dels textos propis per l\u2019edat.<\/li>\n<li>S\u2019inicia l\u2019Educaci\u00f3 F\u00edsica com a \u00e0rea.<\/li>\n<li>Els c\u00e0rrecs d\u2019aula adquireixen m\u00e9s import\u00e0ncia.<\/li>\n<li>Pren import\u00e0ncia el c\u00e0rrec d\u2019assessor mediambiental.<\/li>\n<li>Treballem al bosc i la bassa, tot observant els arbres, les plantes, animals\u2026<\/li>\n<li>Comencem el treball d\u2019autoavaluaci\u00f3 dels aprenentatges.<\/li>\n<li>Ens iniciem en el treball de deures escolars setmanals per a casa.<\/li>\n<li>Fem sortides amb diferents finalitats pedag\u00f2giques, com per exemple:<\/li>\n<\/ul>\n<p style=\"text-align: justify;\">&#8211; Tallers de Pau d\u2019IR\u00c8NIA, en els que treballem valors de toler\u00e0ncia, respecte i coneixement d\u2019altres cultures, i especialment veiem les igualtats entre totes les cultures de la Mediterr\u00e0nia.<\/p>\n<p style=\"text-align: justify;\">&#8211; Descobrim la nostra vila i les seves tradicions: un taller de castells amb els Matossers, visita a l\u2019escola de m\u00fasica, la biblioteca El Mol\u00ed, exposicions, ruta per con\u00e8ixer els oficis.<\/p>\n<p style=\"text-align: justify;\">&#8211; <span style=\"font-weight: 400;\">Cada any anem de col\u00f2nies per fomentar l\u2019autonomia i la conviv\u00e8ncia, tot dins d\u2019un entorn natural.<\/span><\/p>\n<p style=\"text-align: justify;\">&#8211; Visitem el nostre patrimoni apadrinat, les runes del Castell Ciur\u00f3, per fer-hi diferents activitats un cop cada curs.<\/p>\n<p style=\"text-align: justify;\">&#8211; Teatre en llengua anglesa i tallers de m\u00fasica.<\/p>\n<p style=\"text-align: justify;\">&#8211; A 2n, Jocs Tradicionals amb totes les escoles de Molins.<\/p>\n<p>&nbsp;<\/p>\n<p><strong>Visita el bloc de Cicle Inicial:<\/strong><\/p>\n<p><a href=\"http:\/\/blocs.xtec.cat\/ciuroinicial\" target=\"_blank\" rel=\"noopener noreferrer\"><img loading=\"lazy\" decoding=\"async\" class=\"alignnone wp-image-16602\" src=\"https:\/\/agora.xtec.cat\/ceipcastellciuro\/wp-content\/uploads\/usu890\/2020\/07\/Bloc-CI-c\u00f2pia.jpg\" alt=\"\" width=\"381\" height=\"124\" \/><\/a><\/p>\n","protected":false},"excerpt":{"rendered":"<p>Particularitats del Cicle Inicial:<\/p>\n<ul>\n<li>Donem import\u00e0ncia a aprendre a compartir, a cooperar, a ser persones solid\u00e0ries i respectuoses amb els altres.<\/li>\n<li>Introdu\u00efm al Cicle Inicial el treball de metodologies globalitzades en situacions d&#8217;aprenentatge.<\/li>\n<li>Fem projectes interdisciplinaris durant el curs.<\/li>\n<li>Realitzem espais d\u2019aprenentatge de lliure elecci\u00f3, conjuntament 1r i 2n&hellip;  <a href=\"https:\/\/agora.xtec.cat\/ceipcastellciuro\/nivells\/cicle-inicial\/\" title=\"Read Cicle Inicial\">Llegeix m\u00e9s\u00bb<\/a><br \/>\n","protected":false},"author":1,"featured_media":0,"parent":87,"menu_order":30,"comment_status":"closed","ping_status":"closed","template":"page-templates\/side-menu.php","meta":{"_bbp_topic_count":0,"_bbp_reply_count":0,"_bbp_total_topic_count":0,"_bbp_total_reply_count":0,"_bbp_voice_count":0,"_bbp_anonymous_reply_count":0,"_bbp_topic_count_hidden":0,"_bbp_reply_count_hidden":0,"_bbp_forum_subforum_count":0,"footnotes":""},"class_list":["post-266","page","type-page","status-publish","hentry"],"post_mailing_queue_ids":[],"_links":{"self":[{"href":"https:\/\/agora.xtec.cat\/ceipcastellciuro\/wp-json\/wp\/v2\/pages\/266","targetHints":{"allow":["GET"]}}],"collection":[{"href":"https:\/\/agora.xtec.cat\/ceipcastellciuro\/wp-json\/wp\/v2\/pages"}],"about":[{"href":"https:\/\/agora.xtec.cat\/ceipcastellciuro\/wp-json\/wp\/v2\/types\/page"}],"author":[{"embeddable":true,"href":"https:\/\/agora.xtec.cat\/ceipcastellciuro\/wp-json\/wp\/v2\/users\/1"}],"replies":[{"embeddable":true,"href":"https:\/\/agora.xtec.cat\/ceipcastellciuro\/wp-json\/wp\/v2\/comments?post=266"}],"version-history":[{"count":5,"href":"https:\/\/agora.xtec.cat\/ceipcastellciuro\/wp-json\/wp\/v2\/pages\/266\/revisions"}],"predecessor-version":[{"id":17576,"href":"https:\/\/agora.xtec.cat\/ceipcastellciuro\/wp-json\/wp\/v2\/pages\/266\/revisions\/17576"}],"up":[{"embeddable":true,"href":"https:\/\/agora.xtec.cat\/ceipcastellciuro\/wp-json\/wp\/v2\/pages\/87"}],"wp:attachment":[{"href":"https:\/\/agora.xtec.cat\/ceipcastellciuro\/wp-json\/wp\/v2\/media?parent=266"}],"curies":[{"name":"wp","href":"https:\/\/api.w.org\/{rel}","templated":true}]}}